{"id":45,"date":"2024-08-22T10:15:57","date_gmt":"2024-08-22T07:15:57","guid":{"rendered":"https:\/\/diaspora.arhivi.lv\/silins\/?page_id=45"},"modified":"2025-01-24T14:14:43","modified_gmt":"2025-01-24T12:14:43","slug":"dzive-australija","status":"publish","type":"page","link":"https:\/\/diaspora.arhivi.lv\/silins\/dzive-australija\/","title":{"rendered":"Dz\u012bve Austr\u0101lij\u0101"},"content":{"rendered":"\n<p>1950. gada 16. mart\u0101 no V\u0101cijas cauri tranz\u012btnometnei Neapol\u0113 It\u0101lij\u0101 Sidnej\u0101 ierad\u0101s amerik\u0101\u0146u armijas transporta ku\u0123is <em>&#8220;General C. H. Muir&#8221;<\/em> ar &#8220;p\u0101rvietotaj\u0101m person\u0101m&#8221; no V\u0101cijas b\u0113g\u013cu nometn\u0113m. Uz t\u0101 atrad\u0101s 1278 jaunatbrauc\u0113ju, to vid\u016b 50 latvie\u0161i. Starp paz\u012bstam\u0101kajiem minami bijus\u012b Latvijas Nacion\u0101l\u0101 te\u0101tra aktrise Lita Zemgale, Eslingenes te\u0101tra aktieris K. Gulbergs, sporta darbinieks K. Cerbulis, Kuld\u012bgas gr\u0101matn\u012bcas \u012bpa\u0161niece K. Altberga, Eslingen\u0113 popul\u0101rais masieru kursu lektors H. Kaupmanis un, protams, Carnikavas slavenais n\u0113\u0123u \u201ckaralis\u201d M\u0101rti\u0146\u0161 Sili\u0146\u0161 ar \u0123imeni.<\/p>\n\n\n\n<figure class=\"wp-block-audio\"><audio controls src=\"https:\/\/diaspora.arhivi.lv\/silins\/wp-content\/uploads\/2024\/10\/Australija-25.08.12.mp3\"><\/audio><figcaption class=\"wp-element-caption\">Fragments no intervijas ar Uldi Sili\u0146u par izv\u0113li doties uz Austr\u0101liju. Avots: Agritas Krievi\u0146as Sili\u0146as priv\u0101tais arh\u012bvs.<\/figcaption><\/figure>\n\n\n\n<div class=\"wp-block-columns is-layout-flex wp-container-core-columns-is-layout-28f84493 wp-block-columns-is-layout-flex\">\n<div class=\"wp-block-column is-layout-flow wp-block-column-is-layout-flow\">\n<p>Daudzus gadus v\u0113l\u0101k Uldis Sili\u0146\u0161 par jaun\u0101s m\u0101jvietas izv\u0113li teica: <em>&#8220;Austr\u0101lija \u0146\u0113ma pret\u012b vecus cilv\u0113kus, un mana m\u0101tesm\u0101te bija jau ap 80 gadu veca. Nekad \u0161o izv\u0113li neesmu no\u017e\u0113lojis &#8211; Austr\u0101lija bijusi laipna pret mani&#8221;<\/em> (Austr\u0101lijas Latvietis, 02.08.2006.). Ikviens uz Austr\u0101liju atbrauku\u0161ais pieaugu\u0161ais bija parakst\u012bjis darba l\u012bgumu uz diviem gadiem, kas bija j\u0101nostr\u0101d\u0101 nor\u0101d\u012btaj\u0101 viet\u0101, p\u0113c tam var\u0113ja dar\u012bt, ko v\u0113las. Sili\u0146u \u0123imenes pirm\u0101 uztur\u0113\u0161an\u0101s vieta bija tranz\u012btnometne pie Bat\u0113rstas (<em>Bathurst<\/em>) 30 j\u016bdzes no Sidnejas, kur da\u017e\u0101dus darbus str\u0101d\u0101ja daudzi latvie\u0161i. Uldim ticis miesnieka pal\u012bga darbs. Par pirmo algu at\u013c\u0101vies pasaul\u012bgus priekus \u2013 divas paci\u0146as ko\u0161\u013c\u0101jam\u0101s gumijas un sald\u0113jumu. T\u0113vs M\u0101rti\u0146\u0161 tika nor\u012bkots darb\u0101 r\u016bpniec\u012bbas pils\u0113t\u0101 Vollongong\u0101 (<em>Wollongong<\/em>). 1950. gada 20. apr\u012bl\u012b Uldis dev\u0101s ar vilcienu uz \u010culoras (<em>Chullora<\/em>) nometni uz Dienvidvelsas dzelzce\u013ca darbn\u012bc\u0101m, kur atrad\u0101s vi\u0146a jaun\u0101 darbavieta. Taj\u0101 Uldim no str\u0101dniekiem bija j\u0101pie\u0146em pas\u016bt\u012bjumi brokast\u012bm un pusdien\u0101m, sviestmaiz\u0113m, pienam u.c. V\u0113l\u0101k Uldis s\u0101ka str\u0101d\u0101t met\u0101lapstr\u0101des darbn\u012bcas biroj\u0101 par rakstve\u017ea pal\u012bgu.<\/p>\n<\/div>\n\n\n\n<div class=\"wp-block-column is-layout-flow wp-block-column-is-layout-flow\">\n<figure data-wp-context=\"{&quot;imageId&quot;:&quot;69ee787735b04&quot;}\" data-wp-interactive=\"core\/image\" data-wp-key=\"69ee787735b04\" class=\"wp-block-image aligncenter size-large is-resized wp-lightbox-container\"><img loading=\"lazy\" decoding=\"async\" width=\"780\" height=\"1024\" data-wp-class--hide=\"state.isContentHidden\" data-wp-class--show=\"state.isContentVisible\" data-wp-init=\"callbacks.setButtonStyles\" data-wp-on--click=\"actions.showLightbox\" data-wp-on--load=\"callbacks.setButtonStyles\" data-wp-on-window--resize=\"callbacks.setButtonStyles\" src=\"https:\/\/diaspora.arhivi.lv\/silins\/wp-content\/uploads\/2024\/09\/F.2387-apr.-1v-l.14-Eiropas-DP-strada-Volngongas-tuvuma-1-780x1024.jpg\" alt=\"\" class=\"wp-image-411\" style=\"width:626px;height:auto\" srcset=\"https:\/\/diaspora.arhivi.lv\/silins\/wp-content\/uploads\/2024\/09\/F.2387-apr.-1v-l.14-Eiropas-DP-strada-Volngongas-tuvuma-1-780x1024.jpg 780w, https:\/\/diaspora.arhivi.lv\/silins\/wp-content\/uploads\/2024\/09\/F.2387-apr.-1v-l.14-Eiropas-DP-strada-Volngongas-tuvuma-1-228x300.jpg 228w, https:\/\/diaspora.arhivi.lv\/silins\/wp-content\/uploads\/2024\/09\/F.2387-apr.-1v-l.14-Eiropas-DP-strada-Volngongas-tuvuma-1.jpg 794w\" sizes=\"auto, (max-width: 780px) 100vw, 780px\" \/><button\n\t\t\tclass=\"lightbox-trigger\"\n\t\t\ttype=\"button\"\n\t\t\taria-haspopup=\"dialog\"\n\t\t\taria-label=\"Palielin\u0101t\"\n\t\t\tdata-wp-init=\"callbacks.initTriggerButton\"\n\t\t\tdata-wp-on--click=\"actions.showLightbox\"\n\t\t\tdata-wp-style--right=\"state.imageButtonRight\"\n\t\t\tdata-wp-style--top=\"state.imageButtonTop\"\n\t\t>\n\t\t\t<svg xmlns=\"http:\/\/www.w3.org\/2000\/svg\" width=\"12\" height=\"12\" fill=\"none\" viewBox=\"0 0 12 12\">\n\t\t\t\t<path fill=\"#fff\" d=\"M2 0a2 2 0 0 0-2 2v2h1.5V2a.5.5 0 0 1 .5-.5h2V0H2Zm2 10.5H2a.5.5 0 0 1-.5-.5V8H0v2a2 2 0 0 0 2 2h2v-1.5ZM8 12v-1.5h2a.5.5 0 0 0 .5-.5V8H12v2a2 2 0 0 1-2 2H8Zm2-12a2 2 0 0 1 2 2v2h-1.5V2a.5.5 0 0 0-.5-.5H8V0h2Z\" \/>\n\t\t\t<\/svg>\n\t\t<\/button><figcaption class=\"wp-element-caption\">Eiropas &#8220;d\u012bp\u012b\u0161i&#8221; str\u0101d\u0101 Vollongongas tuvum\u0101. Vid\u016b M\u0101rti\u0146\u0161 Sili\u0146\u0161. Avots: LNA_LVA F2387_1v_14<\/figcaption><\/figure>\n<\/div>\n<\/div>\n\n\n\n<p>Br\u012bvaj\u0101 laik\u0101 Uldis akt\u012bvi nodarboj\u0101s ar volejbolu, k\u0101 komandas kapteinis sp\u0113l\u0113ja vien\u012bb\u0101 &#8220;Auseklis&#8221;. Ap 1952. gadu vi\u0146\u0161 str\u0101d\u0101ja tr\u012bs v\u012bru komand\u0101, kuras uzdevums bija t\u012br\u012bt Sidnejas centr\u0101l\u0101s stacijas apak\u0161zemju staciju ventil\u0101cijas sist\u0113mas. Str\u0101d\u0101jis ar\u012b par ce\u013camkr\u0101na operatoru. No darba br\u012bvaj\u0101 laik\u0101 Uldim tika dota at\u013cauja m\u0101c\u012bties &#8211; vi\u0146\u0161 iest\u0101j\u0101s Jaundienvidvelsas<em> <\/em>Universit\u0101tes \u0136\u012bmisk\u0101s in\u017eenierijas fakult\u0101t\u0113 un k\u013cuva par latvie\u0161u studentu korpor\u0101cijas <em>Fraternitas Cursica<\/em> locekli.<\/p>\n\n\n\n<figure data-wp-context=\"{&quot;imageId&quot;:&quot;69ee7877366dd&quot;}\" data-wp-interactive=\"core\/image\" data-wp-key=\"69ee7877366dd\" class=\"wp-block-image aligncenter size-large is-resized wp-lightbox-container\"><img loading=\"lazy\" decoding=\"async\" width=\"1024\" height=\"631\" data-wp-class--hide=\"state.isContentHidden\" data-wp-class--show=\"state.isContentVisible\" data-wp-init=\"callbacks.setButtonStyles\" data-wp-on--click=\"actions.showLightbox\" data-wp-on--load=\"callbacks.setButtonStyles\" data-wp-on-window--resize=\"callbacks.setButtonStyles\" src=\"https:\/\/diaspora.arhivi.lv\/silins\/wp-content\/uploads\/2024\/09\/F.2387_apr.1v_l.22_Ausekla-volejbola-vieniga-1950.gadi-No-kreisas-Uldis-Karlis-Briedis-Arijs-Lozenicins-Viktors-Lacis-Arturs-Agackis-Egils-Metra-1024x631.jpg\" alt=\"\" class=\"wp-image-445\" style=\"width:803px;height:auto\" srcset=\"https:\/\/diaspora.arhivi.lv\/silins\/wp-content\/uploads\/2024\/09\/F.2387_apr.1v_l.22_Ausekla-volejbola-vieniga-1950.gadi-No-kreisas-Uldis-Karlis-Briedis-Arijs-Lozenicins-Viktors-Lacis-Arturs-Agackis-Egils-Metra-1024x631.jpg 1024w, https:\/\/diaspora.arhivi.lv\/silins\/wp-content\/uploads\/2024\/09\/F.2387_apr.1v_l.22_Ausekla-volejbola-vieniga-1950.gadi-No-kreisas-Uldis-Karlis-Briedis-Arijs-Lozenicins-Viktors-Lacis-Arturs-Agackis-Egils-Metra-300x185.jpg 300w, https:\/\/diaspora.arhivi.lv\/silins\/wp-content\/uploads\/2024\/09\/F.2387_apr.1v_l.22_Ausekla-volejbola-vieniga-1950.gadi-No-kreisas-Uldis-Karlis-Briedis-Arijs-Lozenicins-Viktors-Lacis-Arturs-Agackis-Egils-Metra-rotated.jpg 1679w\" sizes=\"auto, (max-width: 1024px) 100vw, 1024px\" \/><button\n\t\t\tclass=\"lightbox-trigger\"\n\t\t\ttype=\"button\"\n\t\t\taria-haspopup=\"dialog\"\n\t\t\taria-label=\"Palielin\u0101t\"\n\t\t\tdata-wp-init=\"callbacks.initTriggerButton\"\n\t\t\tdata-wp-on--click=\"actions.showLightbox\"\n\t\t\tdata-wp-style--right=\"state.imageButtonRight\"\n\t\t\tdata-wp-style--top=\"state.imageButtonTop\"\n\t\t>\n\t\t\t<svg xmlns=\"http:\/\/www.w3.org\/2000\/svg\" width=\"12\" height=\"12\" fill=\"none\" viewBox=\"0 0 12 12\">\n\t\t\t\t<path fill=\"#fff\" d=\"M2 0a2 2 0 0 0-2 2v2h1.5V2a.5.5 0 0 1 .5-.5h2V0H2Zm2 10.5H2a.5.5 0 0 1-.5-.5V8H0v2a2 2 0 0 0 2 2h2v-1.5ZM8 12v-1.5h2a.5.5 0 0 0 .5-.5V8H12v2a2 2 0 0 1-2 2H8Zm2-12a2 2 0 0 1 2 2v2h-1.5V2a.5.5 0 0 0-.5-.5H8V0h2Z\" \/>\n\t\t\t<\/svg>\n\t\t<\/button><figcaption class=\"wp-element-caption\">Volejbola vien\u012bba &#8220;Auseklis&#8221;, 1950. gadi. No kreis\u0101s Uldis Sili\u0146\u0161, K\u0101rlis Briedis, \u0100rijs Lo\u017ee\u0146\u012bcins, Viktors L\u0101cis, Arturs Agackis, Egils M\u0113tra. Avots: LNA_LVA F2387_1v_22<\/figcaption><\/figure>\n\n\n\n<p>P\u0113c darba l\u012bguma izpildes 1952. gad\u0101 Sili\u0146iem izdeva at\u013cauju uztur\u0113ties Austr\u0101lij\u0101 uz nenoteiktu laiku, bet 1960. gada oktobr\u012b vi\u0146i k\u013cuva par pilnties\u012bgiem Austr\u0101lijas pilso\u0146iem.<\/p>\n\n\n\n<div class=\"wp-block-columns is-layout-flex wp-container-core-columns-is-layout-28f84493 wp-block-columns-is-layout-flex\">\n<div class=\"wp-block-column is-layout-flow wp-block-column-is-layout-flow\">\n<figure data-wp-context=\"{&quot;imageId&quot;:&quot;69ee787736f99&quot;}\" data-wp-interactive=\"core\/image\" data-wp-key=\"69ee787736f99\" class=\"wp-block-image aligncenter size-large wp-lightbox-container\"><img loading=\"lazy\" decoding=\"async\" width=\"790\" height=\"1024\" data-wp-class--hide=\"state.isContentHidden\" data-wp-class--show=\"state.isContentVisible\" data-wp-init=\"callbacks.setButtonStyles\" data-wp-on--click=\"actions.showLightbox\" data-wp-on--load=\"callbacks.setButtonStyles\" data-wp-on-window--resize=\"callbacks.setButtonStyles\" src=\"https:\/\/diaspora.arhivi.lv\/silins\/wp-content\/uploads\/2024\/09\/F.2387-apr.1v-l.9_2-790x1024.jpg\" alt=\"\" class=\"wp-image-438\" srcset=\"https:\/\/diaspora.arhivi.lv\/silins\/wp-content\/uploads\/2024\/09\/F.2387-apr.1v-l.9_2-790x1024.jpg 790w, https:\/\/diaspora.arhivi.lv\/silins\/wp-content\/uploads\/2024\/09\/F.2387-apr.1v-l.9_2-231x300.jpg 231w, https:\/\/diaspora.arhivi.lv\/silins\/wp-content\/uploads\/2024\/09\/F.2387-apr.1v-l.9_2-2000x2594.jpg 2000w, https:\/\/diaspora.arhivi.lv\/silins\/wp-content\/uploads\/2024\/09\/F.2387-apr.1v-l.9_2-scaled.jpg 1974w\" sizes=\"auto, (max-width: 790px) 100vw, 790px\" \/><button\n\t\t\tclass=\"lightbox-trigger\"\n\t\t\ttype=\"button\"\n\t\t\taria-haspopup=\"dialog\"\n\t\t\taria-label=\"Palielin\u0101t\"\n\t\t\tdata-wp-init=\"callbacks.initTriggerButton\"\n\t\t\tdata-wp-on--click=\"actions.showLightbox\"\n\t\t\tdata-wp-style--right=\"state.imageButtonRight\"\n\t\t\tdata-wp-style--top=\"state.imageButtonTop\"\n\t\t>\n\t\t\t<svg xmlns=\"http:\/\/www.w3.org\/2000\/svg\" width=\"12\" height=\"12\" fill=\"none\" viewBox=\"0 0 12 12\">\n\t\t\t\t<path fill=\"#fff\" d=\"M2 0a2 2 0 0 0-2 2v2h1.5V2a.5.5 0 0 1 .5-.5h2V0H2Zm2 10.5H2a.5.5 0 0 1-.5-.5V8H0v2a2 2 0 0 0 2 2h2v-1.5ZM8 12v-1.5h2a.5.5 0 0 0 .5-.5V8H12v2a2 2 0 0 1-2 2H8Zm2-12a2 2 0 0 1 2 2v2h-1.5V2a.5.5 0 0 0-.5-.5H8V0h2Z\" \/>\n\t\t\t<\/svg>\n\t\t<\/button><figcaption class=\"wp-element-caption\">M\u0101rti\u0146am Sili\u0146am izsniegta at\u013cauja palikt Austr\u0101lij\u0101, 1952. gads. Avots: LNA_LVA F2387_1v_9<\/figcaption><\/figure>\n<\/div>\n\n\n\n<div class=\"wp-block-column is-layout-flow wp-block-column-is-layout-flow\">\n<figure data-wp-context=\"{&quot;imageId&quot;:&quot;69ee787737878&quot;}\" data-wp-interactive=\"core\/image\" data-wp-key=\"69ee787737878\" class=\"wp-block-image aligncenter size-large is-resized wp-lightbox-container\"><img loading=\"lazy\" decoding=\"async\" width=\"705\" height=\"1024\" data-wp-class--hide=\"state.isContentHidden\" data-wp-class--show=\"state.isContentVisible\" data-wp-init=\"callbacks.setButtonStyles\" data-wp-on--click=\"actions.showLightbox\" data-wp-on--load=\"callbacks.setButtonStyles\" data-wp-on-window--resize=\"callbacks.setButtonStyles\" src=\"https:\/\/diaspora.arhivi.lv\/silins\/wp-content\/uploads\/2024\/09\/F.2387_apr.1v-l.8_2-705x1024.jpg\" alt=\"\" class=\"wp-image-439\" style=\"width:304px;height:auto\" srcset=\"https:\/\/diaspora.arhivi.lv\/silins\/wp-content\/uploads\/2024\/09\/F.2387_apr.1v-l.8_2-705x1024.jpg 705w, https:\/\/diaspora.arhivi.lv\/silins\/wp-content\/uploads\/2024\/09\/F.2387_apr.1v-l.8_2-206x300.jpg 206w, https:\/\/diaspora.arhivi.lv\/silins\/wp-content\/uploads\/2024\/09\/F.2387_apr.1v-l.8_2-2000x2907.jpg 2000w, https:\/\/diaspora.arhivi.lv\/silins\/wp-content\/uploads\/2024\/09\/F.2387_apr.1v-l.8_2-scaled.jpg 1761w\" sizes=\"auto, (max-width: 705px) 100vw, 705px\" \/><button\n\t\t\tclass=\"lightbox-trigger\"\n\t\t\ttype=\"button\"\n\t\t\taria-haspopup=\"dialog\"\n\t\t\taria-label=\"Palielin\u0101t\"\n\t\t\tdata-wp-init=\"callbacks.initTriggerButton\"\n\t\t\tdata-wp-on--click=\"actions.showLightbox\"\n\t\t\tdata-wp-style--right=\"state.imageButtonRight\"\n\t\t\tdata-wp-style--top=\"state.imageButtonTop\"\n\t\t>\n\t\t\t<svg xmlns=\"http:\/\/www.w3.org\/2000\/svg\" width=\"12\" height=\"12\" fill=\"none\" viewBox=\"0 0 12 12\">\n\t\t\t\t<path fill=\"#fff\" d=\"M2 0a2 2 0 0 0-2 2v2h1.5V2a.5.5 0 0 1 .5-.5h2V0H2Zm2 10.5H2a.5.5 0 0 1-.5-.5V8H0v2a2 2 0 0 0 2 2h2v-1.5ZM8 12v-1.5h2a.5.5 0 0 0 .5-.5V8H12v2a2 2 0 0 1-2 2H8Zm2-12a2 2 0 0 1 2 2v2h-1.5V2a.5.5 0 0 0-.5-.5H8V0h2Z\" \/>\n\t\t\t<\/svg>\n\t\t<\/button><figcaption class=\"wp-element-caption\">M\u0101rti\u0146am Sili\u0146am izsniegts naturaliz\u0101cijas sertifik\u0101ts par Austr\u0101lijas pilson\u012bbas pie\u0161\u0137ir\u0161anu, 1960. gads. Avots: LNA_LVA F2387_1v_8<\/figcaption><\/figure>\n<\/div>\n\n\n\n<div class=\"wp-block-column is-layout-flow wp-block-column-is-layout-flow\">\n<figure data-wp-context=\"{&quot;imageId&quot;:&quot;69ee787738183&quot;}\" data-wp-interactive=\"core\/image\" data-wp-key=\"69ee787738183\" class=\"wp-block-image aligncenter size-large is-resized wp-lightbox-container\"><img loading=\"lazy\" decoding=\"async\" width=\"705\" height=\"1024\" data-wp-class--hide=\"state.isContentHidden\" data-wp-class--show=\"state.isContentVisible\" data-wp-init=\"callbacks.setButtonStyles\" data-wp-on--click=\"actions.showLightbox\" data-wp-on--load=\"callbacks.setButtonStyles\" data-wp-on-window--resize=\"callbacks.setButtonStyles\" src=\"https:\/\/diaspora.arhivi.lv\/silins\/wp-content\/uploads\/2024\/09\/F.2387_apr.1v-l.8_3-705x1024.jpg\" alt=\"\" class=\"wp-image-441\" style=\"width:304px;height:auto\" srcset=\"https:\/\/diaspora.arhivi.lv\/silins\/wp-content\/uploads\/2024\/09\/F.2387_apr.1v-l.8_3-705x1024.jpg 705w, https:\/\/diaspora.arhivi.lv\/silins\/wp-content\/uploads\/2024\/09\/F.2387_apr.1v-l.8_3-206x300.jpg 206w, https:\/\/diaspora.arhivi.lv\/silins\/wp-content\/uploads\/2024\/09\/F.2387_apr.1v-l.8_3-2000x2907.jpg 2000w, https:\/\/diaspora.arhivi.lv\/silins\/wp-content\/uploads\/2024\/09\/F.2387_apr.1v-l.8_3-scaled.jpg 1761w\" sizes=\"auto, (max-width: 705px) 100vw, 705px\" \/><button\n\t\t\tclass=\"lightbox-trigger\"\n\t\t\ttype=\"button\"\n\t\t\taria-haspopup=\"dialog\"\n\t\t\taria-label=\"Palielin\u0101t\"\n\t\t\tdata-wp-init=\"callbacks.initTriggerButton\"\n\t\t\tdata-wp-on--click=\"actions.showLightbox\"\n\t\t\tdata-wp-style--right=\"state.imageButtonRight\"\n\t\t\tdata-wp-style--top=\"state.imageButtonTop\"\n\t\t>\n\t\t\t<svg xmlns=\"http:\/\/www.w3.org\/2000\/svg\" width=\"12\" height=\"12\" fill=\"none\" viewBox=\"0 0 12 12\">\n\t\t\t\t<path fill=\"#fff\" d=\"M2 0a2 2 0 0 0-2 2v2h1.5V2a.5.5 0 0 1 .5-.5h2V0H2Zm2 10.5H2a.5.5 0 0 1-.5-.5V8H0v2a2 2 0 0 0 2 2h2v-1.5ZM8 12v-1.5h2a.5.5 0 0 0 .5-.5V8H12v2a2 2 0 0 1-2 2H8Zm2-12a2 2 0 0 1 2 2v2h-1.5V2a.5.5 0 0 0-.5-.5H8V0h2Z\" \/>\n\t\t\t<\/svg>\n\t\t<\/button><figcaption class=\"wp-element-caption\">Elzai Sili\u0146ai izsniegts naturaliz\u0101cijas sertifik\u0101ts par Austr\u0101lijas pilson\u012bbas pie\u0161\u0137ir\u0161anu, 1960. gads. Avots: LNA_LVA F2387_1v_8<\/figcaption><\/figure>\n<\/div>\n<\/div>\n\n\n\n<h2 class=\"wp-block-heading\">Te\u0101tra dzim\u0161ana<\/h2>\n\n\n\n<p>\u0122imenes galvu M\u0101rti\u0146u Sili\u0146u nebaid\u012bja ne smagais darbs, ne izaicin\u0101jumi veidot latvie\u0161u kopienu un te\u0101tri. Marti\u0146\u0161 nekav\u0113j\u0101s piebiedroties nelielajam aktieru pulci\u0146am, lai dibin\u0101tu Sidnejas latvie\u0161u te\u0101tri (SLT). V\u0113l\u0101k k\u013cuva ar\u012b par te\u0101tra priek\u0161s\u0113d\u0113t\u0101ju.<\/p>\n\n\n\n<p class=\"has-text-align-center has-background\" style=\"background-color:#d3c2d8\">Pasaul\u0113 neatrad\u012bsies daudz t\u0101du te\u0101tru, kas dzimu\u0161i park\u0101 uz soli\u0146a, k\u016bm\u0101s st\u0101vot piecpadsmit entuziastiem \u2013 K\u0101rlim N\u012bcim, Vilibertam \u0160t\u0101lam, Jurim Andersonam, K\u0101rlim Gulbergam, Litai Zemgalei, Hildai Dukurei, Jurim Dukuram, P\u0113terim Elsi\u0146am, M\u0101rti\u0146am Sili\u0146am, Arv\u012bdam Knopem, Alfredam Si\u013c\u0137\u0113nam, Lilijai Dombrovskai, Dagm\u0101rai Atvarai-Strazdi\u0146ai, Indulim N\u012bcim un Spodrim Klauvertam. Dzim\u0161anas diena \u2013 1950. gada 15. oktobris. (..) T\u0101 bija apbr\u012bnojami pa\u0161aizliedz\u012bga darbinieku grupa. \u012ar\u0113t\u0101 skatuv\u012bte maza. Dekor\u0101cijas p\u0113c izr\u0101des nakt\u012b j\u0101aizved un j\u0101stiepj pa \u0161aur\u0101m k\u0101pn\u0113m tre\u0161aj\u0101 st\u0101v\u0101. Dekor\u0101ciju gatavo\u0161ana notiek m\u0101jas pagalm\u0101, ja l\u012bst, tad gar\u0101\u017ei\u0146\u0101.<\/p>\n\n\n\n<p class=\"has-text-align-center has-background\" style=\"background-color:#d3c2d8\">U. Sili\u0146\u0161. <em>Zem Dienvidu krusta: kult\u016brv\u0113sturiskas atmi\u0146as (1950-1959)<\/em>. 1. da\u013ca.<\/p>\n\n\n\n<div class=\"wp-block-columns is-layout-flex wp-container-core-columns-is-layout-28f84493 wp-block-columns-is-layout-flex\">\n<div class=\"wp-block-column is-layout-flow wp-block-column-is-layout-flow\">\n<p>Jau 1950. gada 2. apr\u012bl\u012b tika organiz\u0113ts Spodra Klauverta vad\u012bt\u0101s liter\u0101r\u0101s sekcijas pirmais liter\u0101rais pas\u0101kums &#8211; K. Skalbes vakars ar A. Sil\u0137\u0113nu k\u0101 referentu, bet 1951. gada 6. janv\u0101r\u012b savu pirmo izr\u0101di uzveda jaundibin\u0101tais SLT. Nepilna gada laik\u0101 uzvestas tr\u012bs lugas: M. Z\u012bverta dr\u0101ma &#8220;T\u012bre\u013cpurvs&#8221; (izr\u0101d\u012bta tr\u012bs reizes), E. Vildes kom\u0113dija &#8220;Laimes p\u016b\u0137is&#8221; (izr\u0101d\u012bta piecas reizes) un D\u017e. Pr\u012bstlija &#8220;Cilv\u0113ki uz j\u016bras&#8221; pirmizr\u0101de Kult\u016bras dien\u0101s. 1952. gada decembr\u012b pie SLT atkl\u0101ja Dr\u0101mas studiju, ko apmekl\u0113ja ar\u012b Uldis Sili\u0146\u0161. Izr\u0101des s\u0101kotn\u0113ji notika Sidnejas Igau\u0146u kluba z\u0101l\u0113, kur\u0101 ietilpa aptuveni 150 skat\u012bt\u0101ji. 1954. gad\u0101 tika organiz\u0113ta pirm\u0101 izbraukuma izr\u0101de (E. Vulfa luga &#8220;Sens\u0101cija&#8221;). SLT par 700 m\u0101rci\u0146\u0101m bija ieg\u0101d\u0101jies vecu, gandr\u012bz divst\u0101v\u012bgu m\u0113be\u013cu transporta v\u0101\u0123i, apsistu zili kr\u0101sot\u0101m finiera pl\u0101ksn\u0113m \u0101rpus\u0113. Ma\u0161\u012bn\u0101 tika ieb\u016bv\u0113ts dekor\u0101ciju skapis un ielikti lietoti autobusa s\u0113dek\u013ci. L\u016bcija Kalni\u0146a, sasitot pret riteni \u0161ampanie\u0161a pudeli, to nod\u0113v\u0113ja par Ulubeli. V\u0101\u0123is nebija sevi\u0161\u0137i lab\u0101 kond\u012bcij\u0101 un apst\u0101j\u0101s, kad to vismaz\u0101k gaid\u012bja. 1959. gad\u0101 te\u0101tris un liter\u0101r\u0101 sekcija p\u0101rc\u0113l\u0101s uz jaunuzb\u016bv\u0113to Sidnejas latvie\u0161u namu.<\/p>\n<\/div>\n\n\n\n<div class=\"wp-block-column is-layout-flow wp-block-column-is-layout-flow\">\n<figure data-wp-context=\"{&quot;imageId&quot;:&quot;69ee787738ec6&quot;}\" data-wp-interactive=\"core\/image\" data-wp-key=\"69ee787738ec6\" class=\"wp-block-image aligncenter size-large is-resized wp-lightbox-container\"><img loading=\"lazy\" decoding=\"async\" width=\"751\" height=\"1024\" data-wp-class--hide=\"state.isContentHidden\" data-wp-class--show=\"state.isContentVisible\" data-wp-init=\"callbacks.setButtonStyles\" data-wp-on--click=\"actions.showLightbox\" data-wp-on--load=\"callbacks.setButtonStyles\" data-wp-on-window--resize=\"callbacks.setButtonStyles\" src=\"https:\/\/diaspora.arhivi.lv\/silins\/wp-content\/uploads\/2024\/10\/F.2387-apr.-1v-l.14-izrade-751x1024.jpg\" alt=\"\" class=\"wp-image-464\" style=\"width:431px;height:auto\" srcset=\"https:\/\/diaspora.arhivi.lv\/silins\/wp-content\/uploads\/2024\/10\/F.2387-apr.-1v-l.14-izrade-751x1024.jpg 751w, https:\/\/diaspora.arhivi.lv\/silins\/wp-content\/uploads\/2024\/10\/F.2387-apr.-1v-l.14-izrade-220x300.jpg 220w, https:\/\/diaspora.arhivi.lv\/silins\/wp-content\/uploads\/2024\/10\/F.2387-apr.-1v-l.14-izrade-rotated.jpg 1551w\" sizes=\"auto, (max-width: 751px) 100vw, 751px\" \/><button\n\t\t\tclass=\"lightbox-trigger\"\n\t\t\ttype=\"button\"\n\t\t\taria-haspopup=\"dialog\"\n\t\t\taria-label=\"Palielin\u0101t\"\n\t\t\tdata-wp-init=\"callbacks.initTriggerButton\"\n\t\t\tdata-wp-on--click=\"actions.showLightbox\"\n\t\t\tdata-wp-style--right=\"state.imageButtonRight\"\n\t\t\tdata-wp-style--top=\"state.imageButtonTop\"\n\t\t>\n\t\t\t<svg xmlns=\"http:\/\/www.w3.org\/2000\/svg\" width=\"12\" height=\"12\" fill=\"none\" viewBox=\"0 0 12 12\">\n\t\t\t\t<path fill=\"#fff\" d=\"M2 0a2 2 0 0 0-2 2v2h1.5V2a.5.5 0 0 1 .5-.5h2V0H2Zm2 10.5H2a.5.5 0 0 1-.5-.5V8H0v2a2 2 0 0 0 2 2h2v-1.5ZM8 12v-1.5h2a.5.5 0 0 0 .5-.5V8H12v2a2 2 0 0 1-2 2H8Zm2-12a2 2 0 0 1 2 2v2h-1.5V2a.5.5 0 0 0-.5-.5H8V0h2Z\" \/>\n\t\t\t<\/svg>\n\t\t<\/button><figcaption class=\"wp-element-caption\">SLT izr\u0101des &#8220;Cilv\u0113ki uz j\u016bras&#8221; pirmizr\u0101des programa. Avots: LNA_LVA F2387_1v_14<\/figcaption><\/figure>\n<\/div>\n<\/div>\n\n\n\n<div class=\"wp-block-columns is-layout-flex wp-container-core-columns-is-layout-28f84493 wp-block-columns-is-layout-flex\">\n<div class=\"wp-block-column is-layout-flow wp-block-column-is-layout-flow\">\n<figure data-wp-context=\"{&quot;imageId&quot;:&quot;69ee787739930&quot;}\" data-wp-interactive=\"core\/image\" data-wp-key=\"69ee787739930\" class=\"wp-block-image aligncenter size-large wp-lightbox-container\"><img loading=\"lazy\" decoding=\"async\" width=\"1024\" height=\"790\" data-wp-class--hide=\"state.isContentHidden\" data-wp-class--show=\"state.isContentVisible\" data-wp-init=\"callbacks.setButtonStyles\" data-wp-on--click=\"actions.showLightbox\" data-wp-on--load=\"callbacks.setButtonStyles\" data-wp-on-window--resize=\"callbacks.setButtonStyles\" src=\"https:\/\/diaspora.arhivi.lv\/silins\/wp-content\/uploads\/2024\/10\/F.2387-apr.-1v-l.14-Pec-E.Vildes-komedijas-Laimes-pukis-pirmizrades-1951.gada-maija-1024x790.jpg\" alt=\"\" class=\"wp-image-450\" srcset=\"https:\/\/diaspora.arhivi.lv\/silins\/wp-content\/uploads\/2024\/10\/F.2387-apr.-1v-l.14-Pec-E.Vildes-komedijas-Laimes-pukis-pirmizrades-1951.gada-maija-1024x790.jpg 1024w, https:\/\/diaspora.arhivi.lv\/silins\/wp-content\/uploads\/2024\/10\/F.2387-apr.-1v-l.14-Pec-E.Vildes-komedijas-Laimes-pukis-pirmizrades-1951.gada-maija-300x231.jpg 300w, https:\/\/diaspora.arhivi.lv\/silins\/wp-content\/uploads\/2024\/10\/F.2387-apr.-1v-l.14-Pec-E.Vildes-komedijas-Laimes-pukis-pirmizrades-1951.gada-maija.jpg 1036w\" sizes=\"auto, (max-width: 1024px) 100vw, 1024px\" \/><button\n\t\t\tclass=\"lightbox-trigger\"\n\t\t\ttype=\"button\"\n\t\t\taria-haspopup=\"dialog\"\n\t\t\taria-label=\"Palielin\u0101t\"\n\t\t\tdata-wp-init=\"callbacks.initTriggerButton\"\n\t\t\tdata-wp-on--click=\"actions.showLightbox\"\n\t\t\tdata-wp-style--right=\"state.imageButtonRight\"\n\t\t\tdata-wp-style--top=\"state.imageButtonTop\"\n\t\t>\n\t\t\t<svg xmlns=\"http:\/\/www.w3.org\/2000\/svg\" width=\"12\" height=\"12\" fill=\"none\" viewBox=\"0 0 12 12\">\n\t\t\t\t<path fill=\"#fff\" d=\"M2 0a2 2 0 0 0-2 2v2h1.5V2a.5.5 0 0 1 .5-.5h2V0H2Zm2 10.5H2a.5.5 0 0 1-.5-.5V8H0v2a2 2 0 0 0 2 2h2v-1.5ZM8 12v-1.5h2a.5.5 0 0 0 .5-.5V8H12v2a2 2 0 0 1-2 2H8Zm2-12a2 2 0 0 1 2 2v2h-1.5V2a.5.5 0 0 0-.5-.5H8V0h2Z\" \/>\n\t\t\t<\/svg>\n\t\t<\/button><figcaption class=\"wp-element-caption\">P\u0113c E. Vildes kom\u0113dijas &#8220;Laimes p\u016b\u0137is&#8221; pirmizr\u0101des 1951. gada maij\u0101. Avots: LNA_LVA F2387_1v_14<\/figcaption><\/figure>\n<\/div>\n\n\n\n<div class=\"wp-block-column is-layout-flow wp-block-column-is-layout-flow\">\n<figure data-wp-context=\"{&quot;imageId&quot;:&quot;69ee78773a250&quot;}\" data-wp-interactive=\"core\/image\" data-wp-key=\"69ee78773a250\" class=\"wp-block-image aligncenter size-large is-resized wp-lightbox-container\"><img loading=\"lazy\" decoding=\"async\" width=\"1024\" height=\"817\" data-wp-class--hide=\"state.isContentHidden\" data-wp-class--show=\"state.isContentVisible\" data-wp-init=\"callbacks.setButtonStyles\" data-wp-on--click=\"actions.showLightbox\" data-wp-on--load=\"callbacks.setButtonStyles\" data-wp-on-window--resize=\"callbacks.setButtonStyles\" src=\"https:\/\/diaspora.arhivi.lv\/silins\/wp-content\/uploads\/2024\/10\/F.2387_apr.1v_l.22_SLT-Literaras-sekcijas-Literaraja-vakara-1950.gados-U.Silins-un-Sp.Klauverts-1024x817.jpg\" alt=\"\" class=\"wp-image-454\" style=\"width:553px;height:auto\" srcset=\"https:\/\/diaspora.arhivi.lv\/silins\/wp-content\/uploads\/2024\/10\/F.2387_apr.1v_l.22_SLT-Literaras-sekcijas-Literaraja-vakara-1950.gados-U.Silins-un-Sp.Klauverts-1024x817.jpg 1024w, https:\/\/diaspora.arhivi.lv\/silins\/wp-content\/uploads\/2024\/10\/F.2387_apr.1v_l.22_SLT-Literaras-sekcijas-Literaraja-vakara-1950.gados-U.Silins-un-Sp.Klauverts-300x239.jpg 300w, https:\/\/diaspora.arhivi.lv\/silins\/wp-content\/uploads\/2024\/10\/F.2387_apr.1v_l.22_SLT-Literaras-sekcijas-Literaraja-vakara-1950.gados-U.Silins-un-Sp.Klauverts.jpg 1217w\" sizes=\"auto, (max-width: 1024px) 100vw, 1024px\" \/><button\n\t\t\tclass=\"lightbox-trigger\"\n\t\t\ttype=\"button\"\n\t\t\taria-haspopup=\"dialog\"\n\t\t\taria-label=\"Palielin\u0101t\"\n\t\t\tdata-wp-init=\"callbacks.initTriggerButton\"\n\t\t\tdata-wp-on--click=\"actions.showLightbox\"\n\t\t\tdata-wp-style--right=\"state.imageButtonRight\"\n\t\t\tdata-wp-style--top=\"state.imageButtonTop\"\n\t\t>\n\t\t\t<svg xmlns=\"http:\/\/www.w3.org\/2000\/svg\" width=\"12\" height=\"12\" fill=\"none\" viewBox=\"0 0 12 12\">\n\t\t\t\t<path fill=\"#fff\" d=\"M2 0a2 2 0 0 0-2 2v2h1.5V2a.5.5 0 0 1 .5-.5h2V0H2Zm2 10.5H2a.5.5 0 0 1-.5-.5V8H0v2a2 2 0 0 0 2 2h2v-1.5ZM8 12v-1.5h2a.5.5 0 0 0 .5-.5V8H12v2a2 2 0 0 1-2 2H8Zm2-12a2 2 0 0 1 2 2v2h-1.5V2a.5.5 0 0 0-.5-.5H8V0h2Z\" \/>\n\t\t\t<\/svg>\n\t\t<\/button><figcaption class=\"wp-element-caption\">SLT Liter\u0101r\u0101s sekcijas liter\u0101raj\u0101 vakar\u0101 1950. gados. Uldis Sili\u0146\u0161 un Spodris Klauverts. Avots: LNA_LVA F2387_1v_22<\/figcaption><\/figure>\n<\/div>\n<\/div>\n\n\n\n<p class=\"has-text-align-center has-background\" style=\"background-color:#d3c2d8\"><em>&#8220;Pirm\u0101s zi\u0146as par Tavu esam\u012bbu sa\u0146\u0113mu, kad Tu biji ce\u013c\u0101 no Neapoles uz Sidneju. Tas bija 1950. g. s\u0101kum\u0101. Un te m\u0113s sastap\u0101mies \u2013 s\u0101k\u0101m dom\u0101t par te\u0101tri latvie\u0161iem Sidnej\u0101. Bondaja j\u016brmal\u0101 rad\u0101s daudzas idejas \u2013 Laimes p\u016b\u0137is, no Bondajas braucot, aizbrauc\u0101m uz igau\u0146u biedr\u012bbu, kur notika ALLB pilnsapulce, un Tu g\u0101ji, Tevi t\u016bl\u012bt iev\u0113l\u0113ja biedr\u012bbas vald\u0113. Tas bija s\u0101kums m\u016bsu sabiedriskajai dz\u012bvei, te\u0101trim, Tevis lolotam latvie\u0161u namam. Toreiz neg\u0101ja tik viegli \u2013 atceros, katru piektdienas vakaru Tu ieradies no Volngongas p\u0113c smagiem ned\u0113\u013cas darbiem. Toreiz Tu vakaros st\u0101st\u012bji par savu dzimto Carnikavu, par sv\u0113tkiem Skangal\u0113, par iesp\u0113j\u0101m tikt pie latvie\u0161u nama. Tie bija jauki vakari. Un tad \u2013 1951. g. pirmie te\u0101tra uzvedumi igau\u0146u nam\u0101! Laimes p\u016b\u0137is. Cilv\u0113ks uz j\u016bras. Jautrie vakari (p\u0113d\u0113jie v\u0113l ilgus gadus bija te\u0101tra naudas b\u0101ze). Vair\u0101k nek\u0101 gadu m\u0113\u0123in\u0101j\u0101mies pa Bankstounas Art\u016bra ielu \u2013 m\u0113\u0123in\u0101j\u0101m, gudroj\u0101m, tic\u0113j\u0101m \u2013 , un daudz no toreiz sap\u0146ot\u0101 jau tagad ir \u012bsten\u012bba. Vai atceries? \u2026 S\u0101k\u0101s Tava liel\u0101 nodoma pirmais pagrieziens, un k\u013cuvi par SLB valdes priek\u0161s\u0113di 1952. gad\u0101. Tu neesi iztr\u016bcis nevien\u0101 18. novembra atceres akt\u0101, nedz dievkalpojum\u0101\u2026 K\u0101da tauta pie t\u0101l\u0101s Dzintarj\u016bras gaida savu lielo stundu. Ar\u012b Tu gaidi atbr\u012bvo\u0161anas dienu. (..) Un tad pien\u0101ca 1959. gada 18. novembris \u2013 Tava liel\u0101 sap\u0146a gal\u012bgais piepild\u012bjums latvie\u0161u nam\u0101 Strathfield\u0101. Tur bija daudz \u013cau\u017eu, kori, dziedo\u0146i, un tom\u0113r t\u0101 diena pieder\u0113ja tik tev vienam. Tu sp\u0113ji sav\u0101 aizraut\u012bb\u0101 raut citus \u2013 l\u012bdz kop\u0113jam darbam, kas velt\u012bts tikai vienam m\u0113r\u0137im m\u016bsu tautai un Latvijai.<\/em>&#8220;<\/p>\n\n\n\n<p class=\"has-text-align-center has-background\" style=\"background-color:#d3c2d8\">Dramaturga un sabiedrisk\u0101 darbinieka Spodra Klauverta atmi\u0146as par M\u0101rti\u0146a Sili\u0146a iera\u0161anos Sidnej\u0101 (LNA_LVA F2387_1v_14).<\/p>\n\n\n\n<div class=\"wp-block-columns is-layout-flex wp-container-core-columns-is-layout-28f84493 wp-block-columns-is-layout-flex\">\n<div class=\"wp-block-column is-layout-flow wp-block-column-is-layout-flow\">\n<figure data-wp-context=\"{&quot;imageId&quot;:&quot;69ee78773acb3&quot;}\" data-wp-interactive=\"core\/image\" data-wp-key=\"69ee78773acb3\" class=\"wp-block-image aligncenter size-full wp-lightbox-container\"><img loading=\"lazy\" decoding=\"async\" width=\"956\" height=\"599\" data-wp-class--hide=\"state.isContentHidden\" data-wp-class--show=\"state.isContentVisible\" data-wp-init=\"callbacks.setButtonStyles\" data-wp-on--click=\"actions.showLightbox\" data-wp-on--load=\"callbacks.setButtonStyles\" data-wp-on-window--resize=\"callbacks.setButtonStyles\" src=\"https:\/\/diaspora.arhivi.lv\/silins\/wp-content\/uploads\/2024\/09\/F.2387-apr.-1v-l.14-Bondajas-jurmala-Australija.jpg\" alt=\"\" class=\"wp-image-418\" srcset=\"https:\/\/diaspora.arhivi.lv\/silins\/wp-content\/uploads\/2024\/09\/F.2387-apr.-1v-l.14-Bondajas-jurmala-Australija.jpg 956w, https:\/\/diaspora.arhivi.lv\/silins\/wp-content\/uploads\/2024\/09\/F.2387-apr.-1v-l.14-Bondajas-jurmala-Australija-300x188.jpg 300w\" sizes=\"auto, (max-width: 956px) 100vw, 956px\" \/><button\n\t\t\tclass=\"lightbox-trigger\"\n\t\t\ttype=\"button\"\n\t\t\taria-haspopup=\"dialog\"\n\t\t\taria-label=\"Palielin\u0101t\"\n\t\t\tdata-wp-init=\"callbacks.initTriggerButton\"\n\t\t\tdata-wp-on--click=\"actions.showLightbox\"\n\t\t\tdata-wp-style--right=\"state.imageButtonRight\"\n\t\t\tdata-wp-style--top=\"state.imageButtonTop\"\n\t\t>\n\t\t\t<svg xmlns=\"http:\/\/www.w3.org\/2000\/svg\" width=\"12\" height=\"12\" fill=\"none\" viewBox=\"0 0 12 12\">\n\t\t\t\t<path fill=\"#fff\" d=\"M2 0a2 2 0 0 0-2 2v2h1.5V2a.5.5 0 0 1 .5-.5h2V0H2Zm2 10.5H2a.5.5 0 0 1-.5-.5V8H0v2a2 2 0 0 0 2 2h2v-1.5ZM8 12v-1.5h2a.5.5 0 0 0 .5-.5V8H12v2a2 2 0 0 1-2 2H8Zm2-12a2 2 0 0 1 2 2v2h-1.5V2a.5.5 0 0 0-.5-.5H8V0h2Z\" \/>\n\t\t\t<\/svg>\n\t\t<\/button><figcaption class=\"wp-element-caption\">M\u0101rti\u0146\u0161 Sili\u0146\u0161 ar domubiedriem Bondajas j\u016brmal\u0101 Austr\u0101lij\u0101, 1950. gads. Avots: LNA_LVA F2387_1v_14<\/figcaption><\/figure>\n<\/div>\n\n\n\n<div class=\"wp-block-column is-layout-flow wp-block-column-is-layout-flow\">\n<figure data-wp-context=\"{&quot;imageId&quot;:&quot;69ee78773b513&quot;}\" data-wp-interactive=\"core\/image\" data-wp-key=\"69ee78773b513\" class=\"wp-block-image aligncenter size-full is-resized wp-lightbox-container\"><img loading=\"lazy\" decoding=\"async\" width=\"935\" height=\"654\" data-wp-class--hide=\"state.isContentHidden\" data-wp-class--show=\"state.isContentVisible\" data-wp-init=\"callbacks.setButtonStyles\" data-wp-on--click=\"actions.showLightbox\" data-wp-on--load=\"callbacks.setButtonStyles\" data-wp-on-window--resize=\"callbacks.setButtonStyles\" src=\"https:\/\/diaspora.arhivi.lv\/silins\/wp-content\/uploads\/2024\/09\/F.2387-apr.-1v-l.14-Artura-iela-49.numura.jpg\" alt=\"\" class=\"wp-image-419\" style=\"width:478px;height:auto\" srcset=\"https:\/\/diaspora.arhivi.lv\/silins\/wp-content\/uploads\/2024\/09\/F.2387-apr.-1v-l.14-Artura-iela-49.numura.jpg 935w, https:\/\/diaspora.arhivi.lv\/silins\/wp-content\/uploads\/2024\/09\/F.2387-apr.-1v-l.14-Artura-iela-49.numura-300x210.jpg 300w\" sizes=\"auto, (max-width: 935px) 100vw, 935px\" \/><button\n\t\t\tclass=\"lightbox-trigger\"\n\t\t\ttype=\"button\"\n\t\t\taria-haspopup=\"dialog\"\n\t\t\taria-label=\"Palielin\u0101t\"\n\t\t\tdata-wp-init=\"callbacks.initTriggerButton\"\n\t\t\tdata-wp-on--click=\"actions.showLightbox\"\n\t\t\tdata-wp-style--right=\"state.imageButtonRight\"\n\t\t\tdata-wp-style--top=\"state.imageButtonTop\"\n\t\t>\n\t\t\t<svg xmlns=\"http:\/\/www.w3.org\/2000\/svg\" width=\"12\" height=\"12\" fill=\"none\" viewBox=\"0 0 12 12\">\n\t\t\t\t<path fill=\"#fff\" d=\"M2 0a2 2 0 0 0-2 2v2h1.5V2a.5.5 0 0 1 .5-.5h2V0H2Zm2 10.5H2a.5.5 0 0 1-.5-.5V8H0v2a2 2 0 0 0 2 2h2v-1.5ZM8 12v-1.5h2a.5.5 0 0 0 .5-.5V8H12v2a2 2 0 0 1-2 2H8Zm2-12a2 2 0 0 1 2 2v2h-1.5V2a.5.5 0 0 0-.5-.5H8V0h2Z\" \/>\n\t\t\t<\/svg>\n\t\t<\/button><figcaption class=\"wp-element-caption\">Artura ielas 49. nams, kur\u0101 notika pirmie SLT m\u0113\u0123in\u0101jumi. Avots: LNA_LVA F2387_1v_14<\/figcaption><\/figure>\n<\/div>\n<\/div>\n\n\n\n<p>M\u0101rti\u0146\u0161 Sili\u0146\u0161 SLT k\u0101 aktieris sp\u0113l\u0113ja ne tikai lugas, bet 1954. gad\u0101 k\u013cuva ar\u012b par t\u0101 re\u017eisoru, debit\u0113jot ar Eduarda Vulfa lugu &#8220;Sens\u0101cija&#8221;. Vi\u0146a darbs rit\u0113ja priec\u012bg\u0101 gai\u0161um\u0101 un m\u0113\u0123in\u0101jumos vi\u0146a bag\u0101tais humors spr\u0113g\u0101t spr\u0113g\u0101ja. Iestud\u0113jis ar\u012b t\u0101dus darbus k\u0101 R. Blauma\u0146a &#8220;Skroderdienas Silma\u010dos&#8221;, E. Vulfa &#8220;Sv\u0113tki Skangal\u0101&#8221;, A. Deglava &#8220;Vecais pilskungs&#8221; un citas.<\/p>\n\n\n\n<div class=\"wp-block-columns is-layout-flex wp-container-core-columns-is-layout-28f84493 wp-block-columns-is-layout-flex\">\n<div class=\"wp-block-column is-layout-flow wp-block-column-is-layout-flow\">\n<figure data-wp-context=\"{&quot;imageId&quot;:&quot;69ee78773bfbb&quot;}\" data-wp-interactive=\"core\/image\" data-wp-key=\"69ee78773bfbb\" class=\"wp-block-image aligncenter size-large is-resized wp-lightbox-container\"><img loading=\"lazy\" decoding=\"async\" width=\"664\" height=\"1024\" data-wp-class--hide=\"state.isContentHidden\" data-wp-class--show=\"state.isContentVisible\" data-wp-init=\"callbacks.setButtonStyles\" data-wp-on--click=\"actions.showLightbox\" data-wp-on--load=\"callbacks.setButtonStyles\" data-wp-on-window--resize=\"callbacks.setButtonStyles\" src=\"https:\/\/diaspora.arhivi.lv\/silins\/wp-content\/uploads\/2024\/10\/F.2387-apr.1v-l.63_H.Bergmana-Nobela-premija-M.Silins-664x1024.jpg\" alt=\"\" class=\"wp-image-467\" style=\"width:204px;height:auto\" srcset=\"https:\/\/diaspora.arhivi.lv\/silins\/wp-content\/uploads\/2024\/10\/F.2387-apr.1v-l.63_H.Bergmana-Nobela-premija-M.Silins-664x1024.jpg 664w, https:\/\/diaspora.arhivi.lv\/silins\/wp-content\/uploads\/2024\/10\/F.2387-apr.1v-l.63_H.Bergmana-Nobela-premija-M.Silins-195x300.jpg 195w, https:\/\/diaspora.arhivi.lv\/silins\/wp-content\/uploads\/2024\/10\/F.2387-apr.1v-l.63_H.Bergmana-Nobela-premija-M.Silins.jpg 888w\" sizes=\"auto, (max-width: 664px) 100vw, 664px\" \/><button\n\t\t\tclass=\"lightbox-trigger\"\n\t\t\ttype=\"button\"\n\t\t\taria-haspopup=\"dialog\"\n\t\t\taria-label=\"Palielin\u0101t\"\n\t\t\tdata-wp-init=\"callbacks.initTriggerButton\"\n\t\t\tdata-wp-on--click=\"actions.showLightbox\"\n\t\t\tdata-wp-style--right=\"state.imageButtonRight\"\n\t\t\tdata-wp-style--top=\"state.imageButtonTop\"\n\t\t>\n\t\t\t<svg xmlns=\"http:\/\/www.w3.org\/2000\/svg\" width=\"12\" height=\"12\" fill=\"none\" viewBox=\"0 0 12 12\">\n\t\t\t\t<path fill=\"#fff\" d=\"M2 0a2 2 0 0 0-2 2v2h1.5V2a.5.5 0 0 1 .5-.5h2V0H2Zm2 10.5H2a.5.5 0 0 1-.5-.5V8H0v2a2 2 0 0 0 2 2h2v-1.5ZM8 12v-1.5h2a.5.5 0 0 0 .5-.5V8H12v2a2 2 0 0 1-2 2H8Zm2-12a2 2 0 0 1 2 2v2h-1.5V2a.5.5 0 0 0-.5-.5H8V0h2Z\" \/>\n\t\t\t<\/svg>\n\t\t<\/button><figcaption class=\"wp-element-caption\">M. Sili\u0146\u0161 H.Bergma\u0146a lug\u0101 &#8220;Nobela pr\u0113mija&#8221;, 1954. gads. Avots: LNA_LVA F2387_1v_14<\/figcaption><\/figure>\n<\/div>\n\n\n\n<div class=\"wp-block-column is-layout-flow wp-block-column-is-layout-flow\">\n<figure data-wp-context=\"{&quot;imageId&quot;:&quot;69ee78773c8fb&quot;}\" data-wp-interactive=\"core\/image\" data-wp-key=\"69ee78773c8fb\" class=\"wp-block-image aligncenter size-large is-resized wp-lightbox-container\"><img loading=\"lazy\" decoding=\"async\" width=\"802\" height=\"1024\" data-wp-class--hide=\"state.isContentHidden\" data-wp-class--show=\"state.isContentVisible\" data-wp-init=\"callbacks.setButtonStyles\" data-wp-on--click=\"actions.showLightbox\" data-wp-on--load=\"callbacks.setButtonStyles\" data-wp-on-window--resize=\"callbacks.setButtonStyles\" src=\"https:\/\/diaspora.arhivi.lv\/silins\/wp-content\/uploads\/2024\/10\/LNA_LVA-F2387_1v_31-3.-lp.M.E.-Silins-SLT-Roplainis-Pazudusais-dels-802x1024.jpg\" alt=\"\" class=\"wp-image-468\" style=\"width:247px;height:auto\" srcset=\"https:\/\/diaspora.arhivi.lv\/silins\/wp-content\/uploads\/2024\/10\/LNA_LVA-F2387_1v_31-3.-lp.M.E.-Silins-SLT-Roplainis-Pazudusais-dels-802x1024.jpg 802w, https:\/\/diaspora.arhivi.lv\/silins\/wp-content\/uploads\/2024\/10\/LNA_LVA-F2387_1v_31-3.-lp.M.E.-Silins-SLT-Roplainis-Pazudusais-dels-235x300.jpg 235w, https:\/\/diaspora.arhivi.lv\/silins\/wp-content\/uploads\/2024\/10\/LNA_LVA-F2387_1v_31-3.-lp.M.E.-Silins-SLT-Roplainis-Pazudusais-dels-2000x2552.jpg 2000w, https:\/\/diaspora.arhivi.lv\/silins\/wp-content\/uploads\/2024\/10\/LNA_LVA-F2387_1v_31-3.-lp.M.E.-Silins-SLT-Roplainis-Pazudusais-dels-scaled.jpg 2006w\" sizes=\"auto, (max-width: 802px) 100vw, 802px\" \/><button\n\t\t\tclass=\"lightbox-trigger\"\n\t\t\ttype=\"button\"\n\t\t\taria-haspopup=\"dialog\"\n\t\t\taria-label=\"Palielin\u0101t\"\n\t\t\tdata-wp-init=\"callbacks.initTriggerButton\"\n\t\t\tdata-wp-on--click=\"actions.showLightbox\"\n\t\t\tdata-wp-style--right=\"state.imageButtonRight\"\n\t\t\tdata-wp-style--top=\"state.imageButtonTop\"\n\t\t>\n\t\t\t<svg xmlns=\"http:\/\/www.w3.org\/2000\/svg\" width=\"12\" height=\"12\" fill=\"none\" viewBox=\"0 0 12 12\">\n\t\t\t\t<path fill=\"#fff\" d=\"M2 0a2 2 0 0 0-2 2v2h1.5V2a.5.5 0 0 1 .5-.5h2V0H2Zm2 10.5H2a.5.5 0 0 1-.5-.5V8H0v2a2 2 0 0 0 2 2h2v-1.5ZM8 12v-1.5h2a.5.5 0 0 0 .5-.5V8H12v2a2 2 0 0 1-2 2H8Zm2-12a2 2 0 0 1 2 2v2h-1.5V2a.5.5 0 0 0-.5-.5H8V0h2Z\" \/>\n\t\t\t<\/svg>\n\t\t<\/button><figcaption class=\"wp-element-caption\">M. Sili\u0146\u0161  Roplai\u0146a lom\u0101 lug\u0101 &#8220;Pazudu\u0161ais d\u0113ls&#8221;. Avots: LNA_LVA F2387_1v_31.<\/figcaption><\/figure>\n<\/div>\n\n\n\n<div class=\"wp-block-column is-layout-flow wp-block-column-is-layout-flow\">\n<figure data-wp-context=\"{&quot;imageId&quot;:&quot;69ee78773d235&quot;}\" data-wp-interactive=\"core\/image\" data-wp-key=\"69ee78773d235\" class=\"wp-block-image aligncenter size-large is-resized wp-lightbox-container\"><img loading=\"lazy\" decoding=\"async\" width=\"1024\" height=\"606\" data-wp-class--hide=\"state.isContentHidden\" data-wp-class--show=\"state.isContentVisible\" data-wp-init=\"callbacks.setButtonStyles\" data-wp-on--click=\"actions.showLightbox\" data-wp-on--load=\"callbacks.setButtonStyles\" data-wp-on-window--resize=\"callbacks.setButtonStyles\" src=\"https:\/\/diaspora.arhivi.lv\/silins\/wp-content\/uploads\/2024\/10\/F.2387-apr.1v-l.63_5-Deglava-Vecais-pilskungs-1958-SLT-ansamblis-1024x606.jpg\" alt=\"\" class=\"wp-image-469\" style=\"width:367px;height:auto\" srcset=\"https:\/\/diaspora.arhivi.lv\/silins\/wp-content\/uploads\/2024\/10\/F.2387-apr.1v-l.63_5-Deglava-Vecais-pilskungs-1958-SLT-ansamblis-1024x606.jpg 1024w, https:\/\/diaspora.arhivi.lv\/silins\/wp-content\/uploads\/2024\/10\/F.2387-apr.1v-l.63_5-Deglava-Vecais-pilskungs-1958-SLT-ansamblis-300x177.jpg 300w, https:\/\/diaspora.arhivi.lv\/silins\/wp-content\/uploads\/2024\/10\/F.2387-apr.1v-l.63_5-Deglava-Vecais-pilskungs-1958-SLT-ansamblis.jpg 1483w\" sizes=\"auto, (max-width: 1024px) 100vw, 1024px\" \/><button\n\t\t\tclass=\"lightbox-trigger\"\n\t\t\ttype=\"button\"\n\t\t\taria-haspopup=\"dialog\"\n\t\t\taria-label=\"Palielin\u0101t\"\n\t\t\tdata-wp-init=\"callbacks.initTriggerButton\"\n\t\t\tdata-wp-on--click=\"actions.showLightbox\"\n\t\t\tdata-wp-style--right=\"state.imageButtonRight\"\n\t\t\tdata-wp-style--top=\"state.imageButtonTop\"\n\t\t>\n\t\t\t<svg xmlns=\"http:\/\/www.w3.org\/2000\/svg\" width=\"12\" height=\"12\" fill=\"none\" viewBox=\"0 0 12 12\">\n\t\t\t\t<path fill=\"#fff\" d=\"M2 0a2 2 0 0 0-2 2v2h1.5V2a.5.5 0 0 1 .5-.5h2V0H2Zm2 10.5H2a.5.5 0 0 1-.5-.5V8H0v2a2 2 0 0 0 2 2h2v-1.5ZM8 12v-1.5h2a.5.5 0 0 0 .5-.5V8H12v2a2 2 0 0 1-2 2H8Zm2-12a2 2 0 0 1 2 2v2h-1.5V2a.5.5 0 0 0-.5-.5H8V0h2Z\" \/>\n\t\t\t<\/svg>\n\t\t<\/button><figcaption class=\"wp-element-caption\">SLT ansamblis. A. Deglava luga &#8220;Vecais pilskungs&#8221;, 1958. gads. Avots: LNA_LVA F2387_1v_63<\/figcaption><\/figure>\n<\/div>\n<\/div>\n\n\n\n<p>M\u0101rti\u0146a Sili\u0146a sabiedriskais darbs ievirz\u012bj\u0101s trij\u0101s gultn\u0113s &#8211; te\u0101tra, kora un Sidnejas latvie\u0161u biedr\u012bbas (SLB) darb\u0101. Ilgus gadus b\u016bdams SLB priek\u0161nieks, Sidnejas latvie\u0161u nama c\u0113l\u0101js un apsaimniekot\u0101js, SLB jaukt\u0101 kora un Sidnejas latvie\u0161u v\u012bru kora korists, Vien\u012bbas ev. lut. draudzes kora diri\u0123ents, aktieris un re\u017eisors, M\u0101rti\u0146\u0161 Sili\u0146\u0161 piedal\u012bjies vis\u0101s Austr\u0101lijas latvie\u0161u Kult\u016bras dien\u0101s un Latvie\u0161u apvien\u012bbas Austr\u0101lij\u0101 un Jaunz\u0113land\u0113 kopsan\u0101ksm\u0113s.<\/p>\n\n\n\n<div class=\"wp-block-columns is-layout-flex wp-container-core-columns-is-layout-28f84493 wp-block-columns-is-layout-flex\">\n<div class=\"wp-block-column is-layout-flow wp-block-column-is-layout-flow\">\n<figure data-wp-context=\"{&quot;imageId&quot;:&quot;69ee78773dd43&quot;}\" data-wp-interactive=\"core\/image\" data-wp-key=\"69ee78773dd43\" class=\"wp-block-image aligncenter size-large is-resized wp-lightbox-container\"><img loading=\"lazy\" decoding=\"async\" width=\"1024\" height=\"661\" data-wp-class--hide=\"state.isContentHidden\" data-wp-class--show=\"state.isContentVisible\" data-wp-init=\"callbacks.setButtonStyles\" data-wp-on--click=\"actions.showLightbox\" data-wp-on--load=\"callbacks.setButtonStyles\" data-wp-on-window--resize=\"callbacks.setButtonStyles\" src=\"https:\/\/diaspora.arhivi.lv\/silins\/wp-content\/uploads\/2024\/10\/LNA_LVA-F2387_1v_26-M.Silins-dirige-vienibas-kori-1024x661.jpg\" alt=\"\" class=\"wp-image-471\" style=\"width:503px;height:auto\" srcset=\"https:\/\/diaspora.arhivi.lv\/silins\/wp-content\/uploads\/2024\/10\/LNA_LVA-F2387_1v_26-M.Silins-dirige-vienibas-kori-1024x661.jpg 1024w, https:\/\/diaspora.arhivi.lv\/silins\/wp-content\/uploads\/2024\/10\/LNA_LVA-F2387_1v_26-M.Silins-dirige-vienibas-kori-300x194.jpg 300w, https:\/\/diaspora.arhivi.lv\/silins\/wp-content\/uploads\/2024\/10\/LNA_LVA-F2387_1v_26-M.Silins-dirige-vienibas-kori-rotated.jpg 1515w\" sizes=\"auto, (max-width: 1024px) 100vw, 1024px\" \/><button\n\t\t\tclass=\"lightbox-trigger\"\n\t\t\ttype=\"button\"\n\t\t\taria-haspopup=\"dialog\"\n\t\t\taria-label=\"Palielin\u0101t\"\n\t\t\tdata-wp-init=\"callbacks.initTriggerButton\"\n\t\t\tdata-wp-on--click=\"actions.showLightbox\"\n\t\t\tdata-wp-style--right=\"state.imageButtonRight\"\n\t\t\tdata-wp-style--top=\"state.imageButtonTop\"\n\t\t>\n\t\t\t<svg xmlns=\"http:\/\/www.w3.org\/2000\/svg\" width=\"12\" height=\"12\" fill=\"none\" viewBox=\"0 0 12 12\">\n\t\t\t\t<path fill=\"#fff\" d=\"M2 0a2 2 0 0 0-2 2v2h1.5V2a.5.5 0 0 1 .5-.5h2V0H2Zm2 10.5H2a.5.5 0 0 1-.5-.5V8H0v2a2 2 0 0 0 2 2h2v-1.5ZM8 12v-1.5h2a.5.5 0 0 0 .5-.5V8H12v2a2 2 0 0 1-2 2H8Zm2-12a2 2 0 0 1 2 2v2h-1.5V2a.5.5 0 0 0-.5-.5H8V0h2Z\" \/>\n\t\t\t<\/svg>\n\t\t<\/button><figcaption class=\"wp-element-caption\">M. Sili\u0146\u0161 diri\u0123\u0113 Vien\u012bbas ev. lut. draudzes kori. Avots: LNA_LVA F2387_1v_26<\/figcaption><\/figure>\n<\/div>\n\n\n\n<div class=\"wp-block-column is-layout-flow wp-block-column-is-layout-flow\">\n<figure data-wp-context=\"{&quot;imageId&quot;:&quot;69ee78773e62b&quot;}\" data-wp-interactive=\"core\/image\" data-wp-key=\"69ee78773e62b\" class=\"wp-block-image aligncenter size-large wp-lightbox-container\"><img loading=\"lazy\" decoding=\"async\" width=\"1024\" height=\"586\" data-wp-class--hide=\"state.isContentHidden\" data-wp-class--show=\"state.isContentVisible\" data-wp-init=\"callbacks.setButtonStyles\" data-wp-on--click=\"actions.showLightbox\" data-wp-on--load=\"callbacks.setButtonStyles\" data-wp-on-window--resize=\"callbacks.setButtonStyles\" src=\"https:\/\/diaspora.arhivi.lv\/silins\/wp-content\/uploads\/2024\/10\/LNA_LVA-F2387_1v_26-M.Silins-un-V.Rullis-SLB-jauktais-koris-1024x586.jpg\" alt=\"\" class=\"wp-image-472\" srcset=\"https:\/\/diaspora.arhivi.lv\/silins\/wp-content\/uploads\/2024\/10\/LNA_LVA-F2387_1v_26-M.Silins-un-V.Rullis-SLB-jauktais-koris-1024x586.jpg 1024w, https:\/\/diaspora.arhivi.lv\/silins\/wp-content\/uploads\/2024\/10\/LNA_LVA-F2387_1v_26-M.Silins-un-V.Rullis-SLB-jauktais-koris-300x172.jpg 300w, https:\/\/diaspora.arhivi.lv\/silins\/wp-content\/uploads\/2024\/10\/LNA_LVA-F2387_1v_26-M.Silins-un-V.Rullis-SLB-jauktais-koris-rotated.jpg 1522w\" sizes=\"auto, (max-width: 1024px) 100vw, 1024px\" \/><button\n\t\t\tclass=\"lightbox-trigger\"\n\t\t\ttype=\"button\"\n\t\t\taria-haspopup=\"dialog\"\n\t\t\taria-label=\"Palielin\u0101t\"\n\t\t\tdata-wp-init=\"callbacks.initTriggerButton\"\n\t\t\tdata-wp-on--click=\"actions.showLightbox\"\n\t\t\tdata-wp-style--right=\"state.imageButtonRight\"\n\t\t\tdata-wp-style--top=\"state.imageButtonTop\"\n\t\t>\n\t\t\t<svg xmlns=\"http:\/\/www.w3.org\/2000\/svg\" width=\"12\" height=\"12\" fill=\"none\" viewBox=\"0 0 12 12\">\n\t\t\t\t<path fill=\"#fff\" d=\"M2 0a2 2 0 0 0-2 2v2h1.5V2a.5.5 0 0 1 .5-.5h2V0H2Zm2 10.5H2a.5.5 0 0 1-.5-.5V8H0v2a2 2 0 0 0 2 2h2v-1.5ZM8 12v-1.5h2a.5.5 0 0 0 .5-.5V8H12v2a2 2 0 0 1-2 2H8Zm2-12a2 2 0 0 1 2 2v2h-1.5V2a.5.5 0 0 0-.5-.5H8V0h2Z\" \/>\n\t\t\t<\/svg>\n\t\t<\/button><figcaption class=\"wp-element-caption\">Diri\u0123enti M. Sili\u0146\u0161 un V. Rullis ar SLB jaukto kori. Avots: LNA_LVA F2387_1v_26<\/figcaption><\/figure>\n<\/div>\n<\/div>\n\n\n\n<h2 class=\"wp-block-heading\">Sidnejas latvie\u0161u biedr\u012bbas dibin\u0101\u0161ana<\/h2>\n\n\n\n<p>1952. gada 1. febru\u0101r\u012b tika dibin\u0101ta Sidnejas latvie\u0161u biedr\u012bba. T\u0101s dibin\u0101t\u0101ji bija F. Br\u016bvelis, J. Andersons, B. Strazdi\u0146\u0161, P. Laivi\u0146\u0161, E. Mieze-Pl\u016bme, A. Rolavs, V. Motmillers, R. Stud\u0101ns un pats M. Sili\u0146\u0161. 1952. gada 25. maij\u0101 M\u0101rti\u0146u iev\u0113l\u0113ja Sidnejas latvie\u0161u biedr\u012bbas vald\u0113, un n\u0101kamaj\u0101 gad\u0101, F\u0113liksam Br\u016bvelim aizejot no biedr\u012bbas vad\u012bbas, par t\u0101s valdes priek\u0161s\u0113di iev\u0113l\u0113ja M\u0101rti\u0146u. \u0160o darbu vi\u0146\u0161 veica l\u012bdz pat 1974. gadam, kad vi\u0146u nomain\u012bja V. Ko\u0161kins. Bez valdes priek\u0161s\u0113\u017ea pien\u0101kumiem vi\u0146\u0161 ir bijis ar\u012b nama p\u0101rvaldnieks, darbvedis, inform\u0101cijas bi\u013cetena ekspeditors un dar\u012bjis daudzus citus darbus. No pa\u0161as pirm\u0101s dienas, vad\u012bdams biedr\u012bbas dz\u012bvi, Marti\u0146\u0161 loloja domu: latvie\u0161iem vajag savu namu, jo biedr\u012bbas birojs atrad\u0101s m\u0101c\u012bt\u0101ja J. L\u016b\u0161a m\u0101jas gar\u0101\u017e\u0101 Beralas priek\u0161pils\u0113t\u0101, bet pas\u0101kumi tika organiz\u0113tas Igau\u0146u nam\u0101 un Kurlm\u0113mo biedr\u012bbas telp\u0101s. Jau 1953. gada otraj\u0101 pus\u0113 tika atrasts piem\u0113rots \u012bpa\u0161ums Stratf\u012bld\u0101. Pirk\u0161anas l\u012bgumu 18. novembra sv\u0113tku akta laik\u0101 parakst\u012bja M. Sili\u0146\u0161, valdes locek\u013ci A. Tauri\u0146\u0161 un F. Lak\u0161evics. Ieg\u0101d\u0101taj\u0101 m\u0101j\u0101 tikai viens dz\u012bvoklis bija br\u012bvs no \u012brniekiem, visa sabiedrisk\u0101 dz\u012bve bija koncentr\u0113ta div\u0101s istab\u0101s, t\u0101p\u0113c turpm\u0101kie gadi pag\u0101ja atbr\u012bvojot p\u0101r\u0113jos dz\u012bvok\u013cus. Ar\u012b p\u0113c to atbr\u012bvo\u0161anas m\u0101ja v\u0113l nebija t\u0101d\u0101 stadij\u0101, lai taj\u0101 var\u0113tu san\u0101kt liel\u0101k\u0101 pulk\u0101. Sidnejas latvie\u0161i tika aicin\u0101ti ziedot \u0113kas piel\u0101go\u0161anai un pieb\u016bves izveidei, kam bija paredz\u0113ta saieta z\u0101les funkcija.<\/p>\n\n\n\n<p class=\"has-text-align-center has-background\" style=\"background-color:#d3c2d8\">&#8220;Mums par lielu prieku, iebraucot Sidnej\u0101, m\u0113s redz\u0113j\u0101m, ka m\u0113s neiebrauc\u0101m&nbsp;piln\u012bg\u0101 gar\u012bg\u0101 tuksnes\u012b. M\u0113s atrad\u0101m priek\u0161\u0101 tautie\u0161us starp agr\u0101kiem iece\u013cot\u0101jiem, kuri, kaut ar\u012b neliel\u0101 skait\u0101, bija nodibin\u0101ju\u0161i latvie\u0161u biedr\u012bbu \u2013 Austr\u0101lijas latvie\u0161u labdar\u012bbas biedr\u012bbu, un t\u0101 jau&nbsp;l\u012bdz ar pirmo ku\u0123u iera\u0161anos bija izlaidusi izsaukumu par sava nama ieg\u016b\u0161anu. Ap 1950. gadu \u0161ai biedr\u012bbai bija ap 150 biedru. \u0160ai laik\u0101, kad v\u012brie\u0161i bija novietoti valsts darbos, bet \u0123imenes dz\u012bvoja nometn\u0113s, s\u0101k\u0101s pirmais tautas apzin\u0101\u0161anas darbs, v\u0101cot vi\u0146u adreses un pal\u012bdzot atrast draugus un radus, jo izce\u013co\u0161anas proces\u0101 daudzi bija pazaud\u0113ju\u0161i sakarus. T\u0101 ap 1952. gadu&nbsp; biedr\u012bbas r\u012bc\u012bb\u0101 bija kartot\u0113ka ar apm. 1100 adres\u0113m. Izn\u0101ca inform\u0101cijas bi\u013cetens, kuru s\u016bt\u012bja visiem apzin\u0101tiem, cer\u012bb\u0101, ka tie visi k\u013c\u016bs par&nbsp; biedr\u012bbas biedriem. \u0160\u012b cer\u012bba piepild\u012bj\u0101s tikai da\u013c\u0113ji. Risinot t\u0101l\u0101k domu par&nbsp; savas pajumtes ieg\u0101di, tom\u0113r izr\u0101d\u012bj\u0101s, ka ALLB-bas stat\u016bti nedod iesp\u0113ju \u0161o m\u0113r\u0137i sasniegt, un t\u0101d\u0113\u013c nol\u0113ma \u0161o organiz\u0101ciju likvid\u0113t un dibin\u0101t jaunu. T\u0101 tapa&nbsp; tagad\u0113j\u0101 SLB-ba, t\u016bli\u0146 p\u0113c apstiprin\u0101\u0161anas&nbsp; valde nol\u0113ma&nbsp;s\u0101kt l\u012bdzek\u013cu v\u0101k\u0161anu, aicinot \u0161ai darb\u0101 visu organiz\u0101ciju un draudzes.&#8221;<\/p>\n\n\n\n<p class=\"has-text-align-center has-background\" style=\"background-color:#d3c2d8\">M\u0101rti\u0146a Sili\u0146a atmi\u0146as (LNA_LVA F2387_2-v_12).<\/p>\n\n\n\n<div class=\"wp-block-columns is-layout-flex wp-container-core-columns-is-layout-28f84493 wp-block-columns-is-layout-flex\">\n<div class=\"wp-block-column is-layout-flow wp-block-column-is-layout-flow\">\n<figure data-wp-context=\"{&quot;imageId&quot;:&quot;69ee78773f1bf&quot;}\" data-wp-interactive=\"core\/image\" data-wp-key=\"69ee78773f1bf\" class=\"wp-block-image aligncenter size-large is-resized wp-lightbox-container\"><img loading=\"lazy\" decoding=\"async\" width=\"628\" height=\"1024\" data-wp-class--hide=\"state.isContentHidden\" data-wp-class--show=\"state.isContentVisible\" data-wp-init=\"callbacks.setButtonStyles\" data-wp-on--click=\"actions.showLightbox\" data-wp-on--load=\"callbacks.setButtonStyles\" data-wp-on-window--resize=\"callbacks.setButtonStyles\" src=\"https:\/\/diaspora.arhivi.lv\/silins\/wp-content\/uploads\/2024\/10\/LNA_LVA-F2387_1v_27-M.Silins-uz-Revesbijas-sporta-laukuma-aicina-ziedot-LOatviesu-namam-628x1024.jpg\" alt=\"\" class=\"wp-image-500\" style=\"width:361px;height:auto\" srcset=\"https:\/\/diaspora.arhivi.lv\/silins\/wp-content\/uploads\/2024\/10\/LNA_LVA-F2387_1v_27-M.Silins-uz-Revesbijas-sporta-laukuma-aicina-ziedot-LOatviesu-namam-628x1024.jpg 628w, https:\/\/diaspora.arhivi.lv\/silins\/wp-content\/uploads\/2024\/10\/LNA_LVA-F2387_1v_27-M.Silins-uz-Revesbijas-sporta-laukuma-aicina-ziedot-LOatviesu-namam-184x300.jpg 184w, https:\/\/diaspora.arhivi.lv\/silins\/wp-content\/uploads\/2024\/10\/LNA_LVA-F2387_1v_27-M.Silins-uz-Revesbijas-sporta-laukuma-aicina-ziedot-LOatviesu-namam.jpg 908w\" sizes=\"auto, (max-width: 628px) 100vw, 628px\" \/><button\n\t\t\tclass=\"lightbox-trigger\"\n\t\t\ttype=\"button\"\n\t\t\taria-haspopup=\"dialog\"\n\t\t\taria-label=\"Palielin\u0101t\"\n\t\t\tdata-wp-init=\"callbacks.initTriggerButton\"\n\t\t\tdata-wp-on--click=\"actions.showLightbox\"\n\t\t\tdata-wp-style--right=\"state.imageButtonRight\"\n\t\t\tdata-wp-style--top=\"state.imageButtonTop\"\n\t\t>\n\t\t\t<svg xmlns=\"http:\/\/www.w3.org\/2000\/svg\" width=\"12\" height=\"12\" fill=\"none\" viewBox=\"0 0 12 12\">\n\t\t\t\t<path fill=\"#fff\" d=\"M2 0a2 2 0 0 0-2 2v2h1.5V2a.5.5 0 0 1 .5-.5h2V0H2Zm2 10.5H2a.5.5 0 0 1-.5-.5V8H0v2a2 2 0 0 0 2 2h2v-1.5ZM8 12v-1.5h2a.5.5 0 0 0 .5-.5V8H12v2a2 2 0 0 1-2 2H8Zm2-12a2 2 0 0 1 2 2v2h-1.5V2a.5.5 0 0 0-.5-.5H8V0h2Z\" \/>\n\t\t\t<\/svg>\n\t\t<\/button><figcaption class=\"wp-element-caption\">M. Sili\u0146\u0161 Revesbijas sporta laukum\u0101 aicina latvie\u0161us ziedot Sidnejas latvie\u0161u namam. Avots: LNA_LVA F2387_1v_27<\/figcaption><\/figure>\n<\/div>\n\n\n\n<div class=\"wp-block-column is-layout-flow wp-block-column-is-layout-flow\">\n<figure data-wp-context=\"{&quot;imageId&quot;:&quot;69ee78773fb00&quot;}\" data-wp-interactive=\"core\/image\" data-wp-key=\"69ee78773fb00\" class=\"wp-block-image aligncenter size-large is-resized wp-lightbox-container\"><img loading=\"lazy\" decoding=\"async\" width=\"719\" height=\"1024\" data-wp-class--hide=\"state.isContentHidden\" data-wp-class--show=\"state.isContentVisible\" data-wp-init=\"callbacks.setButtonStyles\" data-wp-on--click=\"actions.showLightbox\" data-wp-on--load=\"callbacks.setButtonStyles\" data-wp-on-window--resize=\"callbacks.setButtonStyles\" src=\"https:\/\/diaspora.arhivi.lv\/silins\/wp-content\/uploads\/2024\/10\/F.2387-apr.-1v-l.14-lidzekli-namam-719x1024.jpg\" alt=\"\" class=\"wp-image-501\" style=\"width:413px;height:auto\" srcset=\"https:\/\/diaspora.arhivi.lv\/silins\/wp-content\/uploads\/2024\/10\/F.2387-apr.-1v-l.14-lidzekli-namam-719x1024.jpg 719w, https:\/\/diaspora.arhivi.lv\/silins\/wp-content\/uploads\/2024\/10\/F.2387-apr.-1v-l.14-lidzekli-namam-211x300.jpg 211w, https:\/\/diaspora.arhivi.lv\/silins\/wp-content\/uploads\/2024\/10\/F.2387-apr.-1v-l.14-lidzekli-namam-2000x2848.jpg 2000w, https:\/\/diaspora.arhivi.lv\/silins\/wp-content\/uploads\/2024\/10\/F.2387-apr.-1v-l.14-lidzekli-namam-scaled.jpg 1798w\" sizes=\"auto, (max-width: 719px) 100vw, 719px\" \/><button\n\t\t\tclass=\"lightbox-trigger\"\n\t\t\ttype=\"button\"\n\t\t\taria-haspopup=\"dialog\"\n\t\t\taria-label=\"Palielin\u0101t\"\n\t\t\tdata-wp-init=\"callbacks.initTriggerButton\"\n\t\t\tdata-wp-on--click=\"actions.showLightbox\"\n\t\t\tdata-wp-style--right=\"state.imageButtonRight\"\n\t\t\tdata-wp-style--top=\"state.imageButtonTop\"\n\t\t>\n\t\t\t<svg xmlns=\"http:\/\/www.w3.org\/2000\/svg\" width=\"12\" height=\"12\" fill=\"none\" viewBox=\"0 0 12 12\">\n\t\t\t\t<path fill=\"#fff\" d=\"M2 0a2 2 0 0 0-2 2v2h1.5V2a.5.5 0 0 1 .5-.5h2V0H2Zm2 10.5H2a.5.5 0 0 1-.5-.5V8H0v2a2 2 0 0 0 2 2h2v-1.5ZM8 12v-1.5h2a.5.5 0 0 0 .5-.5V8H12v2a2 2 0 0 1-2 2H8Zm2-12a2 2 0 0 1 2 2v2h-1.5V2a.5.5 0 0 0-.5-.5H8V0h2Z\" \/>\n\t\t\t<\/svg>\n\t\t<\/button><figcaption class=\"wp-element-caption\">Sidnejas latvie\u0161u biedr\u012bbas inform\u0101cijas bi\u013cetens par M. Sili\u0146a l\u012bdzek\u013cu v\u0101k\u0161anas akciju, 1953. gada 5. febru\u0101ris. Avots: LNA_LVA F2387_1v_14<\/figcaption><\/figure>\n<\/div>\n<\/div>\n\n\n\n<p>Biedr\u012bbas valde uzs\u0101ka nama meta izgatavo\u0161anas priek\u0161darbus un izstr\u0101d\u0101ja finansi\u0101lo pl\u0101nu. Gleznot\u0101js Reinis Zusters izstr\u0101d\u0101ja jaun\u0101s z\u0101les pl\u0101nu, un tika pan\u0101kta pils\u0113tas valdes piekri\u0161ana z\u0101les b\u016bvei. Projekt\u0113taj\u0101 b\u016bv\u0113 ietilpa priek\u0161telpa (foaj\u0113), sar\u012bkojuma z\u0101le ar 500 s\u0113dviet\u0101m un skatuvi, mazg\u0101tuve un labier\u012bc\u012bbas. Izmaksas 32 000\u201334 000 Austr\u0101lijas m\u0101rci\u0146u. Zem skatuves bija paredz\u0113ta 50&#215;25 p\u0113das liela telpa \u0123\u0113rbtuvei un virtuvei. Jaunb\u016bves fonda l\u012bdzek\u013cu sag\u0101des veidi bija ziedojumi, iemaksas uz 10 gadu biedru maksas r\u0113\u0137ina, aizdevumi (bankas un priv\u0101tie). Neskatoties uz da\u017e\u0101d\u0101m gr\u016bt\u012bb\u0101m, 1958. gad\u0101 s\u0101k\u0101s b\u016bvdarbi. 1959. gada 28. j\u016bnij\u0101, kl\u0101tesot ap 400 interesentiem, notika z\u0101les pamatakmens iesv\u0113t\u012b\u0161ana. Svin\u012bb\u0101s piedal\u012bj\u0101s ar\u012b Austr\u0101lijas parlament\u0101rie\u0161i un pa\u0161vald\u012bbas locek\u013ci. P\u0113c <em>God, Save the Queen!<\/em> atska\u0146o\u0161anas SLB valdes priek\u0161s\u0113dis M. Sili\u0146\u0161 uzrun\u0101ja kl\u0101teso\u0161os, valdes locekle A. Pried\u012bte nolas\u012bja nama pamatos iem\u016br\u0113jamo aktu, ko urn\u0101, kop\u0101 ar nama tap\u0161anas v\u0113sturi, Latvijas zemes sauju, Latvijas sudraba naudu, laikrakstiem u.c., novietoja pamatos.<\/p>\n\n\n\n<div class=\"wp-block-columns is-layout-flex wp-container-core-columns-is-layout-28f84493 wp-block-columns-is-layout-flex\">\n<div class=\"wp-block-column is-layout-flow wp-block-column-is-layout-flow\">\n<figure data-wp-context=\"{&quot;imageId&quot;:&quot;69ee7877405ac&quot;}\" data-wp-interactive=\"core\/image\" data-wp-key=\"69ee7877405ac\" class=\"wp-block-image aligncenter size-full wp-lightbox-container\"><img loading=\"lazy\" decoding=\"async\" width=\"793\" height=\"486\" data-wp-class--hide=\"state.isContentHidden\" data-wp-class--show=\"state.isContentVisible\" data-wp-init=\"callbacks.setButtonStyles\" data-wp-on--click=\"actions.showLightbox\" data-wp-on--load=\"callbacks.setButtonStyles\" data-wp-on-window--resize=\"callbacks.setButtonStyles\" src=\"https:\/\/diaspora.arhivi.lv\/silins\/wp-content\/uploads\/2024\/10\/Sidnejas-latviesu-nams.jpg\" alt=\"\" class=\"wp-image-481\" srcset=\"https:\/\/diaspora.arhivi.lv\/silins\/wp-content\/uploads\/2024\/10\/Sidnejas-latviesu-nams.jpg 793w, https:\/\/diaspora.arhivi.lv\/silins\/wp-content\/uploads\/2024\/10\/Sidnejas-latviesu-nams-300x184.jpg 300w\" sizes=\"auto, (max-width: 793px) 100vw, 793px\" \/><button\n\t\t\tclass=\"lightbox-trigger\"\n\t\t\ttype=\"button\"\n\t\t\taria-haspopup=\"dialog\"\n\t\t\taria-label=\"Palielin\u0101t\"\n\t\t\tdata-wp-init=\"callbacks.initTriggerButton\"\n\t\t\tdata-wp-on--click=\"actions.showLightbox\"\n\t\t\tdata-wp-style--right=\"state.imageButtonRight\"\n\t\t\tdata-wp-style--top=\"state.imageButtonTop\"\n\t\t>\n\t\t\t<svg xmlns=\"http:\/\/www.w3.org\/2000\/svg\" width=\"12\" height=\"12\" fill=\"none\" viewBox=\"0 0 12 12\">\n\t\t\t\t<path fill=\"#fff\" d=\"M2 0a2 2 0 0 0-2 2v2h1.5V2a.5.5 0 0 1 .5-.5h2V0H2Zm2 10.5H2a.5.5 0 0 1-.5-.5V8H0v2a2 2 0 0 0 2 2h2v-1.5ZM8 12v-1.5h2a.5.5 0 0 0 .5-.5V8H12v2a2 2 0 0 1-2 2H8Zm2-12a2 2 0 0 1 2 2v2h-1.5V2a.5.5 0 0 0-.5-.5H8V0h2Z\" \/>\n\t\t\t<\/svg>\n\t\t<\/button><figcaption class=\"wp-element-caption\">Vecais, nep\u0101rb\u016bv\u0113tais Sidnejas latvie\u0161u nams. V\u012brietis pa labi \u2013 uz\u0146\u0113m\u0113js P\u0113teris Strunge. Avots; Sili\u0146\u0161 U. <em>Zem dienvidu krusta<\/em>: <em>kult\u016brv\u0113sturiskas atmi\u0146as<\/em> <em>(1950\u20131959)<\/em>. 1.  da\u013ca, Apv\u0101rsnis Apv\u0101rsnis, 2016, 201. lp.<\/figcaption><\/figure>\n<\/div>\n\n\n\n<div class=\"wp-block-column is-layout-flow wp-block-column-is-layout-flow\">\n<figure data-wp-context=\"{&quot;imageId&quot;:&quot;69ee787740ee5&quot;}\" data-wp-interactive=\"core\/image\" data-wp-key=\"69ee787740ee5\" class=\"wp-block-image aligncenter size-full wp-lightbox-container\"><img loading=\"lazy\" decoding=\"async\" width=\"955\" height=\"631\" data-wp-class--hide=\"state.isContentHidden\" data-wp-class--show=\"state.isContentVisible\" data-wp-init=\"callbacks.setButtonStyles\" data-wp-on--click=\"actions.showLightbox\" data-wp-on--load=\"callbacks.setButtonStyles\" data-wp-on-window--resize=\"callbacks.setButtonStyles\" src=\"https:\/\/diaspora.arhivi.lv\/silins\/wp-content\/uploads\/2024\/10\/Sidnejas-latviesu-nams-2.jpg\" alt=\"\" class=\"wp-image-483\" srcset=\"https:\/\/diaspora.arhivi.lv\/silins\/wp-content\/uploads\/2024\/10\/Sidnejas-latviesu-nams-2.jpg 955w, https:\/\/diaspora.arhivi.lv\/silins\/wp-content\/uploads\/2024\/10\/Sidnejas-latviesu-nams-2-300x198.jpg 300w\" sizes=\"auto, (max-width: 955px) 100vw, 955px\" \/><button\n\t\t\tclass=\"lightbox-trigger\"\n\t\t\ttype=\"button\"\n\t\t\taria-haspopup=\"dialog\"\n\t\t\taria-label=\"Palielin\u0101t\"\n\t\t\tdata-wp-init=\"callbacks.initTriggerButton\"\n\t\t\tdata-wp-on--click=\"actions.showLightbox\"\n\t\t\tdata-wp-style--right=\"state.imageButtonRight\"\n\t\t\tdata-wp-style--top=\"state.imageButtonTop\"\n\t\t>\n\t\t\t<svg xmlns=\"http:\/\/www.w3.org\/2000\/svg\" width=\"12\" height=\"12\" fill=\"none\" viewBox=\"0 0 12 12\">\n\t\t\t\t<path fill=\"#fff\" d=\"M2 0a2 2 0 0 0-2 2v2h1.5V2a.5.5 0 0 1 .5-.5h2V0H2Zm2 10.5H2a.5.5 0 0 1-.5-.5V8H0v2a2 2 0 0 0 2 2h2v-1.5ZM8 12v-1.5h2a.5.5 0 0 0 .5-.5V8H12v2a2 2 0 0 1-2 2H8Zm2-12a2 2 0 0 1 2 2v2h-1.5V2a.5.5 0 0 0-.5-.5H8V0h2Z\" \/>\n\t\t\t<\/svg>\n\t\t<\/button><figcaption class=\"wp-element-caption\">SLB vec\u0101 nama p\u0101rb\u016bves projekts. Projekta autors \u2013 R. Zusters. Avots: U. Sili\u0146\u0161, <em>Zem dienvidu krusta<\/em>: <em>kult\u016brv\u0113sturiskas atmi\u0146as<\/em> <em>(1950\u20131959)<\/em>. 1.  da\u013ca, Apv\u0101rsnis, 2016, 201. lp.<\/figcaption><\/figure>\n<\/div>\n<\/div>\n\n\n\n<div class=\"wp-block-columns is-layout-flex wp-container-core-columns-is-layout-28f84493 wp-block-columns-is-layout-flex\">\n<div class=\"wp-block-column is-layout-flow wp-block-column-is-layout-flow\">\n<figure data-wp-context=\"{&quot;imageId&quot;:&quot;69ee78774199b&quot;}\" data-wp-interactive=\"core\/image\" data-wp-key=\"69ee78774199b\" class=\"wp-block-image aligncenter size-large is-resized wp-lightbox-container\"><img loading=\"lazy\" decoding=\"async\" width=\"1024\" height=\"651\" data-wp-class--hide=\"state.isContentHidden\" data-wp-class--show=\"state.isContentVisible\" data-wp-init=\"callbacks.setButtonStyles\" data-wp-on--click=\"actions.showLightbox\" data-wp-on--load=\"callbacks.setButtonStyles\" data-wp-on-window--resize=\"callbacks.setButtonStyles\" src=\"https:\/\/diaspora.arhivi.lv\/silins\/wp-content\/uploads\/2024\/10\/LNA_LVA-F2387_1v_26-15.lp_.-Latviesu-nama-pamatakmens-liksana-no-kr.-prav.-gaidelis-A.Dukats-M.Silins-aimugure-mac.-P.laivins-1024x651.jpg\" alt=\"\" class=\"wp-image-479\" style=\"width:716px;height:auto\" srcset=\"https:\/\/diaspora.arhivi.lv\/silins\/wp-content\/uploads\/2024\/10\/LNA_LVA-F2387_1v_26-15.lp_.-Latviesu-nama-pamatakmens-liksana-no-kr.-prav.-gaidelis-A.Dukats-M.Silins-aimugure-mac.-P.laivins-1024x651.jpg 1024w, https:\/\/diaspora.arhivi.lv\/silins\/wp-content\/uploads\/2024\/10\/LNA_LVA-F2387_1v_26-15.lp_.-Latviesu-nama-pamatakmens-liksana-no-kr.-prav.-gaidelis-A.Dukats-M.Silins-aimugure-mac.-P.laivins-300x191.jpg 300w, https:\/\/diaspora.arhivi.lv\/silins\/wp-content\/uploads\/2024\/10\/LNA_LVA-F2387_1v_26-15.lp_.-Latviesu-nama-pamatakmens-liksana-no-kr.-prav.-gaidelis-A.Dukats-M.Silins-aimugure-mac.-P.laivins.jpg 1571w\" sizes=\"auto, (max-width: 1024px) 100vw, 1024px\" \/><button\n\t\t\tclass=\"lightbox-trigger\"\n\t\t\ttype=\"button\"\n\t\t\taria-haspopup=\"dialog\"\n\t\t\taria-label=\"Palielin\u0101t\"\n\t\t\tdata-wp-init=\"callbacks.initTriggerButton\"\n\t\t\tdata-wp-on--click=\"actions.showLightbox\"\n\t\t\tdata-wp-style--right=\"state.imageButtonRight\"\n\t\t\tdata-wp-style--top=\"state.imageButtonTop\"\n\t\t>\n\t\t\t<svg xmlns=\"http:\/\/www.w3.org\/2000\/svg\" width=\"12\" height=\"12\" fill=\"none\" viewBox=\"0 0 12 12\">\n\t\t\t\t<path fill=\"#fff\" d=\"M2 0a2 2 0 0 0-2 2v2h1.5V2a.5.5 0 0 1 .5-.5h2V0H2Zm2 10.5H2a.5.5 0 0 1-.5-.5V8H0v2a2 2 0 0 0 2 2h2v-1.5ZM8 12v-1.5h2a.5.5 0 0 0 .5-.5V8H12v2a2 2 0 0 1-2 2H8Zm2-12a2 2 0 0 1 2 2v2h-1.5V2a.5.5 0 0 0-.5-.5H8V0h2Z\" \/>\n\t\t\t<\/svg>\n\t\t<\/button><figcaption class=\"wp-element-caption\">Sidnejas latvie\u0161u nama pamatakmens sagatavo\u0161ana. No kreis\u0101s: pr\u0101vets S. Gaidelis, A. Duk\u0101ts, M. Sili\u0146\u0161, aizmugur\u0113 m\u0101c\u012bt\u0101js P. Laivi\u0146\u0161. Avots: LNA_LVA F2387_1v_26<\/figcaption><\/figure>\n<\/div>\n<\/div>\n\n\n\n<div class=\"wp-block-columns is-layout-flex wp-container-core-columns-is-layout-28f84493 wp-block-columns-is-layout-flex\">\n<div class=\"wp-block-column is-layout-flow wp-block-column-is-layout-flow\">\n<figure data-wp-context=\"{&quot;imageId&quot;:&quot;69ee787742429&quot;}\" data-wp-interactive=\"core\/image\" data-wp-key=\"69ee787742429\" class=\"wp-block-image aligncenter size-large is-resized wp-lightbox-container\"><img loading=\"lazy\" decoding=\"async\" width=\"1019\" height=\"1024\" data-wp-class--hide=\"state.isContentHidden\" data-wp-class--show=\"state.isContentVisible\" data-wp-init=\"callbacks.setButtonStyles\" data-wp-on--click=\"actions.showLightbox\" data-wp-on--load=\"callbacks.setButtonStyles\" data-wp-on-window--resize=\"callbacks.setButtonStyles\" src=\"https:\/\/diaspora.arhivi.lv\/silins\/wp-content\/uploads\/2024\/10\/F.2387-apr.-1v-l.14-pamatakmens-1019x1024.jpg\" alt=\"\" class=\"wp-image-478\" style=\"width:427px;height:auto\" srcset=\"https:\/\/diaspora.arhivi.lv\/silins\/wp-content\/uploads\/2024\/10\/F.2387-apr.-1v-l.14-pamatakmens-1019x1024.jpg 1019w, https:\/\/diaspora.arhivi.lv\/silins\/wp-content\/uploads\/2024\/10\/F.2387-apr.-1v-l.14-pamatakmens-298x300.jpg 298w, https:\/\/diaspora.arhivi.lv\/silins\/wp-content\/uploads\/2024\/10\/F.2387-apr.-1v-l.14-pamatakmens-150x150.jpg 150w, https:\/\/diaspora.arhivi.lv\/silins\/wp-content\/uploads\/2024\/10\/F.2387-apr.-1v-l.14-pamatakmens.jpg 1128w\" sizes=\"auto, (max-width: 1019px) 100vw, 1019px\" \/><button\n\t\t\tclass=\"lightbox-trigger\"\n\t\t\ttype=\"button\"\n\t\t\taria-haspopup=\"dialog\"\n\t\t\taria-label=\"Palielin\u0101t\"\n\t\t\tdata-wp-init=\"callbacks.initTriggerButton\"\n\t\t\tdata-wp-on--click=\"actions.showLightbox\"\n\t\t\tdata-wp-style--right=\"state.imageButtonRight\"\n\t\t\tdata-wp-style--top=\"state.imageButtonTop\"\n\t\t>\n\t\t\t<svg xmlns=\"http:\/\/www.w3.org\/2000\/svg\" width=\"12\" height=\"12\" fill=\"none\" viewBox=\"0 0 12 12\">\n\t\t\t\t<path fill=\"#fff\" d=\"M2 0a2 2 0 0 0-2 2v2h1.5V2a.5.5 0 0 1 .5-.5h2V0H2Zm2 10.5H2a.5.5 0 0 1-.5-.5V8H0v2a2 2 0 0 0 2 2h2v-1.5ZM8 12v-1.5h2a.5.5 0 0 0 .5-.5V8H12v2a2 2 0 0 1-2 2H8Zm2-12a2 2 0 0 1 2 2v2h-1.5V2a.5.5 0 0 0-.5-.5H8V0h2Z\" \/>\n\t\t\t<\/svg>\n\t\t<\/button><figcaption class=\"wp-element-caption\">M. Sili\u0146\u0161. Latvie\u0161u nama pamatakmens lik\u0161ana jaunajai z\u0101lei, 1959. gada 28. j\u016bnijs. Avots: LNA_LVA F2387_1v_14<\/figcaption><\/figure>\n<\/div>\n\n\n\n<div class=\"wp-block-column is-layout-flow wp-block-column-is-layout-flow\">\n<figure data-wp-context=\"{&quot;imageId&quot;:&quot;69ee787742cb2&quot;}\" data-wp-interactive=\"core\/image\" data-wp-key=\"69ee787742cb2\" class=\"wp-block-image aligncenter size-large is-resized wp-lightbox-container\"><img loading=\"lazy\" decoding=\"async\" width=\"1024\" height=\"983\" data-wp-class--hide=\"state.isContentHidden\" data-wp-class--show=\"state.isContentVisible\" data-wp-init=\"callbacks.setButtonStyles\" data-wp-on--click=\"actions.showLightbox\" data-wp-on--load=\"callbacks.setButtonStyles\" data-wp-on-window--resize=\"callbacks.setButtonStyles\" src=\"https:\/\/diaspora.arhivi.lv\/silins\/wp-content\/uploads\/2024\/10\/F.2387-apr.1v-l.32_Sidnejas-LN-pamatakmens-liksana-jaunajai-zalei-1024x983.jpg\" alt=\"\" class=\"wp-image-495\" style=\"width:447px;height:auto\" srcset=\"https:\/\/diaspora.arhivi.lv\/silins\/wp-content\/uploads\/2024\/10\/F.2387-apr.1v-l.32_Sidnejas-LN-pamatakmens-liksana-jaunajai-zalei-1024x983.jpg 1024w, https:\/\/diaspora.arhivi.lv\/silins\/wp-content\/uploads\/2024\/10\/F.2387-apr.1v-l.32_Sidnejas-LN-pamatakmens-liksana-jaunajai-zalei-300x288.jpg 300w, https:\/\/diaspora.arhivi.lv\/silins\/wp-content\/uploads\/2024\/10\/F.2387-apr.1v-l.32_Sidnejas-LN-pamatakmens-liksana-jaunajai-zalei.jpg 1160w\" sizes=\"auto, (max-width: 1024px) 100vw, 1024px\" \/><button\n\t\t\tclass=\"lightbox-trigger\"\n\t\t\ttype=\"button\"\n\t\t\taria-haspopup=\"dialog\"\n\t\t\taria-label=\"Palielin\u0101t\"\n\t\t\tdata-wp-init=\"callbacks.initTriggerButton\"\n\t\t\tdata-wp-on--click=\"actions.showLightbox\"\n\t\t\tdata-wp-style--right=\"state.imageButtonRight\"\n\t\t\tdata-wp-style--top=\"state.imageButtonTop\"\n\t\t>\n\t\t\t<svg xmlns=\"http:\/\/www.w3.org\/2000\/svg\" width=\"12\" height=\"12\" fill=\"none\" viewBox=\"0 0 12 12\">\n\t\t\t\t<path fill=\"#fff\" d=\"M2 0a2 2 0 0 0-2 2v2h1.5V2a.5.5 0 0 1 .5-.5h2V0H2Zm2 10.5H2a.5.5 0 0 1-.5-.5V8H0v2a2 2 0 0 0 2 2h2v-1.5ZM8 12v-1.5h2a.5.5 0 0 0 .5-.5V8H12v2a2 2 0 0 1-2 2H8Zm2-12a2 2 0 0 1 2 2v2h-1.5V2a.5.5 0 0 0-.5-.5H8V0h2Z\" \/>\n\t\t\t<\/svg>\n\t\t<\/button><figcaption class=\"wp-element-caption\">Sidnejas latvie\u0161u nama pamatakmens lik\u0161ana jaunajai z\u0101lei, 1959. gada 28. j\u016bnijs.  Avots: LNA_LVA F2387_1v_32<\/figcaption><\/figure>\n<\/div>\n<\/div>\n\n\n\n<p>P\u0101rb\u016bv\u0113to Sidnejas latvie\u0161u namu atkl\u0101ja 1959. gada 18. novembr\u012b. Sv\u0113tku akt\u0101 t\u0101 bija \u013cau\u017eu p\u0101rpild\u012bta. M\u0101rti\u0146\u0161 Sili\u0146\u0161 sav\u0101 uzrun\u0101 sac\u012bja:<\/p>\n\n\n\n<p class=\"has-text-align-center has-background\" style=\"background-color:#d3c2d8\">&#8220;Nekad m\u0113s nedr\u012bkstam aizmirst, ka tikai m\u016bsu Latvija, k\u0101du to skat\u0101m sav\u0101s ilg\u0101s, atmi\u0146\u0101s un cer\u012bb\u0101s, ir t\u0101, kas mums devusi gar\u012bgo sp\u0113ku visas gr\u016bt\u012bbas p\u0101rvar\u0113t, jaunu dz\u012bvi un ar\u012b \u0161o namu celt. \u0160is nams ir celts latvisko trad\u012bciju kop\u0161anai, m\u016bsu iek\u0161\u0113jo sp\u0113ku vairo\u0161anai. L\u012bdz ar to tas ir celts br\u012bv\u012bbas ide\u0101lu aizst\u0101v\u0113\u0161anai. Pati celtne ir nedz\u012bvs m\u016bris, t\u0101 j\u0101piepilda ar dz\u012bvu garu, kas puls\u0113 no m\u016bsu dziesmu ska\u0146\u0101m, rakst\u012bt\u0101 v\u0101rda un jaunu atzi\u0146u mekl\u0113jumiem, no dr\u0101mas darbos rad\u012btiem t\u0113liem, no m\u016bsu t\u0113lotaj\u0101s un lietisk\u0101s m\u0101kslas darbiem.&#8221;<\/p>\n\n\n\n<p class=\"has-text-align-center has-background\" style=\"background-color:#d3c2d8\">M\u0101rti\u0146\u0161 Sili\u0146\u0161 (LNA_LVA F2387_2-v_12).<\/p>\n\n\n\n<div class=\"wp-block-columns is-layout-flex wp-container-core-columns-is-layout-28f84493 wp-block-columns-is-layout-flex\">\n<div class=\"wp-block-column is-layout-flow wp-block-column-is-layout-flow\">\n<figure data-wp-context=\"{&quot;imageId&quot;:&quot;69ee78774383b&quot;}\" data-wp-interactive=\"core\/image\" data-wp-key=\"69ee78774383b\" class=\"wp-block-image aligncenter size-large is-resized wp-lightbox-container\"><img loading=\"lazy\" decoding=\"async\" width=\"764\" height=\"1024\" data-wp-class--hide=\"state.isContentHidden\" data-wp-class--show=\"state.isContentVisible\" data-wp-init=\"callbacks.setButtonStyles\" data-wp-on--click=\"actions.showLightbox\" data-wp-on--load=\"callbacks.setButtonStyles\" data-wp-on-window--resize=\"callbacks.setButtonStyles\" src=\"https:\/\/diaspora.arhivi.lv\/silins\/wp-content\/uploads\/2024\/10\/F.2387-apr.-1v-l.14-latviesu-nama-atklasana-1959.g.-18.novembri-764x1024.jpg\" alt=\"\" class=\"wp-image-505\" style=\"width:402px;height:auto\" srcset=\"https:\/\/diaspora.arhivi.lv\/silins\/wp-content\/uploads\/2024\/10\/F.2387-apr.-1v-l.14-latviesu-nama-atklasana-1959.g.-18.novembri-764x1024.jpg 764w, https:\/\/diaspora.arhivi.lv\/silins\/wp-content\/uploads\/2024\/10\/F.2387-apr.-1v-l.14-latviesu-nama-atklasana-1959.g.-18.novembri-224x300.jpg 224w, https:\/\/diaspora.arhivi.lv\/silins\/wp-content\/uploads\/2024\/10\/F.2387-apr.-1v-l.14-latviesu-nama-atklasana-1959.g.-18.novembri.jpg 891w\" sizes=\"auto, (max-width: 764px) 100vw, 764px\" \/><button\n\t\t\tclass=\"lightbox-trigger\"\n\t\t\ttype=\"button\"\n\t\t\taria-haspopup=\"dialog\"\n\t\t\taria-label=\"Palielin\u0101t\"\n\t\t\tdata-wp-init=\"callbacks.initTriggerButton\"\n\t\t\tdata-wp-on--click=\"actions.showLightbox\"\n\t\t\tdata-wp-style--right=\"state.imageButtonRight\"\n\t\t\tdata-wp-style--top=\"state.imageButtonTop\"\n\t\t>\n\t\t\t<svg xmlns=\"http:\/\/www.w3.org\/2000\/svg\" width=\"12\" height=\"12\" fill=\"none\" viewBox=\"0 0 12 12\">\n\t\t\t\t<path fill=\"#fff\" d=\"M2 0a2 2 0 0 0-2 2v2h1.5V2a.5.5 0 0 1 .5-.5h2V0H2Zm2 10.5H2a.5.5 0 0 1-.5-.5V8H0v2a2 2 0 0 0 2 2h2v-1.5ZM8 12v-1.5h2a.5.5 0 0 0 .5-.5V8H12v2a2 2 0 0 1-2 2H8Zm2-12a2 2 0 0 1 2 2v2h-1.5V2a.5.5 0 0 0-.5-.5H8V0h2Z\" \/>\n\t\t\t<\/svg>\n\t\t<\/button><figcaption class=\"wp-element-caption\">M. Sili\u0146\u0161 p\u0101rb\u016bv\u0113t\u0101 Sidnejas latvie\u0161u nama atkl\u0101\u0161an\u0101 1959. gada 18. novembr\u012b. Avots: LNA_LVA F2387_1v_14<\/figcaption><\/figure>\n<\/div>\n\n\n\n<div class=\"wp-block-column is-layout-flow wp-block-column-is-layout-flow\">\n<figure data-wp-context=\"{&quot;imageId&quot;:&quot;69ee78774412e&quot;}\" data-wp-interactive=\"core\/image\" data-wp-key=\"69ee78774412e\" class=\"wp-block-image aligncenter size-large is-resized wp-lightbox-container\"><img loading=\"lazy\" decoding=\"async\" width=\"1024\" height=\"764\" data-wp-class--hide=\"state.isContentHidden\" data-wp-class--show=\"state.isContentVisible\" data-wp-init=\"callbacks.setButtonStyles\" data-wp-on--click=\"actions.showLightbox\" data-wp-on--load=\"callbacks.setButtonStyles\" data-wp-on-window--resize=\"callbacks.setButtonStyles\" src=\"https:\/\/diaspora.arhivi.lv\/silins\/wp-content\/uploads\/2024\/10\/F.2387-apr.-1v-l.14-latviesu-nama-atklasana-2-1024x764.jpg\" alt=\"\" class=\"wp-image-506\" style=\"width:358px;height:auto\" srcset=\"https:\/\/diaspora.arhivi.lv\/silins\/wp-content\/uploads\/2024\/10\/F.2387-apr.-1v-l.14-latviesu-nama-atklasana-2-1024x764.jpg 1024w, https:\/\/diaspora.arhivi.lv\/silins\/wp-content\/uploads\/2024\/10\/F.2387-apr.-1v-l.14-latviesu-nama-atklasana-2-300x224.jpg 300w, https:\/\/diaspora.arhivi.lv\/silins\/wp-content\/uploads\/2024\/10\/F.2387-apr.-1v-l.14-latviesu-nama-atklasana-2.jpg 1207w\" sizes=\"auto, (max-width: 1024px) 100vw, 1024px\" \/><button\n\t\t\tclass=\"lightbox-trigger\"\n\t\t\ttype=\"button\"\n\t\t\taria-haspopup=\"dialog\"\n\t\t\taria-label=\"Palielin\u0101t\"\n\t\t\tdata-wp-init=\"callbacks.initTriggerButton\"\n\t\t\tdata-wp-on--click=\"actions.showLightbox\"\n\t\t\tdata-wp-style--right=\"state.imageButtonRight\"\n\t\t\tdata-wp-style--top=\"state.imageButtonTop\"\n\t\t>\n\t\t\t<svg xmlns=\"http:\/\/www.w3.org\/2000\/svg\" width=\"12\" height=\"12\" fill=\"none\" viewBox=\"0 0 12 12\">\n\t\t\t\t<path fill=\"#fff\" d=\"M2 0a2 2 0 0 0-2 2v2h1.5V2a.5.5 0 0 1 .5-.5h2V0H2Zm2 10.5H2a.5.5 0 0 1-.5-.5V8H0v2a2 2 0 0 0 2 2h2v-1.5ZM8 12v-1.5h2a.5.5 0 0 0 .5-.5V8H12v2a2 2 0 0 1-2 2H8Zm2-12a2 2 0 0 1 2 2v2h-1.5V2a.5.5 0 0 0-.5-.5H8V0h2Z\" \/>\n\t\t\t<\/svg>\n\t\t<\/button><\/figure>\n\n\n\n<figure data-wp-context=\"{&quot;imageId&quot;:&quot;69ee787744939&quot;}\" data-wp-interactive=\"core\/image\" data-wp-key=\"69ee787744939\" class=\"wp-block-image aligncenter size-large is-resized wp-lightbox-container\"><img loading=\"lazy\" decoding=\"async\" width=\"1024\" height=\"785\" data-wp-class--hide=\"state.isContentHidden\" data-wp-class--show=\"state.isContentVisible\" data-wp-init=\"callbacks.setButtonStyles\" data-wp-on--click=\"actions.showLightbox\" data-wp-on--load=\"callbacks.setButtonStyles\" data-wp-on-window--resize=\"callbacks.setButtonStyles\" src=\"https:\/\/diaspora.arhivi.lv\/silins\/wp-content\/uploads\/2024\/10\/F.2387-apr.-1v-l.14-latviesu-nama-atklasana-3-1024x785.jpg\" alt=\"\" class=\"wp-image-507\" style=\"width:359px;height:auto\" srcset=\"https:\/\/diaspora.arhivi.lv\/silins\/wp-content\/uploads\/2024\/10\/F.2387-apr.-1v-l.14-latviesu-nama-atklasana-3-1024x785.jpg 1024w, https:\/\/diaspora.arhivi.lv\/silins\/wp-content\/uploads\/2024\/10\/F.2387-apr.-1v-l.14-latviesu-nama-atklasana-3-300x230.jpg 300w, https:\/\/diaspora.arhivi.lv\/silins\/wp-content\/uploads\/2024\/10\/F.2387-apr.-1v-l.14-latviesu-nama-atklasana-3.jpg 1204w\" sizes=\"auto, (max-width: 1024px) 100vw, 1024px\" \/><button\n\t\t\tclass=\"lightbox-trigger\"\n\t\t\ttype=\"button\"\n\t\t\taria-haspopup=\"dialog\"\n\t\t\taria-label=\"Palielin\u0101t\"\n\t\t\tdata-wp-init=\"callbacks.initTriggerButton\"\n\t\t\tdata-wp-on--click=\"actions.showLightbox\"\n\t\t\tdata-wp-style--right=\"state.imageButtonRight\"\n\t\t\tdata-wp-style--top=\"state.imageButtonTop\"\n\t\t>\n\t\t\t<svg xmlns=\"http:\/\/www.w3.org\/2000\/svg\" width=\"12\" height=\"12\" fill=\"none\" viewBox=\"0 0 12 12\">\n\t\t\t\t<path fill=\"#fff\" d=\"M2 0a2 2 0 0 0-2 2v2h1.5V2a.5.5 0 0 1 .5-.5h2V0H2Zm2 10.5H2a.5.5 0 0 1-.5-.5V8H0v2a2 2 0 0 0 2 2h2v-1.5ZM8 12v-1.5h2a.5.5 0 0 0 .5-.5V8H12v2a2 2 0 0 1-2 2H8Zm2-12a2 2 0 0 1 2 2v2h-1.5V2a.5.5 0 0 0-.5-.5H8V0h2Z\" \/>\n\t\t\t<\/svg>\n\t\t<\/button><\/figure>\n<\/div>\n<\/div>\n\n\n\n<div class=\"wp-block-columns is-layout-flex wp-container-core-columns-is-layout-28f84493 wp-block-columns-is-layout-flex\">\n<div class=\"wp-block-column is-layout-flow wp-block-column-is-layout-flow\">\n<figure data-wp-context=\"{&quot;imageId&quot;:&quot;69ee787745378&quot;}\" data-wp-interactive=\"core\/image\" data-wp-key=\"69ee787745378\" class=\"wp-block-image aligncenter size-large is-resized wp-lightbox-container\"><img loading=\"lazy\" decoding=\"async\" width=\"779\" height=\"1024\" data-wp-class--hide=\"state.isContentHidden\" data-wp-class--show=\"state.isContentVisible\" data-wp-init=\"callbacks.setButtonStyles\" data-wp-on--click=\"actions.showLightbox\" data-wp-on--load=\"callbacks.setButtonStyles\" data-wp-on-window--resize=\"callbacks.setButtonStyles\" src=\"https:\/\/diaspora.arhivi.lv\/silins\/wp-content\/uploads\/2024\/10\/F.2387-apr.-1v-l.14-latviesu-nams-2-779x1024.jpg\" alt=\"\" class=\"wp-image-512\" style=\"width:393px;height:auto\" srcset=\"https:\/\/diaspora.arhivi.lv\/silins\/wp-content\/uploads\/2024\/10\/F.2387-apr.-1v-l.14-latviesu-nams-2-779x1024.jpg 779w, https:\/\/diaspora.arhivi.lv\/silins\/wp-content\/uploads\/2024\/10\/F.2387-apr.-1v-l.14-latviesu-nams-2-228x300.jpg 228w, https:\/\/diaspora.arhivi.lv\/silins\/wp-content\/uploads\/2024\/10\/F.2387-apr.-1v-l.14-latviesu-nams-2-2000x2628.jpg 2000w, https:\/\/diaspora.arhivi.lv\/silins\/wp-content\/uploads\/2024\/10\/F.2387-apr.-1v-l.14-latviesu-nams-2-scaled.jpg 1948w\" sizes=\"auto, (max-width: 779px) 100vw, 779px\" \/><button\n\t\t\tclass=\"lightbox-trigger\"\n\t\t\ttype=\"button\"\n\t\t\taria-haspopup=\"dialog\"\n\t\t\taria-label=\"Palielin\u0101t\"\n\t\t\tdata-wp-init=\"callbacks.initTriggerButton\"\n\t\t\tdata-wp-on--click=\"actions.showLightbox\"\n\t\t\tdata-wp-style--right=\"state.imageButtonRight\"\n\t\t\tdata-wp-style--top=\"state.imageButtonTop\"\n\t\t>\n\t\t\t<svg xmlns=\"http:\/\/www.w3.org\/2000\/svg\" width=\"12\" height=\"12\" fill=\"none\" viewBox=\"0 0 12 12\">\n\t\t\t\t<path fill=\"#fff\" d=\"M2 0a2 2 0 0 0-2 2v2h1.5V2a.5.5 0 0 1 .5-.5h2V0H2Zm2 10.5H2a.5.5 0 0 1-.5-.5V8H0v2a2 2 0 0 0 2 2h2v-1.5ZM8 12v-1.5h2a.5.5 0 0 0 .5-.5V8H12v2a2 2 0 0 1-2 2H8Zm2-12a2 2 0 0 1 2 2v2h-1.5V2a.5.5 0 0 0-.5-.5H8V0h2Z\" \/>\n\t\t\t<\/svg>\n\t\t<\/button><figcaption class=\"wp-element-caption\">Sidnejas latvie\u0161u biedr\u012bbas inform\u0101cijas bi\u013cetens par p\u0101rb\u016bv\u0113t\u0101 nama atkl\u0101\u0161anu 1959. gada 18. novembr\u012b. Avots: LNA_LVA F2387_1v_14<\/figcaption><\/figure>\n<\/div>\n\n\n\n<div class=\"wp-block-column is-layout-flow wp-block-column-is-layout-flow\">\n<figure data-wp-context=\"{&quot;imageId&quot;:&quot;69ee787745c99&quot;}\" data-wp-interactive=\"core\/image\" data-wp-key=\"69ee787745c99\" class=\"wp-block-image aligncenter size-large is-resized wp-lightbox-container\"><img loading=\"lazy\" decoding=\"async\" width=\"792\" height=\"1024\" data-wp-class--hide=\"state.isContentHidden\" data-wp-class--show=\"state.isContentVisible\" data-wp-init=\"callbacks.setButtonStyles\" data-wp-on--click=\"actions.showLightbox\" data-wp-on--load=\"callbacks.setButtonStyles\" data-wp-on-window--resize=\"callbacks.setButtonStyles\" src=\"https:\/\/diaspora.arhivi.lv\/silins\/wp-content\/uploads\/2024\/10\/F.2387-apr.-1v-l.14-sudziba-792x1024.jpg\" alt=\"\" class=\"wp-image-513\" style=\"width:398px;height:auto\" srcset=\"https:\/\/diaspora.arhivi.lv\/silins\/wp-content\/uploads\/2024\/10\/F.2387-apr.-1v-l.14-sudziba-792x1024.jpg 792w, https:\/\/diaspora.arhivi.lv\/silins\/wp-content\/uploads\/2024\/10\/F.2387-apr.-1v-l.14-sudziba-232x300.jpg 232w, https:\/\/diaspora.arhivi.lv\/silins\/wp-content\/uploads\/2024\/10\/F.2387-apr.-1v-l.14-sudziba-2000x2586.jpg 2000w, https:\/\/diaspora.arhivi.lv\/silins\/wp-content\/uploads\/2024\/10\/F.2387-apr.-1v-l.14-sudziba-scaled.jpg 1980w\" sizes=\"auto, (max-width: 792px) 100vw, 792px\" \/><button\n\t\t\tclass=\"lightbox-trigger\"\n\t\t\ttype=\"button\"\n\t\t\taria-haspopup=\"dialog\"\n\t\t\taria-label=\"Palielin\u0101t\"\n\t\t\tdata-wp-init=\"callbacks.initTriggerButton\"\n\t\t\tdata-wp-on--click=\"actions.showLightbox\"\n\t\t\tdata-wp-style--right=\"state.imageButtonRight\"\n\t\t\tdata-wp-style--top=\"state.imageButtonTop\"\n\t\t>\n\t\t\t<svg xmlns=\"http:\/\/www.w3.org\/2000\/svg\" width=\"12\" height=\"12\" fill=\"none\" viewBox=\"0 0 12 12\">\n\t\t\t\t<path fill=\"#fff\" d=\"M2 0a2 2 0 0 0-2 2v2h1.5V2a.5.5 0 0 1 .5-.5h2V0H2Zm2 10.5H2a.5.5 0 0 1-.5-.5V8H0v2a2 2 0 0 0 2 2h2v-1.5ZM8 12v-1.5h2a.5.5 0 0 0 .5-.5V8H12v2a2 2 0 0 1-2 2H8Zm2-12a2 2 0 0 1 2 2v2h-1.5V2a.5.5 0 0 0-.5-.5H8V0h2Z\" \/>\n\t\t\t<\/svg>\n\t\t<\/button><figcaption class=\"wp-element-caption\">Raksta izgriezums un karikat\u016bra no k\u0101da Austr\u0101lijas laikraksta par Sidnejas latvie\u0161u namu un ska\u013cajiem latvie\u0161iem, kuri namu izmanto k\u0101 alus dzer\u0161anas centru. Avots: LNA_LVA F2387_1v_14<\/figcaption><\/figure>\n<\/div>\n<\/div>\n\n\n\n<div class=\"wp-block-columns is-layout-flex wp-container-core-columns-is-layout-28f84493 wp-block-columns-is-layout-flex\">\n<div class=\"wp-block-column is-layout-flow wp-block-column-is-layout-flow\">\n<figure data-wp-context=\"{&quot;imageId&quot;:&quot;69ee78774672c&quot;}\" data-wp-interactive=\"core\/image\" data-wp-key=\"69ee78774672c\" class=\"wp-block-image aligncenter size-large wp-lightbox-container\"><img loading=\"lazy\" decoding=\"async\" width=\"1024\" height=\"742\" data-wp-class--hide=\"state.isContentHidden\" data-wp-class--show=\"state.isContentVisible\" data-wp-init=\"callbacks.setButtonStyles\" data-wp-on--click=\"actions.showLightbox\" data-wp-on--load=\"callbacks.setButtonStyles\" data-wp-on-window--resize=\"callbacks.setButtonStyles\" src=\"https:\/\/diaspora.arhivi.lv\/silins\/wp-content\/uploads\/2024\/10\/LNA_LVA-F2387_1v_30-SLB-valde-1.-no-kr.-K.Aigars-J.Laksevics-I.Berke-M.Silins-A.Priedite-G.Berzins-2.r.-Vimba-V.Koskins-V.Sics-J.Macens-K.Beskis-1024x742.jpg\" alt=\"\" class=\"wp-image-515\" srcset=\"https:\/\/diaspora.arhivi.lv\/silins\/wp-content\/uploads\/2024\/10\/LNA_LVA-F2387_1v_30-SLB-valde-1.-no-kr.-K.Aigars-J.Laksevics-I.Berke-M.Silins-A.Priedite-G.Berzins-2.r.-Vimba-V.Koskins-V.Sics-J.Macens-K.Beskis-1024x742.jpg 1024w, https:\/\/diaspora.arhivi.lv\/silins\/wp-content\/uploads\/2024\/10\/LNA_LVA-F2387_1v_30-SLB-valde-1.-no-kr.-K.Aigars-J.Laksevics-I.Berke-M.Silins-A.Priedite-G.Berzins-2.r.-Vimba-V.Koskins-V.Sics-J.Macens-K.Beskis-300x217.jpg 300w, https:\/\/diaspora.arhivi.lv\/silins\/wp-content\/uploads\/2024\/10\/LNA_LVA-F2387_1v_30-SLB-valde-1.-no-kr.-K.Aigars-J.Laksevics-I.Berke-M.Silins-A.Priedite-G.Berzins-2.r.-Vimba-V.Koskins-V.Sics-J.Macens-K.Beskis-rotated.jpg 1922w\" sizes=\"auto, (max-width: 1024px) 100vw, 1024px\" \/><button\n\t\t\tclass=\"lightbox-trigger\"\n\t\t\ttype=\"button\"\n\t\t\taria-haspopup=\"dialog\"\n\t\t\taria-label=\"Palielin\u0101t\"\n\t\t\tdata-wp-init=\"callbacks.initTriggerButton\"\n\t\t\tdata-wp-on--click=\"actions.showLightbox\"\n\t\t\tdata-wp-style--right=\"state.imageButtonRight\"\n\t\t\tdata-wp-style--top=\"state.imageButtonTop\"\n\t\t>\n\t\t\t<svg xmlns=\"http:\/\/www.w3.org\/2000\/svg\" width=\"12\" height=\"12\" fill=\"none\" viewBox=\"0 0 12 12\">\n\t\t\t\t<path fill=\"#fff\" d=\"M2 0a2 2 0 0 0-2 2v2h1.5V2a.5.5 0 0 1 .5-.5h2V0H2Zm2 10.5H2a.5.5 0 0 1-.5-.5V8H0v2a2 2 0 0 0 2 2h2v-1.5ZM8 12v-1.5h2a.5.5 0 0 0 .5-.5V8H12v2a2 2 0 0 1-2 2H8Zm2-12a2 2 0 0 1 2 2v2h-1.5V2a.5.5 0 0 0-.5-.5H8V0h2Z\" \/>\n\t\t\t<\/svg>\n\t\t<\/button><figcaption class=\"wp-element-caption\">Sidnejas latvie\u0161u biedr\u012bbas valde M. Sili\u0146a 70. dzim\u0161anas dienas atceres pas\u0101kum\u0101, 1970. gada 30. novembr\u012b. Pirmais no kreis\u0101s K.Aigars, J.Lak\u0161evics, I.Ber\u0137e, M.Sili\u0146\u0161, A.Pried\u012bte, G.B\u0113rzi\u0146\u0161 2.r. Vimba, V.Ko\u0161kins, V.\u0160ics, J.Ma\u010d\u0113ns, K.Be\u0161kis. Avots: LNA_LVA F2387_1v_30,<\/figcaption><\/figure>\n<\/div>\n\n\n\n<div class=\"wp-block-column is-layout-flow wp-block-column-is-layout-flow\">\n<figure data-wp-context=\"{&quot;imageId&quot;:&quot;69ee78774701b&quot;}\" data-wp-interactive=\"core\/image\" data-wp-key=\"69ee78774701b\" class=\"wp-block-image aligncenter size-large is-resized wp-lightbox-container\"><img loading=\"lazy\" decoding=\"async\" width=\"1024\" height=\"746\" data-wp-class--hide=\"state.isContentHidden\" data-wp-class--show=\"state.isContentVisible\" data-wp-init=\"callbacks.setButtonStyles\" data-wp-on--click=\"actions.showLightbox\" data-wp-on--load=\"callbacks.setButtonStyles\" data-wp-on-window--resize=\"callbacks.setButtonStyles\" src=\"https:\/\/diaspora.arhivi.lv\/silins\/wp-content\/uploads\/2024\/10\/LNA_LVA-F2387_1v_28-Vivjena-ari-Viviana-Li-anglu-kinozvaigzne-atklaj-Latviesu-nama-Puku-izstadi-rikotaji-auzstraliesi-1024x746.jpg\" alt=\"\" class=\"wp-image-521\" style=\"width:560px;height:auto\" srcset=\"https:\/\/diaspora.arhivi.lv\/silins\/wp-content\/uploads\/2024\/10\/LNA_LVA-F2387_1v_28-Vivjena-ari-Viviana-Li-anglu-kinozvaigzne-atklaj-Latviesu-nama-Puku-izstadi-rikotaji-auzstraliesi-1024x746.jpg 1024w, https:\/\/diaspora.arhivi.lv\/silins\/wp-content\/uploads\/2024\/10\/LNA_LVA-F2387_1v_28-Vivjena-ari-Viviana-Li-anglu-kinozvaigzne-atklaj-Latviesu-nama-Puku-izstadi-rikotaji-auzstraliesi-300x219.jpg 300w, https:\/\/diaspora.arhivi.lv\/silins\/wp-content\/uploads\/2024\/10\/LNA_LVA-F2387_1v_28-Vivjena-ari-Viviana-Li-anglu-kinozvaigzne-atklaj-Latviesu-nama-Puku-izstadi-rikotaji-auzstraliesi.jpg 1859w\" sizes=\"auto, (max-width: 1024px) 100vw, 1024px\" \/><button\n\t\t\tclass=\"lightbox-trigger\"\n\t\t\ttype=\"button\"\n\t\t\taria-haspopup=\"dialog\"\n\t\t\taria-label=\"Palielin\u0101t\"\n\t\t\tdata-wp-init=\"callbacks.initTriggerButton\"\n\t\t\tdata-wp-on--click=\"actions.showLightbox\"\n\t\t\tdata-wp-style--right=\"state.imageButtonRight\"\n\t\t\tdata-wp-style--top=\"state.imageButtonTop\"\n\t\t>\n\t\t\t<svg xmlns=\"http:\/\/www.w3.org\/2000\/svg\" width=\"12\" height=\"12\" fill=\"none\" viewBox=\"0 0 12 12\">\n\t\t\t\t<path fill=\"#fff\" d=\"M2 0a2 2 0 0 0-2 2v2h1.5V2a.5.5 0 0 1 .5-.5h2V0H2Zm2 10.5H2a.5.5 0 0 1-.5-.5V8H0v2a2 2 0 0 0 2 2h2v-1.5ZM8 12v-1.5h2a.5.5 0 0 0 .5-.5V8H12v2a2 2 0 0 1-2 2H8Zm2-12a2 2 0 0 1 2 2v2h-1.5V2a.5.5 0 0 0-.5-.5H8V0h2Z\" \/>\n\t\t\t<\/svg>\n\t\t<\/button><figcaption class=\"wp-element-caption\">M. Sili\u0146\u0161 ar kinozvaigzni un filmas &#8220;V\u0113jiem l\u012bdzi&#8221; Sk\u0101rletas lomas atveidot\u0101ju Vivjenu L\u012b (Vivien Leigh), kura atkl\u0101ja austr\u0101lie\u0161u r\u012bkoto pu\u0137u izst\u0101di Sidnejas latvie\u0161u nam\u0101. Avots: LNA_LVA F2387_1v_28<\/figcaption><\/figure>\n<\/div>\n<\/div>\n\n\n\n<div class=\"wp-block-columns is-layout-flex wp-container-core-columns-is-layout-28f84493 wp-block-columns-is-layout-flex\">\n<div class=\"wp-block-column is-layout-flow wp-block-column-is-layout-flow\">\n<figure data-wp-context=\"{&quot;imageId&quot;:&quot;69ee787747a46&quot;}\" data-wp-interactive=\"core\/image\" data-wp-key=\"69ee787747a46\" class=\"wp-block-image aligncenter size-large wp-lightbox-container\"><img loading=\"lazy\" decoding=\"async\" width=\"1024\" height=\"661\" data-wp-class--hide=\"state.isContentHidden\" data-wp-class--show=\"state.isContentVisible\" data-wp-init=\"callbacks.setButtonStyles\" data-wp-on--click=\"actions.showLightbox\" data-wp-on--load=\"callbacks.setButtonStyles\" data-wp-on-window--resize=\"callbacks.setButtonStyles\" src=\"https:\/\/diaspora.arhivi.lv\/silins\/wp-content\/uploads\/2024\/10\/LNA_LVA-F2387_1v_28-E.Silina-un-M.Silins-vina-60-g.-jubileja-1024x661.jpg\" alt=\"\" class=\"wp-image-517\" srcset=\"https:\/\/diaspora.arhivi.lv\/silins\/wp-content\/uploads\/2024\/10\/LNA_LVA-F2387_1v_28-E.Silina-un-M.Silins-vina-60-g.-jubileja-1024x661.jpg 1024w, https:\/\/diaspora.arhivi.lv\/silins\/wp-content\/uploads\/2024\/10\/LNA_LVA-F2387_1v_28-E.Silina-un-M.Silins-vina-60-g.-jubileja-300x194.jpg 300w, https:\/\/diaspora.arhivi.lv\/silins\/wp-content\/uploads\/2024\/10\/LNA_LVA-F2387_1v_28-E.Silina-un-M.Silins-vina-60-g.-jubileja.jpg 1425w\" sizes=\"auto, (max-width: 1024px) 100vw, 1024px\" \/><button\n\t\t\tclass=\"lightbox-trigger\"\n\t\t\ttype=\"button\"\n\t\t\taria-haspopup=\"dialog\"\n\t\t\taria-label=\"Palielin\u0101t\"\n\t\t\tdata-wp-init=\"callbacks.initTriggerButton\"\n\t\t\tdata-wp-on--click=\"actions.showLightbox\"\n\t\t\tdata-wp-style--right=\"state.imageButtonRight\"\n\t\t\tdata-wp-style--top=\"state.imageButtonTop\"\n\t\t>\n\t\t\t<svg xmlns=\"http:\/\/www.w3.org\/2000\/svg\" width=\"12\" height=\"12\" fill=\"none\" viewBox=\"0 0 12 12\">\n\t\t\t\t<path fill=\"#fff\" d=\"M2 0a2 2 0 0 0-2 2v2h1.5V2a.5.5 0 0 1 .5-.5h2V0H2Zm2 10.5H2a.5.5 0 0 1-.5-.5V8H0v2a2 2 0 0 0 2 2h2v-1.5ZM8 12v-1.5h2a.5.5 0 0 0 .5-.5V8H12v2a2 2 0 0 1-2 2H8Zm2-12a2 2 0 0 1 2 2v2h-1.5V2a.5.5 0 0 0-.5-.5H8V0h2Z\" \/>\n\t\t\t<\/svg>\n\t\t<\/button><figcaption class=\"wp-element-caption\">E.Sili\u0146a un M.Sili\u0146\u0161 vi\u0146a 60 gadu jubilej\u0101. Avots: LNA_LVA F2387_1v_28<\/figcaption><\/figure>\n<\/div>\n\n\n\n<div class=\"wp-block-column is-layout-flow wp-block-column-is-layout-flow\">\n<figure data-wp-context=\"{&quot;imageId&quot;:&quot;69ee787748324&quot;}\" data-wp-interactive=\"core\/image\" data-wp-key=\"69ee787748324\" class=\"wp-block-image aligncenter size-large is-resized wp-lightbox-container\"><img loading=\"lazy\" decoding=\"async\" width=\"815\" height=\"1024\" data-wp-class--hide=\"state.isContentHidden\" data-wp-class--show=\"state.isContentVisible\" data-wp-init=\"callbacks.setButtonStyles\" data-wp-on--click=\"actions.showLightbox\" data-wp-on--load=\"callbacks.setButtonStyles\" data-wp-on-window--resize=\"callbacks.setButtonStyles\" src=\"https:\/\/diaspora.arhivi.lv\/silins\/wp-content\/uploads\/2024\/10\/LNA_LVA-F2387_1v_13-17.lp_-815x1024.jpg\" alt=\"\" class=\"wp-image-518\" style=\"width:305px;height:auto\" srcset=\"https:\/\/diaspora.arhivi.lv\/silins\/wp-content\/uploads\/2024\/10\/LNA_LVA-F2387_1v_13-17.lp_-815x1024.jpg 815w, https:\/\/diaspora.arhivi.lv\/silins\/wp-content\/uploads\/2024\/10\/LNA_LVA-F2387_1v_13-17.lp_-239x300.jpg 239w, https:\/\/diaspora.arhivi.lv\/silins\/wp-content\/uploads\/2024\/10\/LNA_LVA-F2387_1v_13-17.lp_-2000x2512.jpg 2000w, https:\/\/diaspora.arhivi.lv\/silins\/wp-content\/uploads\/2024\/10\/LNA_LVA-F2387_1v_13-17.lp_-scaled.jpg 2038w\" sizes=\"auto, (max-width: 815px) 100vw, 815px\" \/><button\n\t\t\tclass=\"lightbox-trigger\"\n\t\t\ttype=\"button\"\n\t\t\taria-haspopup=\"dialog\"\n\t\t\taria-label=\"Palielin\u0101t\"\n\t\t\tdata-wp-init=\"callbacks.initTriggerButton\"\n\t\t\tdata-wp-on--click=\"actions.showLightbox\"\n\t\t\tdata-wp-style--right=\"state.imageButtonRight\"\n\t\t\tdata-wp-style--top=\"state.imageButtonTop\"\n\t\t>\n\t\t\t<svg xmlns=\"http:\/\/www.w3.org\/2000\/svg\" width=\"12\" height=\"12\" fill=\"none\" viewBox=\"0 0 12 12\">\n\t\t\t\t<path fill=\"#fff\" d=\"M2 0a2 2 0 0 0-2 2v2h1.5V2a.5.5 0 0 1 .5-.5h2V0H2Zm2 10.5H2a.5.5 0 0 1-.5-.5V8H0v2a2 2 0 0 0 2 2h2v-1.5ZM8 12v-1.5h2a.5.5 0 0 0 .5-.5V8H12v2a2 2 0 0 1-2 2H8Zm2-12a2 2 0 0 1 2 2v2h-1.5V2a.5.5 0 0 0-.5-.5H8V0h2Z\" \/>\n\t\t\t<\/svg>\n\t\t<\/button><figcaption class=\"wp-element-caption\">M. Sili\u0146a draugu sacer\u0113ta bal\u0101de par vi\u0146u. Avots; LNA_LVA F2387_1v_13<\/figcaption><\/figure>\n<\/div>\n\n\n\n<div class=\"wp-block-column is-layout-flow wp-block-column-is-layout-flow\">\n<figure data-wp-context=\"{&quot;imageId&quot;:&quot;69ee787748c18&quot;}\" data-wp-interactive=\"core\/image\" data-wp-key=\"69ee787748c18\" class=\"wp-block-image aligncenter size-large is-resized wp-lightbox-container\"><img loading=\"lazy\" decoding=\"async\" width=\"818\" height=\"1024\" data-wp-class--hide=\"state.isContentHidden\" data-wp-class--show=\"state.isContentVisible\" data-wp-init=\"callbacks.setButtonStyles\" data-wp-on--click=\"actions.showLightbox\" data-wp-on--load=\"callbacks.setButtonStyles\" data-wp-on-window--resize=\"callbacks.setButtonStyles\" src=\"https:\/\/diaspora.arhivi.lv\/silins\/wp-content\/uploads\/2024\/10\/LNA_LVA-F2387_1v_13-18.lp_-818x1024.jpg\" alt=\"\" class=\"wp-image-519\" style=\"width:308px;height:auto\" srcset=\"https:\/\/diaspora.arhivi.lv\/silins\/wp-content\/uploads\/2024\/10\/LNA_LVA-F2387_1v_13-18.lp_-818x1024.jpg 818w, https:\/\/diaspora.arhivi.lv\/silins\/wp-content\/uploads\/2024\/10\/LNA_LVA-F2387_1v_13-18.lp_-240x300.jpg 240w, https:\/\/diaspora.arhivi.lv\/silins\/wp-content\/uploads\/2024\/10\/LNA_LVA-F2387_1v_13-18.lp_-2000x2504.jpg 2000w, https:\/\/diaspora.arhivi.lv\/silins\/wp-content\/uploads\/2024\/10\/LNA_LVA-F2387_1v_13-18.lp_-scaled.jpg 2045w\" sizes=\"auto, (max-width: 818px) 100vw, 818px\" \/><button\n\t\t\tclass=\"lightbox-trigger\"\n\t\t\ttype=\"button\"\n\t\t\taria-haspopup=\"dialog\"\n\t\t\taria-label=\"Palielin\u0101t\"\n\t\t\tdata-wp-init=\"callbacks.initTriggerButton\"\n\t\t\tdata-wp-on--click=\"actions.showLightbox\"\n\t\t\tdata-wp-style--right=\"state.imageButtonRight\"\n\t\t\tdata-wp-style--top=\"state.imageButtonTop\"\n\t\t>\n\t\t\t<svg xmlns=\"http:\/\/www.w3.org\/2000\/svg\" width=\"12\" height=\"12\" fill=\"none\" viewBox=\"0 0 12 12\">\n\t\t\t\t<path fill=\"#fff\" d=\"M2 0a2 2 0 0 0-2 2v2h1.5V2a.5.5 0 0 1 .5-.5h2V0H2Zm2 10.5H2a.5.5 0 0 1-.5-.5V8H0v2a2 2 0 0 0 2 2h2v-1.5ZM8 12v-1.5h2a.5.5 0 0 0 .5-.5V8H12v2a2 2 0 0 1-2 2H8Zm2-12a2 2 0 0 1 2 2v2h-1.5V2a.5.5 0 0 0-.5-.5H8V0h2Z\" \/>\n\t\t\t<\/svg>\n\t\t<\/button><figcaption class=\"wp-element-caption\">Sidnejas latvie\u0161u biedr\u012bbas pie\u0161\u0137irts goda biedra tituls M\u0101rti\u0146am Sili\u0146am. Avots: LNA_LVA F2387_1v_13<\/figcaption><\/figure>\n<\/div>\n<\/div>\n\n\n\n<p>Ar\u012b m\u0101te Elza Sili\u0146a sniedza savu artavu latvisk\u0101s kop\u012bbas saj\u016btas un kult\u016bras uztur\u0113\u0161an\u0101. 1952. gad\u0101 &nbsp;Sidnej\u0101 un t\u0101s apk\u0101rtn\u0113 s\u0101ka darboties tr\u012bs latvie\u0161u sestdienas skolas &#8211; Benkstaunas, Stratf\u012bldas un Penanthilsas &nbsp;skolas. Liel\u0101k\u0101 no sestdienas skol\u0101m bija Elzas Sili\u0146as v\u0101rd\u0101 nosaukt\u0101 Benkstaunas m\u0101c\u012bbas iest\u0101de ar devi\u0146iem skolot\u0101jiem un 65 b\u0113rniem. Benkstaunu tolaik d\u0113v\u0113ja ar\u012b par Sidnejas latvie\u0161u galvaspils\u0113tu. Kad 1969. gada beig\u0101s nojauca Benkstaunas bazn\u012bcas z\u0101li un &nbsp;citas piem\u0113rotas&nbsp;telpas priek\u0161pils\u0113t\u0101 neizdev\u0101s atrast, vad\u012bba nol\u0113ma apvienoties ar Stratf\u012bldas sestdienas skolu. Jaun\u0101 skola sauc\u0101s SLB sestdienas skola, v\u0113l\u0101k\u0101 &nbsp;SLB pamatskola.&nbsp;Skola darboj\u0101s katru sestdienu no pulksten 14.00 l\u012bdz 16.00. M\u0101c\u012bbu priek\u0161meti bija latvie\u0161u valoda, literat\u016bra un Latvijas&nbsp;v\u0113sture. Sestdienas skolu darb\u012bb\u0101 iesaist\u012bj\u0101s ar\u012b M\u0101rti\u0146\u0161 Sili\u0146\u0161, kur\u0161 diri\u0123\u0113ja apvienoto sestdienas skolu kori.<\/p>\n\n\n\n<div class=\"wp-block-columns is-layout-flex wp-container-core-columns-is-layout-28f84493 wp-block-columns-is-layout-flex\">\n<div class=\"wp-block-column is-layout-flow wp-block-column-is-layout-flow\">\n<figure data-wp-context=\"{&quot;imageId&quot;:&quot;69ee787749732&quot;}\" data-wp-interactive=\"core\/image\" data-wp-key=\"69ee787749732\" class=\"wp-block-image aligncenter size-large wp-lightbox-container\"><img loading=\"lazy\" decoding=\"async\" width=\"1024\" height=\"604\" data-wp-class--hide=\"state.isContentHidden\" data-wp-class--show=\"state.isContentVisible\" data-wp-init=\"callbacks.setButtonStyles\" data-wp-on--click=\"actions.showLightbox\" data-wp-on--load=\"callbacks.setButtonStyles\" data-wp-on-window--resize=\"callbacks.setButtonStyles\" src=\"https:\/\/diaspora.arhivi.lv\/silins\/wp-content\/uploads\/2024\/10\/LNA_LVA-F2387_1v_62-9.lp_.-M-Silina-60-gadu-jubileja.-Benkstainas-sestdienas-skolas-audzeknu-vidu-Silins-1960.g.-novembris-1024x604.jpg\" alt=\"\" class=\"wp-image-475\" srcset=\"https:\/\/diaspora.arhivi.lv\/silins\/wp-content\/uploads\/2024\/10\/LNA_LVA-F2387_1v_62-9.lp_.-M-Silina-60-gadu-jubileja.-Benkstainas-sestdienas-skolas-audzeknu-vidu-Silins-1960.g.-novembris-1024x604.jpg 1024w, https:\/\/diaspora.arhivi.lv\/silins\/wp-content\/uploads\/2024\/10\/LNA_LVA-F2387_1v_62-9.lp_.-M-Silina-60-gadu-jubileja.-Benkstainas-sestdienas-skolas-audzeknu-vidu-Silins-1960.g.-novembris-300x177.jpg 300w, https:\/\/diaspora.arhivi.lv\/silins\/wp-content\/uploads\/2024\/10\/LNA_LVA-F2387_1v_62-9.lp_.-M-Silina-60-gadu-jubileja.-Benkstainas-sestdienas-skolas-audzeknu-vidu-Silins-1960.g.-novembris.jpg 1529w\" sizes=\"auto, (max-width: 1024px) 100vw, 1024px\" \/><button\n\t\t\tclass=\"lightbox-trigger\"\n\t\t\ttype=\"button\"\n\t\t\taria-haspopup=\"dialog\"\n\t\t\taria-label=\"Palielin\u0101t\"\n\t\t\tdata-wp-init=\"callbacks.initTriggerButton\"\n\t\t\tdata-wp-on--click=\"actions.showLightbox\"\n\t\t\tdata-wp-style--right=\"state.imageButtonRight\"\n\t\t\tdata-wp-style--top=\"state.imageButtonTop\"\n\t\t>\n\t\t\t<svg xmlns=\"http:\/\/www.w3.org\/2000\/svg\" width=\"12\" height=\"12\" fill=\"none\" viewBox=\"0 0 12 12\">\n\t\t\t\t<path fill=\"#fff\" d=\"M2 0a2 2 0 0 0-2 2v2h1.5V2a.5.5 0 0 1 .5-.5h2V0H2Zm2 10.5H2a.5.5 0 0 1-.5-.5V8H0v2a2 2 0 0 0 2 2h2v-1.5ZM8 12v-1.5h2a.5.5 0 0 0 .5-.5V8H12v2a2 2 0 0 1-2 2H8Zm2-12a2 2 0 0 1 2 2v2h-1.5V2a.5.5 0 0 0-.5-.5H8V0h2Z\" \/>\n\t\t\t<\/svg>\n\t\t<\/button><figcaption class=\"wp-element-caption\">M\u0101rti\u0146\u0161 un Elza Sili\u0146i Benkstaunas sestdienas skolas audz\u0113k\u0146u vid\u016b, 1960. gada novembris. Avots: LNA_LVA F2387_1v_62<\/figcaption><\/figure>\n<\/div>\n\n\n\n<div class=\"wp-block-column is-layout-flow wp-block-column-is-layout-flow\">\n<figure data-wp-context=\"{&quot;imageId&quot;:&quot;69ee78774a02a&quot;}\" data-wp-interactive=\"core\/image\" data-wp-key=\"69ee78774a02a\" class=\"wp-block-image aligncenter size-large is-resized wp-lightbox-container\"><img loading=\"lazy\" decoding=\"async\" width=\"1024\" height=\"632\" data-wp-class--hide=\"state.isContentHidden\" data-wp-class--show=\"state.isContentVisible\" data-wp-init=\"callbacks.setButtonStyles\" data-wp-on--click=\"actions.showLightbox\" data-wp-on--load=\"callbacks.setButtonStyles\" data-wp-on-window--resize=\"callbacks.setButtonStyles\" src=\"https:\/\/diaspora.arhivi.lv\/silins\/wp-content\/uploads\/2024\/10\/LNA_LVA-F2387_1v_26-M.Silins-dirige-Sidnejas-sestdienas-skolas-kori-1024x632.jpg\" alt=\"\" class=\"wp-image-476\" style=\"width:540px;height:auto\" srcset=\"https:\/\/diaspora.arhivi.lv\/silins\/wp-content\/uploads\/2024\/10\/LNA_LVA-F2387_1v_26-M.Silins-dirige-Sidnejas-sestdienas-skolas-kori-1024x632.jpg 1024w, https:\/\/diaspora.arhivi.lv\/silins\/wp-content\/uploads\/2024\/10\/LNA_LVA-F2387_1v_26-M.Silins-dirige-Sidnejas-sestdienas-skolas-kori-300x185.jpg 300w, https:\/\/diaspora.arhivi.lv\/silins\/wp-content\/uploads\/2024\/10\/LNA_LVA-F2387_1v_26-M.Silins-dirige-Sidnejas-sestdienas-skolas-kori-rotated.jpg 1515w\" sizes=\"auto, (max-width: 1024px) 100vw, 1024px\" \/><button\n\t\t\tclass=\"lightbox-trigger\"\n\t\t\ttype=\"button\"\n\t\t\taria-haspopup=\"dialog\"\n\t\t\taria-label=\"Palielin\u0101t\"\n\t\t\tdata-wp-init=\"callbacks.initTriggerButton\"\n\t\t\tdata-wp-on--click=\"actions.showLightbox\"\n\t\t\tdata-wp-style--right=\"state.imageButtonRight\"\n\t\t\tdata-wp-style--top=\"state.imageButtonTop\"\n\t\t>\n\t\t\t<svg xmlns=\"http:\/\/www.w3.org\/2000\/svg\" width=\"12\" height=\"12\" fill=\"none\" viewBox=\"0 0 12 12\">\n\t\t\t\t<path fill=\"#fff\" d=\"M2 0a2 2 0 0 0-2 2v2h1.5V2a.5.5 0 0 1 .5-.5h2V0H2Zm2 10.5H2a.5.5 0 0 1-.5-.5V8H0v2a2 2 0 0 0 2 2h2v-1.5ZM8 12v-1.5h2a.5.5 0 0 0 .5-.5V8H12v2a2 2 0 0 1-2 2H8Zm2-12a2 2 0 0 1 2 2v2h-1.5V2a.5.5 0 0 0-.5-.5H8V0h2Z\" \/>\n\t\t\t<\/svg>\n\t\t<\/button><figcaption class=\"wp-element-caption\">M. Sili\u0146\u0161 diri\u0123\u0113 sestdienas skolas kori. Avots: LNA_LVA F2387_1v_26<\/figcaption><\/figure>\n<\/div>\n<\/div>\n\n\n\n<p>Ne tikai SLB un SLT tika pie savas pajumtes, bet ar\u012b Sili\u0146u \u0123imene. Ieg\u0101d\u0101t\u0101 m\u0101ja atrad\u0101s pret\u012b \u010culoras nometnei.<\/p>\n\n\n\n<p class=\"has-text-align-center has-background\" style=\"background-color:#d3c2d8\">&#8220;Hjume lielce\u013ca mal\u0101 pie k\u0101das m\u0101jas bija izlikta p\u0101rdo\u0161anas z\u012bme, un es par to iemin\u0113jos t\u0113vam. Vi\u0146am \u012bpa\u0161ums iepatik\u0101s, bet mums nepietika naudas, kaut ar\u012b m\u0101ja, sal\u012bdzinot ar \u0161odienas cen\u0101m, bija smiekl\u012bgi l\u0113ta. (..) M\u0101ja bija ap\u0161\u016bta ar faibro (asbestos) pl\u0101ksn\u0113m, daksti\u0146u jumtu, sausaj\u0101m labier\u012bc\u012bb\u0101m \u0101rpus\u0113, palielu gar\u0101\u017eu, kuras gal\u0101 bija viena istabi\u0146a. Kopum\u0101 m\u0101j\u0101 bija 5 istabas, virtuve, vannas istaba, balkons un mazg\u0101tuve. \u0160\u0101das \u0161\u012bfera m\u0101jas latvie\u0161i iepirka pa labi un pa kreisi. Tur\u012bbai pieaugot, t\u0101s p\u0101rdeva un nopirka ko lab\u0101ku. Pirm\u0101s m\u0113beles sameistaroja mans t\u0113vs. Dz\u012bvoj\u0101m Melburnas\u2013Sidnejas galven\u0101 ce\u013ca mal\u0101. Putek\u013ci. Ambulances, policijas ma\u0161\u012bnu sir\u0113nas nakt\u012b un dien\u0101. Kad pie m\u0101jas apst\u0101j\u0101s smag\u0101s d\u012bze\u013cu automa\u0161\u012bnas ar neizsl\u0113gtu motoru, dreb\u0113ja visa m\u0101ja. Bet pie visa pierod.&#8221;<\/p>\n\n\n\n<p class=\"has-text-align-center has-background\" style=\"background-color:#d3c2d8\">U. Sili\u0146\u0161. <em>Zem Dienvidu krusta: kult\u016brv\u0113sturiskas atmi\u0146as (1950-1959).<\/em> 1. da\u013ca.<\/p>\n\n\n\n<div class=\"wp-block-columns is-layout-flex wp-container-core-columns-is-layout-28f84493 wp-block-columns-is-layout-flex\">\n<div class=\"wp-block-column is-layout-flow wp-block-column-is-layout-flow\">\n<figure data-wp-context=\"{&quot;imageId&quot;:&quot;69ee78774aba0&quot;}\" data-wp-interactive=\"core\/image\" data-wp-key=\"69ee78774aba0\" class=\"wp-block-image aligncenter size-large is-resized wp-lightbox-container\"><img loading=\"lazy\" decoding=\"async\" width=\"1024\" height=\"742\" data-wp-class--hide=\"state.isContentHidden\" data-wp-class--show=\"state.isContentVisible\" data-wp-init=\"callbacks.setButtonStyles\" data-wp-on--click=\"actions.showLightbox\" data-wp-on--load=\"callbacks.setButtonStyles\" data-wp-on-window--resize=\"callbacks.setButtonStyles\" src=\"https:\/\/diaspora.arhivi.lv\/silins\/wp-content\/uploads\/2024\/10\/LNA_LVA-F2387_1v_28-1950.gados-gimenes-maja.-1.-mo-kr.-M.Silins-A.Paegle-E.V.Silina.-2.r.-no-kr.-m.Deke-U.Silins.-Milda-Deke-1024x742.jpg\" alt=\"\" class=\"wp-image-460\" style=\"width:537px;height:auto\" srcset=\"https:\/\/diaspora.arhivi.lv\/silins\/wp-content\/uploads\/2024\/10\/LNA_LVA-F2387_1v_28-1950.gados-gimenes-maja.-1.-mo-kr.-M.Silins-A.Paegle-E.V.Silina.-2.r.-no-kr.-m.Deke-U.Silins.-Milda-Deke-1024x742.jpg 1024w, https:\/\/diaspora.arhivi.lv\/silins\/wp-content\/uploads\/2024\/10\/LNA_LVA-F2387_1v_28-1950.gados-gimenes-maja.-1.-mo-kr.-M.Silins-A.Paegle-E.V.Silina.-2.r.-no-kr.-m.Deke-U.Silins.-Milda-Deke-300x217.jpg 300w, https:\/\/diaspora.arhivi.lv\/silins\/wp-content\/uploads\/2024\/10\/LNA_LVA-F2387_1v_28-1950.gados-gimenes-maja.-1.-mo-kr.-M.Silins-A.Paegle-E.V.Silina.-2.r.-no-kr.-m.Deke-U.Silins.-Milda-Deke.jpg 1356w\" sizes=\"auto, (max-width: 1024px) 100vw, 1024px\" \/><button\n\t\t\tclass=\"lightbox-trigger\"\n\t\t\ttype=\"button\"\n\t\t\taria-haspopup=\"dialog\"\n\t\t\taria-label=\"Palielin\u0101t\"\n\t\t\tdata-wp-init=\"callbacks.initTriggerButton\"\n\t\t\tdata-wp-on--click=\"actions.showLightbox\"\n\t\t\tdata-wp-style--right=\"state.imageButtonRight\"\n\t\t\tdata-wp-style--top=\"state.imageButtonTop\"\n\t\t>\n\t\t\t<svg xmlns=\"http:\/\/www.w3.org\/2000\/svg\" width=\"12\" height=\"12\" fill=\"none\" viewBox=\"0 0 12 12\">\n\t\t\t\t<path fill=\"#fff\" d=\"M2 0a2 2 0 0 0-2 2v2h1.5V2a.5.5 0 0 1 .5-.5h2V0H2Zm2 10.5H2a.5.5 0 0 1-.5-.5V8H0v2a2 2 0 0 0 2 2h2v-1.5ZM8 12v-1.5h2a.5.5 0 0 0 .5-.5V8H12v2a2 2 0 0 1-2 2H8Zm2-12a2 2 0 0 1 2 2v2h-1.5V2a.5.5 0 0 0-.5-.5H8V0h2Z\" \/>\n\t\t\t<\/svg>\n\t\t<\/button><figcaption class=\"wp-element-caption\">1950. gados Sili\u0146u \u0123imenes m\u0101j\u0101. Pirmais no kreis\u0101s M. Sili\u0146\u0161, A. Paegle, E. Sili\u0146a. Otraj\u0101 rind\u0101 no kreis\u0101s M. De\u0137e, U. Sili\u0146\u0161. M. De\u0137e. Avots: LNA_LVA F2387_1v_28<\/figcaption><\/figure>\n<\/div>\n\n\n\n<div class=\"wp-block-column is-layout-flow wp-block-column-is-layout-flow\">\n<figure data-wp-context=\"{&quot;imageId&quot;:&quot;69ee78774b4dd&quot;}\" data-wp-interactive=\"core\/image\" data-wp-key=\"69ee78774b4dd\" class=\"wp-block-image aligncenter size-large is-resized wp-lightbox-container\"><img loading=\"lazy\" decoding=\"async\" width=\"1024\" height=\"740\" data-wp-class--hide=\"state.isContentHidden\" data-wp-class--show=\"state.isContentVisible\" data-wp-init=\"callbacks.setButtonStyles\" data-wp-on--click=\"actions.showLightbox\" data-wp-on--load=\"callbacks.setButtonStyles\" data-wp-on-window--resize=\"callbacks.setButtonStyles\" src=\"https:\/\/diaspora.arhivi.lv\/silins\/wp-content\/uploads\/2024\/10\/LNA_LVA-F2387_1v_28-Majas-1950.gados_.-no-kr.-U.Silins-E.Silina-M.Silins-1024x740.jpg\" alt=\"\" class=\"wp-image-462\" style=\"width:540px;height:auto\" srcset=\"https:\/\/diaspora.arhivi.lv\/silins\/wp-content\/uploads\/2024\/10\/LNA_LVA-F2387_1v_28-Majas-1950.gados_.-no-kr.-U.Silins-E.Silina-M.Silins-1024x740.jpg 1024w, https:\/\/diaspora.arhivi.lv\/silins\/wp-content\/uploads\/2024\/10\/LNA_LVA-F2387_1v_28-Majas-1950.gados_.-no-kr.-U.Silins-E.Silina-M.Silins-300x217.jpg 300w, https:\/\/diaspora.arhivi.lv\/silins\/wp-content\/uploads\/2024\/10\/LNA_LVA-F2387_1v_28-Majas-1950.gados_.-no-kr.-U.Silins-E.Silina-M.Silins.jpg 1329w\" sizes=\"auto, (max-width: 1024px) 100vw, 1024px\" \/><button\n\t\t\tclass=\"lightbox-trigger\"\n\t\t\ttype=\"button\"\n\t\t\taria-haspopup=\"dialog\"\n\t\t\taria-label=\"Palielin\u0101t\"\n\t\t\tdata-wp-init=\"callbacks.initTriggerButton\"\n\t\t\tdata-wp-on--click=\"actions.showLightbox\"\n\t\t\tdata-wp-style--right=\"state.imageButtonRight\"\n\t\t\tdata-wp-style--top=\"state.imageButtonTop\"\n\t\t>\n\t\t\t<svg xmlns=\"http:\/\/www.w3.org\/2000\/svg\" width=\"12\" height=\"12\" fill=\"none\" viewBox=\"0 0 12 12\">\n\t\t\t\t<path fill=\"#fff\" d=\"M2 0a2 2 0 0 0-2 2v2h1.5V2a.5.5 0 0 1 .5-.5h2V0H2Zm2 10.5H2a.5.5 0 0 1-.5-.5V8H0v2a2 2 0 0 0 2 2h2v-1.5ZM8 12v-1.5h2a.5.5 0 0 0 .5-.5V8H12v2a2 2 0 0 1-2 2H8Zm2-12a2 2 0 0 1 2 2v2h-1.5V2a.5.5 0 0 0-.5-.5H8V0h2Z\" \/>\n\t\t\t<\/svg>\n\t\t<\/button><figcaption class=\"wp-element-caption\">Sili\u0146u m\u0101j\u0101s 1950. gados. No kr.: U. Sili\u0146\u0161, E. Sili\u0146a, M. Sili\u0146\u0161. Avots: LNA_LVA F2387_1v_28<\/figcaption><\/figure>\n<\/div>\n<\/div>\n\n\n\n<div class=\"wp-block-columns is-layout-flex wp-container-core-columns-is-layout-28f84493 wp-block-columns-is-layout-flex\">\n<div class=\"wp-block-column is-layout-flow wp-block-column-is-layout-flow\">\n<p>Sili\u0146u dz\u012bves l\u012bmenis uzlaboj\u0101s, un ar\u012b Ulda karjer\u0101 s\u0101k\u0101s aug\u0161upeja. P\u0113c oblig\u0101t\u0101 divu gadu darba l\u012bguma un studij\u0101m Uldis s\u0101ka str\u0101d\u0101t telefonu nozar\u0113 &#8211; <em>Postmaster-General<\/em> (v\u0113l\u0101k nosaukums main\u012bts uz <em>Telecom Australia<\/em>) departament\u0101. S\u0101kum\u0101 k\u0101 str\u0101dnieks, tad k\u0101 ier\u0113dnis un, turpinot virz\u012bties pa karjeras k\u0101pn\u0113m, administrat\u012bvais mened\u017eeris. Vi\u0146a darba pien\u0101kumos ietilpa da\u017e\u0101du bud\u017eetu sast\u0101d\u012b\u0161ana un izpilde, statistika, algas apr\u0113\u0137ini un izmaksas, viss, kas saist\u012bj\u0101s ar finans\u0113m, viss, kas attiec\u0101s uz person\u0101lu, \u0113k\u0101m un to dro\u0161\u012bbu. 1962. gada apr\u012bl\u012b Uldis apprec\u0113j\u0101s ar soci\u0101lo darbinieci Ilzi Ludmilu Vitu Vi\u013cumu (9.11.1930.-12.01.2017.). Vi\u0146u savien\u012bb\u0101 piedzima M\u0101rti\u0146\u0161 Juris Sili\u0146\u0161 (1963), Anne Gundega Sili\u0146a-Lish &nbsp;(1966) un Ginters Uldis Sili\u0146\u0161 (1967). \u0122imene dz\u012bvoja Gr\u012bneikeras priek\u0161pils\u0113tas noma\u013c\u0101 ieli\u0146\u0101. L\u012bdztekus darbam un \u0123imenes dz\u012bvei Uldis kop\u0101 ar vec\u0101kiem turpin\u0101ja darboties Sidnejas latvie\u0161u te\u0101tr\u012b, t\u0113lojot galvenok\u0101rt raksturlomas, kur\u0101s atkl\u0101j\u0101s vi\u0146a lab\u0101 humora izj\u016bta. Vair\u0101kus gadus vi\u0146\u0161 str\u0101d\u0101ja par re\u017eisoru Annas Ziedares Vasaras vidusskol\u0101, bija Ilggad\u0113js Sidnejas latvie\u0161u v\u012bru kora dal\u012bbnieks (otrais bass), dzied\u0101ja ar\u012b Brisbenas jauktaj\u0101 kor\u012b &#8220;Bever\u012bna&#8221;, kur bija kora priek\u0161nieks, Sidnejas latvie\u0161u biedr\u012bbas m\u016b\u017ea biedrs.<\/p>\n<\/div>\n\n\n\n<div class=\"wp-block-column is-layout-flow wp-block-column-is-layout-flow\">\n<figure data-wp-context=\"{&quot;imageId&quot;:&quot;69ee78774bfee&quot;}\" data-wp-interactive=\"core\/image\" data-wp-key=\"69ee78774bfee\" class=\"wp-block-image aligncenter size-large is-resized wp-lightbox-container\"><img loading=\"lazy\" decoding=\"async\" width=\"702\" height=\"1024\" data-wp-class--hide=\"state.isContentHidden\" data-wp-class--show=\"state.isContentVisible\" data-wp-init=\"callbacks.setButtonStyles\" data-wp-on--click=\"actions.showLightbox\" data-wp-on--load=\"callbacks.setButtonStyles\" data-wp-on-window--resize=\"callbacks.setButtonStyles\" src=\"https:\/\/diaspora.arhivi.lv\/silins\/wp-content\/uploads\/2024\/10\/Uldis-pics-BW-8a-702x1024.jpg\" alt=\"\" class=\"wp-image-776\" style=\"width:421px;height:auto\" srcset=\"https:\/\/diaspora.arhivi.lv\/silins\/wp-content\/uploads\/2024\/10\/Uldis-pics-BW-8a-702x1024.jpg 702w, https:\/\/diaspora.arhivi.lv\/silins\/wp-content\/uploads\/2024\/10\/Uldis-pics-BW-8a-206x300.jpg 206w, https:\/\/diaspora.arhivi.lv\/silins\/wp-content\/uploads\/2024\/10\/Uldis-pics-BW-8a-2000x2916.jpg 2000w, https:\/\/diaspora.arhivi.lv\/silins\/wp-content\/uploads\/2024\/10\/Uldis-pics-BW-8a-scaled.jpg 1756w\" sizes=\"auto, (max-width: 702px) 100vw, 702px\" \/><button\n\t\t\tclass=\"lightbox-trigger\"\n\t\t\ttype=\"button\"\n\t\t\taria-haspopup=\"dialog\"\n\t\t\taria-label=\"Palielin\u0101t\"\n\t\t\tdata-wp-init=\"callbacks.initTriggerButton\"\n\t\t\tdata-wp-on--click=\"actions.showLightbox\"\n\t\t\tdata-wp-style--right=\"state.imageButtonRight\"\n\t\t\tdata-wp-style--top=\"state.imageButtonTop\"\n\t\t>\n\t\t\t<svg xmlns=\"http:\/\/www.w3.org\/2000\/svg\" width=\"12\" height=\"12\" fill=\"none\" viewBox=\"0 0 12 12\">\n\t\t\t\t<path fill=\"#fff\" d=\"M2 0a2 2 0 0 0-2 2v2h1.5V2a.5.5 0 0 1 .5-.5h2V0H2Zm2 10.5H2a.5.5 0 0 1-.5-.5V8H0v2a2 2 0 0 0 2 2h2v-1.5ZM8 12v-1.5h2a.5.5 0 0 0 .5-.5V8H12v2a2 2 0 0 1-2 2H8Zm2-12a2 2 0 0 1 2 2v2h-1.5V2a.5.5 0 0 0-.5-.5H8V0h2Z\" \/>\n\t\t\t<\/svg>\n\t\t<\/button><figcaption class=\"wp-element-caption\">Uldis un Ilze Sili\u0146i sav\u0101 k\u0101zu dien\u0101, 1962. gads. Avots: Agritas Krievi\u0146as Sili\u0146as priv\u0101tais arh\u012bvs.<\/figcaption><\/figure>\n<\/div>\n<\/div>\n\n\n\n<p>.<\/p>\n\n\n\n<div class=\"wp-block-columns is-layout-flex wp-container-core-columns-is-layout-28f84493 wp-block-columns-is-layout-flex\">\n<div class=\"wp-block-column is-layout-flow wp-block-column-is-layout-flow\">\n<figure data-wp-context=\"{&quot;imageId&quot;:&quot;69ee78774cab3&quot;}\" data-wp-interactive=\"core\/image\" data-wp-key=\"69ee78774cab3\" class=\"wp-block-image aligncenter size-large wp-lightbox-container\"><img loading=\"lazy\" decoding=\"async\" width=\"1024\" height=\"673\" data-wp-class--hide=\"state.isContentHidden\" data-wp-class--show=\"state.isContentVisible\" data-wp-init=\"callbacks.setButtonStyles\" data-wp-on--click=\"actions.showLightbox\" data-wp-on--load=\"callbacks.setButtonStyles\" data-wp-on-window--resize=\"callbacks.setButtonStyles\" src=\"https:\/\/diaspora.arhivi.lv\/silins\/wp-content\/uploads\/2024\/10\/F.2387_apr.1v_l.22_Iespejams-Silinu-maja-1024x673.jpg\" alt=\"\" class=\"wp-image-497\" srcset=\"https:\/\/diaspora.arhivi.lv\/silins\/wp-content\/uploads\/2024\/10\/F.2387_apr.1v_l.22_Iespejams-Silinu-maja-1024x673.jpg 1024w, https:\/\/diaspora.arhivi.lv\/silins\/wp-content\/uploads\/2024\/10\/F.2387_apr.1v_l.22_Iespejams-Silinu-maja-300x197.jpg 300w, https:\/\/diaspora.arhivi.lv\/silins\/wp-content\/uploads\/2024\/10\/F.2387_apr.1v_l.22_Iespejams-Silinu-maja-rotated.jpg 1772w\" sizes=\"auto, (max-width: 1024px) 100vw, 1024px\" \/><button\n\t\t\tclass=\"lightbox-trigger\"\n\t\t\ttype=\"button\"\n\t\t\taria-haspopup=\"dialog\"\n\t\t\taria-label=\"Palielin\u0101t\"\n\t\t\tdata-wp-init=\"callbacks.initTriggerButton\"\n\t\t\tdata-wp-on--click=\"actions.showLightbox\"\n\t\t\tdata-wp-style--right=\"state.imageButtonRight\"\n\t\t\tdata-wp-style--top=\"state.imageButtonTop\"\n\t\t>\n\t\t\t<svg xmlns=\"http:\/\/www.w3.org\/2000\/svg\" width=\"12\" height=\"12\" fill=\"none\" viewBox=\"0 0 12 12\">\n\t\t\t\t<path fill=\"#fff\" d=\"M2 0a2 2 0 0 0-2 2v2h1.5V2a.5.5 0 0 1 .5-.5h2V0H2Zm2 10.5H2a.5.5 0 0 1-.5-.5V8H0v2a2 2 0 0 0 2 2h2v-1.5ZM8 12v-1.5h2a.5.5 0 0 0 .5-.5V8H12v2a2 2 0 0 1-2 2H8Zm2-12a2 2 0 0 1 2 2v2h-1.5V2a.5.5 0 0 0-.5-.5H8V0h2Z\" \/>\n\t\t\t<\/svg>\n\t\t<\/button><figcaption class=\"wp-element-caption\">Ulda Sili\u0146a \u0123imenes m\u0101ja Gr\u012bneikeras priek\u0161pils\u0113t\u0101. Avots: LNA_LVA F2387_1v_22<\/figcaption><\/figure>\n<\/div>\n\n\n\n<div class=\"wp-block-column is-layout-flow wp-block-column-is-layout-flow\">\n<figure data-wp-context=\"{&quot;imageId&quot;:&quot;69ee78774d3a5&quot;}\" data-wp-interactive=\"core\/image\" data-wp-key=\"69ee78774d3a5\" class=\"wp-block-image aligncenter size-full is-resized wp-lightbox-container\"><img loading=\"lazy\" decoding=\"async\" width=\"925\" height=\"922\" data-wp-class--hide=\"state.isContentHidden\" data-wp-class--show=\"state.isContentVisible\" data-wp-init=\"callbacks.setButtonStyles\" data-wp-on--click=\"actions.showLightbox\" data-wp-on--load=\"callbacks.setButtonStyles\" data-wp-on-window--resize=\"callbacks.setButtonStyles\" src=\"https:\/\/diaspora.arhivi.lv\/silins\/wp-content\/uploads\/2024\/10\/F.2387_apr.1v_l.22_Silini-savas-majas-darza-1970.gados_.jpg\" alt=\"\" class=\"wp-image-498\" style=\"width:396px;height:auto\" srcset=\"https:\/\/diaspora.arhivi.lv\/silins\/wp-content\/uploads\/2024\/10\/F.2387_apr.1v_l.22_Silini-savas-majas-darza-1970.gados_.jpg 925w, https:\/\/diaspora.arhivi.lv\/silins\/wp-content\/uploads\/2024\/10\/F.2387_apr.1v_l.22_Silini-savas-majas-darza-1970.gados_-300x300.jpg 300w, https:\/\/diaspora.arhivi.lv\/silins\/wp-content\/uploads\/2024\/10\/F.2387_apr.1v_l.22_Silini-savas-majas-darza-1970.gados_-150x150.jpg 150w\" sizes=\"auto, (max-width: 925px) 100vw, 925px\" \/><button\n\t\t\tclass=\"lightbox-trigger\"\n\t\t\ttype=\"button\"\n\t\t\taria-haspopup=\"dialog\"\n\t\t\taria-label=\"Palielin\u0101t\"\n\t\t\tdata-wp-init=\"callbacks.initTriggerButton\"\n\t\t\tdata-wp-on--click=\"actions.showLightbox\"\n\t\t\tdata-wp-style--right=\"state.imageButtonRight\"\n\t\t\tdata-wp-style--top=\"state.imageButtonTop\"\n\t\t>\n\t\t\t<svg xmlns=\"http:\/\/www.w3.org\/2000\/svg\" width=\"12\" height=\"12\" fill=\"none\" viewBox=\"0 0 12 12\">\n\t\t\t\t<path fill=\"#fff\" d=\"M2 0a2 2 0 0 0-2 2v2h1.5V2a.5.5 0 0 1 .5-.5h2V0H2Zm2 10.5H2a.5.5 0 0 1-.5-.5V8H0v2a2 2 0 0 0 2 2h2v-1.5ZM8 12v-1.5h2a.5.5 0 0 0 .5-.5V8H12v2a2 2 0 0 1-2 2H8Zm2-12a2 2 0 0 1 2 2v2h-1.5V2a.5.5 0 0 0-.5-.5H8V0h2Z\" \/>\n\t\t\t<\/svg>\n\t\t<\/button><figcaption class=\"wp-element-caption\">Sili\u0146i savas m\u0101jas d\u0101rz\u0101 1970. gados. Avots: LNA_LVA F2387_1v_22<\/figcaption><\/figure>\n<\/div>\n<\/div>\n\n\n\n<figure data-wp-context=\"{&quot;imageId&quot;:&quot;69ee78774ddff&quot;}\" data-wp-interactive=\"core\/image\" data-wp-key=\"69ee78774ddff\" class=\"wp-block-image aligncenter size-large is-resized wp-lightbox-container\"><img loading=\"lazy\" decoding=\"async\" width=\"1024\" height=\"688\" data-wp-class--hide=\"state.isContentHidden\" data-wp-class--show=\"state.isContentVisible\" data-wp-init=\"callbacks.setButtonStyles\" data-wp-on--click=\"actions.showLightbox\" data-wp-on--load=\"callbacks.setButtonStyles\" data-wp-on-window--resize=\"callbacks.setButtonStyles\" src=\"https:\/\/diaspora.arhivi.lv\/silins\/wp-content\/uploads\/2024\/11\/Uldis-pics-7-7-Sidnejas-latviesu-nama-veikalina-1-1024x688.jpeg\" alt=\"\" class=\"wp-image-891\" style=\"width:615px;height:auto\" srcset=\"https:\/\/diaspora.arhivi.lv\/silins\/wp-content\/uploads\/2024\/11\/Uldis-pics-7-7-Sidnejas-latviesu-nama-veikalina-1-1024x688.jpeg 1024w, https:\/\/diaspora.arhivi.lv\/silins\/wp-content\/uploads\/2024\/11\/Uldis-pics-7-7-Sidnejas-latviesu-nama-veikalina-1-300x202.jpeg 300w, https:\/\/diaspora.arhivi.lv\/silins\/wp-content\/uploads\/2024\/11\/Uldis-pics-7-7-Sidnejas-latviesu-nama-veikalina-1-2000x1343.jpeg 2000w\" sizes=\"auto, (max-width: 1024px) 100vw, 1024px\" \/><button\n\t\t\tclass=\"lightbox-trigger\"\n\t\t\ttype=\"button\"\n\t\t\taria-haspopup=\"dialog\"\n\t\t\taria-label=\"Palielin\u0101t\"\n\t\t\tdata-wp-init=\"callbacks.initTriggerButton\"\n\t\t\tdata-wp-on--click=\"actions.showLightbox\"\n\t\t\tdata-wp-style--right=\"state.imageButtonRight\"\n\t\t\tdata-wp-style--top=\"state.imageButtonTop\"\n\t\t>\n\t\t\t<svg xmlns=\"http:\/\/www.w3.org\/2000\/svg\" width=\"12\" height=\"12\" fill=\"none\" viewBox=\"0 0 12 12\">\n\t\t\t\t<path fill=\"#fff\" d=\"M2 0a2 2 0 0 0-2 2v2h1.5V2a.5.5 0 0 1 .5-.5h2V0H2Zm2 10.5H2a.5.5 0 0 1-.5-.5V8H0v2a2 2 0 0 0 2 2h2v-1.5ZM8 12v-1.5h2a.5.5 0 0 0 .5-.5V8H12v2a2 2 0 0 1-2 2H8Zm2-12a2 2 0 0 1 2 2v2h-1.5V2a.5.5 0 0 0-.5-.5H8V0h2Z\" \/>\n\t\t\t<\/svg>\n\t\t<\/button><figcaption class=\"wp-element-caption\">Uldis Sili\u0146\u0161 Sidnejas latvie\u0161u nama veikali\u0146\u0101. Avots: Agritas Krievi\u0146as Sili\u0146as priv\u0101tais arh\u012bvs<\/figcaption><\/figure>\n\n\n\n<p>Atst\u0101jot Latviju, Uldim bija tikai 14 gadu, un Latviju vi\u0146\u0161 pirmo reizi atkal apmekl\u0113ja vien 1987. gad\u0101 pirms Dziesmu sv\u0113tkiem Minster\u0113. 1990. gad\u0101 Sili\u0146\u0161 dev\u0101s pensij\u0101, bet v\u0113l p\u0101ris gadus turpin\u0101ja str\u0101d\u0101t par p\u0101rzini&nbsp;Sidnejas latvie\u0161u biedr\u012bbas gr\u0101matn\u012bc\u0101 &#8220;R\u012bga&#8221; un br\u012bvo laiku pavad\u012bja rakstot. No 1990. gada ik vasaru vi\u0146\u0161 brauca uz Latviju, kur pavad\u012bja divus l\u012bdz tr\u012bs m\u0113ne\u0161us, ar katru reizi paliekot ilg\u0101k. 1996. gad\u0101 Latvij\u0101 vi\u0146\u0161 str\u0101d\u0101ja pie izdevniec\u012bbas &#8220;Ievanda&#8221; par redaktoru, bet slim\u012bba vi\u0146u spieda atgriezties Austr\u0101lij\u0101. \u012apa\u0161i tuvas vi\u0146am k\u013cuva Austr\u0101lij\u0101, Latvij\u0101 un V\u0101cij\u0101 r\u012bkot\u0101s 3&#215;3 latvie\u0161u nometnes. Vi\u0146\u0161 piedal\u012bjies vair\u0101k nek\u0101 20 nometn\u0113s un darbojies da\u017e\u0101d\u0101s kapacit\u0101t\u0113s &#8211; re\u017eisors, redaktors, lektors vai vienk\u0101r\u0161i k\u0101 nometnes laikraksta korespondents. 1997. gada 3&#215;3 nometn\u0113 Gaujien\u0101 Uldis pirmo reizi sastapa savu otru topo\u0161o sievu R\u012bgas Tehnisk\u0101s universit\u0101tes docenti un \u0101das apstr\u0101des amata meistari Agritu Krievi\u0146u. Daudzu gadu draudz\u012bba, kop\u012bgs darbs pie gr\u0101mat\u0101m un ikgad\u0113ja dal\u012bba 3&#215;3 nometn\u0113s p\u0101rauga m\u012blest\u012bb\u0101, un abi apprec\u0113j\u0101s 2018. gad\u0101, pusotru gadu p\u0113c vi\u0146a sievas Ilzes n\u0101ves. Abi ne mirkli ne\u0161aub\u012bj\u0101s, ka vi\u0146u past\u0101v\u012bgajai dz\u012bvesvietai j\u0101b\u016bt Latvij\u0101. Visu savu dz\u012bvi Sidnej\u0101 Uldis bija cie\u0161i iesaist\u012bts latvie\u0161u sabiedr\u012bb\u0101, t\u0101d\u0113\u013c Latvija vi\u0146am lik\u0101s pareiz\u0101k\u0101 vieta dz\u012bvo\u0161anai un str\u0101d\u0101\u0161anai. P\u0113d\u0113jos dz\u012bves gadus Uldis, cik sp\u0113ja, akt\u012bvi str\u0101d\u0101ja pie datora. Palika ies\u0101kta gr\u0101mata par Carnikavu \u201cLai ar k\u0101di v\u0113ji p\u016b\u0161&#8221;. Vair\u0101ku insultu sekas ne\u013c\u0101va vi\u0146am akt\u012bvi tikties ar draugiem Latvij\u0101, bet draugi apciemoja vi\u0146u. Uldis dev\u0101s m\u016b\u017e\u012bb\u0101 2024. gada 7. febru\u0101r\u012b 94 gadu vecum\u0101 un apglab\u0101ts Carnikavas kapos blakus vec\u0101kiem, vecaim\u0101tei un sievai Ilzei.<\/p>\n\n\n\n<p class=\"has-text-align-center\"><em>&#8220;Es sapni par dzimteni pagalv\u012b liku\u2026&#8221;<\/em><\/p>\n\n\n\n<p class=\"has-text-align-center\">Sapnis ir piepild\u012bjies.<\/p>\n\n\n\n<p><strong>Uldis Sili\u0146\u0161 dz\u012bves nogal\u0113<\/strong>.<\/p>\n\n\n\n<div class=\"wp-block-columns is-layout-flex wp-container-core-columns-is-layout-28f84493 wp-block-columns-is-layout-flex\">\n<div class=\"wp-block-column is-layout-flow wp-block-column-is-layout-flow\">\n<figure data-wp-context=\"{&quot;imageId&quot;:&quot;69ee78774e7a3&quot;}\" data-wp-interactive=\"core\/image\" data-wp-key=\"69ee78774e7a3\" class=\"wp-block-image aligncenter size-large wp-lightbox-container\"><img loading=\"lazy\" decoding=\"async\" width=\"768\" height=\"1024\" data-wp-class--hide=\"state.isContentHidden\" data-wp-class--show=\"state.isContentVisible\" data-wp-init=\"callbacks.setButtonStyles\" data-wp-on--click=\"actions.showLightbox\" data-wp-on--load=\"callbacks.setButtonStyles\" data-wp-on-window--resize=\"callbacks.setButtonStyles\" src=\"https:\/\/diaspora.arhivi.lv\/silins\/wp-content\/uploads\/2024\/11\/Uldis-90.dz_.diena-ar-deliem-Gintu-un-Martinu-1-768x1024.jpg\" alt=\"\" class=\"wp-image-893\" srcset=\"https:\/\/diaspora.arhivi.lv\/silins\/wp-content\/uploads\/2024\/11\/Uldis-90.dz_.diena-ar-deliem-Gintu-un-Martinu-1-768x1024.jpg 768w, https:\/\/diaspora.arhivi.lv\/silins\/wp-content\/uploads\/2024\/11\/Uldis-90.dz_.diena-ar-deliem-Gintu-un-Martinu-1-225x300.jpg 225w, https:\/\/diaspora.arhivi.lv\/silins\/wp-content\/uploads\/2024\/11\/Uldis-90.dz_.diena-ar-deliem-Gintu-un-Martinu-1.jpg 1200w\" sizes=\"auto, (max-width: 768px) 100vw, 768px\" \/><button\n\t\t\tclass=\"lightbox-trigger\"\n\t\t\ttype=\"button\"\n\t\t\taria-haspopup=\"dialog\"\n\t\t\taria-label=\"Palielin\u0101t\"\n\t\t\tdata-wp-init=\"callbacks.initTriggerButton\"\n\t\t\tdata-wp-on--click=\"actions.showLightbox\"\n\t\t\tdata-wp-style--right=\"state.imageButtonRight\"\n\t\t\tdata-wp-style--top=\"state.imageButtonTop\"\n\t\t>\n\t\t\t<svg xmlns=\"http:\/\/www.w3.org\/2000\/svg\" width=\"12\" height=\"12\" fill=\"none\" viewBox=\"0 0 12 12\">\n\t\t\t\t<path fill=\"#fff\" d=\"M2 0a2 2 0 0 0-2 2v2h1.5V2a.5.5 0 0 1 .5-.5h2V0H2Zm2 10.5H2a.5.5 0 0 1-.5-.5V8H0v2a2 2 0 0 0 2 2h2v-1.5ZM8 12v-1.5h2a.5.5 0 0 0 .5-.5V8H12v2a2 2 0 0 1-2 2H8Zm2-12a2 2 0 0 1 2 2v2h-1.5V2a.5.5 0 0 0-.5-.5H8V0h2Z\" \/>\n\t\t\t<\/svg>\n\t\t<\/button><figcaption class=\"wp-element-caption\">Uldis Sili\u0146\u0161 90 gadu dzim\u0161anas dien\u0101 ar d\u0113liem Gintu un M\u0101rti\u0146u.  Avots: Agritas Krievi\u0146as Sili\u0146as priv\u0101tais arh\u012bvs.<\/figcaption><\/figure>\n<\/div>\n\n\n\n<div class=\"wp-block-column is-layout-flow wp-block-column-is-layout-flow\">\n<figure data-wp-context=\"{&quot;imageId&quot;:&quot;69ee78774f0c5&quot;}\" data-wp-interactive=\"core\/image\" data-wp-key=\"69ee78774f0c5\" class=\"wp-block-image aligncenter size-large wp-lightbox-container\"><img loading=\"lazy\" decoding=\"async\" width=\"768\" height=\"1024\" data-wp-class--hide=\"state.isContentHidden\" data-wp-class--show=\"state.isContentVisible\" data-wp-init=\"callbacks.setButtonStyles\" data-wp-on--click=\"actions.showLightbox\" data-wp-on--load=\"callbacks.setButtonStyles\" data-wp-on-window--resize=\"callbacks.setButtonStyles\" src=\"https:\/\/diaspora.arhivi.lv\/silins\/wp-content\/uploads\/2025\/01\/UldisSilins-2023-12-09-at-10.27.22-768x1024.jpeg\" alt=\"\" class=\"wp-image-940\" srcset=\"https:\/\/diaspora.arhivi.lv\/silins\/wp-content\/uploads\/2025\/01\/UldisSilins-2023-12-09-at-10.27.22-768x1024.jpeg 768w, https:\/\/diaspora.arhivi.lv\/silins\/wp-content\/uploads\/2025\/01\/UldisSilins-2023-12-09-at-10.27.22-225x300.jpeg 225w, https:\/\/diaspora.arhivi.lv\/silins\/wp-content\/uploads\/2025\/01\/UldisSilins-2023-12-09-at-10.27.22.jpeg 1536w\" sizes=\"auto, (max-width: 768px) 100vw, 768px\" \/><button\n\t\t\tclass=\"lightbox-trigger\"\n\t\t\ttype=\"button\"\n\t\t\taria-haspopup=\"dialog\"\n\t\t\taria-label=\"Palielin\u0101t\"\n\t\t\tdata-wp-init=\"callbacks.initTriggerButton\"\n\t\t\tdata-wp-on--click=\"actions.showLightbox\"\n\t\t\tdata-wp-style--right=\"state.imageButtonRight\"\n\t\t\tdata-wp-style--top=\"state.imageButtonTop\"\n\t\t>\n\t\t\t<svg xmlns=\"http:\/\/www.w3.org\/2000\/svg\" width=\"12\" height=\"12\" fill=\"none\" viewBox=\"0 0 12 12\">\n\t\t\t\t<path fill=\"#fff\" d=\"M2 0a2 2 0 0 0-2 2v2h1.5V2a.5.5 0 0 1 .5-.5h2V0H2Zm2 10.5H2a.5.5 0 0 1-.5-.5V8H0v2a2 2 0 0 0 2 2h2v-1.5ZM8 12v-1.5h2a.5.5 0 0 0 .5-.5V8H12v2a2 2 0 0 1-2 2H8Zm2-12a2 2 0 0 1 2 2v2h-1.5V2a.5.5 0 0 0-.5-.5H8V0h2Z\" \/>\n\t\t\t<\/svg>\n\t\t<\/button><figcaption class=\"wp-element-caption\">Uldis Sili\u0146\u0161 ar savu sievu Agritu un mazd\u0113lu Aleksu Sili\u0146u 2023. gada decembr\u012b. Avots: Agritas Krievi\u0146as Sili\u0146as priv\u0101tais arh\u012bvs.<\/figcaption><\/figure>\n<\/div>\n\n\n\n<div class=\"wp-block-column is-layout-flow wp-block-column-is-layout-flow\">\n<figure data-wp-context=\"{&quot;imageId&quot;:&quot;69ee78774f999&quot;}\" data-wp-interactive=\"core\/image\" data-wp-key=\"69ee78774f999\" class=\"wp-block-image aligncenter size-large wp-lightbox-container\"><img loading=\"lazy\" decoding=\"async\" width=\"768\" height=\"1024\" data-wp-class--hide=\"state.isContentHidden\" data-wp-class--show=\"state.isContentVisible\" data-wp-init=\"callbacks.setButtonStyles\" data-wp-on--click=\"actions.showLightbox\" data-wp-on--load=\"callbacks.setButtonStyles\" data-wp-on-window--resize=\"callbacks.setButtonStyles\" src=\"https:\/\/diaspora.arhivi.lv\/silins\/wp-content\/uploads\/2024\/11\/Uldis-pie-pieminekla-1-768x1024.jpg\" alt=\"\" class=\"wp-image-895\" srcset=\"https:\/\/diaspora.arhivi.lv\/silins\/wp-content\/uploads\/2024\/11\/Uldis-pie-pieminekla-1-768x1024.jpg 768w, https:\/\/diaspora.arhivi.lv\/silins\/wp-content\/uploads\/2024\/11\/Uldis-pie-pieminekla-1-225x300.jpg 225w, https:\/\/diaspora.arhivi.lv\/silins\/wp-content\/uploads\/2024\/11\/Uldis-pie-pieminekla-1.jpg 1536w\" sizes=\"auto, (max-width: 768px) 100vw, 768px\" \/><button\n\t\t\tclass=\"lightbox-trigger\"\n\t\t\ttype=\"button\"\n\t\t\taria-haspopup=\"dialog\"\n\t\t\taria-label=\"Palielin\u0101t\"\n\t\t\tdata-wp-init=\"callbacks.initTriggerButton\"\n\t\t\tdata-wp-on--click=\"actions.showLightbox\"\n\t\t\tdata-wp-style--right=\"state.imageButtonRight\"\n\t\t\tdata-wp-style--top=\"state.imageButtonTop\"\n\t\t>\n\t\t\t<svg xmlns=\"http:\/\/www.w3.org\/2000\/svg\" width=\"12\" height=\"12\" fill=\"none\" viewBox=\"0 0 12 12\">\n\t\t\t\t<path fill=\"#fff\" d=\"M2 0a2 2 0 0 0-2 2v2h1.5V2a.5.5 0 0 1 .5-.5h2V0H2Zm2 10.5H2a.5.5 0 0 1-.5-.5V8H0v2a2 2 0 0 0 2 2h2v-1.5ZM8 12v-1.5h2a.5.5 0 0 0 .5-.5V8H12v2a2 2 0 0 1-2 2H8Zm2-12a2 2 0 0 1 2 2v2h-1.5V2a.5.5 0 0 0-.5-.5H8V0h2Z\" \/>\n\t\t\t<\/svg>\n\t\t<\/button><figcaption class=\"wp-element-caption\">Uldis Sili\u0146\u0161 pie Br\u012bv\u012bbas pieminek\u013ca. Avots: Agritas Krievi\u0146as Sili\u0146as priv\u0101tais arh\u012bvs.<\/figcaption><\/figure>\n<\/div>\n<\/div>\n\n\n\n<figure data-wp-context=\"{&quot;imageId&quot;:&quot;69ee7877503f1&quot;}\" data-wp-interactive=\"core\/image\" data-wp-key=\"69ee7877503f1\" class=\"wp-block-image aligncenter size-large is-resized wp-lightbox-container\"><img loading=\"lazy\" decoding=\"async\" width=\"1024\" height=\"768\" data-wp-class--hide=\"state.isContentHidden\" data-wp-class--show=\"state.isContentVisible\" data-wp-init=\"callbacks.setButtonStyles\" data-wp-on--click=\"actions.showLightbox\" data-wp-on--load=\"callbacks.setButtonStyles\" data-wp-on-window--resize=\"callbacks.setButtonStyles\" src=\"https:\/\/diaspora.arhivi.lv\/silins\/wp-content\/uploads\/2024\/11\/mazberni-1-1024x768.jpg\" alt=\"\" class=\"wp-image-896\" style=\"width:612px;height:auto\" srcset=\"https:\/\/diaspora.arhivi.lv\/silins\/wp-content\/uploads\/2024\/11\/mazberni-1-1024x768.jpg 1024w, https:\/\/diaspora.arhivi.lv\/silins\/wp-content\/uploads\/2024\/11\/mazberni-1-300x225.jpg 300w, https:\/\/diaspora.arhivi.lv\/silins\/wp-content\/uploads\/2024\/11\/mazberni-1.jpg 1600w\" sizes=\"auto, (max-width: 1024px) 100vw, 1024px\" \/><button\n\t\t\tclass=\"lightbox-trigger\"\n\t\t\ttype=\"button\"\n\t\t\taria-haspopup=\"dialog\"\n\t\t\taria-label=\"Palielin\u0101t\"\n\t\t\tdata-wp-init=\"callbacks.initTriggerButton\"\n\t\t\tdata-wp-on--click=\"actions.showLightbox\"\n\t\t\tdata-wp-style--right=\"state.imageButtonRight\"\n\t\t\tdata-wp-style--top=\"state.imageButtonTop\"\n\t\t>\n\t\t\t<svg xmlns=\"http:\/\/www.w3.org\/2000\/svg\" width=\"12\" height=\"12\" fill=\"none\" viewBox=\"0 0 12 12\">\n\t\t\t\t<path fill=\"#fff\" d=\"M2 0a2 2 0 0 0-2 2v2h1.5V2a.5.5 0 0 1 .5-.5h2V0H2Zm2 10.5H2a.5.5 0 0 1-.5-.5V8H0v2a2 2 0 0 0 2 2h2v-1.5ZM8 12v-1.5h2a.5.5 0 0 0 .5-.5V8H12v2a2 2 0 0 1-2 2H8Zm2-12a2 2 0 0 1 2 2v2h-1.5V2a.5.5 0 0 0-.5-.5H8V0h2Z\" \/>\n\t\t\t<\/svg>\n\t\t<\/button><figcaption class=\"wp-element-caption\">Uldis Sili\u0146\u0161 90 gadu dzim\u0161anas dien\u0101 kop\u0101 ar mazb\u0113rniem Aleksu, Anniku, Rainu, Adrianu, Torliju un D\u017eous\u012b. Avots: Agritas Krievi\u0146as Sili\u0146as priv\u0101tais arh\u012bvs.<\/figcaption><\/figure>\n\n\n\n<p><strong>Uldis Sili\u0146\u0161 3&#215;3 nometn\u0113 B\u0113rzain\u0113 V\u0101cij\u0101<\/strong> <strong>2018. gada august\u0101<\/strong>.<\/p>\n\n\n\n<figure class=\"wp-block-embed is-type-video is-provider-youtube wp-block-embed-youtube wp-embed-aspect-16-9 wp-has-aspect-ratio\"><div class=\"wp-block-embed__wrapper\">\n<iframe loading=\"lazy\" title=\"Uldis Silins\" width=\"950\" height=\"534\" src=\"https:\/\/www.youtube.com\/embed\/QhtlorEve2Y?feature=oembed\" frameborder=\"0\" allow=\"accelerometer; autoplay; clipboard-write; encrypted-media; gyroscope; picture-in-picture; web-share\" referrerpolicy=\"strict-origin-when-cross-origin\" allowfullscreen><\/iframe>\n<\/div><\/figure>\n\n\n\n<p><\/p>\n","protected":false},"excerpt":{"rendered":"<p>1950. gada 16. mart\u0101 no V\u0101cijas cauri tranz\u012btnometnei Neapol\u0113 It\u0101lij\u0101 Sidnej\u0101 ierad\u0101s amerik\u0101\u0146u armijas transporta ku\u0123is &#8220;General C. H. Muir&#8221; ar &#8220;p\u0101rvietotaj\u0101m person\u0101m&#8221; no V\u0101cijas b\u0113g\u013cu nometn\u0113m. Uz t\u0101 atrad\u0101s 1278 jaunatbrauc\u0113ju, to vid\u016b 50 latvie\u0161i. Starp paz\u012bstam\u0101kajiem minami bijus\u012b Latvijas Nacion\u0101l\u0101 te\u0101tra aktrise Lita Zemgale, Eslingenes te\u0101tra aktieris K. Gulbergs, sporta darbinieks K. Cerbulis, &hellip; <\/p>\n<p class=\"link-more\"><a href=\"https:\/\/diaspora.arhivi.lv\/silins\/dzive-australija\/\" class=\"more-link\">Read more<span class=\"screen-reader-text\"> &#8220;Dz\u012bve Austr\u0101lij\u0101&#8221;<\/span><\/a><\/p>\n","protected":false},"author":1,"featured_media":713,"parent":0,"menu_order":0,"comment_status":"closed","ping_status":"closed","template":"","meta":{"footnotes":""},"class_list":["post-45","page","type-page","status-publish","has-post-thumbnail","hentry"],"_links":{"self":[{"href":"https:\/\/diaspora.arhivi.lv\/silins\/wp-json\/wp\/v2\/pages\/45","targetHints":{"allow":["GET"]}}],"collection":[{"href":"https:\/\/diaspora.arhivi.lv\/silins\/wp-json\/wp\/v2\/pages"}],"about":[{"href":"https:\/\/diaspora.arhivi.lv\/silins\/wp-json\/wp\/v2\/types\/page"}],"author":[{"embeddable":true,"href":"https:\/\/diaspora.arhivi.lv\/silins\/wp-json\/wp\/v2\/users\/1"}],"replies":[{"embeddable":true,"href":"https:\/\/diaspora.arhivi.lv\/silins\/wp-json\/wp\/v2\/comments?post=45"}],"version-history":[{"count":178,"href":"https:\/\/diaspora.arhivi.lv\/silins\/wp-json\/wp\/v2\/pages\/45\/revisions"}],"predecessor-version":[{"id":945,"href":"https:\/\/diaspora.arhivi.lv\/silins\/wp-json\/wp\/v2\/pages\/45\/revisions\/945"}],"wp:featuredmedia":[{"embeddable":true,"href":"https:\/\/diaspora.arhivi.lv\/silins\/wp-json\/wp\/v2\/media\/713"}],"wp:attachment":[{"href":"https:\/\/diaspora.arhivi.lv\/silins\/wp-json\/wp\/v2\/media?parent=45"}],"curies":[{"name":"wp","href":"https:\/\/api.w.org\/{rel}","templated":true}]}}