{"id":21,"date":"2024-08-22T10:06:20","date_gmt":"2024-08-22T07:06:20","guid":{"rendered":"https:\/\/diaspora.arhivi.lv\/silins\/?page_id=21"},"modified":"2025-01-24T14:59:47","modified_gmt":"2025-01-24T12:59:47","slug":"beglugaitas","status":"publish","type":"page","link":"https:\/\/diaspora.arhivi.lv\/silins\/beglugaitas\/","title":{"rendered":"B\u0113g\u013cu gaitas"},"content":{"rendered":"\n<p class=\"has-text-align-center has-background\" style=\"background-color:#e4d79e\">&#8220;T\u0113vs izl\u0113ma doties uz Kurzemi. Joc\u012bgi, k\u0101das lietas paliek atmi\u0146\u0101. Es atceros rudzus. Tie bija tik paaugu\u0161i k\u0101 v\u0113l nekad. Kad m\u0113s dev\u0101mies ce\u013c\u0101, es atceros, ka rudzi palika nenop\u013cauti, un tos p\u013cauj j\u016blij\u0101. Brauc\u0101m cauri Kurzemes pils\u0113tel\u0113m par kur\u0101m biju tikai las\u012bjis un dzird\u0113jis. Gleznainie Abavas krasti, biezie eg\u013cu me\u017ei, k\u0101di m\u016bsu pus\u0113 nebija. Oktobr\u012b m\u0113s ar pa\u0161tais\u012bt\u0101m des\u0101m, \u017e\u0101v\u0113ta spe\u0137a gabaliem un person\u012bgaj\u0101m mant\u0101m dev\u0101mies uz Liep\u0101ju, kur apmet\u0101mies k\u0101d\u0101 priv\u0101tm\u0101j\u0101. T\u0113vs bija m\u016bs pieteicis izbrauk\u0161anai uz V\u0101ciju un nu tikai atlika gaid\u012bt savu k\u0101rtu. Pa nakt\u012bm krievu lidma\u0161\u012bnas bombard\u0113ja Liep\u0101jas ostu, gan nek\u0101du lielu postu nenodar\u012bja. Beidzot k\u0101p\u0101m uz ku\u0123a. Atst\u0101jot Liep\u0101jas krastu, m\u0113s st\u0101v\u0113j\u0101m uz kl\u0101ja un dzied\u0101j\u0101m &#8220;Dievs, sv\u0113t\u012b Latviju!&#8221;.&#8221;<\/p>\n\n\n\n<p class=\"has-text-align-center has-background\" style=\"background-color:#e4d79e\">U. Sili\u0146\u0161. <em>Atskat\u012bties, pasmaid\u012bt<\/em> (<em>1934-1945)<\/em>: autobiogr\u0101fiskas piez\u012bmes.<\/p>\n\n\n\n<div class=\"wp-block-columns is-layout-flex wp-container-core-columns-is-layout-28f84493 wp-block-columns-is-layout-flex\">\n<div class=\"wp-block-column is-layout-flow wp-block-column-is-layout-flow\">\n<p>Sili\u0146u \u0123imenes b\u0113g\u013cu ce\u013c\u0161 s\u0101k\u0101s 1944. gada vasar\u0101 uz Gudenieku pagastu Kurzem\u0113. T\u0101 pa\u0161a gada oktobr\u012b sekoja brauciens ar ku\u0123i no Liep\u0101jas uz Gotenh\u0101feni V\u0101cij\u0101 (tagad Gdi\u0146a Polij\u0101). 1945. gada sa\u0304kumu Uldis Silin\u0327\u0161 pavad\u012bja nocietinot Austrumu fronti pie \u0160tetinas (tagad \u0160\u010decina Polij\u0101), bet t\u0113vs tika pielikts pie darba \u0160ver\u012bn\u0113. I\u0304si pirms Va\u0304cijas kapitula\u0304cijas, br\u012bvpr\u0101t\u012bgi piesakoties v\u0101cu bru\u0146otajos sp\u0113kos, laimi\u0304gi izkl\u0327uva no krievu ielenkuma. Sa\u0146\u0113mis atva\u013cin\u0101juma z\u012bmi, p\u0101rtikas karti\u0146as div\u0101m ned\u0113\u013c\u0101m un priv\u0101tas dr\u0113bes, Uldis izbrauca no apdraud\u0113t\u0101s joslas ar vilcienu. Ce\u013c\u0101 uz \u0160ver\u012bni pie t\u0113va vilcienam uzbruka ang\u013cu &#8220;t\u012bffl\u012bgeri&#8221;, tiekot sveik\u0101 cauri ar vienu boj\u0101g\u0101ju\u0161o. P\u0113c kara beig\u0101m amerik\u0101\u0146i vi\u0146u kop\u0101 ar \u0123imeni gandr\u012bz izdeva krieviem. Izgl\u0101bties izdevies tikai p\u0101ris simtu metru no robe\u017eas, pateicoties amerik\u0101\u0146u armijas \u0161oferim.&nbsp;<\/p>\n<\/div>\n\n\n\n<div class=\"wp-block-column is-layout-flow wp-block-column-is-layout-flow\">\n<figure data-wp-context=\"{&quot;imageId&quot;:&quot;69ee7861d7f3f&quot;}\" data-wp-interactive=\"core\/image\" data-wp-key=\"69ee7861d7f3f\" class=\"wp-block-image aligncenter size-full is-resized wp-lightbox-container\"><img loading=\"lazy\" decoding=\"async\" width=\"965\" height=\"613\" data-wp-class--hide=\"state.isContentHidden\" data-wp-class--show=\"state.isContentVisible\" data-wp-init=\"callbacks.setButtonStyles\" data-wp-on--click=\"actions.showLightbox\" data-wp-on--load=\"callbacks.setButtonStyles\" data-wp-on-window--resize=\"callbacks.setButtonStyles\" src=\"https:\/\/diaspora.arhivi.lv\/silins\/wp-content\/uploads\/2024\/09\/LNA_LVA-F2387_1v_26-4.lp_.-M.Silins-darbos-Sverina-1945.jpg\" alt=\"\" class=\"wp-image-407\" style=\"width:608px;height:auto\" srcset=\"https:\/\/diaspora.arhivi.lv\/silins\/wp-content\/uploads\/2024\/09\/LNA_LVA-F2387_1v_26-4.lp_.-M.Silins-darbos-Sverina-1945.jpg 965w, https:\/\/diaspora.arhivi.lv\/silins\/wp-content\/uploads\/2024\/09\/LNA_LVA-F2387_1v_26-4.lp_.-M.Silins-darbos-Sverina-1945-300x191.jpg 300w\" sizes=\"auto, (max-width: 965px) 100vw, 965px\" \/><button\n\t\t\tclass=\"lightbox-trigger\"\n\t\t\ttype=\"button\"\n\t\t\taria-haspopup=\"dialog\"\n\t\t\taria-label=\"Palielin\u0101t\"\n\t\t\tdata-wp-init=\"callbacks.initTriggerButton\"\n\t\t\tdata-wp-on--click=\"actions.showLightbox\"\n\t\t\tdata-wp-style--right=\"state.imageButtonRight\"\n\t\t\tdata-wp-style--top=\"state.imageButtonTop\"\n\t\t>\n\t\t\t<svg xmlns=\"http:\/\/www.w3.org\/2000\/svg\" width=\"12\" height=\"12\" fill=\"none\" viewBox=\"0 0 12 12\">\n\t\t\t\t<path fill=\"#fff\" d=\"M2 0a2 2 0 0 0-2 2v2h1.5V2a.5.5 0 0 1 .5-.5h2V0H2Zm2 10.5H2a.5.5 0 0 1-.5-.5V8H0v2a2 2 0 0 0 2 2h2v-1.5ZM8 12v-1.5h2a.5.5 0 0 0 .5-.5V8H12v2a2 2 0 0 1-2 2H8Zm2-12a2 2 0 0 1 2 2v2h-1.5V2a.5.5 0 0 0-.5-.5H8V0h2Z\" \/>\n\t\t\t<\/svg>\n\t\t<\/button><figcaption class=\"wp-element-caption\">Ulda t\u0113vs M\u0101rti\u0146\u0161 Sili\u0146\u0161 darbos \u0160ver\u012bn\u0113 V\u0101cij\u0101, 1945. gads. Avots: LNA_LVA F2387_1v_26 4. lp.<\/figcaption><\/figure>\n<\/div>\n<\/div>\n\n\n\n<p><\/p>\n\n\n\n<figure class=\"wp-block-audio\"><audio controls src=\"https:\/\/diaspora.arhivi.lv\/silins\/wp-content\/uploads\/2024\/10\/Par-aplenkumu-25.08.12.mp3\"><\/audio><figcaption class=\"wp-element-caption\">Intervija ar Uldi Sili\u0146u par aplenkumu un izb\u0113g\u0161anu no izdo\u0161anas krieviem. Avots: Agritas Krievi\u0146as Sili\u0146as priv\u0101tais arh\u012bvs.<\/figcaption><\/figure>\n\n\n\n<p>1945. gada maija beig\u0101s daudzi latvie\u0161u b\u0113g\u013ci, tostarp Sili\u0146u \u0123imene, tika novirz\u012bti uz Lineburgu V\u0101cijas zieme\u013crietumos. Tur, biju\u0161aj\u0101s v\u0101cu armijas kazarm\u0101s, vi\u0146i non\u0101ca britu armijas pagaidu aizg\u0101d\u012bb\u0101.&nbsp;1945. gada j\u016bnij\u0101 Sili\u0146u \u0123imeni ar vilcienu un armijas kravas ma\u0161\u012bn\u0101m nog\u0101d\u0101ja t\u0101l\u0101k uz jauno m\u012btnes vietu &#8211; Altgarges b\u0113g\u013cu nometni. Nometne atrad\u0101s Elbas upes mal\u0101, un t\u0101 bija nepabeigtas sp\u0113kstacijas str\u0101dniekiem celta apmetne, kas realit\u0101t\u0113, p\u0113c Ulda Sili\u0146a atmi\u0146\u0101m, atg\u0101din\u0101ja l\u0113\u0123eri. Tas nebija t\u0101lu no paties\u012bbas, jo kara laik\u0101 tur bija ier\u012bkota krievu g\u016bstek\u0146u&nbsp;nometne.<\/p>\n\n\n\n<p class=\"has-text-align-center has-background\" style=\"background-color:#e4d79e\">&#8220;M\u0113s dz\u012bvojam me\u017ea mal\u0101. Tuv\u0101k\u0101 dzelzce\u013ca stacija ir Blek\u0113des ciem\u0101, no kurienes uz apri\u0146\u0137a pils\u0113tu Lineburgu iet motorv\u0101\u0123is. Tuv\u0101k\u0101 pils\u0113tele \u2013 B\u0101rskempa. Lielais vairums esam biju\u0161ie Lineburgas kazarmju \u013caudis. Nometn\u0113 bez mums ir ar\u012b igau\u0146i un lietuvie\u0161i. Vair\u0101kum\u0101 esam m\u0113s, un mums piekr\u012bt centr\u0101l\u0101 vieta \u2013 koka barakas ab\u0101s pus\u0113s nometnes laukumam, ko grezno divi karogu masti; vien\u0101 laukuma gal\u0101 v\u0113l k\u0101das barakas, otr\u0101 \u2013 ambulance. P\u0101r\u0113j\u0101s \u0113kas \u2013 virtuve un \u0113damz\u0101le ar mazu paaugstin\u0101jumu, kas kalpo par skatuvi, b\u0113rnu virtuve b\u0113rniem l\u012bdz 14 gadiem, saus\u0101s labier\u012bc\u012bbas (sievie\u0161u un v\u012brie\u0161u da\u013cu atdala siena) un du\u0161as telpas ar mazg\u0101tuvi otr\u0101 gal\u0101. Aiz ambulances atkal tr\u012bs vai \u010detras atsevi\u0161\u0137as koka barakas, kur\u0101m v\u0113l pievienoj\u0101s v\u0113l\u0101k celt\u0101s \u201eNissena b\u016bdas\u201c \u2013 apa\u013cas sk\u0101rda \u201cbund\u017eas\u201d. Viena tika bazn\u012bcai, otra skautiem, tre\u0161\u0101 saziedot\u0101m dr\u0113b\u0113m (ko Latvij\u0101 1990. gados sauca par \u201ehumpal\u0101m\u201c). Tre\u0161o baraku ir aiz\u0146\u0113musi nometnes administr\u0101cija un kant\u012bne, ko vada no 1946. gada vidus J\u0101nis Bokums. Tur var ieg\u0101d\u0101ties latvie\u0161u gr\u0101matas un da\u017e\u0101dus s\u012bkumus. Barakas gal\u0101 Reinholda \u0100bolti\u0146a foto &#8220;atelj\u0113&#8221;. Barakas nav lab\u0101 k\u0101rt\u012bb\u0101 \u2013 j\u0101labo durvis, logi. S\u0101kum\u0101 visiem nepietiek divst\u0101v\u012bg\u0101s gultas. Blaktis. Pie galvenajiem nometnes v\u0101rtiem atrodas liels zvans, ar kuru aicina uz brokast\u012bm, pusdien\u0101m un vakari\u0146\u0101m, sv\u0113tdien\u0101s uz dievkalpojumu un katru dienu plkst. 14.00 zi\u0146o pareizo laiku.&#8221;<\/p>\n\n\n\n<p class=\"has-text-align-center has-background\" style=\"background-color:#e4d79e\">Uldis Sili\u0146\u0161. Atskat\u012bties un pasmaid\u012bt (1934-1945): autobiogr\u0101fiskas piez\u012bmes.<\/p>\n\n\n\n<p>Skola v\u0113l nebija s\u0101kusies, t\u0101p\u0113c Uldis pievienoj\u0101s nometnes br\u012bvpr\u0101t\u012bgajiem ugunsdz\u0113s\u0113jiem. Tr\u012bs reizes ned\u0113\u013c\u0101 notika izbraukuma manevri, bija j\u0101uztur k\u0101rt\u012bb\u0101 ekip\u0113jums un j\u0101likvid\u0113 kanaliz\u0101cijas sastr\u0113gumi. Cik br\u012bvpr\u0101t\u012bgi iest\u0101jies, tikpat br\u012bvpr\u0101t\u012bgi ar\u012b izst\u0101jies un pievienojies nometnes zvejas artelim. Darbs bija smag\u0101ks, slapj\u0101ks, bet toties pui\u0161i visu laiku bija kust\u012bb\u0101 un zivis non\u0101ca kopkatl\u0101. Ar\u012b s\u0101koties m\u0101c\u012bb\u0101m Altgarges pamatskol\u0101 neiztika bez fiziska darba, jo bija dienas, kad n\u0101c\u0101s doties me\u017ea darbos, lai sag\u0101d\u0101tu skolai kurin\u0101mo. Br\u012bvaj\u0101 laik\u0101 Uldis piev\u0113rs\u0101s sportisk\u0101m aktivit\u0101t\u0113m, sp\u0113l\u0113jot futbolu, volejbolu un basketbolu un piedaloties sadraudz\u012bbas sp\u0113l\u0113s starp nometn\u0113m, lietuvie\u0161iem un ang\u013ciem.<\/p>\n\n\n\n<div class=\"wp-block-columns is-layout-flex wp-container-core-columns-is-layout-28f84493 wp-block-columns-is-layout-flex\">\n<div class=\"wp-block-column is-layout-flow wp-block-column-is-layout-flow\">\n<figure data-wp-context=\"{&quot;imageId&quot;:&quot;69ee7861d8c62&quot;}\" data-wp-interactive=\"core\/image\" data-wp-key=\"69ee7861d8c62\" class=\"wp-block-image aligncenter size-large is-resized wp-lightbox-container\"><img loading=\"lazy\" decoding=\"async\" width=\"1024\" height=\"758\" data-wp-class--hide=\"state.isContentHidden\" data-wp-class--show=\"state.isContentVisible\" data-wp-init=\"callbacks.setButtonStyles\" data-wp-on--click=\"actions.showLightbox\" data-wp-on--load=\"callbacks.setButtonStyles\" data-wp-on-window--resize=\"callbacks.setButtonStyles\" src=\"https:\/\/diaspora.arhivi.lv\/silins\/wp-content\/uploads\/2024\/10\/F.2387_apr.1v_l.24_Pamatskolas-beidzama-klase-ar-audzinataju-E.Svinu-Altgarge-17.11.46-1024x758.jpg\" alt=\"\" class=\"wp-image-678\" style=\"width:485px;height:auto\" srcset=\"https:\/\/diaspora.arhivi.lv\/silins\/wp-content\/uploads\/2024\/10\/F.2387_apr.1v_l.24_Pamatskolas-beidzama-klase-ar-audzinataju-E.Svinu-Altgarge-17.11.46-1024x758.jpg 1024w, https:\/\/diaspora.arhivi.lv\/silins\/wp-content\/uploads\/2024\/10\/F.2387_apr.1v_l.24_Pamatskolas-beidzama-klase-ar-audzinataju-E.Svinu-Altgarge-17.11.46-300x222.jpg 300w, https:\/\/diaspora.arhivi.lv\/silins\/wp-content\/uploads\/2024\/10\/F.2387_apr.1v_l.24_Pamatskolas-beidzama-klase-ar-audzinataju-E.Svinu-Altgarge-17.11.46.jpg 1265w\" sizes=\"auto, (max-width: 1024px) 100vw, 1024px\" \/><button\n\t\t\tclass=\"lightbox-trigger\"\n\t\t\ttype=\"button\"\n\t\t\taria-haspopup=\"dialog\"\n\t\t\taria-label=\"Palielin\u0101t\"\n\t\t\tdata-wp-init=\"callbacks.initTriggerButton\"\n\t\t\tdata-wp-on--click=\"actions.showLightbox\"\n\t\t\tdata-wp-style--right=\"state.imageButtonRight\"\n\t\t\tdata-wp-style--top=\"state.imageButtonTop\"\n\t\t>\n\t\t\t<svg xmlns=\"http:\/\/www.w3.org\/2000\/svg\" width=\"12\" height=\"12\" fill=\"none\" viewBox=\"0 0 12 12\">\n\t\t\t\t<path fill=\"#fff\" d=\"M2 0a2 2 0 0 0-2 2v2h1.5V2a.5.5 0 0 1 .5-.5h2V0H2Zm2 10.5H2a.5.5 0 0 1-.5-.5V8H0v2a2 2 0 0 0 2 2h2v-1.5ZM8 12v-1.5h2a.5.5 0 0 0 .5-.5V8H12v2a2 2 0 0 1-2 2H8Zm2-12a2 2 0 0 1 2 2v2h-1.5V2a.5.5 0 0 0-.5-.5H8V0h2Z\" \/>\n\t\t\t<\/svg>\n\t\t<\/button><figcaption class=\"wp-element-caption\">Altgarges pamatskolas beidzam\u0101 klase ar audzin\u0101t\u0101ju E. Svinu. Altgarg\u0113 1946. gada 17. novembr\u012b. Avots: LNA_LVA F2387_1v_24<\/figcaption><\/figure>\n<\/div>\n\n\n\n<div class=\"wp-block-column is-layout-flow wp-block-column-is-layout-flow\">\n<figure data-wp-context=\"{&quot;imageId&quot;:&quot;69ee7861d9399&quot;}\" data-wp-interactive=\"core\/image\" data-wp-key=\"69ee7861d9399\" class=\"wp-block-image aligncenter size-large wp-lightbox-container\"><img loading=\"lazy\" decoding=\"async\" width=\"1024\" height=\"675\" data-wp-class--hide=\"state.isContentHidden\" data-wp-class--show=\"state.isContentVisible\" data-wp-init=\"callbacks.setButtonStyles\" data-wp-on--click=\"actions.showLightbox\" data-wp-on--load=\"callbacks.setButtonStyles\" data-wp-on-window--resize=\"callbacks.setButtonStyles\" src=\"https:\/\/diaspora.arhivi.lv\/silins\/wp-content\/uploads\/2024\/09\/F.2387_apr.1v_l.24_Altgarge.-no-kr.-Uldis-un-O.Celle_-1024x675.jpg\" alt=\"\" class=\"wp-image-334\" srcset=\"https:\/\/diaspora.arhivi.lv\/silins\/wp-content\/uploads\/2024\/09\/F.2387_apr.1v_l.24_Altgarge.-no-kr.-Uldis-un-O.Celle_-1024x675.jpg 1024w, https:\/\/diaspora.arhivi.lv\/silins\/wp-content\/uploads\/2024\/09\/F.2387_apr.1v_l.24_Altgarge.-no-kr.-Uldis-un-O.Celle_-300x198.jpg 300w, https:\/\/diaspora.arhivi.lv\/silins\/wp-content\/uploads\/2024\/09\/F.2387_apr.1v_l.24_Altgarge.-no-kr.-Uldis-un-O.Celle_.jpg 1038w\" sizes=\"auto, (max-width: 1024px) 100vw, 1024px\" \/><button\n\t\t\tclass=\"lightbox-trigger\"\n\t\t\ttype=\"button\"\n\t\t\taria-haspopup=\"dialog\"\n\t\t\taria-label=\"Palielin\u0101t\"\n\t\t\tdata-wp-init=\"callbacks.initTriggerButton\"\n\t\t\tdata-wp-on--click=\"actions.showLightbox\"\n\t\t\tdata-wp-style--right=\"state.imageButtonRight\"\n\t\t\tdata-wp-style--top=\"state.imageButtonTop\"\n\t\t>\n\t\t\t<svg xmlns=\"http:\/\/www.w3.org\/2000\/svg\" width=\"12\" height=\"12\" fill=\"none\" viewBox=\"0 0 12 12\">\n\t\t\t\t<path fill=\"#fff\" d=\"M2 0a2 2 0 0 0-2 2v2h1.5V2a.5.5 0 0 1 .5-.5h2V0H2Zm2 10.5H2a.5.5 0 0 1-.5-.5V8H0v2a2 2 0 0 0 2 2h2v-1.5ZM8 12v-1.5h2a.5.5 0 0 0 .5-.5V8H12v2a2 2 0 0 1-2 2H8Zm2-12a2 2 0 0 1 2 2v2h-1.5V2a.5.5 0 0 0-.5-.5H8V0h2Z\" \/>\n\t\t\t<\/svg>\n\t\t<\/button><figcaption class=\"wp-element-caption\">Uldis Sili\u0146\u0161 (no kreis\u0101s) sp\u0113l\u0113 basketbolu ar O. Celli. Altgarges nometne, 1946. gads. Avots: LNA_LVA F2387_1v_24<\/figcaption><\/figure>\n<\/div>\n<\/div>\n\n\n\n<p class=\"has-text-align-left\">V\u0101cijas sadal\u012b\u0161ana starp sabiedrotajiem un krieviem b\u0113g\u013cos joproj\u0101m rais\u012bja nezi\u0146u un satraukumu. T\u0101 k\u0101 Altgarges&nbsp;nometne&nbsp;atrad\u0101s vistuv\u0101k V\u0101cijas krievu zonai, daudzi b\u0113g\u013ci izmantoja iesp\u0113ju pamest nometni, lai atrastu dro\u0161\u0101ku vietu t\u0101l\u0101k no krieviem.&nbsp;Ar\u012b Sili\u0146i l\u0113ma par labu nometnes pame\u0161anai un 1947. gad\u0101 non\u0101ca Dedelsdorfas b\u0113g\u013cu nometn\u0113, kur sadz\u012bves apst\u0101k\u013ci bija lab\u0101ki un mitek\u013ci tika ier\u012bkoti agr\u0101k\u0101s v\u0101cu un ang\u013cu armijas kazarm\u0101s. Ar\u012b \u0161is laiks Uldim pag\u0101ja m\u0101coties, un 1949. gad\u0101 Uldis beidza Dedelsdorfas latvie\u0161u \u0123imn\u0101ziju.<\/p>\n\n\n\n<div class=\"wp-block-columns is-layout-flex wp-container-core-columns-is-layout-28f84493 wp-block-columns-is-layout-flex\">\n<div class=\"wp-block-column is-layout-flow wp-block-column-is-layout-flow\">\n<figure data-wp-context=\"{&quot;imageId&quot;:&quot;69ee7861d9c36&quot;}\" data-wp-interactive=\"core\/image\" data-wp-key=\"69ee7861d9c36\" class=\"wp-block-image aligncenter size-large wp-lightbox-container\"><img loading=\"lazy\" decoding=\"async\" width=\"1024\" height=\"624\" data-wp-class--hide=\"state.isContentHidden\" data-wp-class--show=\"state.isContentVisible\" data-wp-init=\"callbacks.setButtonStyles\" data-wp-on--click=\"actions.showLightbox\" data-wp-on--load=\"callbacks.setButtonStyles\" data-wp-on-window--resize=\"callbacks.setButtonStyles\" src=\"https:\/\/diaspora.arhivi.lv\/silins\/wp-content\/uploads\/2024\/09\/F.2387_apr.1v_l.24_Dala-no-Dedelsdorfas-nometnes-1949-1024x624.jpg\" alt=\"\" class=\"wp-image-335\" srcset=\"https:\/\/diaspora.arhivi.lv\/silins\/wp-content\/uploads\/2024\/09\/F.2387_apr.1v_l.24_Dala-no-Dedelsdorfas-nometnes-1949-1024x624.jpg 1024w, https:\/\/diaspora.arhivi.lv\/silins\/wp-content\/uploads\/2024\/09\/F.2387_apr.1v_l.24_Dala-no-Dedelsdorfas-nometnes-1949-300x183.jpg 300w, https:\/\/diaspora.arhivi.lv\/silins\/wp-content\/uploads\/2024\/09\/F.2387_apr.1v_l.24_Dala-no-Dedelsdorfas-nometnes-1949.jpg 1500w\" sizes=\"auto, (max-width: 1024px) 100vw, 1024px\" \/><button\n\t\t\tclass=\"lightbox-trigger\"\n\t\t\ttype=\"button\"\n\t\t\taria-haspopup=\"dialog\"\n\t\t\taria-label=\"Palielin\u0101t\"\n\t\t\tdata-wp-init=\"callbacks.initTriggerButton\"\n\t\t\tdata-wp-on--click=\"actions.showLightbox\"\n\t\t\tdata-wp-style--right=\"state.imageButtonRight\"\n\t\t\tdata-wp-style--top=\"state.imageButtonTop\"\n\t\t>\n\t\t\t<svg xmlns=\"http:\/\/www.w3.org\/2000\/svg\" width=\"12\" height=\"12\" fill=\"none\" viewBox=\"0 0 12 12\">\n\t\t\t\t<path fill=\"#fff\" d=\"M2 0a2 2 0 0 0-2 2v2h1.5V2a.5.5 0 0 1 .5-.5h2V0H2Zm2 10.5H2a.5.5 0 0 1-.5-.5V8H0v2a2 2 0 0 0 2 2h2v-1.5ZM8 12v-1.5h2a.5.5 0 0 0 .5-.5V8H12v2a2 2 0 0 1-2 2H8Zm2-12a2 2 0 0 1 2 2v2h-1.5V2a.5.5 0 0 0-.5-.5H8V0h2Z\" \/>\n\t\t\t<\/svg>\n\t\t<\/button><figcaption class=\"wp-element-caption\">Da\u013ca no Dedelsdorfas nometnes, 1949. gads. Avots: LNA_LVA F2387_1v_24<\/figcaption><\/figure>\n<\/div>\n\n\n\n<div class=\"wp-block-column is-layout-flow wp-block-column-is-layout-flow\">\n<figure data-wp-context=\"{&quot;imageId&quot;:&quot;69ee7861da315&quot;}\" data-wp-interactive=\"core\/image\" data-wp-key=\"69ee7861da315\" class=\"wp-block-image aligncenter size-large wp-lightbox-container\"><img loading=\"lazy\" decoding=\"async\" width=\"1024\" height=\"664\" data-wp-class--hide=\"state.isContentHidden\" data-wp-class--show=\"state.isContentVisible\" data-wp-init=\"callbacks.setButtonStyles\" data-wp-on--click=\"actions.showLightbox\" data-wp-on--load=\"callbacks.setButtonStyles\" data-wp-on-window--resize=\"callbacks.setButtonStyles\" src=\"https:\/\/diaspora.arhivi.lv\/silins\/wp-content\/uploads\/2024\/09\/F.2387_apr.1v_l.24_Klase-1024x664.jpg\" alt=\"\" class=\"wp-image-339\" srcset=\"https:\/\/diaspora.arhivi.lv\/silins\/wp-content\/uploads\/2024\/09\/F.2387_apr.1v_l.24_Klase-1024x664.jpg 1024w, https:\/\/diaspora.arhivi.lv\/silins\/wp-content\/uploads\/2024\/09\/F.2387_apr.1v_l.24_Klase-300x194.jpg 300w, https:\/\/diaspora.arhivi.lv\/silins\/wp-content\/uploads\/2024\/09\/F.2387_apr.1v_l.24_Klase.jpg 1396w\" sizes=\"auto, (max-width: 1024px) 100vw, 1024px\" \/><button\n\t\t\tclass=\"lightbox-trigger\"\n\t\t\ttype=\"button\"\n\t\t\taria-haspopup=\"dialog\"\n\t\t\taria-label=\"Palielin\u0101t\"\n\t\t\tdata-wp-init=\"callbacks.initTriggerButton\"\n\t\t\tdata-wp-on--click=\"actions.showLightbox\"\n\t\t\tdata-wp-style--right=\"state.imageButtonRight\"\n\t\t\tdata-wp-style--top=\"state.imageButtonTop\"\n\t\t>\n\t\t\t<svg xmlns=\"http:\/\/www.w3.org\/2000\/svg\" width=\"12\" height=\"12\" fill=\"none\" viewBox=\"0 0 12 12\">\n\t\t\t\t<path fill=\"#fff\" d=\"M2 0a2 2 0 0 0-2 2v2h1.5V2a.5.5 0 0 1 .5-.5h2V0H2Zm2 10.5H2a.5.5 0 0 1-.5-.5V8H0v2a2 2 0 0 0 2 2h2v-1.5ZM8 12v-1.5h2a.5.5 0 0 0 .5-.5V8H12v2a2 2 0 0 1-2 2H8Zm2-12a2 2 0 0 1 2 2v2h-1.5V2a.5.5 0 0 0-.5-.5H8V0h2Z\" \/>\n\t\t\t<\/svg>\n\t\t<\/button><figcaption class=\"wp-element-caption\">Ulda Sili\u0146a klase Dedelsdorfas latvie\u0161u \u0123imn\u0101zij\u0101. No kreis\u0101s A. Ka\u0146epe, V. Zari\u0146a, skolot\u0101ja E. Sili\u0146a, R. Br\u016bna, L. \u0160mite, A. Spo\u0123is, E. Cauka, R. Vasermane, K. Filipsons, J. Indriksons, U. Sili\u0146\u0161, A. Nadzi\u0146\u0161. Avots: LNA_LVA F2387_1v_24<\/figcaption><\/figure>\n<\/div>\n<\/div>\n\n\n\n<div class=\"wp-block-columns is-layout-flex wp-container-core-columns-is-layout-28f84493 wp-block-columns-is-layout-flex\">\n<div class=\"wp-block-column is-layout-flow wp-block-column-is-layout-flow\">\n<figure data-wp-context=\"{&quot;imageId&quot;:&quot;69ee7861dabeb&quot;}\" data-wp-interactive=\"core\/image\" data-wp-key=\"69ee7861dabeb\" class=\"wp-block-image aligncenter size-large wp-lightbox-container\"><img loading=\"lazy\" decoding=\"async\" width=\"1024\" height=\"684\" data-wp-class--hide=\"state.isContentHidden\" data-wp-class--show=\"state.isContentVisible\" data-wp-init=\"callbacks.setButtonStyles\" data-wp-on--click=\"actions.showLightbox\" data-wp-on--load=\"callbacks.setButtonStyles\" data-wp-on-window--resize=\"callbacks.setButtonStyles\" src=\"https:\/\/diaspora.arhivi.lv\/silins\/wp-content\/uploads\/2024\/09\/F.2387_apr.1v_l.24_Abiturijas-klase-pusdieno-1024x684.jpg\" alt=\"\" class=\"wp-image-341\" srcset=\"https:\/\/diaspora.arhivi.lv\/silins\/wp-content\/uploads\/2024\/09\/F.2387_apr.1v_l.24_Abiturijas-klase-pusdieno-1024x684.jpg 1024w, https:\/\/diaspora.arhivi.lv\/silins\/wp-content\/uploads\/2024\/09\/F.2387_apr.1v_l.24_Abiturijas-klase-pusdieno-300x200.jpg 300w, https:\/\/diaspora.arhivi.lv\/silins\/wp-content\/uploads\/2024\/09\/F.2387_apr.1v_l.24_Abiturijas-klase-pusdieno.jpg 1118w\" sizes=\"auto, (max-width: 1024px) 100vw, 1024px\" \/><button\n\t\t\tclass=\"lightbox-trigger\"\n\t\t\ttype=\"button\"\n\t\t\taria-haspopup=\"dialog\"\n\t\t\taria-label=\"Palielin\u0101t\"\n\t\t\tdata-wp-init=\"callbacks.initTriggerButton\"\n\t\t\tdata-wp-on--click=\"actions.showLightbox\"\n\t\t\tdata-wp-style--right=\"state.imageButtonRight\"\n\t\t\tdata-wp-style--top=\"state.imageButtonTop\"\n\t\t>\n\t\t\t<svg xmlns=\"http:\/\/www.w3.org\/2000\/svg\" width=\"12\" height=\"12\" fill=\"none\" viewBox=\"0 0 12 12\">\n\t\t\t\t<path fill=\"#fff\" d=\"M2 0a2 2 0 0 0-2 2v2h1.5V2a.5.5 0 0 1 .5-.5h2V0H2Zm2 10.5H2a.5.5 0 0 1-.5-.5V8H0v2a2 2 0 0 0 2 2h2v-1.5ZM8 12v-1.5h2a.5.5 0 0 0 .5-.5V8H12v2a2 2 0 0 1-2 2H8Zm2-12a2 2 0 0 1 2 2v2h-1.5V2a.5.5 0 0 0-.5-.5H8V0h2Z\" \/>\n\t\t\t<\/svg>\n\t\t<\/button><figcaption class=\"wp-element-caption\">Dedelsdorfas latvie\u0161u \u0123imn\u0101zijas abit\u016brijas klase pusdieno, 1949. gads. No kreis\u0101s K. Filipsons, V. Damme, U. Sili\u0146\u0161, L. \u0160mite, A. Nadzi\u0146\u0161, R. Br\u016bna. Avots: LNA_LVA F2387_1v_24<\/figcaption><\/figure>\n<\/div>\n\n\n\n<div class=\"wp-block-column is-layout-flow wp-block-column-is-layout-flow\">\n<figure data-wp-context=\"{&quot;imageId&quot;:&quot;69ee7861db2f0&quot;}\" data-wp-interactive=\"core\/image\" data-wp-key=\"69ee7861db2f0\" class=\"wp-block-image aligncenter size-large wp-lightbox-container\"><img loading=\"lazy\" decoding=\"async\" width=\"1024\" height=\"625\" data-wp-class--hide=\"state.isContentHidden\" data-wp-class--show=\"state.isContentVisible\" data-wp-init=\"callbacks.setButtonStyles\" data-wp-on--click=\"actions.showLightbox\" data-wp-on--load=\"callbacks.setButtonStyles\" data-wp-on-window--resize=\"callbacks.setButtonStyles\" src=\"https:\/\/diaspora.arhivi.lv\/silins\/wp-content\/uploads\/2024\/09\/F.2387_apr.1v_l.24_Dedelsdorfas-gim.-abiturijas-klase-1949.g.-No-kr.-U.Silins-A.Nadzins-V.Damme-L.Smite_-1-1024x625.jpg\" alt=\"\" class=\"wp-image-342\" srcset=\"https:\/\/diaspora.arhivi.lv\/silins\/wp-content\/uploads\/2024\/09\/F.2387_apr.1v_l.24_Dedelsdorfas-gim.-abiturijas-klase-1949.g.-No-kr.-U.Silins-A.Nadzins-V.Damme-L.Smite_-1-1024x625.jpg 1024w, https:\/\/diaspora.arhivi.lv\/silins\/wp-content\/uploads\/2024\/09\/F.2387_apr.1v_l.24_Dedelsdorfas-gim.-abiturijas-klase-1949.g.-No-kr.-U.Silins-A.Nadzins-V.Damme-L.Smite_-1-300x183.jpg 300w, https:\/\/diaspora.arhivi.lv\/silins\/wp-content\/uploads\/2024\/09\/F.2387_apr.1v_l.24_Dedelsdorfas-gim.-abiturijas-klase-1949.g.-No-kr.-U.Silins-A.Nadzins-V.Damme-L.Smite_-1.jpg 1526w\" sizes=\"auto, (max-width: 1024px) 100vw, 1024px\" \/><button\n\t\t\tclass=\"lightbox-trigger\"\n\t\t\ttype=\"button\"\n\t\t\taria-haspopup=\"dialog\"\n\t\t\taria-label=\"Palielin\u0101t\"\n\t\t\tdata-wp-init=\"callbacks.initTriggerButton\"\n\t\t\tdata-wp-on--click=\"actions.showLightbox\"\n\t\t\tdata-wp-style--right=\"state.imageButtonRight\"\n\t\t\tdata-wp-style--top=\"state.imageButtonTop\"\n\t\t>\n\t\t\t<svg xmlns=\"http:\/\/www.w3.org\/2000\/svg\" width=\"12\" height=\"12\" fill=\"none\" viewBox=\"0 0 12 12\">\n\t\t\t\t<path fill=\"#fff\" d=\"M2 0a2 2 0 0 0-2 2v2h1.5V2a.5.5 0 0 1 .5-.5h2V0H2Zm2 10.5H2a.5.5 0 0 1-.5-.5V8H0v2a2 2 0 0 0 2 2h2v-1.5ZM8 12v-1.5h2a.5.5 0 0 0 .5-.5V8H12v2a2 2 0 0 1-2 2H8Zm2-12a2 2 0 0 1 2 2v2h-1.5V2a.5.5 0 0 0-.5-.5H8V0h2Z\" \/>\n\t\t\t<\/svg>\n\t\t<\/button><figcaption class=\"wp-element-caption\">Dedelsdorfas latvie\u0161u \u0123imn\u0101zijas abit\u016brijas klase, 1949. gads. No kreis\u0101s U. Sili\u0146\u0161, A. Nadzi\u0146\u0161, V. Damme, L. \u0160mite. Avots: LNA_LVA F2387_1v_24<\/figcaption><\/figure>\n<\/div>\n<\/div>\n\n\n\n<div class=\"wp-block-columns is-layout-flex wp-container-core-columns-is-layout-28f84493 wp-block-columns-is-layout-flex\">\n<div class=\"wp-block-column is-layout-flow wp-block-column-is-layout-flow\">\n<figure data-wp-context=\"{&quot;imageId&quot;:&quot;69ee7861dbc0a&quot;}\" data-wp-interactive=\"core\/image\" data-wp-key=\"69ee7861dbc0a\" class=\"wp-block-image aligncenter size-large is-resized wp-lightbox-container\"><img loading=\"lazy\" decoding=\"async\" width=\"727\" height=\"1024\" data-wp-class--hide=\"state.isContentHidden\" data-wp-class--show=\"state.isContentVisible\" data-wp-init=\"callbacks.setButtonStyles\" data-wp-on--click=\"actions.showLightbox\" data-wp-on--load=\"callbacks.setButtonStyles\" data-wp-on-window--resize=\"callbacks.setButtonStyles\" src=\"https:\/\/diaspora.arhivi.lv\/silins\/wp-content\/uploads\/2024\/09\/F.2387_apr.1v_l.24_Uldis-1949.gada-Vacija-1-727x1024.jpg\" alt=\"\" class=\"wp-image-329\" style=\"width:341px;height:auto\" srcset=\"https:\/\/diaspora.arhivi.lv\/silins\/wp-content\/uploads\/2024\/09\/F.2387_apr.1v_l.24_Uldis-1949.gada-Vacija-1-727x1024.jpg 727w, https:\/\/diaspora.arhivi.lv\/silins\/wp-content\/uploads\/2024\/09\/F.2387_apr.1v_l.24_Uldis-1949.gada-Vacija-1-213x300.jpg 213w, https:\/\/diaspora.arhivi.lv\/silins\/wp-content\/uploads\/2024\/09\/F.2387_apr.1v_l.24_Uldis-1949.gada-Vacija-1-rotated.jpg 872w\" sizes=\"auto, (max-width: 727px) 100vw, 727px\" \/><button\n\t\t\tclass=\"lightbox-trigger\"\n\t\t\ttype=\"button\"\n\t\t\taria-haspopup=\"dialog\"\n\t\t\taria-label=\"Palielin\u0101t\"\n\t\t\tdata-wp-init=\"callbacks.initTriggerButton\"\n\t\t\tdata-wp-on--click=\"actions.showLightbox\"\n\t\t\tdata-wp-style--right=\"state.imageButtonRight\"\n\t\t\tdata-wp-style--top=\"state.imageButtonTop\"\n\t\t>\n\t\t\t<svg xmlns=\"http:\/\/www.w3.org\/2000\/svg\" width=\"12\" height=\"12\" fill=\"none\" viewBox=\"0 0 12 12\">\n\t\t\t\t<path fill=\"#fff\" d=\"M2 0a2 2 0 0 0-2 2v2h1.5V2a.5.5 0 0 1 .5-.5h2V0H2Zm2 10.5H2a.5.5 0 0 1-.5-.5V8H0v2a2 2 0 0 0 2 2h2v-1.5ZM8 12v-1.5h2a.5.5 0 0 0 .5-.5V8H12v2a2 2 0 0 1-2 2H8Zm2-12a2 2 0 0 1 2 2v2h-1.5V2a.5.5 0 0 0-.5-.5H8V0h2Z\" \/>\n\t\t\t<\/svg>\n\t\t<\/button><figcaption class=\"wp-element-caption\">Uldis Sili\u0146\u0161 1949. gad\u0101 V\u0101cij\u0101. Avots: LNA_LVA F2387_1v_24<\/figcaption><\/figure>\n<\/div>\n\n\n\n<div class=\"wp-block-column is-layout-flow wp-block-column-is-layout-flow\">\n<figure data-wp-context=\"{&quot;imageId&quot;:&quot;69ee7861dc323&quot;}\" data-wp-interactive=\"core\/image\" data-wp-key=\"69ee7861dc323\" class=\"wp-block-image aligncenter size-large is-resized wp-lightbox-container\"><img loading=\"lazy\" decoding=\"async\" width=\"719\" height=\"1024\" data-wp-class--hide=\"state.isContentHidden\" data-wp-class--show=\"state.isContentVisible\" data-wp-init=\"callbacks.setButtonStyles\" data-wp-on--click=\"actions.showLightbox\" data-wp-on--load=\"callbacks.setButtonStyles\" data-wp-on-window--resize=\"callbacks.setButtonStyles\" src=\"https:\/\/diaspora.arhivi.lv\/silins\/wp-content\/uploads\/2024\/09\/F.2387_apr.1v_l.24_Gimnazisti-Dedelsdorfa.-E.Ozolins-Uldis-O.Celle_-719x1024.jpg\" alt=\"\" class=\"wp-image-330\" style=\"width:338px;height:auto\" srcset=\"https:\/\/diaspora.arhivi.lv\/silins\/wp-content\/uploads\/2024\/09\/F.2387_apr.1v_l.24_Gimnazisti-Dedelsdorfa.-E.Ozolins-Uldis-O.Celle_-719x1024.jpg 719w, https:\/\/diaspora.arhivi.lv\/silins\/wp-content\/uploads\/2024\/09\/F.2387_apr.1v_l.24_Gimnazisti-Dedelsdorfa.-E.Ozolins-Uldis-O.Celle_-211x300.jpg 211w, https:\/\/diaspora.arhivi.lv\/silins\/wp-content\/uploads\/2024\/09\/F.2387_apr.1v_l.24_Gimnazisti-Dedelsdorfa.-E.Ozolins-Uldis-O.Celle_-rotated.jpg 722w\" sizes=\"auto, (max-width: 719px) 100vw, 719px\" \/><button\n\t\t\tclass=\"lightbox-trigger\"\n\t\t\ttype=\"button\"\n\t\t\taria-haspopup=\"dialog\"\n\t\t\taria-label=\"Palielin\u0101t\"\n\t\t\tdata-wp-init=\"callbacks.initTriggerButton\"\n\t\t\tdata-wp-on--click=\"actions.showLightbox\"\n\t\t\tdata-wp-style--right=\"state.imageButtonRight\"\n\t\t\tdata-wp-style--top=\"state.imageButtonTop\"\n\t\t>\n\t\t\t<svg xmlns=\"http:\/\/www.w3.org\/2000\/svg\" width=\"12\" height=\"12\" fill=\"none\" viewBox=\"0 0 12 12\">\n\t\t\t\t<path fill=\"#fff\" d=\"M2 0a2 2 0 0 0-2 2v2h1.5V2a.5.5 0 0 1 .5-.5h2V0H2Zm2 10.5H2a.5.5 0 0 1-.5-.5V8H0v2a2 2 0 0 0 2 2h2v-1.5ZM8 12v-1.5h2a.5.5 0 0 0 .5-.5V8H12v2a2 2 0 0 1-2 2H8Zm2-12a2 2 0 0 1 2 2v2h-1.5V2a.5.5 0 0 0-.5-.5H8V0h2Z\" \/>\n\t\t\t<\/svg>\n\t\t<\/button><figcaption class=\"wp-element-caption\">\u0122imn\u0101zisti Dedelsdorf\u0101. E. Ozoli\u0146\u0161, U. Sili\u0146\u0161,O. Celle. Avots: LNA_LVA F2387_1v_24<\/figcaption><\/figure>\n<\/div>\n\n\n\n<div class=\"wp-block-column is-layout-flow wp-block-column-is-layout-flow\">\n<figure data-wp-context=\"{&quot;imageId&quot;:&quot;69ee7861dcabd&quot;}\" data-wp-interactive=\"core\/image\" data-wp-key=\"69ee7861dcabd\" class=\"wp-block-image aligncenter size-large is-resized wp-lightbox-container\"><img loading=\"lazy\" decoding=\"async\" width=\"698\" height=\"1024\" data-wp-class--hide=\"state.isContentHidden\" data-wp-class--show=\"state.isContentVisible\" data-wp-init=\"callbacks.setButtonStyles\" data-wp-on--click=\"actions.showLightbox\" data-wp-on--load=\"callbacks.setButtonStyles\" data-wp-on-window--resize=\"callbacks.setButtonStyles\" src=\"https:\/\/diaspora.arhivi.lv\/silins\/wp-content\/uploads\/2024\/09\/F.2387_apr.1v_l.24_Pirms-izlaiduma-akta-1949-Dedelsdorfa-698x1024.jpg\" alt=\"\" class=\"wp-image-331\" style=\"width:327px;height:auto\" srcset=\"https:\/\/diaspora.arhivi.lv\/silins\/wp-content\/uploads\/2024\/09\/F.2387_apr.1v_l.24_Pirms-izlaiduma-akta-1949-Dedelsdorfa-698x1024.jpg 698w, https:\/\/diaspora.arhivi.lv\/silins\/wp-content\/uploads\/2024\/09\/F.2387_apr.1v_l.24_Pirms-izlaiduma-akta-1949-Dedelsdorfa-204x300.jpg 204w, https:\/\/diaspora.arhivi.lv\/silins\/wp-content\/uploads\/2024\/09\/F.2387_apr.1v_l.24_Pirms-izlaiduma-akta-1949-Dedelsdorfa-rotated.jpg 764w\" sizes=\"auto, (max-width: 698px) 100vw, 698px\" \/><button\n\t\t\tclass=\"lightbox-trigger\"\n\t\t\ttype=\"button\"\n\t\t\taria-haspopup=\"dialog\"\n\t\t\taria-label=\"Palielin\u0101t\"\n\t\t\tdata-wp-init=\"callbacks.initTriggerButton\"\n\t\t\tdata-wp-on--click=\"actions.showLightbox\"\n\t\t\tdata-wp-style--right=\"state.imageButtonRight\"\n\t\t\tdata-wp-style--top=\"state.imageButtonTop\"\n\t\t>\n\t\t\t<svg xmlns=\"http:\/\/www.w3.org\/2000\/svg\" width=\"12\" height=\"12\" fill=\"none\" viewBox=\"0 0 12 12\">\n\t\t\t\t<path fill=\"#fff\" d=\"M2 0a2 2 0 0 0-2 2v2h1.5V2a.5.5 0 0 1 .5-.5h2V0H2Zm2 10.5H2a.5.5 0 0 1-.5-.5V8H0v2a2 2 0 0 0 2 2h2v-1.5ZM8 12v-1.5h2a.5.5 0 0 0 .5-.5V8H12v2a2 2 0 0 1-2 2H8Zm2-12a2 2 0 0 1 2 2v2h-1.5V2a.5.5 0 0 0-.5-.5H8V0h2Z\" \/>\n\t\t\t<\/svg>\n\t\t<\/button><figcaption class=\"wp-element-caption\">Uldis Sili\u0146\u0161 pirms \u0123imn\u0101zijas izlaiduma akta Dedelsdorf\u0101, 1949. gads. Avots: LNA_LVA F2387_1v_24<\/figcaption><\/figure>\n<\/div>\n<\/div>\n\n\n\n<div class=\"wp-block-columns is-layout-flex wp-container-core-columns-is-layout-28f84493 wp-block-columns-is-layout-flex\">\n<div class=\"wp-block-column is-layout-flow wp-block-column-is-layout-flow\">\n<figure data-wp-context=\"{&quot;imageId&quot;:&quot;69ee7861dd39c&quot;}\" data-wp-interactive=\"core\/image\" data-wp-key=\"69ee7861dd39c\" class=\"wp-block-image aligncenter size-large wp-lightbox-container\"><img loading=\"lazy\" decoding=\"async\" width=\"1024\" height=\"707\" data-wp-class--hide=\"state.isContentHidden\" data-wp-class--show=\"state.isContentVisible\" data-wp-init=\"callbacks.setButtonStyles\" data-wp-on--click=\"actions.showLightbox\" data-wp-on--load=\"callbacks.setButtonStyles\" data-wp-on-window--resize=\"callbacks.setButtonStyles\" src=\"https:\/\/diaspora.arhivi.lv\/silins\/wp-content\/uploads\/2024\/09\/F.2387-apr.1v-l.49_6_2-1024x707.jpg\" alt=\"\" class=\"wp-image-426\" srcset=\"https:\/\/diaspora.arhivi.lv\/silins\/wp-content\/uploads\/2024\/09\/F.2387-apr.1v-l.49_6_2-1024x707.jpg 1024w, https:\/\/diaspora.arhivi.lv\/silins\/wp-content\/uploads\/2024\/09\/F.2387-apr.1v-l.49_6_2-300x207.jpg 300w, https:\/\/diaspora.arhivi.lv\/silins\/wp-content\/uploads\/2024\/09\/F.2387-apr.1v-l.49_6_2-2000x1382.jpg 2000w\" sizes=\"auto, (max-width: 1024px) 100vw, 1024px\" \/><button\n\t\t\tclass=\"lightbox-trigger\"\n\t\t\ttype=\"button\"\n\t\t\taria-haspopup=\"dialog\"\n\t\t\taria-label=\"Palielin\u0101t\"\n\t\t\tdata-wp-init=\"callbacks.initTriggerButton\"\n\t\t\tdata-wp-on--click=\"actions.showLightbox\"\n\t\t\tdata-wp-style--right=\"state.imageButtonRight\"\n\t\t\tdata-wp-style--top=\"state.imageButtonTop\"\n\t\t>\n\t\t\t<svg xmlns=\"http:\/\/www.w3.org\/2000\/svg\" width=\"12\" height=\"12\" fill=\"none\" viewBox=\"0 0 12 12\">\n\t\t\t\t<path fill=\"#fff\" d=\"M2 0a2 2 0 0 0-2 2v2h1.5V2a.5.5 0 0 1 .5-.5h2V0H2Zm2 10.5H2a.5.5 0 0 1-.5-.5V8H0v2a2 2 0 0 0 2 2h2v-1.5ZM8 12v-1.5h2a.5.5 0 0 0 .5-.5V8H12v2a2 2 0 0 1-2 2H8Zm2-12a2 2 0 0 1 2 2v2h-1.5V2a.5.5 0 0 0-.5-.5H8V0h2Z\" \/>\n\t\t\t<\/svg>\n\t\t<\/button><figcaption class=\"wp-element-caption\">Uldim Sili\u0146am izsniegta Dedelsdorfas \u0123imn\u0101zijas gatav\u012bbas apliec\u012bba, 1949. gads. Avots: LNA_LVA F2387_1v_49<\/figcaption><\/figure>\n<\/div>\n\n\n\n<div class=\"wp-block-column is-layout-flow wp-block-column-is-layout-flow\">\n<figure data-wp-context=\"{&quot;imageId&quot;:&quot;69ee7861ddb36&quot;}\" data-wp-interactive=\"core\/image\" data-wp-key=\"69ee7861ddb36\" class=\"wp-block-image aligncenter size-large is-resized wp-lightbox-container\"><img loading=\"lazy\" decoding=\"async\" width=\"1024\" height=\"692\" data-wp-class--hide=\"state.isContentHidden\" data-wp-class--show=\"state.isContentVisible\" data-wp-init=\"callbacks.setButtonStyles\" data-wp-on--click=\"actions.showLightbox\" data-wp-on--load=\"callbacks.setButtonStyles\" data-wp-on-window--resize=\"callbacks.setButtonStyles\" src=\"https:\/\/diaspora.arhivi.lv\/silins\/wp-content\/uploads\/2024\/09\/F.2387_apr.1v_l.24_izlaidums-1024x692.jpg\" alt=\"\" class=\"wp-image-346\" style=\"width:536px;height:auto\" srcset=\"https:\/\/diaspora.arhivi.lv\/silins\/wp-content\/uploads\/2024\/09\/F.2387_apr.1v_l.24_izlaidums-1024x692.jpg 1024w, https:\/\/diaspora.arhivi.lv\/silins\/wp-content\/uploads\/2024\/09\/F.2387_apr.1v_l.24_izlaidums-300x203.jpg 300w, https:\/\/diaspora.arhivi.lv\/silins\/wp-content\/uploads\/2024\/09\/F.2387_apr.1v_l.24_izlaidums.jpg 1390w\" sizes=\"auto, (max-width: 1024px) 100vw, 1024px\" \/><button\n\t\t\tclass=\"lightbox-trigger\"\n\t\t\ttype=\"button\"\n\t\t\taria-haspopup=\"dialog\"\n\t\t\taria-label=\"Palielin\u0101t\"\n\t\t\tdata-wp-init=\"callbacks.initTriggerButton\"\n\t\t\tdata-wp-on--click=\"actions.showLightbox\"\n\t\t\tdata-wp-style--right=\"state.imageButtonRight\"\n\t\t\tdata-wp-style--top=\"state.imageButtonTop\"\n\t\t>\n\t\t\t<svg xmlns=\"http:\/\/www.w3.org\/2000\/svg\" width=\"12\" height=\"12\" fill=\"none\" viewBox=\"0 0 12 12\">\n\t\t\t\t<path fill=\"#fff\" d=\"M2 0a2 2 0 0 0-2 2v2h1.5V2a.5.5 0 0 1 .5-.5h2V0H2Zm2 10.5H2a.5.5 0 0 1-.5-.5V8H0v2a2 2 0 0 0 2 2h2v-1.5ZM8 12v-1.5h2a.5.5 0 0 0 .5-.5V8H12v2a2 2 0 0 1-2 2H8Zm2-12a2 2 0 0 1 2 2v2h-1.5V2a.5.5 0 0 0-.5-.5H8V0h2Z\" \/>\n\t\t\t<\/svg>\n\t\t<\/button><figcaption class=\"wp-element-caption\">Dedelsdorfas latvie\u0161u \u0123imn\u0101zijas abit\u016brijas klases izlaidums, 1949. gads. Avots: LNA_LVA F2387_1v_24<\/figcaption><\/figure>\n<\/div>\n<\/div>\n\n\n\n<p>V\u0101cijas nomet\u0146u laik\u0101 t\u0113vs M\u0101rti\u0146\u0161 bija nometnes komitejas loceklis Altgarg\u0113 un Dedelsdorf\u0101. Darboj\u0101s Jauno v\u012brie\u0161u krist\u012bgaj\u0101 apvien\u012bbas (YMCA) Izgl\u012bt\u012bbas, Kult\u016bras un cit\u0101s sekcij\u0101s. M\u0101te Elza str\u0101d\u0101ja par latvie\u0161u valodas skolot\u0101ju Altgarges nometnes un Dedelsdorfas latvie\u0161u \u0123imn\u0101zij\u0101s.<\/p>\n\n\n\n<div class=\"wp-block-columns is-layout-flex wp-container-core-columns-is-layout-28f84493 wp-block-columns-is-layout-flex\">\n<div class=\"wp-block-column is-layout-flow wp-block-column-is-layout-flow\">\n<div class=\"wp-block-columns is-layout-flex wp-container-core-columns-is-layout-28f84493 wp-block-columns-is-layout-flex\">\n<div class=\"wp-block-column is-layout-flow wp-block-column-is-layout-flow\">\n<figure data-wp-context=\"{&quot;imageId&quot;:&quot;69ee7861de456&quot;}\" data-wp-interactive=\"core\/image\" data-wp-key=\"69ee7861de456\" class=\"wp-block-image size-large wp-lightbox-container\"><img loading=\"lazy\" decoding=\"async\" width=\"1024\" height=\"721\" data-wp-class--hide=\"state.isContentHidden\" data-wp-class--show=\"state.isContentVisible\" data-wp-init=\"callbacks.setButtonStyles\" data-wp-on--click=\"actions.showLightbox\" data-wp-on--load=\"callbacks.setButtonStyles\" data-wp-on-window--resize=\"callbacks.setButtonStyles\" src=\"https:\/\/diaspora.arhivi.lv\/silins\/wp-content\/uploads\/2024\/09\/F.2387-apr.1v-l.9-1024x721.jpg\" alt=\"\" class=\"wp-image-375\" srcset=\"https:\/\/diaspora.arhivi.lv\/silins\/wp-content\/uploads\/2024\/09\/F.2387-apr.1v-l.9-1024x721.jpg 1024w, https:\/\/diaspora.arhivi.lv\/silins\/wp-content\/uploads\/2024\/09\/F.2387-apr.1v-l.9-300x211.jpg 300w, https:\/\/diaspora.arhivi.lv\/silins\/wp-content\/uploads\/2024\/09\/F.2387-apr.1v-l.9-2000x1409.jpg 2000w\" sizes=\"auto, (max-width: 1024px) 100vw, 1024px\" \/><button\n\t\t\tclass=\"lightbox-trigger\"\n\t\t\ttype=\"button\"\n\t\t\taria-haspopup=\"dialog\"\n\t\t\taria-label=\"Palielin\u0101t\"\n\t\t\tdata-wp-init=\"callbacks.initTriggerButton\"\n\t\t\tdata-wp-on--click=\"actions.showLightbox\"\n\t\t\tdata-wp-style--right=\"state.imageButtonRight\"\n\t\t\tdata-wp-style--top=\"state.imageButtonTop\"\n\t\t>\n\t\t\t<svg xmlns=\"http:\/\/www.w3.org\/2000\/svg\" width=\"12\" height=\"12\" fill=\"none\" viewBox=\"0 0 12 12\">\n\t\t\t\t<path fill=\"#fff\" d=\"M2 0a2 2 0 0 0-2 2v2h1.5V2a.5.5 0 0 1 .5-.5h2V0H2Zm2 10.5H2a.5.5 0 0 1-.5-.5V8H0v2a2 2 0 0 0 2 2h2v-1.5ZM8 12v-1.5h2a.5.5 0 0 0 .5-.5V8H12v2a2 2 0 0 1-2 2H8Zm2-12a2 2 0 0 1 2 2v2h-1.5V2a.5.5 0 0 0-.5-.5H8V0h2Z\" \/>\n\t\t\t<\/svg>\n\t\t<\/button><figcaption class=\"wp-element-caption\">Jauno v\u012brie\u0161u krist\u012bg\u0101s apvien\u012bbas Latvie\u0161u komitejas apliecin\u0101jums par M\u0101rti\u0146a Sili\u0146a akt\u012bvu l\u012bdzdal\u012bbu apvien\u012bbas darb\u0101 kop\u0161 1947. gada, 1949. gads. Avots: LNA_LVA F2387_1v_9<\/figcaption><\/figure>\n<\/div>\n\n\n\n<div class=\"wp-block-column is-layout-flow wp-block-column-is-layout-flow\">\n<figure data-wp-context=\"{&quot;imageId&quot;:&quot;69ee7861debec&quot;}\" data-wp-interactive=\"core\/image\" data-wp-key=\"69ee7861debec\" class=\"wp-block-image size-large wp-lightbox-container\"><img loading=\"lazy\" decoding=\"async\" width=\"1024\" height=\"641\" data-wp-class--hide=\"state.isContentHidden\" data-wp-class--show=\"state.isContentVisible\" data-wp-init=\"callbacks.setButtonStyles\" data-wp-on--click=\"actions.showLightbox\" data-wp-on--load=\"callbacks.setButtonStyles\" data-wp-on-window--resize=\"callbacks.setButtonStyles\" src=\"https:\/\/diaspora.arhivi.lv\/silins\/wp-content\/uploads\/2024\/09\/F.2387-apr.1v-l.9_3-1024x641.jpg\" alt=\"\" class=\"wp-image-376\" srcset=\"https:\/\/diaspora.arhivi.lv\/silins\/wp-content\/uploads\/2024\/09\/F.2387-apr.1v-l.9_3-1024x641.jpg 1024w, https:\/\/diaspora.arhivi.lv\/silins\/wp-content\/uploads\/2024\/09\/F.2387-apr.1v-l.9_3-300x188.jpg 300w, https:\/\/diaspora.arhivi.lv\/silins\/wp-content\/uploads\/2024\/09\/F.2387-apr.1v-l.9_3-rotated.jpg 1301w\" sizes=\"auto, (max-width: 1024px) 100vw, 1024px\" \/><button\n\t\t\tclass=\"lightbox-trigger\"\n\t\t\ttype=\"button\"\n\t\t\taria-haspopup=\"dialog\"\n\t\t\taria-label=\"Palielin\u0101t\"\n\t\t\tdata-wp-init=\"callbacks.initTriggerButton\"\n\t\t\tdata-wp-on--click=\"actions.showLightbox\"\n\t\t\tdata-wp-style--right=\"state.imageButtonRight\"\n\t\t\tdata-wp-style--top=\"state.imageButtonTop\"\n\t\t>\n\t\t\t<svg xmlns=\"http:\/\/www.w3.org\/2000\/svg\" width=\"12\" height=\"12\" fill=\"none\" viewBox=\"0 0 12 12\">\n\t\t\t\t<path fill=\"#fff\" d=\"M2 0a2 2 0 0 0-2 2v2h1.5V2a.5.5 0 0 1 .5-.5h2V0H2Zm2 10.5H2a.5.5 0 0 1-.5-.5V8H0v2a2 2 0 0 0 2 2h2v-1.5ZM8 12v-1.5h2a.5.5 0 0 0 .5-.5V8H12v2a2 2 0 0 1-2 2H8Zm2-12a2 2 0 0 1 2 2v2h-1.5V2a.5.5 0 0 0-.5-.5H8V0h2Z\" \/>\n\t\t\t<\/svg>\n\t\t<\/button><figcaption class=\"wp-element-caption\">M\u0101rti\u0146a Sili\u0146a Jauno v\u012brie\u0161u krist\u012bg\u0101s apvien\u012bbas biedra karti\u0146a, 1949. gads. Avots: LNA LVA F2387_1v_9_3<\/figcaption><\/figure>\n<\/div>\n<\/div>\n<\/div>\n\n\n\n<div class=\"wp-block-column is-layout-flow wp-block-column-is-layout-flow\">\n<div class=\"wp-block-columns is-layout-flex wp-container-core-columns-is-layout-28f84493 wp-block-columns-is-layout-flex\">\n<div class=\"wp-block-column is-layout-flow wp-block-column-is-layout-flow\">\n<figure data-wp-context=\"{&quot;imageId&quot;:&quot;69ee7861df54d&quot;}\" data-wp-interactive=\"core\/image\" data-wp-key=\"69ee7861df54d\" class=\"wp-block-image size-large wp-lightbox-container\"><img loading=\"lazy\" decoding=\"async\" width=\"1024\" height=\"721\" data-wp-class--hide=\"state.isContentHidden\" data-wp-class--show=\"state.isContentVisible\" data-wp-init=\"callbacks.setButtonStyles\" data-wp-on--click=\"actions.showLightbox\" data-wp-on--load=\"callbacks.setButtonStyles\" data-wp-on-window--resize=\"callbacks.setButtonStyles\" src=\"https:\/\/diaspora.arhivi.lv\/silins\/wp-content\/uploads\/2024\/09\/F.2387_apr.1v-l.7_5-1024x721.jpg\" alt=\"\" class=\"wp-image-372\" srcset=\"https:\/\/diaspora.arhivi.lv\/silins\/wp-content\/uploads\/2024\/09\/F.2387_apr.1v-l.7_5-1024x721.jpg 1024w, https:\/\/diaspora.arhivi.lv\/silins\/wp-content\/uploads\/2024\/09\/F.2387_apr.1v-l.7_5-300x211.jpg 300w, https:\/\/diaspora.arhivi.lv\/silins\/wp-content\/uploads\/2024\/09\/F.2387_apr.1v-l.7_5-2000x1408.jpg 2000w\" sizes=\"auto, (max-width: 1024px) 100vw, 1024px\" \/><button\n\t\t\tclass=\"lightbox-trigger\"\n\t\t\ttype=\"button\"\n\t\t\taria-haspopup=\"dialog\"\n\t\t\taria-label=\"Palielin\u0101t\"\n\t\t\tdata-wp-init=\"callbacks.initTriggerButton\"\n\t\t\tdata-wp-on--click=\"actions.showLightbox\"\n\t\t\tdata-wp-style--right=\"state.imageButtonRight\"\n\t\t\tdata-wp-style--top=\"state.imageButtonTop\"\n\t\t>\n\t\t\t<svg xmlns=\"http:\/\/www.w3.org\/2000\/svg\" width=\"12\" height=\"12\" fill=\"none\" viewBox=\"0 0 12 12\">\n\t\t\t\t<path fill=\"#fff\" d=\"M2 0a2 2 0 0 0-2 2v2h1.5V2a.5.5 0 0 1 .5-.5h2V0H2Zm2 10.5H2a.5.5 0 0 1-.5-.5V8H0v2a2 2 0 0 0 2 2h2v-1.5ZM8 12v-1.5h2a.5.5 0 0 0 .5-.5V8H12v2a2 2 0 0 1-2 2H8Zm2-12a2 2 0 0 1 2 2v2h-1.5V2a.5.5 0 0 0-.5-.5H8V0h2Z\" \/>\n\t\t\t<\/svg>\n\t\t<\/button><figcaption class=\"wp-element-caption\">Altgarges latvie\u0161u nometnes \u0123imn\u0101zijas izsniegta apliec\u012bba par Elzas Sili\u0146as nostr\u0101d\u0101to laiku k\u0101 latvie\u0161u valodas skolot\u0101jai no 07.11.1945 l\u012bdz 15.07.1947. Avots: LNA_LVA F2387_1v_7_5<\/figcaption><\/figure>\n<\/div>\n\n\n\n<div class=\"wp-block-column is-layout-flow wp-block-column-is-layout-flow\">\n<figure data-wp-context=\"{&quot;imageId&quot;:&quot;69ee7861dfce6&quot;}\" data-wp-interactive=\"core\/image\" data-wp-key=\"69ee7861dfce6\" class=\"wp-block-image size-large wp-lightbox-container\"><img loading=\"lazy\" decoding=\"async\" width=\"1024\" height=\"723\" data-wp-class--hide=\"state.isContentHidden\" data-wp-class--show=\"state.isContentVisible\" data-wp-init=\"callbacks.setButtonStyles\" data-wp-on--click=\"actions.showLightbox\" data-wp-on--load=\"callbacks.setButtonStyles\" data-wp-on-window--resize=\"callbacks.setButtonStyles\" src=\"https:\/\/diaspora.arhivi.lv\/silins\/wp-content\/uploads\/2024\/09\/F.2387_apr.1v-l.7_6-1-1024x723.jpg\" alt=\"\" class=\"wp-image-374\" srcset=\"https:\/\/diaspora.arhivi.lv\/silins\/wp-content\/uploads\/2024\/09\/F.2387_apr.1v-l.7_6-1-1024x723.jpg 1024w, https:\/\/diaspora.arhivi.lv\/silins\/wp-content\/uploads\/2024\/09\/F.2387_apr.1v-l.7_6-1-300x212.jpg 300w, https:\/\/diaspora.arhivi.lv\/silins\/wp-content\/uploads\/2024\/09\/F.2387_apr.1v-l.7_6-1-2000x1412.jpg 2000w\" sizes=\"auto, (max-width: 1024px) 100vw, 1024px\" \/><button\n\t\t\tclass=\"lightbox-trigger\"\n\t\t\ttype=\"button\"\n\t\t\taria-haspopup=\"dialog\"\n\t\t\taria-label=\"Palielin\u0101t\"\n\t\t\tdata-wp-init=\"callbacks.initTriggerButton\"\n\t\t\tdata-wp-on--click=\"actions.showLightbox\"\n\t\t\tdata-wp-style--right=\"state.imageButtonRight\"\n\t\t\tdata-wp-style--top=\"state.imageButtonTop\"\n\t\t>\n\t\t\t<svg xmlns=\"http:\/\/www.w3.org\/2000\/svg\" width=\"12\" height=\"12\" fill=\"none\" viewBox=\"0 0 12 12\">\n\t\t\t\t<path fill=\"#fff\" d=\"M2 0a2 2 0 0 0-2 2v2h1.5V2a.5.5 0 0 1 .5-.5h2V0H2Zm2 10.5H2a.5.5 0 0 1-.5-.5V8H0v2a2 2 0 0 0 2 2h2v-1.5ZM8 12v-1.5h2a.5.5 0 0 0 .5-.5V8H12v2a2 2 0 0 1-2 2H8Zm2-12a2 2 0 0 1 2 2v2h-1.5V2a.5.5 0 0 0-.5-.5H8V0h2Z\" \/>\n\t\t\t<\/svg>\n\t\t<\/button><figcaption class=\"wp-element-caption\">Dedelsdorfas latvie\u0161u tautskolas izsniegta apliec\u012bba par par Elzas Sili\u0146as nostr\u0101d\u0101to laiku k\u0101 skolot\u0101jai no 01.01.1948 l\u012bdz 08.09.1949. Avots: LNA_LVA F2387_1v7_6<\/figcaption><\/figure>\n<\/div>\n<\/div>\n<\/div>\n<\/div>\n\n\n\n<p>V\u0101cij\u0101 pavad\u012btais laiks bija tie\u0161s turpin\u0101jums Latvij\u0101 ies\u0101ktajam ce\u013cam kult\u016bras lauk\u0101. L\u012bdz\u012bgi k\u0101 p\u0101r\u0113j\u0101s t\u0101 laika nometn\u0113s, gan Altgarg\u0113, gan Dedelsdorf\u0101 s\u0101ka mosties kult\u016bras dz\u012bve un sabiedrisk\u0101 ros\u012bba. Altgarg\u0113 tika dibin\u0101ts diri\u0123enta Ernesta Brusub\u0101rdas koris, kur\u0101 dal\u012bbu \u0146\u0113ma ar\u012b Elza un M\u0101rti\u0146\u0161 Sili\u0146i. 1945. gada vasar\u0101 koris apciemoja daudzas latvie\u0161u nometnes,&nbsp;ar\u012b latvie\u0161u karav\u012bru g\u016bsta vietu Putlos\u0101. Dedelsdorf\u0101 Sili\u0146i pievienoj\u0101s diri\u0123enta Haralda Berino korim. Br\u012bvaj\u0101 laik\u0101 abi sp\u0113l\u0113ja ar\u012b latvie\u0161u te\u0101tros. 1946. gada mart\u0101 Altgarges nometn\u0113 tika r\u012bkotas pirm\u0101s latvie\u0161u Kult\u016bras dienas. Lai t\u0101m sagatavotos, janv\u0101r\u012b \u010detru ned\u0113\u013cu laik\u0101 p\u0113c M\u0101rti\u0146a Sili\u0146a atmi\u0146as tika atjaunota Edvarda Vulfa luga &#8220;Sv\u0113tki Skangal\u0113&#8221;, kas tika veiksm\u012bgi nosp\u0113l\u0113ta. Pats M\u0101rti\u0146\u0161 t\u0113loja veco Bumbieru, kas bijusi vi\u0146a m\u012b\u013c\u0101k\u0101 loma. No V\u0101cijas laika liel\u0101kajiem iestud\u0113jumiem bija ar\u012b &#8220;Skroderdienas Silma\u010dos&#8221; A. Valteres re\u017eij\u0101, kur M\u0101rti\u0146\u0161 Sili\u0146\u0161 sp\u0113l\u0113ja D\u016bdaru, &#8220;Princese Gundega un karalis Brusub\u0101rda&#8221; Elzas Sili\u0146as re\u017eij\u0101, piedaloties Dedelsdorfas \u0123imn\u0101zijas audz\u0113k\u0146iem, tostarp Uldim Sili\u0146am.<\/p>\n\n\n\n<div class=\"wp-block-columns is-layout-flex wp-container-core-columns-is-layout-28f84493 wp-block-columns-is-layout-flex\">\n<div class=\"wp-block-column is-layout-flow wp-block-column-is-layout-flow\">\n<figure data-wp-context=\"{&quot;imageId&quot;:&quot;69ee7861e078f&quot;}\" data-wp-interactive=\"core\/image\" data-wp-key=\"69ee7861e078f\" class=\"wp-block-image aligncenter size-full is-resized wp-lightbox-container\"><img loading=\"lazy\" decoding=\"async\" width=\"950\" height=\"594\" data-wp-class--hide=\"state.isContentHidden\" data-wp-class--show=\"state.isContentVisible\" data-wp-init=\"callbacks.setButtonStyles\" data-wp-on--click=\"actions.showLightbox\" data-wp-on--load=\"callbacks.setButtonStyles\" data-wp-on-window--resize=\"callbacks.setButtonStyles\" src=\"https:\/\/diaspora.arhivi.lv\/silins\/wp-content\/uploads\/2024\/09\/F.2387_apr.1v_l.24_Altgarges-nometnes-ansamblis.-1.r.-P.Kalnejais-Zalans-rez.-m.Valtera-Einberga.-Ped.rind_.-3-no-kr.-E.Silina-Altgarte-46.g.jpg\" alt=\"\" class=\"wp-image-349\" style=\"width:542px;height:auto\" srcset=\"https:\/\/diaspora.arhivi.lv\/silins\/wp-content\/uploads\/2024\/09\/F.2387_apr.1v_l.24_Altgarges-nometnes-ansamblis.-1.r.-P.Kalnejais-Zalans-rez.-m.Valtera-Einberga.-Ped.rind_.-3-no-kr.-E.Silina-Altgarte-46.g.jpg 950w, https:\/\/diaspora.arhivi.lv\/silins\/wp-content\/uploads\/2024\/09\/F.2387_apr.1v_l.24_Altgarges-nometnes-ansamblis.-1.r.-P.Kalnejais-Zalans-rez.-m.Valtera-Einberga.-Ped.rind_.-3-no-kr.-E.Silina-Altgarte-46.g-300x188.jpg 300w\" sizes=\"auto, (max-width: 950px) 100vw, 950px\" \/><button\n\t\t\tclass=\"lightbox-trigger\"\n\t\t\ttype=\"button\"\n\t\t\taria-haspopup=\"dialog\"\n\t\t\taria-label=\"Palielin\u0101t\"\n\t\t\tdata-wp-init=\"callbacks.initTriggerButton\"\n\t\t\tdata-wp-on--click=\"actions.showLightbox\"\n\t\t\tdata-wp-style--right=\"state.imageButtonRight\"\n\t\t\tdata-wp-style--top=\"state.imageButtonTop\"\n\t\t>\n\t\t\t<svg xmlns=\"http:\/\/www.w3.org\/2000\/svg\" width=\"12\" height=\"12\" fill=\"none\" viewBox=\"0 0 12 12\">\n\t\t\t\t<path fill=\"#fff\" d=\"M2 0a2 2 0 0 0-2 2v2h1.5V2a.5.5 0 0 1 .5-.5h2V0H2Zm2 10.5H2a.5.5 0 0 1-.5-.5V8H0v2a2 2 0 0 0 2 2h2v-1.5ZM8 12v-1.5h2a.5.5 0 0 0 .5-.5V8H12v2a2 2 0 0 1-2 2H8Zm2-12a2 2 0 0 1 2 2v2h-1.5V2a.5.5 0 0 0-.5-.5H8V0h2Z\" \/>\n\t\t\t<\/svg>\n\t\t<\/button><figcaption class=\"wp-element-caption\">Altgarges nometnes te\u0101tra ansamblis. P\u0113d\u0113j\u0101 rind\u0101 tre\u0161\u0101 no kreis\u0101s Elza Sili\u0146a. Altgarge, 1946. gads. Avots: LNA_LVA F2387_1v_24<\/figcaption><\/figure>\n<\/div>\n\n\n\n<div class=\"wp-block-column is-layout-flow wp-block-column-is-layout-flow\">\n<figure data-wp-context=\"{&quot;imageId&quot;:&quot;69ee7861e0ebb&quot;}\" data-wp-interactive=\"core\/image\" data-wp-key=\"69ee7861e0ebb\" class=\"wp-block-image aligncenter size-large wp-lightbox-container\"><img loading=\"lazy\" decoding=\"async\" width=\"1024\" height=\"631\" data-wp-class--hide=\"state.isContentHidden\" data-wp-class--show=\"state.isContentVisible\" data-wp-init=\"callbacks.setButtonStyles\" data-wp-on--click=\"actions.showLightbox\" data-wp-on--load=\"callbacks.setButtonStyles\" data-wp-on-window--resize=\"callbacks.setButtonStyles\" src=\"https:\/\/diaspora.arhivi.lv\/silins\/wp-content\/uploads\/2024\/09\/F.2387_apr.1v_l.24_Dedelsdorfas-nometnes-koris.-Dirigents-Haralds-Berino.-Ar-notim-roka-M.Silins-1024x631.jpg\" alt=\"\" class=\"wp-image-350\" srcset=\"https:\/\/diaspora.arhivi.lv\/silins\/wp-content\/uploads\/2024\/09\/F.2387_apr.1v_l.24_Dedelsdorfas-nometnes-koris.-Dirigents-Haralds-Berino.-Ar-notim-roka-M.Silins-1024x631.jpg 1024w, https:\/\/diaspora.arhivi.lv\/silins\/wp-content\/uploads\/2024\/09\/F.2387_apr.1v_l.24_Dedelsdorfas-nometnes-koris.-Dirigents-Haralds-Berino.-Ar-notim-roka-M.Silins-300x185.jpg 300w, https:\/\/diaspora.arhivi.lv\/silins\/wp-content\/uploads\/2024\/09\/F.2387_apr.1v_l.24_Dedelsdorfas-nometnes-koris.-Dirigents-Haralds-Berino.-Ar-notim-roka-M.Silins.jpg 1477w\" sizes=\"auto, (max-width: 1024px) 100vw, 1024px\" \/><button\n\t\t\tclass=\"lightbox-trigger\"\n\t\t\ttype=\"button\"\n\t\t\taria-haspopup=\"dialog\"\n\t\t\taria-label=\"Palielin\u0101t\"\n\t\t\tdata-wp-init=\"callbacks.initTriggerButton\"\n\t\t\tdata-wp-on--click=\"actions.showLightbox\"\n\t\t\tdata-wp-style--right=\"state.imageButtonRight\"\n\t\t\tdata-wp-style--top=\"state.imageButtonTop\"\n\t\t>\n\t\t\t<svg xmlns=\"http:\/\/www.w3.org\/2000\/svg\" width=\"12\" height=\"12\" fill=\"none\" viewBox=\"0 0 12 12\">\n\t\t\t\t<path fill=\"#fff\" d=\"M2 0a2 2 0 0 0-2 2v2h1.5V2a.5.5 0 0 1 .5-.5h2V0H2Zm2 10.5H2a.5.5 0 0 1-.5-.5V8H0v2a2 2 0 0 0 2 2h2v-1.5ZM8 12v-1.5h2a.5.5 0 0 0 .5-.5V8H12v2a2 2 0 0 1-2 2H8Zm2-12a2 2 0 0 1 2 2v2h-1.5V2a.5.5 0 0 0-.5-.5H8V0h2Z\" \/>\n\t\t\t<\/svg>\n\t\t<\/button><figcaption class=\"wp-element-caption\">Dedelsdorfas nometnes latvie\u0161u koris. Diri\u0123ents Haralds Berino. Ar not\u012bm rok\u0101s M\u0101rti\u0146\u0161 Sili\u0146\u0161. Avots: LNA_LVA F2387_1v_24<\/figcaption><\/figure>\n<\/div>\n<\/div>\n\n\n\n<div class=\"wp-block-columns is-layout-flex wp-container-core-columns-is-layout-28f84493 wp-block-columns-is-layout-flex\">\n<div class=\"wp-block-column is-layout-flow wp-block-column-is-layout-flow\">\n<figure data-wp-context=\"{&quot;imageId&quot;:&quot;69ee7861e178e&quot;}\" data-wp-interactive=\"core\/image\" data-wp-key=\"69ee7861e178e\" class=\"wp-block-image aligncenter size-large is-resized wp-lightbox-container\"><img loading=\"lazy\" decoding=\"async\" width=\"688\" height=\"1024\" data-wp-class--hide=\"state.isContentHidden\" data-wp-class--show=\"state.isContentVisible\" data-wp-init=\"callbacks.setButtonStyles\" data-wp-on--click=\"actions.showLightbox\" data-wp-on--load=\"callbacks.setButtonStyles\" data-wp-on-window--resize=\"callbacks.setButtonStyles\" src=\"https:\/\/diaspora.arhivi.lv\/silins\/wp-content\/uploads\/2024\/09\/F.2387_apr.1v_l.25_Skroderdienas-silmacos-Altgarges-nometne-E.-Silina-M.-Silins-1946-688x1024.jpg\" alt=\"\" class=\"wp-image-354\" style=\"width:499px;height:auto\" srcset=\"https:\/\/diaspora.arhivi.lv\/silins\/wp-content\/uploads\/2024\/09\/F.2387_apr.1v_l.25_Skroderdienas-silmacos-Altgarges-nometne-E.-Silina-M.-Silins-1946-688x1024.jpg 688w, https:\/\/diaspora.arhivi.lv\/silins\/wp-content\/uploads\/2024\/09\/F.2387_apr.1v_l.25_Skroderdienas-silmacos-Altgarges-nometne-E.-Silina-M.-Silins-1946-202x300.jpg 202w, https:\/\/diaspora.arhivi.lv\/silins\/wp-content\/uploads\/2024\/09\/F.2387_apr.1v_l.25_Skroderdienas-silmacos-Altgarges-nometne-E.-Silina-M.-Silins-1946.jpg 718w\" sizes=\"auto, (max-width: 688px) 100vw, 688px\" \/><button\n\t\t\tclass=\"lightbox-trigger\"\n\t\t\ttype=\"button\"\n\t\t\taria-haspopup=\"dialog\"\n\t\t\taria-label=\"Palielin\u0101t\"\n\t\t\tdata-wp-init=\"callbacks.initTriggerButton\"\n\t\t\tdata-wp-on--click=\"actions.showLightbox\"\n\t\t\tdata-wp-style--right=\"state.imageButtonRight\"\n\t\t\tdata-wp-style--top=\"state.imageButtonTop\"\n\t\t>\n\t\t\t<svg xmlns=\"http:\/\/www.w3.org\/2000\/svg\" width=\"12\" height=\"12\" fill=\"none\" viewBox=\"0 0 12 12\">\n\t\t\t\t<path fill=\"#fff\" d=\"M2 0a2 2 0 0 0-2 2v2h1.5V2a.5.5 0 0 1 .5-.5h2V0H2Zm2 10.5H2a.5.5 0 0 1-.5-.5V8H0v2a2 2 0 0 0 2 2h2v-1.5ZM8 12v-1.5h2a.5.5 0 0 0 .5-.5V8H12v2a2 2 0 0 1-2 2H8Zm2-12a2 2 0 0 1 2 2v2h-1.5V2a.5.5 0 0 0-.5-.5H8V0h2Z\" \/>\n\t\t\t<\/svg>\n\t\t<\/button><figcaption class=\"wp-element-caption\">Lugas &#8220;Skroderdienas Silma\u010dos&#8221; uzvedums Altgarges nometn\u0113, Elza un M\u0101rti\u0146\u0161 Sili\u0146i, 1946. gads. Avots: LNA_LVA F2387_1v_25<\/figcaption><\/figure>\n<\/div>\n\n\n\n<div class=\"wp-block-column is-layout-flow wp-block-column-is-layout-flow\">\n<figure data-wp-context=\"{&quot;imageId&quot;:&quot;69ee7861e1ff7&quot;}\" data-wp-interactive=\"core\/image\" data-wp-key=\"69ee7861e1ff7\" class=\"wp-block-image aligncenter size-large is-resized wp-lightbox-container\"><img loading=\"lazy\" decoding=\"async\" width=\"1024\" height=\"671\" data-wp-class--hide=\"state.isContentHidden\" data-wp-class--show=\"state.isContentVisible\" data-wp-init=\"callbacks.setButtonStyles\" data-wp-on--click=\"actions.showLightbox\" data-wp-on--load=\"callbacks.setButtonStyles\" data-wp-on-window--resize=\"callbacks.setButtonStyles\" src=\"https:\/\/diaspora.arhivi.lv\/silins\/wp-content\/uploads\/2024\/09\/F.2387_apr.1v_l.25-Dala-no-Princeses-Gundegas-ansambla.-Foto-A.Augstums-1-1024x671.jpg\" alt=\"\" class=\"wp-image-355\" style=\"width:498px;height:auto\" srcset=\"https:\/\/diaspora.arhivi.lv\/silins\/wp-content\/uploads\/2024\/09\/F.2387_apr.1v_l.25-Dala-no-Princeses-Gundegas-ansambla.-Foto-A.Augstums-1-1024x671.jpg 1024w, https:\/\/diaspora.arhivi.lv\/silins\/wp-content\/uploads\/2024\/09\/F.2387_apr.1v_l.25-Dala-no-Princeses-Gundegas-ansambla.-Foto-A.Augstums-1-300x196.jpg 300w, https:\/\/diaspora.arhivi.lv\/silins\/wp-content\/uploads\/2024\/09\/F.2387_apr.1v_l.25-Dala-no-Princeses-Gundegas-ansambla.-Foto-A.Augstums-1.jpg 1278w\" sizes=\"auto, (max-width: 1024px) 100vw, 1024px\" \/><button\n\t\t\tclass=\"lightbox-trigger\"\n\t\t\ttype=\"button\"\n\t\t\taria-haspopup=\"dialog\"\n\t\t\taria-label=\"Palielin\u0101t\"\n\t\t\tdata-wp-init=\"callbacks.initTriggerButton\"\n\t\t\tdata-wp-on--click=\"actions.showLightbox\"\n\t\t\tdata-wp-style--right=\"state.imageButtonRight\"\n\t\t\tdata-wp-style--top=\"state.imageButtonTop\"\n\t\t>\n\t\t\t<svg xmlns=\"http:\/\/www.w3.org\/2000\/svg\" width=\"12\" height=\"12\" fill=\"none\" viewBox=\"0 0 12 12\">\n\t\t\t\t<path fill=\"#fff\" d=\"M2 0a2 2 0 0 0-2 2v2h1.5V2a.5.5 0 0 1 .5-.5h2V0H2Zm2 10.5H2a.5.5 0 0 1-.5-.5V8H0v2a2 2 0 0 0 2 2h2v-1.5ZM8 12v-1.5h2a.5.5 0 0 0 .5-.5V8H12v2a2 2 0 0 1-2 2H8Zm2-12a2 2 0 0 1 2 2v2h-1.5V2a.5.5 0 0 0-.5-.5H8V0h2Z\" \/>\n\t\t\t<\/svg>\n\t\t<\/button><figcaption class=\"wp-element-caption\">Da\u013ca no Elzas Sili\u0146as re\u017eis\u0113t\u0101s lugas &#8220;Princese Gundega un karalis Brusub\u0101rda&#8221; ansamb\u013ca, kura sast\u0101v\u0101 bija ar\u012b Dedelsdorfas latvie\u0161u \u0123imn\u0101zisti. Foto: A. Augstums. Avots: LNA_LVA F2387_1v_25<\/figcaption><\/figure>\n\n\n\n<figure data-wp-context=\"{&quot;imageId&quot;:&quot;69ee7861e2788&quot;}\" data-wp-interactive=\"core\/image\" data-wp-key=\"69ee7861e2788\" class=\"wp-block-image aligncenter size-large is-resized wp-lightbox-container\"><img loading=\"lazy\" decoding=\"async\" width=\"1024\" height=\"689\" data-wp-class--hide=\"state.isContentHidden\" data-wp-class--show=\"state.isContentVisible\" data-wp-init=\"callbacks.setButtonStyles\" data-wp-on--click=\"actions.showLightbox\" data-wp-on--load=\"callbacks.setButtonStyles\" data-wp-on-window--resize=\"callbacks.setButtonStyles\" src=\"https:\/\/diaspora.arhivi.lv\/silins\/wp-content\/uploads\/2024\/09\/F.2387_apr.1v_l.25_Princese-Gundega.-No-kr.-Gargurnis-A.Nadzins-R.Bruna-O.Celle-prieks-znaudzejs-U.Silins.-Foto-A.-Augstums-1-1024x689.jpg\" alt=\"\" class=\"wp-image-356\" style=\"width:501px;height:auto\" srcset=\"https:\/\/diaspora.arhivi.lv\/silins\/wp-content\/uploads\/2024\/09\/F.2387_apr.1v_l.25_Princese-Gundega.-No-kr.-Gargurnis-A.Nadzins-R.Bruna-O.Celle-prieks-znaudzejs-U.Silins.-Foto-A.-Augstums-1-1024x689.jpg 1024w, https:\/\/diaspora.arhivi.lv\/silins\/wp-content\/uploads\/2024\/09\/F.2387_apr.1v_l.25_Princese-Gundega.-No-kr.-Gargurnis-A.Nadzins-R.Bruna-O.Celle-prieks-znaudzejs-U.Silins.-Foto-A.-Augstums-1-300x202.jpg 300w, https:\/\/diaspora.arhivi.lv\/silins\/wp-content\/uploads\/2024\/09\/F.2387_apr.1v_l.25_Princese-Gundega.-No-kr.-Gargurnis-A.Nadzins-R.Bruna-O.Celle-prieks-znaudzejs-U.Silins.-Foto-A.-Augstums-1.jpg 1269w\" sizes=\"auto, (max-width: 1024px) 100vw, 1024px\" \/><button\n\t\t\tclass=\"lightbox-trigger\"\n\t\t\ttype=\"button\"\n\t\t\taria-haspopup=\"dialog\"\n\t\t\taria-label=\"Palielin\u0101t\"\n\t\t\tdata-wp-init=\"callbacks.initTriggerButton\"\n\t\t\tdata-wp-on--click=\"actions.showLightbox\"\n\t\t\tdata-wp-style--right=\"state.imageButtonRight\"\n\t\t\tdata-wp-style--top=\"state.imageButtonTop\"\n\t\t>\n\t\t\t<svg xmlns=\"http:\/\/www.w3.org\/2000\/svg\" width=\"12\" height=\"12\" fill=\"none\" viewBox=\"0 0 12 12\">\n\t\t\t\t<path fill=\"#fff\" d=\"M2 0a2 2 0 0 0-2 2v2h1.5V2a.5.5 0 0 1 .5-.5h2V0H2Zm2 10.5H2a.5.5 0 0 1-.5-.5V8H0v2a2 2 0 0 0 2 2h2v-1.5ZM8 12v-1.5h2a.5.5 0 0 0 .5-.5V8H12v2a2 2 0 0 1-2 2H8Zm2-12a2 2 0 0 1 2 2v2h-1.5V2a.5.5 0 0 0-.5-.5H8V0h2Z\" \/>\n\t\t\t<\/svg>\n\t\t<\/button><figcaption class=\"wp-element-caption\">Elzas Sili\u0146as re\u017eis\u0113t\u0101s lugas &#8220;Princese Gundega un karalis Brusub\u0101rda&#8221; uzvedums. No kreis\u0101s Gargurnis, A. Nadzi\u0146\u0161, R. Br\u016bna, O. Celle, priek\u0161\u0101 tup Uldis Sili\u0146\u0161. Foto: A. Augstums. Avots: LNA_LVA F2387_1v_25<\/figcaption><\/figure>\n<\/div>\n<\/div>\n\n\n\n<figure data-wp-context=\"{&quot;imageId&quot;:&quot;69ee7861e30e6&quot;}\" data-wp-interactive=\"core\/image\" data-wp-key=\"69ee7861e30e6\" class=\"wp-block-image aligncenter size-large is-resized wp-lightbox-container\"><img loading=\"lazy\" decoding=\"async\" width=\"1024\" height=\"668\" data-wp-class--hide=\"state.isContentHidden\" data-wp-class--show=\"state.isContentVisible\" data-wp-init=\"callbacks.setButtonStyles\" data-wp-on--click=\"actions.showLightbox\" data-wp-on--load=\"callbacks.setButtonStyles\" data-wp-on-window--resize=\"callbacks.setButtonStyles\" src=\"https:\/\/diaspora.arhivi.lv\/silins\/wp-content\/uploads\/2024\/09\/LNA_LVA-F2387_1v_26-3.lp_.-1947.g.-pirmie-brauceji-uz-Australiju.-No-kr.-L.Brants-nez.-Lasmanis-Boberts-M.Silins.-Lasmanis-uzrauj-ped.-slageri-izbraucot-uz-Austr-1024x668.jpg\" alt=\"\" class=\"wp-image-429\" style=\"width:809px;height:auto\" srcset=\"https:\/\/diaspora.arhivi.lv\/silins\/wp-content\/uploads\/2024\/09\/LNA_LVA-F2387_1v_26-3.lp_.-1947.g.-pirmie-brauceji-uz-Australiju.-No-kr.-L.Brants-nez.-Lasmanis-Boberts-M.Silins.-Lasmanis-uzrauj-ped.-slageri-izbraucot-uz-Austr-1024x668.jpg 1024w, https:\/\/diaspora.arhivi.lv\/silins\/wp-content\/uploads\/2024\/09\/LNA_LVA-F2387_1v_26-3.lp_.-1947.g.-pirmie-brauceji-uz-Australiju.-No-kr.-L.Brants-nez.-Lasmanis-Boberts-M.Silins.-Lasmanis-uzrauj-ped.-slageri-izbraucot-uz-Austr-300x196.jpg 300w, https:\/\/diaspora.arhivi.lv\/silins\/wp-content\/uploads\/2024\/09\/LNA_LVA-F2387_1v_26-3.lp_.-1947.g.-pirmie-brauceji-uz-Australiju.-No-kr.-L.Brants-nez.-Lasmanis-Boberts-M.Silins.-Lasmanis-uzrauj-ped.-slageri-izbraucot-uz-Austr.jpg 1289w\" sizes=\"auto, (max-width: 1024px) 100vw, 1024px\" \/><button\n\t\t\tclass=\"lightbox-trigger\"\n\t\t\ttype=\"button\"\n\t\t\taria-haspopup=\"dialog\"\n\t\t\taria-label=\"Palielin\u0101t\"\n\t\t\tdata-wp-init=\"callbacks.initTriggerButton\"\n\t\t\tdata-wp-on--click=\"actions.showLightbox\"\n\t\t\tdata-wp-style--right=\"state.imageButtonRight\"\n\t\t\tdata-wp-style--top=\"state.imageButtonTop\"\n\t\t>\n\t\t\t<svg xmlns=\"http:\/\/www.w3.org\/2000\/svg\" width=\"12\" height=\"12\" fill=\"none\" viewBox=\"0 0 12 12\">\n\t\t\t\t<path fill=\"#fff\" d=\"M2 0a2 2 0 0 0-2 2v2h1.5V2a.5.5 0 0 1 .5-.5h2V0H2Zm2 10.5H2a.5.5 0 0 1-.5-.5V8H0v2a2 2 0 0 0 2 2h2v-1.5ZM8 12v-1.5h2a.5.5 0 0 0 .5-.5V8H12v2a2 2 0 0 1-2 2H8Zm2-12a2 2 0 0 1 2 2v2h-1.5V2a.5.5 0 0 0-.5-.5H8V0h2Z\" \/>\n\t\t\t<\/svg>\n\t\t<\/button><figcaption class=\"wp-element-caption\">Latvie\u0161i pavada pirmos brauc\u0113jus uz Austr\u0101liju, 1947. gads. No kreis\u0101s: L. Brants, nezin\u0101ms, Lasmanis, Boberts, M. Sili\u0146\u0161. Lasmanis uzrauj p\u0113d\u0113jo \u0161l\u0101geri izbraucot uz Austr\u0101liju. Avots: LNA_LVA F2387_1v_26<\/figcaption><\/figure>\n\n\n\n<p>P\u0113c pieciem V\u0101cijas b\u0113g\u013cu nometn\u0113s pavad\u012btiem gadiem Sili\u0146i emigr\u0113ja uz Austr\u0101liju, kur non\u0101ca 1950. gada apr\u012bl\u012b. Ce\u013c\u0161 veda cauri It\u0101lijai uz Aversas tranz\u012btnometni, kur Uldis piedz\u012bvoja apendic\u012btu un oper\u0101ciju Neapoles klostera slimn\u012bc\u0101.<\/p>\n\n\n\n<div class=\"wp-block-columns is-layout-flex wp-container-core-columns-is-layout-28f84493 wp-block-columns-is-layout-flex\">\n<div class=\"wp-block-column is-layout-flow wp-block-column-is-layout-flow\">\n<div class=\"wp-block-columns is-layout-flex wp-container-core-columns-is-layout-28f84493 wp-block-columns-is-layout-flex\">\n<div class=\"wp-block-column is-layout-flow wp-block-column-is-layout-flow\">\n<figure data-wp-context=\"{&quot;imageId&quot;:&quot;69ee7861e391f&quot;}\" data-wp-interactive=\"core\/image\" data-wp-key=\"69ee7861e391f\" class=\"wp-block-image aligncenter size-large wp-lightbox-container\"><img loading=\"lazy\" decoding=\"async\" width=\"1024\" height=\"674\" data-wp-class--hide=\"state.isContentHidden\" data-wp-class--show=\"state.isContentVisible\" data-wp-init=\"callbacks.setButtonStyles\" data-wp-on--click=\"actions.showLightbox\" data-wp-on--load=\"callbacks.setButtonStyles\" data-wp-on-window--resize=\"callbacks.setButtonStyles\" src=\"https:\/\/diaspora.arhivi.lv\/silins\/wp-content\/uploads\/2024\/09\/F.2387-apr.1v-l.49_2_1-1024x674.jpg\" alt=\"\" class=\"wp-image-432\" srcset=\"https:\/\/diaspora.arhivi.lv\/silins\/wp-content\/uploads\/2024\/09\/F.2387-apr.1v-l.49_2_1-1024x674.jpg 1024w, https:\/\/diaspora.arhivi.lv\/silins\/wp-content\/uploads\/2024\/09\/F.2387-apr.1v-l.49_2_1-300x198.jpg 300w, https:\/\/diaspora.arhivi.lv\/silins\/wp-content\/uploads\/2024\/09\/F.2387-apr.1v-l.49_2_1-2000x1317.jpg 2000w\" sizes=\"auto, (max-width: 1024px) 100vw, 1024px\" \/><button\n\t\t\tclass=\"lightbox-trigger\"\n\t\t\ttype=\"button\"\n\t\t\taria-haspopup=\"dialog\"\n\t\t\taria-label=\"Palielin\u0101t\"\n\t\t\tdata-wp-init=\"callbacks.initTriggerButton\"\n\t\t\tdata-wp-on--click=\"actions.showLightbox\"\n\t\t\tdata-wp-style--right=\"state.imageButtonRight\"\n\t\t\tdata-wp-style--top=\"state.imageButtonTop\"\n\t\t>\n\t\t\t<svg xmlns=\"http:\/\/www.w3.org\/2000\/svg\" width=\"12\" height=\"12\" fill=\"none\" viewBox=\"0 0 12 12\">\n\t\t\t\t<path fill=\"#fff\" d=\"M2 0a2 2 0 0 0-2 2v2h1.5V2a.5.5 0 0 1 .5-.5h2V0H2Zm2 10.5H2a.5.5 0 0 1-.5-.5V8H0v2a2 2 0 0 0 2 2h2v-1.5ZM8 12v-1.5h2a.5.5 0 0 0 .5-.5V8H12v2a2 2 0 0 1-2 2H8Zm2-12a2 2 0 0 1 2 2v2h-1.5V2a.5.5 0 0 0-.5-.5H8V0h2Z\" \/>\n\t\t\t<\/svg>\n\t\t<\/button><figcaption class=\"wp-element-caption\">Ulda Sili\u0146a b\u0113g\u013ca karti\u0146a izce\u013co\u0161anai uz Austr\u0101liju, 1949. gads. Avots: LNA_LVA F2387_1v_49<\/figcaption><\/figure>\n<\/div>\n\n\n\n<div class=\"wp-block-column is-layout-flow wp-block-column-is-layout-flow\">\n<figure data-wp-context=\"{&quot;imageId&quot;:&quot;69ee7861e40d4&quot;}\" data-wp-interactive=\"core\/image\" data-wp-key=\"69ee7861e40d4\" class=\"wp-block-image aligncenter size-large wp-lightbox-container\"><img loading=\"lazy\" decoding=\"async\" width=\"1024\" height=\"674\" data-wp-class--hide=\"state.isContentHidden\" data-wp-class--show=\"state.isContentVisible\" data-wp-init=\"callbacks.setButtonStyles\" data-wp-on--click=\"actions.showLightbox\" data-wp-on--load=\"callbacks.setButtonStyles\" data-wp-on-window--resize=\"callbacks.setButtonStyles\" src=\"https:\/\/diaspora.arhivi.lv\/silins\/wp-content\/uploads\/2024\/09\/F.2387-apr.1v-l.49_2_2-1024x674.jpg\" alt=\"\" class=\"wp-image-433\" srcset=\"https:\/\/diaspora.arhivi.lv\/silins\/wp-content\/uploads\/2024\/09\/F.2387-apr.1v-l.49_2_2-1024x674.jpg 1024w, https:\/\/diaspora.arhivi.lv\/silins\/wp-content\/uploads\/2024\/09\/F.2387-apr.1v-l.49_2_2-300x198.jpg 300w, https:\/\/diaspora.arhivi.lv\/silins\/wp-content\/uploads\/2024\/09\/F.2387-apr.1v-l.49_2_2-2000x1317.jpg 2000w\" sizes=\"auto, (max-width: 1024px) 100vw, 1024px\" \/><button\n\t\t\tclass=\"lightbox-trigger\"\n\t\t\ttype=\"button\"\n\t\t\taria-haspopup=\"dialog\"\n\t\t\taria-label=\"Palielin\u0101t\"\n\t\t\tdata-wp-init=\"callbacks.initTriggerButton\"\n\t\t\tdata-wp-on--click=\"actions.showLightbox\"\n\t\t\tdata-wp-style--right=\"state.imageButtonRight\"\n\t\t\tdata-wp-style--top=\"state.imageButtonTop\"\n\t\t>\n\t\t\t<svg xmlns=\"http:\/\/www.w3.org\/2000\/svg\" width=\"12\" height=\"12\" fill=\"none\" viewBox=\"0 0 12 12\">\n\t\t\t\t<path fill=\"#fff\" d=\"M2 0a2 2 0 0 0-2 2v2h1.5V2a.5.5 0 0 1 .5-.5h2V0H2Zm2 10.5H2a.5.5 0 0 1-.5-.5V8H0v2a2 2 0 0 0 2 2h2v-1.5ZM8 12v-1.5h2a.5.5 0 0 0 .5-.5V8H12v2a2 2 0 0 1-2 2H8Zm2-12a2 2 0 0 1 2 2v2h-1.5V2a.5.5 0 0 0-.5-.5H8V0h2Z\" \/>\n\t\t\t<\/svg>\n\t\t<\/button><\/figure>\n<\/div>\n<\/div>\n<\/div>\n\n\n\n<div class=\"wp-block-column is-layout-flow wp-block-column-is-layout-flow\">\n<div class=\"wp-block-columns is-layout-flex wp-container-core-columns-is-layout-28f84493 wp-block-columns-is-layout-flex\">\n<div class=\"wp-block-column is-layout-flow wp-block-column-is-layout-flow\">\n<figure data-wp-context=\"{&quot;imageId&quot;:&quot;69ee7861e4ac7&quot;}\" data-wp-interactive=\"core\/image\" data-wp-key=\"69ee7861e4ac7\" class=\"wp-block-image aligncenter size-large wp-lightbox-container\"><img loading=\"lazy\" decoding=\"async\" width=\"1024\" height=\"673\" data-wp-class--hide=\"state.isContentHidden\" data-wp-class--show=\"state.isContentVisible\" data-wp-init=\"callbacks.setButtonStyles\" data-wp-on--click=\"actions.showLightbox\" data-wp-on--load=\"callbacks.setButtonStyles\" data-wp-on-window--resize=\"callbacks.setButtonStyles\" src=\"https:\/\/diaspora.arhivi.lv\/silins\/wp-content\/uploads\/2024\/09\/F.2387_apr.1v-l.7_3-1024x673.jpg\" alt=\"\" class=\"wp-image-434\" srcset=\"https:\/\/diaspora.arhivi.lv\/silins\/wp-content\/uploads\/2024\/09\/F.2387_apr.1v-l.7_3-1024x673.jpg 1024w, https:\/\/diaspora.arhivi.lv\/silins\/wp-content\/uploads\/2024\/09\/F.2387_apr.1v-l.7_3-300x197.jpg 300w, https:\/\/diaspora.arhivi.lv\/silins\/wp-content\/uploads\/2024\/09\/F.2387_apr.1v-l.7_3-2000x1315.jpg 2000w\" sizes=\"auto, (max-width: 1024px) 100vw, 1024px\" \/><button\n\t\t\tclass=\"lightbox-trigger\"\n\t\t\ttype=\"button\"\n\t\t\taria-haspopup=\"dialog\"\n\t\t\taria-label=\"Palielin\u0101t\"\n\t\t\tdata-wp-init=\"callbacks.initTriggerButton\"\n\t\t\tdata-wp-on--click=\"actions.showLightbox\"\n\t\t\tdata-wp-style--right=\"state.imageButtonRight\"\n\t\t\tdata-wp-style--top=\"state.imageButtonTop\"\n\t\t>\n\t\t\t<svg xmlns=\"http:\/\/www.w3.org\/2000\/svg\" width=\"12\" height=\"12\" fill=\"none\" viewBox=\"0 0 12 12\">\n\t\t\t\t<path fill=\"#fff\" d=\"M2 0a2 2 0 0 0-2 2v2h1.5V2a.5.5 0 0 1 .5-.5h2V0H2Zm2 10.5H2a.5.5 0 0 1-.5-.5V8H0v2a2 2 0 0 0 2 2h2v-1.5ZM8 12v-1.5h2a.5.5 0 0 0 .5-.5V8H12v2a2 2 0 0 1-2 2H8Zm2-12a2 2 0 0 1 2 2v2h-1.5V2a.5.5 0 0 0-.5-.5H8V0h2Z\" \/>\n\t\t\t<\/svg>\n\t\t<\/button><figcaption class=\"wp-element-caption\">Elzas Sili\u0146as b\u0113g\u013ca karti\u0146a izce\u013co\u0161anai uz Austr\u0101liju, 1949. gads. Avots: LNA_LVA F2387_1v_7<\/figcaption><\/figure>\n<\/div>\n\n\n\n<div class=\"wp-block-column is-layout-flow wp-block-column-is-layout-flow\">\n<figure data-wp-context=\"{&quot;imageId&quot;:&quot;69ee7861e52d8&quot;}\" data-wp-interactive=\"core\/image\" data-wp-key=\"69ee7861e52d8\" class=\"wp-block-image aligncenter size-large wp-lightbox-container\"><img loading=\"lazy\" decoding=\"async\" width=\"1024\" height=\"673\" data-wp-class--hide=\"state.isContentHidden\" data-wp-class--show=\"state.isContentVisible\" data-wp-init=\"callbacks.setButtonStyles\" data-wp-on--click=\"actions.showLightbox\" data-wp-on--load=\"callbacks.setButtonStyles\" data-wp-on-window--resize=\"callbacks.setButtonStyles\" src=\"https:\/\/diaspora.arhivi.lv\/silins\/wp-content\/uploads\/2024\/09\/F.2387_apr.1v-l.7_3_2-1024x673.jpg\" alt=\"\" class=\"wp-image-435\" srcset=\"https:\/\/diaspora.arhivi.lv\/silins\/wp-content\/uploads\/2024\/09\/F.2387_apr.1v-l.7_3_2-1024x673.jpg 1024w, https:\/\/diaspora.arhivi.lv\/silins\/wp-content\/uploads\/2024\/09\/F.2387_apr.1v-l.7_3_2-300x197.jpg 300w, https:\/\/diaspora.arhivi.lv\/silins\/wp-content\/uploads\/2024\/09\/F.2387_apr.1v-l.7_3_2-2000x1315.jpg 2000w\" sizes=\"auto, (max-width: 1024px) 100vw, 1024px\" \/><button\n\t\t\tclass=\"lightbox-trigger\"\n\t\t\ttype=\"button\"\n\t\t\taria-haspopup=\"dialog\"\n\t\t\taria-label=\"Palielin\u0101t\"\n\t\t\tdata-wp-init=\"callbacks.initTriggerButton\"\n\t\t\tdata-wp-on--click=\"actions.showLightbox\"\n\t\t\tdata-wp-style--right=\"state.imageButtonRight\"\n\t\t\tdata-wp-style--top=\"state.imageButtonTop\"\n\t\t>\n\t\t\t<svg xmlns=\"http:\/\/www.w3.org\/2000\/svg\" width=\"12\" height=\"12\" fill=\"none\" viewBox=\"0 0 12 12\">\n\t\t\t\t<path fill=\"#fff\" d=\"M2 0a2 2 0 0 0-2 2v2h1.5V2a.5.5 0 0 1 .5-.5h2V0H2Zm2 10.5H2a.5.5 0 0 1-.5-.5V8H0v2a2 2 0 0 0 2 2h2v-1.5ZM8 12v-1.5h2a.5.5 0 0 0 .5-.5V8H12v2a2 2 0 0 1-2 2H8Zm2-12a2 2 0 0 1 2 2v2h-1.5V2a.5.5 0 0 0-.5-.5H8V0h2Z\" \/>\n\t\t\t<\/svg>\n\t\t<\/button><\/figure>\n<\/div>\n<\/div>\n<\/div>\n<\/div>\n\n\n\n<p class=\"has-text-align-center has-background has-medium-font-size\" style=\"background-color:#e4d79e\">M\u0113s braucam uz Austr\u0101liju! Beidzot ir pien\u0101kusi m\u016bsu k\u0101rta. Neapoles ost\u0101 uz mums gaida \u0122ener\u0101lis Muirs \u2013 liels, <em>Liberty<\/em> klases ku\u0123is. Paka\u013cgal\u0101 pl\u012bvo <em>Stars and Stripes.<\/em> S\u0101nos milz\u012bgiem burtiem uzrakst\u012bts IRO. M\u016bsu \u0123imene uzk\u0101pj uz ku\u0123a pati pirm\u0101. Anna, Milda, Elza un Maruta dodas uz d\u0101m\u0101m ier\u0101d\u012bto vietu, bet m\u0113s ar t\u0113vu esam maz\u0101 kab\u012bn\u0113 ku\u0123a priek\u0161gal\u0101. Tur ir tikai 18 gultas \u2013 tr\u012bsst\u0101vu koikas. T\u0101s pa liel\u0101kai da\u013cai aiz\u0146em darba grupa, kas uzk\u0101pusi uz ku\u0123a jau vakar. Mums izsniedz dvieli, segas, palagu un spilvenp\u0101rvalku. M\u0113s esam privile\u0123\u0113t\u0101 st\u0101vokl\u012b, nestr\u0101d\u0101jo\u0161ie gu\u013c pa 150 vien\u0101 telp\u0101. (..) \u0112diens ir br\u012bni\u0161\u0137\u012bgs. (Gan ne pirmaj\u0101 reiz\u0113. Makaroni ar tom\u0101tu m\u0113rci! Biju gatavs k\u0101pt krast\u0101.) T\u0113ju vai pupi\u0146u kafiju var dab\u016bt, cik grib, t\u0101pat cukuru. (..) Katru dienu \u0113dam svaigus aug\u013cus, karst\u0101k\u0101s dien\u0101s dod sald\u0113jumu. Pa reiz\u0113m tr\u0101p\u0101m ar\u012b svaigu ga\u013cu. (..) Ar\u012b es tagad skaitos str\u0101d\u0101jo\u0161ais. Mans uzdevums no r\u012btiem izt\u012br\u012bt m\u016bsu istabu. P\u0101r\u0113jais laiks br\u012bvs. Pats pieteicos, jo str\u0101d\u0101jo\u0161ie var\u0113ja iet \u0113st bez rindas. (..) Las\u012btava \u013coti lepna. M\u012bksti s\u0113dek\u013ci, galdi, klavieres.(..) Muir\u2019s Tribun\u0113 raksti par tirgo\u0161anos ar neilona ze\u0137\u0113m pret cigaret\u0113m, ka\u0161\u0137iem laul\u012bbnieku starp\u0101. Vakar un \u0161odien dala kant\u012bni. Par p\u012bp\u0113\u0161anu vairs nav ko raud\u0101t, cigaretes k\u0101 j\u016bra. (..) Smuk\u0101kiem ku\u0123a sku\u0137iem jau visiem ir piesitu\u0161ies \u0161tuceri. Visas liekas t\u0101das uzdz\u012bvot\u0101jas. (..) Katru vakaru skat\u0101mies kino. Izr\u0101des parasti notiek uz A kl\u0101ja. Esmu noskat\u012bjies filmas Suec\u0101, Sarkan\u0101 j\u016br\u0101 un Indijas oke\u0101n\u0101. (..) \u0145u\u017e\u0146iks \u013coti moderns, klozetpap\u012brs t\u0101ds, ka \u017e\u0113l pie dibena likt. Turpat ir ar\u012b mazg\u0101tuve ar speci\u0101li izb\u016bv\u0113tiem mazg\u0101jamiem (atsevi\u0161\u0137iem) traukiem ar siltu, aukstu j\u016bras \u016bdeni, spogu\u013ciem. Ar\u012b du\u0161as telp\u0101s ir siltais, aukstais un j\u016bras \u016bdens. (..) 19. mart\u0101 pirmo reizi ieraug\u0101m Austr\u0101lijas krastu. (..) Atvad\u012b\u0161an\u0101s vakar\u0101 eskorta virsnieks mums sav\u0101 atvadu run\u0101 pazi\u0146oja, ka m\u0113s krast\u0101 izk\u0101psim dienu \u0101tr\u0101k. Nov\u0113l\u0113ja mums laim\u012bgu n\u0101kotni un lai m\u0113s neaizmirstot, ka n\u0101kam no Eiropas un nesam l\u012bdzi veco Eiropas kult\u016bru. Reiz DP v\u0101rds b\u016b\u0161ot goda nosaukums. P\u0113c 22 dienu ilga j\u016bras ce\u013cojuma beidzot esam uz cietzemes. Sak\u0101m m\u016bsu ku\u0123im ardievas un braucam t\u0101l\u0101k uz Bathurstu (Bathurst).\u201d<\/p>\n\n\n\n<p class=\"has-text-align-center has-background has-medium-font-size\" style=\"background-color:#e4d79e\">U. Sili\u0146\u0161. <em>Zem Dienvidu krusta: kult\u016brv\u0113sturiskas atmi\u0146as (1950-1959)<\/em>. 1. da\u013ca. R\u012bga: Apv\u0101rsnis, 2016<\/p>\n","protected":false},"excerpt":{"rendered":"<p>&#8220;T\u0113vs izl\u0113ma doties uz Kurzemi. Joc\u012bgi, k\u0101das lietas paliek atmi\u0146\u0101. Es atceros rudzus. Tie bija tik paaugu\u0161i k\u0101 v\u0113l nekad. Kad m\u0113s dev\u0101mies ce\u013c\u0101, es atceros, ka rudzi palika nenop\u013cauti, un tos p\u013cauj j\u016blij\u0101. Brauc\u0101m cauri Kurzemes pils\u0113tel\u0113m par kur\u0101m biju tikai las\u012bjis un dzird\u0113jis. Gleznainie Abavas krasti, biezie eg\u013cu me\u017ei, k\u0101di m\u016bsu pus\u0113 nebija. &hellip; <\/p>\n<p class=\"link-more\"><a href=\"https:\/\/diaspora.arhivi.lv\/silins\/beglugaitas\/\" class=\"more-link\">Read more<span class=\"screen-reader-text\"> &#8220;B\u0113g\u013cu gaitas&#8221;<\/span><\/a><\/p>\n","protected":false},"author":1,"featured_media":713,"parent":0,"menu_order":3,"comment_status":"closed","ping_status":"closed","template":"","meta":{"footnotes":""},"class_list":["post-21","page","type-page","status-publish","has-post-thumbnail","hentry"],"_links":{"self":[{"href":"https:\/\/diaspora.arhivi.lv\/silins\/wp-json\/wp\/v2\/pages\/21","targetHints":{"allow":["GET"]}}],"collection":[{"href":"https:\/\/diaspora.arhivi.lv\/silins\/wp-json\/wp\/v2\/pages"}],"about":[{"href":"https:\/\/diaspora.arhivi.lv\/silins\/wp-json\/wp\/v2\/types\/page"}],"author":[{"embeddable":true,"href":"https:\/\/diaspora.arhivi.lv\/silins\/wp-json\/wp\/v2\/users\/1"}],"replies":[{"embeddable":true,"href":"https:\/\/diaspora.arhivi.lv\/silins\/wp-json\/wp\/v2\/comments?post=21"}],"version-history":[{"count":92,"href":"https:\/\/diaspora.arhivi.lv\/silins\/wp-json\/wp\/v2\/pages\/21\/revisions"}],"predecessor-version":[{"id":956,"href":"https:\/\/diaspora.arhivi.lv\/silins\/wp-json\/wp\/v2\/pages\/21\/revisions\/956"}],"wp:featuredmedia":[{"embeddable":true,"href":"https:\/\/diaspora.arhivi.lv\/silins\/wp-json\/wp\/v2\/media\/713"}],"wp:attachment":[{"href":"https:\/\/diaspora.arhivi.lv\/silins\/wp-json\/wp\/v2\/media?parent=21"}],"curies":[{"name":"wp","href":"https:\/\/api.w.org\/{rel}","templated":true}]}}