{"id":121,"date":"2021-01-21T09:54:11","date_gmt":"2021-01-21T09:54:11","guid":{"rendered":"http:\/\/www.itl.rtu.lv\/agnijas\/?page_id=121"},"modified":"2023-02-10T10:38:30","modified_gmt":"2023-02-10T07:38:30","slug":"the-beginning-of-batun","status":"publish","type":"page","link":"https:\/\/diaspora.arhivi.lv\/batun\/index.php\/the-beginning-of-batun\/","title":{"rendered":"BATUN PIRMS\u0100KUMI"},"content":{"rendered":"\r\n<h2 class=\"wp-block-heading\">Baltijas br\u012bv\u012bbas demonstr\u0101cija 1965. gada 13. novembr\u012b<\/h2>\r\n\r\n\r\n\r\n<blockquote class=\"wp-block-quote is-layout-flow wp-block-quote-is-layout-flow\">\r\n<p><em>\u201cLai Br\u012bv\u012bbas demonstr\u0101cija \u0145ujork\u0101 ir tikai s\u0101kums lieliem un nemit\u012bgiem centieniem visiem latvie\u0161iem, lietuvie\u0161iem un igau\u0146iem, kas tagad dz\u012bvo br\u012bvaj\u0101 pasaul\u0113, atbr\u012bvot savas dzimt\u0101s valstis.\u201d<\/em><\/p>\r\n\r\n\r\n\r\n<p>(Norberts Trep\u0161a par Br\u012bv\u012bbas demonstr\u0101ciju)<\/p>\r\n<\/blockquote>\r\n\r\n\r\n\r\n<div class=\"wp-block-columns is-layout-flex wp-container-core-columns-is-layout-9d6595d7 wp-block-columns-is-layout-flex\">\r\n<div class=\"wp-block-column is-layout-flow wp-block-column-is-layout-flow\">\r\n<p class=\"has-small-font-size\">Baltijas br\u012bv\u012bbas demonstr\u0101cija 1965. gada 13. novembr\u012b \u0145ujork\u0101 izv\u0113rt\u0101s par vienu no iespaid\u012bg\u0101kajiem baltie\u0161u masu pas\u0101kumiem, kas stimul\u0113ja trimdas sabiedr\u012bbu turpm\u0101kam lob\u0113\u0161anas darbam. T\u0101 iedvesmoja trimdiniekus ne tikai \u0145ujork\u0101 un t\u0101s apk\u0101rtn\u0113, bet ar\u012b vis\u0101 pasaul\u0113 k\u013c\u016bt par efekt\u012bv\u0101ku finan\u0161u un br\u012bvpr\u0101t\u012bgo resursu, kas v\u0113rsts pret PSRS darb\u012bb\u0101m Baltij\u0101. V\u0113rien\u012bg\u0101 demonstr\u0101cija, kur\u0101 piedal\u012bj\u0101s 11 000 l\u012bdz 14 000 Amerikas baltie\u0161u, veidoja pamatu baltie\u0161u trimdas organiz\u0101cijas BATUN izveido\u0161anai da\u017eus m\u0113ne\u0161us v\u0113l\u0101k \u2012 1966. gada 12. un 13. febru\u0101r\u012b.<\/p>\r\n\r\n\r\n\r\n<p class=\"has-small-font-size\">Demonstr\u0101cijas organiz\u0113\u0161ana un ar to saist\u012bt\u0101s aktivit\u0101tes tika uzs\u0101ktas jau 1965. gada vasar\u0101. Galven\u0101 motiv\u0101cija bija Amerikas Savienoto Valstu neatz\u012b\u0161anas politika attiec\u012bb\u0101 uz padomju okup\u0101ciju un Baltijas valstu aneksiju, kar\u0161 Vjetnam\u0101 un \u201cDeklar\u0101cija par neatkar\u012bbas pie\u0161\u0137ir\u0161anu koloni\u0101laj\u0101m zem\u0113m un taut\u0101m\u201d (\u0122ener\u0101l\u0101s asamblejas rezol\u016bcija 1514 (XV)), kas zin\u0101ma ar\u012b k\u0101 Deklar\u0101cija par dekoloniz\u0101ciju, kuru 1960. gad\u0101 pie\u0146\u0113ma ANO \u0122ener\u0101l\u0101 asambleja. Taj\u0101 noteikts, ka \u201cvis\u0101m taut\u0101m ir ties\u012bbas uz br\u012bvu pa\u0161noteik\u0161anos, saska\u0146\u0101 ar kur\u0101m t\u0101s br\u012bvi nosaka savu politisko statusu\u201d.<\/p>\r\n\r\n\r\n\r\n<p class=\"has-small-font-size\">Demonstr\u0101ciju organiz\u0113ja trimdas baltie\u0161i, galvenok\u0101rt lietuvie\u0161i, kuri ar\u012b sav\u0101ca nepiecie\u0161amos l\u012bdzek\u013cus \u2012 aptuveni 65 000 ASV dol\u0101ru. Akt\u012bvisti liel\u0101koties bija 20 l\u012bdz 30 gadus veci br\u012bvpr\u0101t\u012bgie, Amerikas universit\u0101\u0161u absolventi un jauni profesion\u0101\u013ci, kas veidoja karjeru un nodev\u0101s br\u012bvpr\u0101t\u012bgajam darbam sav\u0101s etniskaj\u0101s kopien\u0101s. Galvenais demonstr\u0101cijas organizators bija \u0145ujorkas \u0161tat\u0101 re\u0123istr\u0113t\u0101 Lietuvas neatkar\u012bbas atjauno\u0161anas komiteja ar Antoniju Ma\u017eeiku (<em>Anthony Mazeika<\/em>), Jonu Balkunu (<em>Jonas Balkunas<\/em>), A\u013c\u0123irdu Budrecki (<em>Algirdas Budreckis<\/em>), Antoniju Snie\u010dkus (<em>Anthony Snieckus<\/em>), Jozefu Miklovu (<em>Joseph Miklovas<\/em>) un Romu \u0136ezi (<em>Romas Kezys<\/em>) priek\u0161gal\u0101.<\/p>\r\n\r\n\r\n\r\n<figure class=\"wp-block-image size-large\"><a href=\"https:\/\/diaspora.arhivi.lv\/batun\/wp-content\/uploads\/2021\/04\/xScan_20201027-2-apstradats.jpg\"><img loading=\"lazy\" decoding=\"async\" width=\"1024\" height=\"296\" src=\"https:\/\/diaspora.arhivi.lv\/batun\/wp-content\/uploads\/2021\/04\/xScan_20201027-2-apstradats-1024x296.jpg\" alt=\"\" class=\"wp-image-719\" srcset=\"https:\/\/diaspora.arhivi.lv\/batun\/wp-content\/uploads\/2021\/04\/xScan_20201027-2-apstradats-1024x296.jpg 1024w, https:\/\/diaspora.arhivi.lv\/batun\/wp-content\/uploads\/2021\/04\/xScan_20201027-2-apstradats-300x87.jpg 300w, https:\/\/diaspora.arhivi.lv\/batun\/wp-content\/uploads\/2021\/04\/xScan_20201027-2-apstradats-768x222.jpg 768w, https:\/\/diaspora.arhivi.lv\/batun\/wp-content\/uploads\/2021\/04\/xScan_20201027-2-apstradats-1536x445.jpg 1536w, https:\/\/diaspora.arhivi.lv\/batun\/wp-content\/uploads\/2021\/04\/xScan_20201027-2-apstradats-1600x463.jpg 1600w, https:\/\/diaspora.arhivi.lv\/batun\/wp-content\/uploads\/2021\/04\/xScan_20201027-2-apstradats.jpg 1710w\" sizes=\"auto, (max-width: 1024px) 100vw, 1024px\" \/><\/a><figcaption class=\"wp-element-caption\">Ieejas bi\u013cete Baltijas br\u012bv\u012bbas demostr\u0101cijas m\u012bti\u0146\u0101 <em>Madison Square Garden<\/em> ar\u0113n\u0101 Manheten\u0101 1965.gada 13.novembr\u012b. Avots: LNA LVA F.2944.<\/figcaption><\/figure>\r\n\r\n\r\n\r\n<p><\/p>\r\n<\/div>\r\n\r\n\r\n\r\n<div class=\"wp-block-column is-layout-flow wp-block-column-is-layout-flow\">\r\n<figure class=\"wp-block-image size-large\"><a href=\"https:\/\/diaspora.arhivi.lv\/batun\/wp-content\/uploads\/2021\/02\/Uzaicinajums-Trepsam-apstradats-scaled.jpg\"><img loading=\"lazy\" decoding=\"async\" width=\"787\" height=\"1024\" src=\"https:\/\/diaspora.arhivi.lv\/batun\/wp-content\/uploads\/2021\/02\/Uzaicinajums-Trepsam-apstradats-787x1024.jpg\" alt=\"\" class=\"wp-image-626\" srcset=\"https:\/\/diaspora.arhivi.lv\/batun\/wp-content\/uploads\/2021\/02\/Uzaicinajums-Trepsam-apstradats-787x1024.jpg 787w, https:\/\/diaspora.arhivi.lv\/batun\/wp-content\/uploads\/2021\/02\/Uzaicinajums-Trepsam-apstradats-231x300.jpg 231w, https:\/\/diaspora.arhivi.lv\/batun\/wp-content\/uploads\/2021\/02\/Uzaicinajums-Trepsam-apstradats-768x999.jpg 768w, https:\/\/diaspora.arhivi.lv\/batun\/wp-content\/uploads\/2021\/02\/Uzaicinajums-Trepsam-apstradats-1181x1536.jpg 1181w, https:\/\/diaspora.arhivi.lv\/batun\/wp-content\/uploads\/2021\/02\/Uzaicinajums-Trepsam-apstradats-1575x2048.jpg 1575w, https:\/\/diaspora.arhivi.lv\/batun\/wp-content\/uploads\/2021\/02\/Uzaicinajums-Trepsam-apstradats-1600x2081.jpg 1600w, https:\/\/diaspora.arhivi.lv\/batun\/wp-content\/uploads\/2021\/02\/Uzaicinajums-Trepsam-apstradats-scaled.jpg 1969w\" sizes=\"auto, (max-width: 787px) 100vw, 787px\" \/><\/a><figcaption class=\"wp-element-caption\">Jona Balkunas v\u0113stule Norbertam Trep\u0161am ar uzaicin\u0101jumu piedal\u012bties 1965.gada 13.novembra demonstr\u0101cij\u0101. Avots: LNA LVA F.2944.<\/figcaption><\/figure>\r\n\r\n\r\n\r\n<figure class=\"wp-block-image size-large\"><a href=\"https:\/\/diaspora.arhivi.lv\/batun\/wp-content\/uploads\/2021\/02\/Scan_2020129-scaled.jpg\"><img loading=\"lazy\" decoding=\"async\" width=\"1024\" height=\"745\" src=\"https:\/\/diaspora.arhivi.lv\/batun\/wp-content\/uploads\/2021\/02\/Scan_2020129-1024x745.jpg\" alt=\"\" class=\"wp-image-262\" srcset=\"https:\/\/diaspora.arhivi.lv\/batun\/wp-content\/uploads\/2021\/02\/Scan_2020129-1024x745.jpg 1024w, https:\/\/diaspora.arhivi.lv\/batun\/wp-content\/uploads\/2021\/02\/Scan_2020129-300x218.jpg 300w, https:\/\/diaspora.arhivi.lv\/batun\/wp-content\/uploads\/2021\/02\/Scan_2020129-768x559.jpg 768w, https:\/\/diaspora.arhivi.lv\/batun\/wp-content\/uploads\/2021\/02\/Scan_2020129-1536x1118.jpg 1536w, https:\/\/diaspora.arhivi.lv\/batun\/wp-content\/uploads\/2021\/02\/Scan_2020129-2048x1491.jpg 2048w, https:\/\/diaspora.arhivi.lv\/batun\/wp-content\/uploads\/2021\/02\/Scan_2020129-1600x1165.jpg 1600w\" sizes=\"auto, (max-width: 1024px) 100vw, 1024px\" \/><\/a><figcaption class=\"wp-element-caption\">Baltijas br\u012bv\u012bbas demonstr\u0101cijas programma 1965.gada 13.novembr\u012b. Avots: LNA LVA F.2944.<\/figcaption><\/figure>\r\n<\/div>\r\n<\/div>\r\n\r\n\r\n\r\n<p class=\"has-text-align-left has-small-font-size\">Ar \u0161o pas\u0101kumu Lietuvas neatkar\u012bbas atjauno\u0161anas komiteja v\u0113l\u0113j\u0101s v\u0113rsties pie ANO ar l\u016bgumu atjaunot Baltijas valstu neatkar\u012bbu, piesaist\u012bt Amerikas sabiedr\u012bbas uzman\u012bbu un atbalstu, k\u0101 ar\u012b nodro\u0161in\u0101t, ka \u201cBaltijas jaut\u0101jums\u201d tiek iek\u013cauts ANO \u0122ener\u0101l\u0101s asamblejas darba k\u0101rt\u012bb\u0101 apsprie\u0161anai un r\u012bc\u012bbai \u2012 vai nu tie\u0161i, vai ar Dekoloniz\u0101cijas komitejas starpniec\u012bbu. 13. novembra baltie\u0161u demonstr\u0101cij\u0101 Lietuvas neatkar\u012bbas atjauno\u0161anas komitejas priek\u0161s\u0113dis A. Ma\u017eeika ar\u012b nor\u0101d\u012bja, ka \u0161is pas\u0101kums pasaulei atg\u0101dina par Baltijas valstu 25 gadus ilgo okup\u0101ciju un Padomju Savien\u012bbas noziegumiem, kuri b\u016btu j\u0101izmekl\u0113.<\/p>\r\n\r\n\r\n\r\n<div class=\"wp-block-columns is-layout-flex wp-container-core-columns-is-layout-9d6595d7 wp-block-columns-is-layout-flex\">\r\n<div class=\"wp-block-column is-layout-flow wp-block-column-is-layout-flow\">\r\n<p class=\"has-small-font-size\">Demonstr\u0101cijas ietvaros tika organiz\u0113ti divi lieli masu m\u012bti\u0146i. Pirmais m\u012bti\u0146\u0161 notika 18&nbsp;000 s\u0113dvietu pla\u0161aj\u0101 <em>Madison Square Garden<\/em> ar\u0113n\u0101 Manheten\u0101 (tolaik t\u0101 atrad\u0101s 8. av\u0113nij\u0101 starp 49. un 50. ielu) ar amerik\u0101\u0146u valstsv\u012bru piedal\u012b\u0161anos un vi\u0146u atbalsta sol\u012bjumu baltie\u0161iem. Programmas vad\u012bt\u0101js, iev\u0113rojamais amerik\u0101nis un Amerikas P\u0113tniec\u012bbas instit\u016bta izpilddirektors Leo \u010cerns (<em>Leo Cherne<\/em>), nolas\u012bja \u0145ujorkas m\u0113ra R. V\u0101gnera (<em>Robert F. Wagner<\/em>) pazi\u0146ojumu, kur\u0101 tika teikts ka 13. novembris \u0145ujorkas pils\u0113t\u0101 pasludin\u0101ts par Baltijas valstu br\u012bv\u012bbas dienu. Run\u0101t\u0101ju vid\u016b bija ASV Sen\u0101ta \u0101rlietu komisijas loceklis, republik\u0101\u0146u senators Karls Munds (<em>Karl E. Mundt<\/em>) un Kongresa loceklis D\u017eons R\u016bnijs (<em>John J. Rooney<\/em>), kuri sol\u012bja str\u0101d\u0101t, lai Sen\u0101t\u0101 pie\u0146emtu programmu, kas pal\u012bdz\u0113tu apspiesto tautu br\u012bv\u012bbas centieniem, un p\u0101rrun\u0101t ar ASV vald\u012bbas p\u0101rst\u0101vjiem, ko var\u0113tu dar\u012bt Baltijas valstu lab\u0101.<\/p>\r\n\r\n\r\n\r\n<p class=\"has-small-font-size\">Tom\u0113r vissvar\u012bg\u0101kais notikums bija demonstr\u0101cij\u0101 pie\u0146emt\u0101 deklar\u0101cija, kur\u0101 ANO vad\u012bbai un atsevi\u0161\u0137\u0101m vald\u012bb\u0101m tika l\u016bgts nekav\u0113joties apspriest PSRS koloni\u0101lo politiku Igaunij\u0101, Latvij\u0101 un Lietuv\u0101, k\u0101 ar\u012b izteikta pras\u012bba, lai tiktu atjaunota \u0161o valstu neatkar\u012bba. Deklar\u0101ciju parakst\u012bja 128 iev\u0113rojami sabiedriskie un politiskie darbinieki, vi\u0146u vid\u016b ar\u012b Ri\u010dards M. Niksons (biju\u0161ais ASV viceprezidents un topo\u0161ais ASV prezidents), piecdesmit \u010detri ASV senatori un p\u0101rst\u0101vju pal\u0101tas locek\u013ci, septi\u0146u \u0161tatu gubernatori, se\u0161u liel\u0101ko pils\u0113tu m\u0113ri un devi\u0146padsmit gar\u012bdznieki. 1965. gada 7. novembr\u012b parakst\u012btais aicin\u0101jums un pazi\u0146ojums par m\u012bti\u0146u tika public\u0113ts laikrakst\u0101 \u201cThe New York Times\u201d. k\u0101 pilnas lapas rekl\u0101ma.<\/p>\r\n<\/div>\r\n\r\n\r\n\r\n<div class=\"wp-block-column is-layout-flow wp-block-column-is-layout-flow\">\r\n<div class=\"wp-block-columns is-layout-flex wp-container-core-columns-is-layout-9d6595d7 wp-block-columns-is-layout-flex\">\r\n<div class=\"wp-block-column is-layout-flow wp-block-column-is-layout-flow\"><div class=\"wp-block-image\">\r\n<figure class=\"aligncenter size-large\"><a href=\"https:\/\/diaspora.arhivi.lv\/batun\/wp-content\/uploads\/2021\/04\/xScan_20201230-scaled.jpg\"><img loading=\"lazy\" decoding=\"async\" width=\"784\" height=\"1024\" src=\"https:\/\/diaspora.arhivi.lv\/batun\/wp-content\/uploads\/2021\/04\/xScan_20201230-784x1024.jpg\" alt=\"\" class=\"wp-image-750\" srcset=\"https:\/\/diaspora.arhivi.lv\/batun\/wp-content\/uploads\/2021\/04\/xScan_20201230-784x1024.jpg 784w, https:\/\/diaspora.arhivi.lv\/batun\/wp-content\/uploads\/2021\/04\/xScan_20201230-230x300.jpg 230w, https:\/\/diaspora.arhivi.lv\/batun\/wp-content\/uploads\/2021\/04\/xScan_20201230-768x1004.jpg 768w, https:\/\/diaspora.arhivi.lv\/batun\/wp-content\/uploads\/2021\/04\/xScan_20201230-1175x1536.jpg 1175w, https:\/\/diaspora.arhivi.lv\/batun\/wp-content\/uploads\/2021\/04\/xScan_20201230-1567x2048.jpg 1567w, https:\/\/diaspora.arhivi.lv\/batun\/wp-content\/uploads\/2021\/04\/xScan_20201230-1600x2091.jpg 1600w, https:\/\/diaspora.arhivi.lv\/batun\/wp-content\/uploads\/2021\/04\/xScan_20201230-scaled.jpg 1959w\" sizes=\"auto, (max-width: 784px) 100vw, 784px\" \/><\/a><figcaption class=\"wp-element-caption\">Deklar\u0101cija, kas tika pie\u0146emta Baltijas br\u012bv\u012bbas demonstr\u0101cijas laik\u0101 <em>Madison Square Garden<\/em> ar\u0113n\u0101 1965.gada 13.novembr\u012b. Avots: LNA LVA F.2944.<\/figcaption><\/figure>\r\n<\/div><\/div>\r\n\r\n\r\n\r\n<div class=\"wp-block-column is-layout-flow wp-block-column-is-layout-flow\"><div class=\"wp-block-image\">\r\n<figure class=\"aligncenter size-large\"><a href=\"https:\/\/diaspora.arhivi.lv\/batun\/wp-content\/uploads\/2021\/04\/xScan_20201231-scaled.jpg\"><img loading=\"lazy\" decoding=\"async\" width=\"785\" height=\"1024\" src=\"https:\/\/diaspora.arhivi.lv\/batun\/wp-content\/uploads\/2021\/04\/xScan_20201231-785x1024.jpg\" alt=\"\" class=\"wp-image-751\" srcset=\"https:\/\/diaspora.arhivi.lv\/batun\/wp-content\/uploads\/2021\/04\/xScan_20201231-785x1024.jpg 785w, https:\/\/diaspora.arhivi.lv\/batun\/wp-content\/uploads\/2021\/04\/xScan_20201231-230x300.jpg 230w, https:\/\/diaspora.arhivi.lv\/batun\/wp-content\/uploads\/2021\/04\/xScan_20201231-768x1002.jpg 768w, https:\/\/diaspora.arhivi.lv\/batun\/wp-content\/uploads\/2021\/04\/xScan_20201231-1178x1536.jpg 1178w, https:\/\/diaspora.arhivi.lv\/batun\/wp-content\/uploads\/2021\/04\/xScan_20201231-1570x2048.jpg 1570w, https:\/\/diaspora.arhivi.lv\/batun\/wp-content\/uploads\/2021\/04\/xScan_20201231-1600x2087.jpg 1600w, https:\/\/diaspora.arhivi.lv\/batun\/wp-content\/uploads\/2021\/04\/xScan_20201231-scaled.jpg 1963w\" sizes=\"auto, (max-width: 785px) 100vw, 785px\" \/><\/a><\/figure>\r\n<\/div><\/div>\r\n<\/div>\r\n\r\n\r\n\r\n<figure class=\"wp-block-image size-large\"><a href=\"https:\/\/diaspora.arhivi.lv\/batun\/wp-content\/uploads\/2021\/02\/xBinkirs-Binkins-apstradats.jpg\"><img loading=\"lazy\" decoding=\"async\" width=\"1024\" height=\"641\" src=\"https:\/\/diaspora.arhivi.lv\/batun\/wp-content\/uploads\/2021\/02\/xBinkirs-Binkins-apstradats-1024x641.jpg\" alt=\"\" class=\"wp-image-631\" srcset=\"https:\/\/diaspora.arhivi.lv\/batun\/wp-content\/uploads\/2021\/02\/xBinkirs-Binkins-apstradats-1024x641.jpg 1024w, https:\/\/diaspora.arhivi.lv\/batun\/wp-content\/uploads\/2021\/02\/xBinkirs-Binkins-apstradats-300x188.jpg 300w, https:\/\/diaspora.arhivi.lv\/batun\/wp-content\/uploads\/2021\/02\/xBinkirs-Binkins-apstradats-768x481.jpg 768w, https:\/\/diaspora.arhivi.lv\/batun\/wp-content\/uploads\/2021\/02\/xBinkirs-Binkins-apstradats-1536x962.jpg 1536w, https:\/\/diaspora.arhivi.lv\/batun\/wp-content\/uploads\/2021\/02\/xBinkirs-Binkins-apstradats-1600x1002.jpg 1600w, https:\/\/diaspora.arhivi.lv\/batun\/wp-content\/uploads\/2021\/02\/xBinkirs-Binkins-apstradats.jpg 2008w\" sizes=\"auto, (max-width: 1024px) 100vw, 1024px\" \/><\/a><figcaption class=\"wp-element-caption\">Pirmais BATUN prezidents Jonas Balkunas runas laik\u0101 iepretim ANO m\u012btnei \u0145ujork\u0101 pieprasa Baltijas valstu br\u012bv\u012bbu, neatkar\u012bbu un dal\u012bbu ANO, 1965.gada 13.novembris. Foto: \u010c\u0101rlzs Binkins. Avots: LNA LVA F.2944.<\/figcaption><\/figure>\r\n\r\n\r\n\r\n<p><\/p>\r\n<\/div>\r\n<\/div>\r\n\r\n\r\n\r\n<div class=\"wp-block-columns is-layout-flex wp-container-core-columns-is-layout-9d6595d7 wp-block-columns-is-layout-flex\">\r\n<div class=\"wp-block-column is-layout-flow wp-block-column-is-layout-flow\" style=\"flex-basis:50%\">\r\n<p class=\"has-small-font-size\">P\u0113c pirm\u0101 m\u012bti\u0146a <em>Madison Square Garden<\/em> ar\u0113n\u0101 demonstranti ar Baltijas karogiem m\u016bzikas pavad\u012bb\u0101 dev\u0101s cauri \u0145ujorkas centram uz D\u0101ga&nbsp;Hammar\u0161elda laukum\u0101 net\u0101lu no ANO m\u012btnes. Mar\u0161ruts cauri Manhetenai bija izv\u0113l\u0113ts strat\u0113\u0123iski, lai baltie\u0161u masa un plak\u0101tu nestie v\u0113st\u012bjumi piev\u0113rstu vair\u0101ku t\u016bksto\u0161u amerik\u0101\u0146u uzman\u012bbu Baltijas valstu okup\u0101cijas faktam. Pie ANO m\u012btnes notika otrs m\u012bti\u0146\u0161, kas bija velt\u012bts tie\u0161i Apvienoto N\u0101ciju dal\u012bbvalst\u012bm ar nol\u016bku pan\u0101kt liel\u0101ku atbalstu deklar\u0101cijai. K\u0101 deklar\u0101cijas simboli tika izmantoti Igaunijas, Latvijas un Lietuvas karogi, kuri \u012bpa\u0161\u0101 procesij\u0101 A. Ma\u017eeikas un godasardzes vad\u012bb\u0101 tika aiznesti pie ANO m\u012btnes v\u0101rtiem. Kopum\u0101 demonstr\u0101cija norit\u0113ja mier\u012bgi. K\u0101 vien\u012bgais starpgad\u012bjums minams \u010detru lietuvie\u0161u arests \u2012 vi\u0146i cent\u0101s p\u0101rr\u0101pties p\u0101ri ANO m\u012btnes \u017eogam.<\/p>\r\n<\/div>\r\n\r\n\r\n\r\n<div class=\"wp-block-column is-layout-flow wp-block-column-is-layout-flow\" style=\"flex-basis:50%\">\r\n<div class=\"wp-block-columns is-layout-flex wp-container-core-columns-is-layout-9d6595d7 wp-block-columns-is-layout-flex\">\r\n<div class=\"wp-block-column is-layout-flow wp-block-column-is-layout-flow\"><div class=\"wp-block-image\">\r\n<figure class=\"aligncenter size-large\"><a href=\"https:\/\/diaspora.arhivi.lv\/batun\/wp-content\/uploads\/2021\/04\/xScan_20201027-47-scaled.jpg\"><img loading=\"lazy\" decoding=\"async\" width=\"699\" height=\"1024\" src=\"https:\/\/diaspora.arhivi.lv\/batun\/wp-content\/uploads\/2021\/04\/xScan_20201027-47-699x1024.jpg\" alt=\"\" class=\"wp-image-727\" srcset=\"https:\/\/diaspora.arhivi.lv\/batun\/wp-content\/uploads\/2021\/04\/xScan_20201027-47-699x1024.jpg 699w, https:\/\/diaspora.arhivi.lv\/batun\/wp-content\/uploads\/2021\/04\/xScan_20201027-47-205x300.jpg 205w, https:\/\/diaspora.arhivi.lv\/batun\/wp-content\/uploads\/2021\/04\/xScan_20201027-47-768x1125.jpg 768w, https:\/\/diaspora.arhivi.lv\/batun\/wp-content\/uploads\/2021\/04\/xScan_20201027-47-1048x1536.jpg 1048w, https:\/\/diaspora.arhivi.lv\/batun\/wp-content\/uploads\/2021\/04\/xScan_20201027-47-1398x2048.jpg 1398w, https:\/\/diaspora.arhivi.lv\/batun\/wp-content\/uploads\/2021\/04\/xScan_20201027-47-1600x2344.jpg 1600w, https:\/\/diaspora.arhivi.lv\/batun\/wp-content\/uploads\/2021\/04\/xScan_20201027-47-scaled.jpg 1747w\" sizes=\"auto, (max-width: 699px) 100vw, 699px\" \/><\/a><figcaption class=\"wp-element-caption\">Baltijas br\u012bv\u012bbas demonstr\u0101cijas programma D\u0101ga&nbsp;Hammar\u0161elda laukum\u0101 1965.gada 13.novembr\u012b. Avots: LNA LVA F.2944.<\/figcaption><\/figure>\r\n<\/div><\/div>\r\n\r\n\r\n\r\n<div class=\"wp-block-column is-layout-flow wp-block-column-is-layout-flow\"><div class=\"wp-block-image\">\r\n<figure class=\"aligncenter size-large is-resized\"><a href=\"https:\/\/diaspora.arhivi.lv\/batun\/wp-content\/uploads\/2021\/04\/Scan_20210308-2.jpg\"><img loading=\"lazy\" decoding=\"async\" src=\"https:\/\/diaspora.arhivi.lv\/batun\/wp-content\/uploads\/2021\/04\/Scan_20210308-2-656x1024.jpg\" alt=\"\" class=\"wp-image-729\" width=\"207\" height=\"323\" srcset=\"https:\/\/diaspora.arhivi.lv\/batun\/wp-content\/uploads\/2021\/04\/Scan_20210308-2-656x1024.jpg 656w, https:\/\/diaspora.arhivi.lv\/batun\/wp-content\/uploads\/2021\/04\/Scan_20210308-2-192x300.jpg 192w, https:\/\/diaspora.arhivi.lv\/batun\/wp-content\/uploads\/2021\/04\/Scan_20210308-2-768x1198.jpg 768w, https:\/\/diaspora.arhivi.lv\/batun\/wp-content\/uploads\/2021\/04\/Scan_20210308-2-984x1536.jpg 984w, https:\/\/diaspora.arhivi.lv\/batun\/wp-content\/uploads\/2021\/04\/Scan_20210308-2-1313x2048.jpg 1313w, https:\/\/diaspora.arhivi.lv\/batun\/wp-content\/uploads\/2021\/04\/Scan_20210308-2.jpg 1458w\" sizes=\"auto, (max-width: 207px) 100vw, 207px\" \/><\/a><figcaption class=\"wp-element-caption\">Inform\u0101cija par baltie\u0161u draudz\u012bbas dej\u0101m <em>Central Plaza Hall<\/em>, kas norisn\u0101j\u0101s p\u0113c g\u0101jiena un m\u012bti\u0146a pie ANO m\u012btnes, 1965.gada 13.novembris. Avots: LNA LVA F.2944.<\/figcaption><\/figure>\r\n<\/div><\/div>\r\n<\/div>\r\n<\/div>\r\n<\/div>\r\n\r\n\r\n\r\n<div class=\"wp-block-columns is-layout-flex wp-container-core-columns-is-layout-9d6595d7 wp-block-columns-is-layout-flex\">\r\n<div class=\"wp-block-column is-layout-flow wp-block-column-is-layout-flow\">\r\n<figure class=\"wp-block-video\"><video height=\"576\" style=\"aspect-ratio: 720 \/ 576;\" width=\"720\" controls src=\"http:\/\/diaspora.arhivi.lv\/batun\/wp-content\/uploads\/2021\/04\/Rupners-par-Baltic-Freedom-rally.mp4\"><\/video><figcaption class=\"wp-element-caption\">Intervija ar biju\u0161o BATUN prezidentu Intu Rupneru par Baltijas br\u012bv\u012bbas demonstr\u0101ciju 1965.gada 13.novembr\u012b. Avots: Latvijas Okup\u0101cijas muzejs.<\/figcaption><\/figure>\r\n<\/div>\r\n\r\n\r\n\r\n<div class=\"wp-block-column is-layout-flow wp-block-column-is-layout-flow\">\r\n<figure class=\"wp-block-video aligncenter\"><video height=\"576\" style=\"aspect-ratio: 720 \/ 576;\" width=\"720\" controls src=\"https:\/\/diaspora.arhivi.lv\/batun\/wp-content\/uploads\/2021\/04\/Dzintra-Bungs-par-Baltic-Freedom-rally.mp4\"><\/video><figcaption class=\"wp-element-caption\">Intervija ar biju\u0161o BATUN akt\u012bvisti Dzintru Bungs par Baltijas br\u012bv\u012bbas demonstr\u0101ciju izst\u0101des &#8220;Baltie\u0161u aicin\u0101jums Apvienotaj\u0101m N\u0101cij\u0101m&#8221; laik\u0101 Latvijas Nacion\u0101laj\u0101 bibliot\u0113k\u0101 2020.gada septembr\u012b-oktobr\u012b. Avots: Latvijas Okup\u0101cijas muzejs.<\/figcaption><\/figure>\r\n<\/div>\r\n<\/div>\r\n\r\n\r\n\r\n<h2 class=\"wp-block-heading\"><strong>BATUN<\/strong> dibin\u0101\u0161ana<\/h2>\r\n\r\n\r\n\r\n<blockquote class=\"wp-block-quote is-layout-flow wp-block-quote-is-layout-flow\">\r\n<p><em>\u201cM\u0113s \u0161eit esam k\u0101 vidusm\u0113ra cilv\u0113ki, ne k\u0101 profesion\u0101li diplom\u0101ti, ne ar\u012b k\u0101 rafin\u0113ti politi\u0137i. M\u0113s esam \u0161eit, lai pazi\u0146otu, ka br\u012bv\u012bba Latvijai, Igaunijai un Lietuvai nav tikai politisks jaut\u0101jums. Tas nav objekts politisko dal\u012bbnieku slepenajiem dar\u012bjumiem. Neviens nedr\u012bkst p\u0101rdot vai apmain\u012bt Baltijas valstu br\u012bv\u012bbu pret k\u0101du iedom\u0101tu labumu. Neviens nedr\u012bkst nodot tautas br\u012bv\u012bbu, pat Apvienot\u0101s N\u0101cijas.\u201d<\/em><\/p>\r\n\r\n\r\n\r\n<p>(Norberts Trep\u0161a vienot\u0101s baltie\u0161u konferences laik\u0101 1966. gada 12.\u201213. febru\u0101r\u012b)<\/p>\r\n<\/blockquote>\r\n\r\n\r\n\r\n<p class=\"has-small-font-size\">1966. gada febru\u0101r\u012b trimdas baltie\u0161u jaunie\u0161u grupa izveidoja organiz\u0101ciju, lai turpin\u0101tu darbu, kas tika uzs\u0101kts 1965. gada 13. novembra demonstr\u0101cij\u0101. Tika nolemts: ir nepiecie\u0161ama past\u0101v\u012bga organiz\u0101cija, kas turpin\u0101tu Baltijas valstu jaut\u0101jumu aktualiz\u0113\u0161anu ANO. Ja 1945. gad\u0101 neb\u016btu nodibin\u0101ta Apvienoto N\u0101ciju Organiz\u0101cija, visticam\u0101k, neb\u016btu nodibin\u0101ts ar\u012b BATUN.<\/p>\r\n\r\n\r\n\r\n<figure class=\"wp-block-image size-large\"><a href=\"https:\/\/diaspora.arhivi.lv\/batun\/wp-content\/uploads\/2021\/02\/001-scaled.jpg\"><img loading=\"lazy\" decoding=\"async\" width=\"1024\" height=\"563\" src=\"https:\/\/diaspora.arhivi.lv\/batun\/wp-content\/uploads\/2021\/02\/001-1024x563.jpg\" alt=\"\" class=\"wp-image-269\" srcset=\"https:\/\/diaspora.arhivi.lv\/batun\/wp-content\/uploads\/2021\/02\/001-1024x563.jpg 1024w, https:\/\/diaspora.arhivi.lv\/batun\/wp-content\/uploads\/2021\/02\/001-300x165.jpg 300w, https:\/\/diaspora.arhivi.lv\/batun\/wp-content\/uploads\/2021\/02\/001-768x422.jpg 768w, https:\/\/diaspora.arhivi.lv\/batun\/wp-content\/uploads\/2021\/02\/001-1536x844.jpg 1536w, https:\/\/diaspora.arhivi.lv\/batun\/wp-content\/uploads\/2021\/02\/001-2048x1126.jpg 2048w, https:\/\/diaspora.arhivi.lv\/batun\/wp-content\/uploads\/2021\/02\/001-1600x880.jpg 1600w\" sizes=\"auto, (max-width: 1024px) 100vw, 1024px\" \/><\/a><figcaption class=\"wp-element-caption\">Vienot\u0101s baltie\u0161u konferences dal\u012bbnieki 1966.gada 12.-13.febru\u0101r\u012b \u0145ujork\u0101, kad tika dibin\u0101ts BATUN. Pirmaj\u0101 rind\u0101 no kreis\u0101s: Rita Uibo, Izolde Z\u012bvers, Algimantas Gureckas, Nastute Umbrazaite, Juozas Miklovas, Norberts Trep\u0161a, Viktors Vinkmans, Amarillie Matuzele, Paulins \u017dygas, Dzintra Bungs; otraj\u0101 rind\u0101 no kreis\u0101s: Visvaldas Gerdvilis, Romas Lintkus, Ergo Karuks, Dzintra Kalni\u0146a, Anders Juriado, Harald Randzepp, Algis Ruksenas, Ruta Damarkas, Janika Tallat-Kalpsa, Rimas Gulbinas, Dzintars Paegle; tre\u0161aj\u0101 rind\u0101 no kreis\u0101s: Koit Ojama, Andris Dzirkalis, Herbert Valdsaar, Karl Laantee, Heino Ainso, Uldis Grava, O\u013c\u0123erts Balodis, Uldis Blu\u0137is, Tonu Espenberg, Viktoras Kondrotas. Foto: V.Mazelis. Avots: LNA LVA F.2944.<\/figcaption><\/figure>\r\n\r\n\r\n\r\n<div class=\"wp-block-columns is-layout-flex wp-container-core-columns-is-layout-9d6595d7 wp-block-columns-is-layout-flex\">\r\n<div class=\"wp-block-column is-layout-flow wp-block-column-is-layout-flow\">\r\n<p class=\"has-small-font-size\">BATUN dibin\u0101ts 1966. gada 12. un 13. febru\u0101r\u012b \u0145ujork\u0101, vienot\u0101s baltie\u0161u konferences ietvaros. Deklar\u0101cij\u0101, par kuru pirmaj\u0101 vienotaj\u0101 konferenc\u0113 balsoja BATUN Igaunijas, Latvijas un Lietuvas komitejas, tika noteikts, ka BATUN nav politiska organiz\u0101cija, k\u0101 ar\u012b t\u0101 nav organiz\u0101cija, kas v\u0113r\u0161as tikai pie vienas tautas. BATUN bija pret visu veidu imperi\u0101lismu, koloni\u0101lismu, un n\u0101ciju ekspluat\u0101ciju. BATUN neatbalst\u012bja un nevad\u012bja neviena ASV vai citas valsts vald\u012bbas vai politisk\u0101 strukt\u016bra. \u0160\u012b organiz\u0101cija tika izveidota ar m\u0113r\u0137i inform\u0113t ANO dal\u012bbvalstis par apst\u0101k\u013ciem okup\u0113taj\u0101s Baltijas valst\u012bs, kas var\u0113tu rad\u012bt nopietnas ba\u017eas vis\u0101s br\u012bv\u012bbu m\u012blo\u0161\u0101s valst\u012bs, bet gala rezult\u0101t\u0101, pamatojoties uz ANO deklar\u0113tajiem principiem, novest pie Baltijas valstu pa\u0161noteik\u0161an\u0101s, Latvijas, Lietuvas un Igaunijai valstisk\u0101s neatkar\u012bbas atjauno\u0161anas. BATUN organizatoru r\u012bc\u012bbas pamat\u0101 bija vi\u0146u mor\u0101l\u0101 pien\u0101kuma apzi\u0146a nopietni r\u016bp\u0113ties par situ\u0101ciju Baltijas valst\u012bs un fakts, ka pareiz\u0101kais visu starptautisko probl\u0113mu risin\u0101\u0161anas forums ir ANO.<\/p>\r\n\r\n\r\n\r\n<blockquote class=\"wp-block-quote is-layout-flow wp-block-quote-is-layout-flow\">\r\n<p><em>\u201cM\u0113s aicin\u0101m visas pasaules tautas nest\u0101v\u0113t d\u012bk\u0101, kam\u0113r ne\u017e\u0113l\u012bgi un bezdiev\u012bgi kolonizatori izskau\u017e tr\u012bs n\u0101cijas, tr\u012bs pilnv\u0113rt\u012bgas, spilgtas, kultur\u0101li bag\u0101tas un vit\u0101li dz\u012bvas tautas. Ne citu gadu, ne k\u0101du laiku v\u0113l\u0101k, bet n\u0101kamned\u0113\u013c katram god\u012bgam valstsv\u012bram vajadz\u0113tu izvirz\u012bt \u0161o jaut\u0101jumu ANO. Neviens nevar izlikties, ka kalpo pasaules br\u012bv\u012bbai, neviens nevar baud\u012bt pats savu br\u012bv\u012bbu, kam\u0113r no dzelzs priek\u0161kara aiz komunistisk\u0101s elles upuriem n\u0101k vaiman\u0101\u0161ana un zobu grie\u0161ana.\u201d<\/em><\/p>\r\n\r\n\r\n\r\n<p>(Norberts Trep\u0161a vienot\u0101s baltie\u0161u konferences laik\u0101 1966. gada 12.\u201213. febru\u0101r\u012b)<\/p>\r\n<\/blockquote>\r\n<\/div>\r\n\r\n\r\n\r\n<div class=\"wp-block-column is-layout-flow wp-block-column-is-layout-flow\"><div class=\"wp-block-image\">\r\n<figure class=\"aligncenter size-large is-resized\"><a href=\"https:\/\/diaspora.arhivi.lv\/batun\/wp-content\/uploads\/2021\/02\/x003-apstradats-scaled.jpg\"><img loading=\"lazy\" decoding=\"async\" src=\"https:\/\/diaspora.arhivi.lv\/batun\/wp-content\/uploads\/2021\/02\/x003-apstradats-787x1024.jpg\" alt=\"\" class=\"wp-image-632\" width=\"336\" height=\"437\" srcset=\"https:\/\/diaspora.arhivi.lv\/batun\/wp-content\/uploads\/2021\/02\/x003-apstradats-787x1024.jpg 787w, https:\/\/diaspora.arhivi.lv\/batun\/wp-content\/uploads\/2021\/02\/x003-apstradats-231x300.jpg 231w, https:\/\/diaspora.arhivi.lv\/batun\/wp-content\/uploads\/2021\/02\/x003-apstradats-768x999.jpg 768w, https:\/\/diaspora.arhivi.lv\/batun\/wp-content\/uploads\/2021\/02\/x003-apstradats-1180x1536.jpg 1180w, https:\/\/diaspora.arhivi.lv\/batun\/wp-content\/uploads\/2021\/02\/x003-apstradats-1574x2048.jpg 1574w, https:\/\/diaspora.arhivi.lv\/batun\/wp-content\/uploads\/2021\/02\/x003-apstradats-1600x2082.jpg 1600w, https:\/\/diaspora.arhivi.lv\/batun\/wp-content\/uploads\/2021\/02\/x003-apstradats-scaled.jpg 1967w\" sizes=\"auto, (max-width: 336px) 100vw, 336px\" \/><\/a><figcaption class=\"wp-element-caption\">Vienot\u0101s baltie\u0161u konferences darba k\u0101rt\u012bba 1966.gada 12.-13.febru\u0101r\u012b. Avots: LNA LVA F.2944.<\/figcaption><\/figure>\r\n<\/div>\r\n\r\n<div class=\"wp-block-image\">\r\n<figure class=\"aligncenter size-large is-resized\"><a href=\"https:\/\/diaspora.arhivi.lv\/batun\/wp-content\/uploads\/2021\/02\/x002-apstradats-scaled.jpg\"><img loading=\"lazy\" decoding=\"async\" src=\"https:\/\/diaspora.arhivi.lv\/batun\/wp-content\/uploads\/2021\/02\/x002-apstradats-790x1024.jpg\" alt=\"\" class=\"wp-image-633\" width=\"331\" height=\"426\"\/><\/a><figcaption class=\"wp-element-caption\">Vienot\u0101s baltie\u0161u konferences laik\u0101 pie\u0146emt\u0101 deklar\u0101cija, 1966.gada 12.-13.febru\u0101ris. Avots: LNA LVA F.2944.<\/figcaption><\/figure>\r\n<\/div><\/div>\r\n<\/div>\r\n\r\n\r\n\r\n<p>BATUN uzdevumi, kas tika noteikti vienotaj\u0101 baltie\u0161u konferenc\u0113:<\/p>\r\n\r\n\r\n\r\n<ul class=\"wp-block-list\">\r\n<li>koordin\u0113t Igaunijas, Latvijas un Lietuvas izcelsmes Amerikas pilso\u0146u centienus;<\/li>\r\n\r\n\r\n\r\n<li>aizst\u0101v\u0113t amerik\u0101\u0146u nost\u0101ju pret komunistu piekopto infiltr\u0101ciju un posto\u0161o ietekmi;<\/li>\r\n\r\n\r\n\r\n<li>censties atbr\u012bvot nebr\u012bv\u0113 eso\u0161\u0101s Baltijas republikas un pal\u012bdz\u0113t atjaunot to nacion\u0101lo neatkar\u012bbu un cilv\u0113kties\u012bbas;<\/li>\r\n\r\n\r\n\r\n<li>p\u0113t\u012bt koloni\u0101lismu Padomju Krievij\u0101 un iesniegt jaut\u0101jumu par Padomju Krievijas dekoloniz\u0101ciju ANO 24 valstu komitej\u0101;<\/li>\r\n\r\n\r\n\r\n<li>visbeidzot, organiz\u0113t Amerikas sabiedrisk\u0101s domas atbalstu \u0161iem m\u0113r\u0137iem.<\/li>\r\n<\/ul>\r\n\r\n\r\n\r\n<div class=\"wp-block-columns is-layout-flex wp-container-core-columns-is-layout-9d6595d7 wp-block-columns-is-layout-flex\">\r\n<div class=\"wp-block-column is-layout-flow wp-block-column-is-layout-flow\" style=\"flex-basis:50%\">\r\n<p class=\"has-small-font-size\">Konferenc\u0113 tika ar\u012b pie\u0146emts Dr. Heino Ainso priek\u0161likums par BATUN organizatorisko strukt\u016bru, kas nodro\u0161in\u0101tu, ka katra no trim Baltijas valstu taut\u012bb\u0101m \u2012 igau\u0146i, latvie\u0161i un lietuvie\u0161i \u2012 vienm\u0113r b\u016bs vienl\u012bdz\u012bgi p\u0101rst\u0101v\u0113ti BATUN vald\u0113. \u0160\u012b strukt\u016bra noteica, ka vald\u0113 no katras nacion\u0101l\u0101s grupas j\u0101iev\u0113l tr\u012bs direktori, tr\u012bs direktoru aizst\u0101j\u0113ji un viens rev\u012bzijas komitejas loceklis. Katram direktoram bija viena balss. Ja k\u0101ds no direktoriem nevar\u0113tu ierasties sapulc\u0113, vi\u0146a viet\u0101 piedal\u012btos viens no direktoru aizst\u0101j\u0113jiem, lai katru baltie\u0161u tautu p\u0101rst\u0101v\u0113tu visas tr\u012bs balsis.<\/p>\r\n<\/div>\r\n\r\n\r\n\r\n<div class=\"wp-block-column is-layout-flow wp-block-column-is-layout-flow\" style=\"flex-basis:50%\">\r\n<figure class=\"wp-block-video aligncenter\"><video height=\"576\" style=\"aspect-ratio: 720 \/ 576;\" width=\"720\" controls src=\"https:\/\/diaspora.arhivi.lv\/batun\/wp-content\/uploads\/2021\/04\/Uldis-Blukis-par-dibinasanu.mp4\"><\/video><figcaption class=\"wp-element-caption\">Intervija ar vienu no BATUN dibin\u0101t\u0101jiem Uldi Blu\u0137i par BATUN dibin\u0101\u0161anu 1966.gada febru\u0101r\u012b. Avots: Latvijas Okup\u0101cijas muzejs.<\/figcaption><\/figure>\r\n<\/div>\r\n<\/div>\r\n\r\n\r\n\r\n<div class=\"wp-block-columns is-layout-flex wp-container-core-columns-is-layout-9d6595d7 wp-block-columns-is-layout-flex\">\r\n<div class=\"wp-block-column is-layout-flow wp-block-column-is-layout-flow\" style=\"flex-basis:50%\">\r\n<p class=\"has-small-font-size\">Dr\u012bz p\u0113c dibin\u0101\u0161anas BATUN izveidoja biroju, kas atrad\u0101s Latvie\u0161u kato\u013cu draudzes telp\u0101s \u0145ujork\u0101, Bronksas rajon\u0101, \u0160urca av\u0113nij\u0101 (Schurz Avenue) 2789. Latvie\u0161u uz\u0146\u0113m\u0113ja Roberta Hir\u0161a un vi\u0146a sievas d\u0101snais ziedojums 10 000 ASV dol\u0101ru apm\u0113r\u0101 \u013c\u0101va BATUN 1967. gad\u0101 atv\u0113rt biroju un pie\u0146emt darb\u0101 biroja vad\u012bt\u0101ju. Birojs \u0160urca av\u0113nij\u0101 darboj\u0101s no 1967. gada marta l\u012bdz 1988. gada j\u016bnijam, kad draudze \u0113ku p\u0101rdeva. 1988. gada j\u016blij\u0101 birojs tika p\u0101rcelts uz Daugavas Vanagu \u0113ku turpat Bronks\u0101 (115 West 183rd Street). Organiz\u0101cijas san\u0101ksmes visai bie\u017ei notika Igaunijas M\u0101j\u0101, kas pieder\u0113ja Igaunijas Izgl\u012bt\u012bbas biedr\u012bbai \u2012 to noteica \u0113kas \u0113rt\u0101 atra\u0161an\u0101s vieta Manheten\u0101 (243 East 34th Street).<\/p>\r\n<\/div>\r\n\r\n\r\n\r\n<div class=\"wp-block-column is-layout-flow wp-block-column-is-layout-flow\" style=\"flex-basis:50%\"><div class=\"wp-block-image\">\r\n<figure class=\"aligncenter size-large is-resized\"><a href=\"https:\/\/diaspora.arhivi.lv\/batun\/wp-content\/uploads\/2021\/04\/xBATUN-office-renovation-1970.jpg\"><img loading=\"lazy\" decoding=\"async\" src=\"https:\/\/diaspora.arhivi.lv\/batun\/wp-content\/uploads\/2021\/04\/xBATUN-office-renovation-1970-1024x791.jpg\" alt=\"\" class=\"wp-image-771\" width=\"447\" height=\"345\" srcset=\"https:\/\/diaspora.arhivi.lv\/batun\/wp-content\/uploads\/2021\/04\/xBATUN-office-renovation-1970-1024x791.jpg 1024w, https:\/\/diaspora.arhivi.lv\/batun\/wp-content\/uploads\/2021\/04\/xBATUN-office-renovation-1970-300x232.jpg 300w, https:\/\/diaspora.arhivi.lv\/batun\/wp-content\/uploads\/2021\/04\/xBATUN-office-renovation-1970-768x593.jpg 768w, https:\/\/diaspora.arhivi.lv\/batun\/wp-content\/uploads\/2021\/04\/xBATUN-office-renovation-1970.jpg 1121w\" sizes=\"auto, (max-width: 447px) 100vw, 447px\" \/><\/a><figcaption class=\"wp-element-caption\">BATUN akt\u012bvisti Kestutis Miklas un Ints Rupners renov\u0113 pagaidu BATUN mitekli pirms ofisa Latvie\u0161u kato\u013cu draudzes telp\u0101s. Avots: LNA LVA F.2944.<\/figcaption><\/figure>\r\n<\/div><\/div>\r\n<\/div>\r\n\r\n\r\n\r\n<h2 class=\"wp-block-heading\"><strong>NOSAUKUMS UN LOGO<\/strong><\/h2>\r\n\r\n\r\n\r\n<div class=\"wp-block-columns is-layout-flex wp-container-core-columns-is-layout-9d6595d7 wp-block-columns-is-layout-flex\">\r\n<div class=\"wp-block-column is-layout-flow wp-block-column-is-layout-flow\">\r\n<p class=\"has-small-font-size\">BATUN dibin\u0101\u0161anas sertifik\u0101ts tika re\u0123istr\u0113ts \u0145ujorkas \u0161tat\u0101 1967. gada 9. maij\u0101. S\u0101kotn\u0113jais nodoms bija re\u0123istr\u0113t organiz\u0101ciju k\u0101 \u201c<em>Baltic Appeal to the United Nations<\/em>\u201d \u2012 t\u0101ds bija 1965. gada 13. novembra demonstr\u0101cij\u0101 pie\u0146emt\u0101s deklar\u0101cijas neofici\u0101lais nosaukums. Tom\u0113r bezpe\u013c\u0146as organiz\u0101cija tika re\u0123istr\u0113ta \u0145ujorkas \u0161tat\u0101 ar nosaukumu \u201c<em>United Baltic Appeal, Inc<\/em>.\u201d (UBA), jo organiz\u0101cija nedr\u012bkst\u0113ja sav\u0101 nosaukum\u0101 iek\u013caut v\u0101rdus \u201cApvienot\u0101s N\u0101cijas\u201d, ja t\u0101 nav ofici\u0101li saist\u012bta ar ANO, un BATUN \u0161\u0101das saist\u012bbas nebija. PSRS iebildumu d\u0113\u013c ANO nevar\u0113ja akredit\u0113t BATUN k\u0101 nevalstisku organiz\u0101ciju. Ar\u012b Baltijas padomju republiku pres\u0113 skaidri tika pausta negat\u012bva attieksme pret BATUN. T\u0101 nu jau ierastais sa\u012bsin\u0101jums BATUN tika uzskat\u012bts par UBA noda\u013cu. Tom\u0113r liel\u0101k\u0101 da\u013ca cilv\u0113ku turpin\u0101ja organiz\u0101ciju saukt par BATUN.<\/p>\r\n<\/div>\r\n\r\n\r\n\r\n<div class=\"wp-block-column is-layout-flow wp-block-column-is-layout-flow\">\r\n<figure class=\"wp-block-image size-large\"><a href=\"https:\/\/diaspora.arhivi.lv\/batun\/wp-content\/uploads\/2021\/02\/x004-apstradats-scaled.jpg\"><img loading=\"lazy\" decoding=\"async\" width=\"1024\" height=\"834\" src=\"https:\/\/diaspora.arhivi.lv\/batun\/wp-content\/uploads\/2021\/02\/x004-apstradats-1024x834.jpg\" alt=\"\" class=\"wp-image-634\" srcset=\"https:\/\/diaspora.arhivi.lv\/batun\/wp-content\/uploads\/2021\/02\/x004-apstradats-1024x834.jpg 1024w, https:\/\/diaspora.arhivi.lv\/batun\/wp-content\/uploads\/2021\/02\/x004-apstradats-300x244.jpg 300w, https:\/\/diaspora.arhivi.lv\/batun\/wp-content\/uploads\/2021\/02\/x004-apstradats-768x626.jpg 768w, https:\/\/diaspora.arhivi.lv\/batun\/wp-content\/uploads\/2021\/02\/x004-apstradats-1536x1251.jpg 1536w, https:\/\/diaspora.arhivi.lv\/batun\/wp-content\/uploads\/2021\/02\/x004-apstradats-2048x1668.jpg 2048w, https:\/\/diaspora.arhivi.lv\/batun\/wp-content\/uploads\/2021\/02\/x004-apstradats-1600x1303.jpg 1600w\" sizes=\"auto, (max-width: 1024px) 100vw, 1024px\" \/><\/a><figcaption class=\"wp-element-caption\">\u201c<em>United Baltic Appeal, Inc<\/em>.\u201d re\u0123istr\u0101cijas sertifik\u0101ts, 1967.gads. Avots: LNA LVA F.2944.<\/figcaption><\/figure>\r\n<\/div>\r\n<\/div>\r\n\r\n\r\n\r\n<p class=\"has-small-font-size\">P\u0113c BATUN nodibin\u0101\u0161anas aktu\u0101ls k\u013cuva jaut\u0101jums par organiz\u0101cijas vizu\u0101lo identit\u0101ti. 1966. gad\u0101 BATUN izsludin\u0101ja trimdas pres\u0113 konkursu par logotipa dizainu, kas simboliz\u0113tu organiz\u0101cijas misiju un kuru var\u0113tu izmantot reprezentat\u012bviem nol\u016bkiem druk\u0101tos materi\u0101los un citur. Logotipam bija j\u0101b\u016bt simboliskam, viegli atveidojamam un uztveramam. Tika izsludin\u0101ta naudas balva un m\u0101ksliniekus aicin\u0101ja iesniegt savas idejas. Konkurss izrais\u012bja lielu interesi, tam tika iesniegti 69 dizaini, kuru autori bija 22 baltie\u0161u m\u0101kslinieki no ASV, Kan\u0101das, Austr\u0101lijas un Eiropas. Par \u017e\u016brijas locek\u013ciem tika izv\u0113l\u0113ti baltie\u0161u organiz\u0101ciju p\u0101rst\u0101vji un Dienvidvjetnamas v\u0113stnieks ANO. 1967. gada 28. janv\u0101r\u012b BATUN par savu logotipu izv\u0113l\u0113j\u0101s latvie\u0161u m\u0101kslinieka Ilm\u0101ra Rump\u0113tera dizainu. BATUN logotips ir stiliz\u0113ts B burts (sast\u0101v no cipara tr\u012bs, kas veido bultu un uz sarkana fona nor\u0101da uz rietumiem) un simboliz\u0113 triju Baltijas valstu vienotos centienus izrauties no padomju okup\u0101cijas cie\u0161ajiem \u017e\u0146augiem.<\/p>\r\n\r\n\r\n\r\n<div class=\"wp-block-columns is-layout-flex wp-container-core-columns-is-layout-9d6595d7 wp-block-columns-is-layout-flex\">\r\n<div class=\"wp-block-column is-layout-flow wp-block-column-is-layout-flow\">\r\n<figure class=\"wp-block-image size-large is-resized\"><a href=\"https:\/\/diaspora.arhivi.lv\/batun\/wp-content\/uploads\/2021\/02\/2logo-1.jpg\"><img loading=\"lazy\" decoding=\"async\" src=\"https:\/\/diaspora.arhivi.lv\/batun\/wp-content\/uploads\/2021\/02\/2logo-1.jpg\" alt=\"\" class=\"wp-image-281\" width=\"378\" height=\"354\" srcset=\"https:\/\/diaspora.arhivi.lv\/batun\/wp-content\/uploads\/2021\/02\/2logo-1.jpg 546w, https:\/\/diaspora.arhivi.lv\/batun\/wp-content\/uploads\/2021\/02\/2logo-1-300x280.jpg 300w\" sizes=\"auto, (max-width: 378px) 100vw, 378px\" \/><\/a><figcaption class=\"wp-element-caption\">Latvie\u0161u m\u0101kslinieka Ilm\u0101ra Rump\u0113tera rad\u012btais logo dizains, kas tika izv\u0113l\u0113ts k\u0101 BATUN logo. Avots: LNA LVA F.2944.<\/figcaption><\/figure>\r\n\r\n\r\n\r\n<p><\/p>\r\n<\/div>\r\n\r\n\r\n\r\n<div class=\"wp-block-column is-layout-flow wp-block-column-is-layout-flow\">\r\n<p class=\"has-small-font-size\"><strong>Logotipa simbolika<\/strong><\/p>\r\n\r\n\r\n\r\n<ol class=\"wp-block-list\">\r\n<li>Aplis simboliz\u0113 Padomju Savien\u012bbas dominanci Baltijas valst\u012bs un to paverdzin\u0101\u0161anu. T\u0101p\u0113c bija ieteicams apli druk\u0101t sarkan\u0101 kr\u0101s\u0101.<\/li>\r\n\r\n\r\n\r\n<li>Uz rietumiem v\u0113rst\u0101s bulti\u0146as gals simboliz\u0113 Baltijas valstu ap\u0146\u0113m\u012bbu izlauzties no komunistu ielenkuma un apvienoties ar br\u012bvo pasauli. Bulti\u0146as, kas apvienotas trijst\u016br\u012b, simboliz\u0113 tr\u012bs Baltijas n\u0101cijas.<\/li>\r\n\r\n\r\n\r\n<li>Ar\u012b tr\u012bs horizont\u0101l\u0101s balt\u0101s l\u012bnijas simboliz\u0113 Baltijas valstis: Igaunija, Latvija, Lietuva ir cie\u0146pilni vienotas kop\u012bgam m\u0113r\u0137im \u2012 atbr\u012bvoties no komunistu varas; vizu\u0101li t\u0101s veido burtu \u201cB\u201d un skaitli \u201c3\u201d.<\/li>\r\n<\/ol>\r\n\r\n\r\n\r\n<p><\/p>\r\n<\/div>\r\n<\/div>\r\n\r\n\r\n\r\n<p>Citi iesniegtie logo dizaini<\/p>\r\n\r\n\r\n\r\n<div class=\"wp-block-columns is-layout-flex wp-container-core-columns-is-layout-9d6595d7 wp-block-columns-is-layout-flex\">\r\n<div class=\"wp-block-column is-layout-flow wp-block-column-is-layout-flow\">\r\n<div class=\"wp-block-columns is-layout-flex wp-container-core-columns-is-layout-9d6595d7 wp-block-columns-is-layout-flex\">\r\n<div class=\"wp-block-column is-layout-flow wp-block-column-is-layout-flow\"><div class=\"wp-block-image\">\r\n<figure class=\"aligncenter size-large\"><a href=\"https:\/\/diaspora.arhivi.lv\/batun\/wp-content\/uploads\/2021\/05\/xAusmas-Darznieces-2.vietas-mets.jpg\"><img loading=\"lazy\" decoding=\"async\" width=\"849\" height=\"652\" src=\"https:\/\/diaspora.arhivi.lv\/batun\/wp-content\/uploads\/2021\/05\/xAusmas-Darznieces-2.vietas-mets.jpg\" alt=\"\" class=\"wp-image-1268\" srcset=\"https:\/\/diaspora.arhivi.lv\/batun\/wp-content\/uploads\/2021\/05\/xAusmas-Darznieces-2.vietas-mets.jpg 849w, https:\/\/diaspora.arhivi.lv\/batun\/wp-content\/uploads\/2021\/05\/xAusmas-Darznieces-2.vietas-mets-300x230.jpg 300w, https:\/\/diaspora.arhivi.lv\/batun\/wp-content\/uploads\/2021\/05\/xAusmas-Darznieces-2.vietas-mets-768x590.jpg 768w\" sizes=\"auto, (max-width: 849px) 100vw, 849px\" \/><\/a><figcaption class=\"wp-element-caption\">Otr\u0101s vietas ieguv\u0113jas Ausmas D\u0101rznieces dizains.<\/figcaption><\/figure>\r\n<\/div><\/div>\r\n\r\n\r\n\r\n<div class=\"wp-block-column is-layout-flow wp-block-column-is-layout-flow\"><div class=\"wp-block-image\">\r\n<figure class=\"aligncenter size-large\"><a href=\"https:\/\/diaspora.arhivi.lv\/batun\/wp-content\/uploads\/2021\/05\/xNina-Jursevskis-3.vieta-Toronto-Canada-scaled.jpg\"><img loading=\"lazy\" decoding=\"async\" width=\"775\" height=\"1024\" src=\"https:\/\/diaspora.arhivi.lv\/batun\/wp-content\/uploads\/2021\/05\/xNina-Jursevskis-3.vieta-Toronto-Canada-775x1024.jpg\" alt=\"\" class=\"wp-image-1269\" srcset=\"https:\/\/diaspora.arhivi.lv\/batun\/wp-content\/uploads\/2021\/05\/xNina-Jursevskis-3.vieta-Toronto-Canada-775x1024.jpg 775w, https:\/\/diaspora.arhivi.lv\/batun\/wp-content\/uploads\/2021\/05\/xNina-Jursevskis-3.vieta-Toronto-Canada-227x300.jpg 227w, https:\/\/diaspora.arhivi.lv\/batun\/wp-content\/uploads\/2021\/05\/xNina-Jursevskis-3.vieta-Toronto-Canada-768x1015.jpg 768w, https:\/\/diaspora.arhivi.lv\/batun\/wp-content\/uploads\/2021\/05\/xNina-Jursevskis-3.vieta-Toronto-Canada-1162x1536.jpg 1162w, https:\/\/diaspora.arhivi.lv\/batun\/wp-content\/uploads\/2021\/05\/xNina-Jursevskis-3.vieta-Toronto-Canada-1549x2048.jpg 1549w, https:\/\/diaspora.arhivi.lv\/batun\/wp-content\/uploads\/2021\/05\/xNina-Jursevskis-3.vieta-Toronto-Canada-1600x2115.jpg 1600w, https:\/\/diaspora.arhivi.lv\/batun\/wp-content\/uploads\/2021\/05\/xNina-Jursevskis-3.vieta-Toronto-Canada-scaled.jpg 1936w\" sizes=\"auto, (max-width: 775px) 100vw, 775px\" \/><\/a><figcaption class=\"wp-element-caption\">Tre\u0161\u0101s vietas ieguv\u0113jas \u0145inas Jur\u0161veskis dizains.<\/figcaption><\/figure>\r\n<\/div><\/div>\r\n<\/div>\r\n<\/div>\r\n\r\n\r\n\r\n<div class=\"wp-block-column is-layout-flow wp-block-column-is-layout-flow\">\r\n<div class=\"wp-block-columns is-layout-flex wp-container-core-columns-is-layout-9d6595d7 wp-block-columns-is-layout-flex\">\r\n<div class=\"wp-block-column is-layout-flow wp-block-column-is-layout-flow\"><div class=\"wp-block-image\">\r\n<figure class=\"aligncenter size-large\"><a href=\"https:\/\/diaspora.arhivi.lv\/batun\/wp-content\/uploads\/2021\/05\/xNina-Jursevskis.jpg\"><img loading=\"lazy\" decoding=\"async\" width=\"1024\" height=\"974\" src=\"https:\/\/diaspora.arhivi.lv\/batun\/wp-content\/uploads\/2021\/05\/xNina-Jursevskis-1024x974.jpg\" alt=\"\" class=\"wp-image-1270\" srcset=\"https:\/\/diaspora.arhivi.lv\/batun\/wp-content\/uploads\/2021\/05\/xNina-Jursevskis-1024x974.jpg 1024w, https:\/\/diaspora.arhivi.lv\/batun\/wp-content\/uploads\/2021\/05\/xNina-Jursevskis-300x285.jpg 300w, https:\/\/diaspora.arhivi.lv\/batun\/wp-content\/uploads\/2021\/05\/xNina-Jursevskis-768x731.jpg 768w, https:\/\/diaspora.arhivi.lv\/batun\/wp-content\/uploads\/2021\/05\/xNina-Jursevskis-1536x1461.jpg 1536w, https:\/\/diaspora.arhivi.lv\/batun\/wp-content\/uploads\/2021\/05\/xNina-Jursevskis-2048x1948.jpg 2048w, https:\/\/diaspora.arhivi.lv\/batun\/wp-content\/uploads\/2021\/05\/xNina-Jursevskis-1600x1522.jpg 1600w\" sizes=\"auto, (max-width: 1024px) 100vw, 1024px\" \/><\/a><figcaption class=\"wp-element-caption\">\u0145inas Jur\u0161evskis dizains.<\/figcaption><\/figure>\r\n<\/div><\/div>\r\n\r\n\r\n\r\n<div class=\"wp-block-column is-layout-flow wp-block-column-is-layout-flow\"><div class=\"wp-block-image\">\r\n<figure class=\"aligncenter size-large\"><a href=\"https:\/\/diaspora.arhivi.lv\/batun\/wp-content\/uploads\/2021\/05\/xScan_20201111-8.jpg\"><img loading=\"lazy\" decoding=\"async\" width=\"850\" height=\"1024\" src=\"https:\/\/diaspora.arhivi.lv\/batun\/wp-content\/uploads\/2021\/05\/xScan_20201111-8-850x1024.jpg\" alt=\"\" class=\"wp-image-1271\" srcset=\"https:\/\/diaspora.arhivi.lv\/batun\/wp-content\/uploads\/2021\/05\/xScan_20201111-8-850x1024.jpg 850w, https:\/\/diaspora.arhivi.lv\/batun\/wp-content\/uploads\/2021\/05\/xScan_20201111-8-249x300.jpg 249w, https:\/\/diaspora.arhivi.lv\/batun\/wp-content\/uploads\/2021\/05\/xScan_20201111-8-768x925.jpg 768w, https:\/\/diaspora.arhivi.lv\/batun\/wp-content\/uploads\/2021\/05\/xScan_20201111-8-1276x1536.jpg 1276w, https:\/\/diaspora.arhivi.lv\/batun\/wp-content\/uploads\/2021\/05\/xScan_20201111-8-1701x2048.jpg 1701w, https:\/\/diaspora.arhivi.lv\/batun\/wp-content\/uploads\/2021\/05\/xScan_20201111-8-1600x1927.jpg 1600w, https:\/\/diaspora.arhivi.lv\/batun\/wp-content\/uploads\/2021\/05\/xScan_20201111-8.jpg 1763w\" sizes=\"auto, (max-width: 850px) 100vw, 850px\" \/><\/a><figcaption class=\"wp-element-caption\">Nezin\u0101ms autors.<\/figcaption><\/figure>\r\n<\/div><\/div>\r\n<\/div>\r\n<\/div>\r\n<\/div>\r\n\r\n\r\n\r\n<div class=\"wp-block-columns is-layout-flex wp-container-core-columns-is-layout-9d6595d7 wp-block-columns-is-layout-flex\">\r\n<div class=\"wp-block-column is-layout-flow wp-block-column-is-layout-flow\">\r\n<div class=\"wp-block-columns is-layout-flex wp-container-core-columns-is-layout-9d6595d7 wp-block-columns-is-layout-flex\">\r\n<div class=\"wp-block-column is-layout-flow wp-block-column-is-layout-flow\"><div class=\"wp-block-image\">\r\n<figure class=\"aligncenter size-large\"><a href=\"https:\/\/diaspora.arhivi.lv\/batun\/wp-content\/uploads\/2021\/05\/xRaul-Parks-scaled.jpg\"><img loading=\"lazy\" decoding=\"async\" width=\"793\" height=\"1024\" src=\"https:\/\/diaspora.arhivi.lv\/batun\/wp-content\/uploads\/2021\/05\/xRaul-Parks-793x1024.jpg\" alt=\"\" class=\"wp-image-1272\" srcset=\"https:\/\/diaspora.arhivi.lv\/batun\/wp-content\/uploads\/2021\/05\/xRaul-Parks-793x1024.jpg 793w, https:\/\/diaspora.arhivi.lv\/batun\/wp-content\/uploads\/2021\/05\/xRaul-Parks-232x300.jpg 232w, https:\/\/diaspora.arhivi.lv\/batun\/wp-content\/uploads\/2021\/05\/xRaul-Parks-768x991.jpg 768w, https:\/\/diaspora.arhivi.lv\/batun\/wp-content\/uploads\/2021\/05\/xRaul-Parks-1190x1536.jpg 1190w, https:\/\/diaspora.arhivi.lv\/batun\/wp-content\/uploads\/2021\/05\/xRaul-Parks-1587x2048.jpg 1587w, https:\/\/diaspora.arhivi.lv\/batun\/wp-content\/uploads\/2021\/05\/xRaul-Parks-1600x2065.jpg 1600w, https:\/\/diaspora.arhivi.lv\/batun\/wp-content\/uploads\/2021\/05\/xRaul-Parks-scaled.jpg 1984w\" sizes=\"auto, (max-width: 793px) 100vw, 793px\" \/><\/a><figcaption class=\"wp-element-caption\">Raula Parka dizains.<\/figcaption><\/figure>\r\n<\/div><\/div>\r\n\r\n\r\n\r\n<div class=\"wp-block-column is-layout-flow wp-block-column-is-layout-flow\"><div class=\"wp-block-image\">\r\n<figure class=\"aligncenter size-large\"><a href=\"https:\/\/diaspora.arhivi.lv\/batun\/wp-content\/uploads\/2021\/05\/xScan_20201111-10.jpg\"><img loading=\"lazy\" decoding=\"async\" width=\"784\" height=\"1024\" src=\"https:\/\/diaspora.arhivi.lv\/batun\/wp-content\/uploads\/2021\/05\/xScan_20201111-10-784x1024.jpg\" alt=\"\" class=\"wp-image-1273\" srcset=\"https:\/\/diaspora.arhivi.lv\/batun\/wp-content\/uploads\/2021\/05\/xScan_20201111-10-784x1024.jpg 784w, https:\/\/diaspora.arhivi.lv\/batun\/wp-content\/uploads\/2021\/05\/xScan_20201111-10-230x300.jpg 230w, https:\/\/diaspora.arhivi.lv\/batun\/wp-content\/uploads\/2021\/05\/xScan_20201111-10-768x1003.jpg 768w, https:\/\/diaspora.arhivi.lv\/batun\/wp-content\/uploads\/2021\/05\/xScan_20201111-10-1176x1536.jpg 1176w, https:\/\/diaspora.arhivi.lv\/batun\/wp-content\/uploads\/2021\/05\/xScan_20201111-10-1568x2048.jpg 1568w, https:\/\/diaspora.arhivi.lv\/batun\/wp-content\/uploads\/2021\/05\/xScan_20201111-10-1600x2090.jpg 1600w, https:\/\/diaspora.arhivi.lv\/batun\/wp-content\/uploads\/2021\/05\/xScan_20201111-10.jpg 1794w\" sizes=\"auto, (max-width: 784px) 100vw, 784px\" \/><\/a><figcaption class=\"wp-element-caption\">Nezin\u0101ms autors.<\/figcaption><\/figure>\r\n<\/div><\/div>\r\n<\/div>\r\n<\/div>\r\n\r\n\r\n\r\n<div class=\"wp-block-column is-layout-flow wp-block-column-is-layout-flow\"><div class=\"wp-block-image\">\r\n<figure class=\"aligncenter size-large\"><a href=\"https:\/\/diaspora.arhivi.lv\/batun\/wp-content\/uploads\/2021\/05\/xScan_20201111-11.jpg\"><img loading=\"lazy\" decoding=\"async\" width=\"1024\" height=\"649\" src=\"https:\/\/diaspora.arhivi.lv\/batun\/wp-content\/uploads\/2021\/05\/xScan_20201111-11-1024x649.jpg\" alt=\"\" class=\"wp-image-1274\" srcset=\"https:\/\/diaspora.arhivi.lv\/batun\/wp-content\/uploads\/2021\/05\/xScan_20201111-11-1024x649.jpg 1024w, https:\/\/diaspora.arhivi.lv\/batun\/wp-content\/uploads\/2021\/05\/xScan_20201111-11-300x190.jpg 300w, https:\/\/diaspora.arhivi.lv\/batun\/wp-content\/uploads\/2021\/05\/xScan_20201111-11-768x487.jpg 768w, https:\/\/diaspora.arhivi.lv\/batun\/wp-content\/uploads\/2021\/05\/xScan_20201111-11-1536x974.jpg 1536w, https:\/\/diaspora.arhivi.lv\/batun\/wp-content\/uploads\/2021\/05\/xScan_20201111-11-2048x1299.jpg 2048w, https:\/\/diaspora.arhivi.lv\/batun\/wp-content\/uploads\/2021\/05\/xScan_20201111-11-1600x1014.jpg 1600w\" sizes=\"auto, (max-width: 1024px) 100vw, 1024px\" \/><\/a><figcaption class=\"wp-element-caption\">Nezin\u0101ms autors.<\/figcaption><\/figure>\r\n<\/div><\/div>\r\n<\/div>\r\n\r\n\r\n\r\n<h2 class=\"wp-block-heading\"><strong>Baltie\u0161u jaunatne par br\u012bv\u012bbu (1968-1980)<\/strong><\/h2>\r\n\r\n\r\n\r\n<p><\/p>\r\n\r\n\r\n\r\n<p class=\"has-small-font-size\">60. gadi Amerikas Savienotaj\u0101m Valst\u012bm bija iev\u0113rojamu satricin\u0101jumu laiks \u2012 liels skaits jaunie\u0161u iest\u0101j\u0101s par pilsoniskaj\u0101m ties\u012bb\u0101m un protest\u0113ja pret karu Vjetnam\u0101. To visu redzot, daudzi jaunie Amerikas baltie\u0161i dom\u0101ja, ka Baltijas gad\u012bjumam var\u0113tu b\u016bt noder\u012bgi ar\u012b da\u017ei akt\u012bv\u0101ki pas\u0101kumi. 1968. gad\u0101 tika izveidota BATUN akt\u012bvistu grupa \u201cBaltie\u0161u jaunatne par br\u012bv\u012bbu\u201d (sa\u012bsin\u0101jum\u0101 BYFF \u2012 no <em>Baltic Youth for Freedom<\/em>), kas specializ\u0113j\u0101s ielu demonstr\u0101cij\u0101s un iesaist\u012bj\u0101s proakt\u012bv\u0101s politisk\u0101s aktivit\u0101t\u0113s, kuras nedaudz p\u0101rsniedza BATUN k\u0101 bezpe\u013c\u0146as organiz\u0101cijas darb\u012bbas jomu. BYFF veidoja akt\u012bvistu korpuss, kuru var\u0113ja \u013coti \u012bs\u0101 laik\u0101 mobiliz\u0113t, lai sniegtu atbildi uz notikumiem Baltijas valst\u012bs. Faktiski tas bija BATUN jaunie\u0161u sp\u0101rns, un to veidoja studenti un citi jaunie\u0161i, kuri v\u0113l\u0113j\u0101s darboties \u013coti akt\u012bv\u0101, redzam\u0101 veid\u0101. Kad 20. gs. 80. gados notikumi Padomju Savien\u012bb\u0101 un Austrumeirop\u0101 ieg\u0101ja jaun\u0101 posm\u0101, BYFF k\u013cuva maz\u0101k akt\u012bvi.<\/p>\r\n\r\n\r\n\r\n<div class=\"wp-block-columns is-layout-flex wp-container-core-columns-is-layout-9d6595d7 wp-block-columns-is-layout-flex\">\r\n<div class=\"wp-block-column is-layout-flow wp-block-column-is-layout-flow\">\r\n<figure class=\"wp-block-image size-large\"><a href=\"https:\/\/diaspora.arhivi.lv\/batun\/wp-content\/uploads\/2021\/04\/x1970-photo-by-Salomeja-Narketiunaite-scaled.jpg\"><img loading=\"lazy\" decoding=\"async\" width=\"1024\" height=\"717\" src=\"https:\/\/diaspora.arhivi.lv\/batun\/wp-content\/uploads\/2021\/04\/x1970-photo-by-Salomeja-Narketiunaite-1024x717.jpg\" alt=\"\" class=\"wp-image-790\" srcset=\"https:\/\/diaspora.arhivi.lv\/batun\/wp-content\/uploads\/2021\/04\/x1970-photo-by-Salomeja-Narketiunaite-1024x717.jpg 1024w, https:\/\/diaspora.arhivi.lv\/batun\/wp-content\/uploads\/2021\/04\/x1970-photo-by-Salomeja-Narketiunaite-300x210.jpg 300w, https:\/\/diaspora.arhivi.lv\/batun\/wp-content\/uploads\/2021\/04\/x1970-photo-by-Salomeja-Narketiunaite-768x538.jpg 768w, https:\/\/diaspora.arhivi.lv\/batun\/wp-content\/uploads\/2021\/04\/x1970-photo-by-Salomeja-Narketiunaite-1536x1075.jpg 1536w, https:\/\/diaspora.arhivi.lv\/batun\/wp-content\/uploads\/2021\/04\/x1970-photo-by-Salomeja-Narketiunaite-2048x1434.jpg 2048w, https:\/\/diaspora.arhivi.lv\/batun\/wp-content\/uploads\/2021\/04\/x1970-photo-by-Salomeja-Narketiunaite-1600x1120.jpg 1600w\" sizes=\"auto, (max-width: 1024px) 100vw, 1024px\" \/><\/a><figcaption class=\"wp-element-caption\">Jaunie\u0161i demonstr\u0101cijas laik\u0101 dedzina padomju karogu, 1970.gads. Karogu tur igau\u0146u akt\u012bvists Reins Virkma. Foto: S.Narketi\u016bnaite. Avots: LNA LVA F.2944.<\/figcaption><\/figure>\r\n<\/div>\r\n\r\n\r\n\r\n<div class=\"wp-block-column is-layout-flow wp-block-column-is-layout-flow\">\r\n<figure class=\"wp-block-image size-large\"><a href=\"https:\/\/diaspora.arhivi.lv\/batun\/wp-content\/uploads\/2021\/04\/xScan_20210303-48.jpg\"><img loading=\"lazy\" decoding=\"async\" width=\"1024\" height=\"734\" src=\"https:\/\/diaspora.arhivi.lv\/batun\/wp-content\/uploads\/2021\/04\/xScan_20210303-48-1024x734.jpg\" alt=\"\" class=\"wp-image-791\" srcset=\"https:\/\/diaspora.arhivi.lv\/batun\/wp-content\/uploads\/2021\/04\/xScan_20210303-48-1024x734.jpg 1024w, https:\/\/diaspora.arhivi.lv\/batun\/wp-content\/uploads\/2021\/04\/xScan_20210303-48-300x215.jpg 300w, https:\/\/diaspora.arhivi.lv\/batun\/wp-content\/uploads\/2021\/04\/xScan_20210303-48-768x550.jpg 768w, https:\/\/diaspora.arhivi.lv\/batun\/wp-content\/uploads\/2021\/04\/xScan_20210303-48-1536x1101.jpg 1536w, https:\/\/diaspora.arhivi.lv\/batun\/wp-content\/uploads\/2021\/04\/xScan_20210303-48-2048x1468.jpg 2048w, https:\/\/diaspora.arhivi.lv\/batun\/wp-content\/uploads\/2021\/04\/xScan_20210303-48-1600x1147.jpg 1600w\" sizes=\"auto, (max-width: 1024px) 100vw, 1024px\" \/><\/a><figcaption class=\"wp-element-caption\">&#8220;\u201cBaltie\u0161u jaunatne par br\u012bv\u012bbu\u201d p\u0101rst\u0101vji R.Virkma, J.Virkma un M.Linnama ASV misij\u0101 ANO tiekas ar v\u0113stnieka D\u017eord\u017ea Bu\u0161a vec\u0101ko padomnieku Kinga kungu, lai nodotu pet\u012bcijas t\u0101l\u0101kai nos\u016bt\u012b\u0161anai prezidentam Niksonam, saist\u012bb\u0101 ar vi\u0146a braucienu uz Maskavu. Avots: LNA LVA F.2944.<\/figcaption><\/figure>\r\n<\/div>\r\n<\/div>\r\n","protected":false},"excerpt":{"rendered":"<p>Baltijas br\u012bv\u012bbas demonstr\u0101cija 1965. gada 13. novembr\u012b \u201cLai Br\u012bv\u012bbas demonstr\u0101cija \u0145ujork\u0101 ir tikai s\u0101kums lieliem un nemit\u012bgiem centieniem visiem latvie\u0161iem,&hellip;<\/p>\n","protected":false},"author":1,"featured_media":0,"parent":0,"menu_order":0,"comment_status":"closed","ping_status":"closed","template":"","meta":{"footnotes":""},"class_list":["post-121","page","type-page","status-publish","hentry"],"_links":{"self":[{"href":"https:\/\/diaspora.arhivi.lv\/batun\/index.php\/wp-json\/wp\/v2\/pages\/121","targetHints":{"allow":["GET"]}}],"collection":[{"href":"https:\/\/diaspora.arhivi.lv\/batun\/index.php\/wp-json\/wp\/v2\/pages"}],"about":[{"href":"https:\/\/diaspora.arhivi.lv\/batun\/index.php\/wp-json\/wp\/v2\/types\/page"}],"author":[{"embeddable":true,"href":"https:\/\/diaspora.arhivi.lv\/batun\/index.php\/wp-json\/wp\/v2\/users\/1"}],"replies":[{"embeddable":true,"href":"https:\/\/diaspora.arhivi.lv\/batun\/index.php\/wp-json\/wp\/v2\/comments?post=121"}],"version-history":[{"count":1,"href":"https:\/\/diaspora.arhivi.lv\/batun\/index.php\/wp-json\/wp\/v2\/pages\/121\/revisions"}],"predecessor-version":[{"id":1388,"href":"https:\/\/diaspora.arhivi.lv\/batun\/index.php\/wp-json\/wp\/v2\/pages\/121\/revisions\/1388"}],"wp:attachment":[{"href":"https:\/\/diaspora.arhivi.lv\/batun\/index.php\/wp-json\/wp\/v2\/media?parent=121"}],"curies":[{"name":"wp","href":"https:\/\/api.w.org\/{rel}","templated":true}]}}