{"id":114,"date":"2021-01-21T09:52:55","date_gmt":"2021-01-21T09:52:55","guid":{"rendered":"http:\/\/www.itl.rtu.lv\/agnijas\/?page_id=114"},"modified":"2021-05-17T13:45:58","modified_gmt":"2021-05-17T10:45:58","slug":"public-diplomacy","status":"publish","type":"page","link":"https:\/\/diaspora.arhivi.lv\/batun\/index.php\/public-diplomacy\/","title":{"rendered":"CILV\u0112KTIES\u012aBAS (1971-1982)"},"content":{"rendered":"\r\n<p class=\"has-small-font-size\">Kop\u0161 1971. gada BATUN lob\u0113ja ANO dal\u012bbvalstu deleg\u0101tus galvenok\u0101rt ikgad\u0113j\u0101s Cilv\u0113kties\u012bbu komisijas sesij\u0101s \u017den\u0113v\u0101. Posm\u0101 no 1971. l\u012bdz 1982. gadam lob\u0113\u0161anas centieni, ja tos sal\u012bdzina ar 1966.\u20131970. gadu periodu, k\u013cuva par galveno virzienu BATUN aktivit\u0101t\u0113s, kas bija v\u0113rstas uz ANO dal\u012bbvalst\u012bm un Rietumu, tostarp trimdas baltie\u0161u, auditoriju.<\/p>\r\n\r\n\r\n\r\n<p class=\"has-small-font-size\">BATUN zi\u0146ojum\u0101 par ANO patst\u0101v\u012bgo misiju apmekl\u0113jumiem 1968.\/69. gad\u0101 t\u0101 autori, pamatojoties uz ieteikumiem, kas sa\u0146emti no ANO diplom\u0101tiem, ietv\u0113ra nor\u0101di \u201cka BATUN nopietni apsver cilv\u0113kties\u012bbu pieeju\u201d. Saist\u012bb\u0101 ar \u0161o pieeju zi\u0146ojuma autori atz\u012bm\u0113ja, ka:<\/p>\r\n\r\n\r\n\r\n<ul class=\"wp-block-list\"><li>t\u0101 var\u0113tu \u201cnodro\u0161in\u0101t nelielu un da\u013c\u0113ju, bet re\u0101lu m\u016bsu tautie\u0161u ties\u012bbu aizsardz\u012bbu Baltijas valst\u012bs\u201d;<\/li><li>\u201cties\u012bbu papla\u0161in\u0101\u0161ana savuk\u0101rt noz\u012bm\u0113, ka baltie\u0161i sp\u0113tu sevi lab\u0101k aizst\u0101v\u0113t pret krievu dominanci\u201d;<\/li><li>\u201catsedzot re\u0101lo situ\u0101ciju par cilv\u0113kties\u012bbu situ\u0101ciju Baltijas valst\u012bs, vienlaikus tiktu atmaskoti ar\u012b Krievijas viltus apgalvojumi, ka Baltijas taut\u0101m ir pa\u0161noteik\u0161an\u0101s\u201d;<\/li><li>\u201cilgtermi\u0146a strat\u0113\u0123iju darb\u012bbai Apvienotaj\u0101s N\u0101cij\u0101s b\u016btu iesp\u0113jams balst\u012bt uz cilv\u0113kties\u012bbu jaut\u0101jumiem\u201d.<\/li><\/ul>\r\n\r\n\r\n\r\n<div class=\"wp-block-columns is-layout-flex wp-container-core-columns-is-layout-9d6595d7 wp-block-columns-is-layout-flex\">\r\n<div class=\"wp-block-column is-layout-flow wp-block-column-is-layout-flow\">\r\n<p class=\"has-small-font-size\">Dr\u012bz p\u0113c tam, kad ANO Ekonomikas un soci\u0101lo lietu padome 1970. gada maij\u0101 noteica 1503. proced\u016bru (\u201cProced\u016bra sazi\u0146ai, kas saist\u012bta ar cilv\u0113kties\u012bbu un pamatbr\u012bv\u012bbu p\u0101rk\u0101pumiem\u201d), BATUN s\u0101ka zi\u0146ot ANO Cilv\u0113kties\u012bbu komisijai par padomju laik\u0101 izdar\u012btajiem cilv\u0113kties\u012bbu p\u0101rk\u0101pumiem attiec\u012bb\u0101 pret Baltijas valstu iedz\u012bvot\u0101jiem un turpin\u0101ja sniegt \u0161\u0101dus zi\u0146ojumus l\u012bdz pat 1991. gada s\u0101kumam. Uz katru Cilv\u0113kties\u012bbu komisijas sesiju BATUN sagatavoja memorandu par neseniem cilv\u0113kties\u012bbu p\u0101rk\u0101pumiem Baltijas valst\u012bs. BATUN m\u0113\u0123in\u0101ja pan\u0101kt, lai ar\u012b citas trimdas organiz\u0101cijas un personas zi\u0146otu Cilv\u0113kties\u012bbu komisijai par cilv\u0113kties\u012bbu p\u0101rk\u0101pumiem. ANO Cilv\u0113kties\u012bbu noda\u013ca, sniedzot atbildes BATUN, atzina, ka Baltijas valstu jaut\u0101jums ir iev\u0113rots, t\u0101pat t\u0101 atzina BATUN k\u0101 organiz\u0101ciju, kas ir ties\u012bga sniegt inform\u0101ciju par situ\u0101ciju Baltijas valst\u012bs. BATUN sniegtajai inform\u0101cijai piek\u013cuva desmitiem un, iesp\u0113jams, simtiem diplom\u0101tu un ANO darbinieku.<\/p>\r\n\r\n\r\n\r\n<div class=\"wp-block-image\"><figure class=\"aligncenter size-large\"><a href=\"https:\/\/diaspora.arhivi.lv\/batun\/wp-content\/uploads\/2021\/04\/xScan_20210303-24.jpg\"><img loading=\"lazy\" decoding=\"async\" width=\"1024\" height=\"727\" src=\"https:\/\/diaspora.arhivi.lv\/batun\/wp-content\/uploads\/2021\/04\/xScan_20210303-24-1024x727.jpg\" alt=\"\" class=\"wp-image-978\" srcset=\"https:\/\/diaspora.arhivi.lv\/batun\/wp-content\/uploads\/2021\/04\/xScan_20210303-24-1024x727.jpg 1024w, https:\/\/diaspora.arhivi.lv\/batun\/wp-content\/uploads\/2021\/04\/xScan_20210303-24-300x213.jpg 300w, https:\/\/diaspora.arhivi.lv\/batun\/wp-content\/uploads\/2021\/04\/xScan_20210303-24-768x546.jpg 768w, https:\/\/diaspora.arhivi.lv\/batun\/wp-content\/uploads\/2021\/04\/xScan_20210303-24.jpg 1495w\" sizes=\"auto, (max-width: 1024px) 100vw, 1024px\" \/><\/a><figcaption>Baltie\u0161u akt\u012bviste pie ANO m\u012btnes protest\u0113 pret latvie\u0161a disidenta Laimo\u0146a Niedres arestu. Avots: LNA LVA F.2944.<\/figcaption><\/figure><\/div>\r\n<\/div>\r\n\r\n\r\n\r\n<div class=\"wp-block-column is-layout-flow wp-block-column-is-layout-flow\">\r\n<div class=\"wp-block-image\"><figure class=\"aligncenter size-large is-resized\"><a href=\"https:\/\/diaspora.arhivi.lv\/batun\/wp-content\/uploads\/2021\/04\/xScan_20210303-45-scaled.jpg\"><img loading=\"lazy\" decoding=\"async\" src=\"https:\/\/diaspora.arhivi.lv\/batun\/wp-content\/uploads\/2021\/04\/xScan_20210303-45-729x1024.jpg\" alt=\"\" class=\"wp-image-975\" width=\"432\" height=\"605\"\/><\/a><figcaption>Demonstr\u0101cija &#8220;Br\u012bv\u012bbu Martam Niklusam!&#8221; \u0145ujork\u0101, protest\u0113jot pret Marta Niklusa arestu Padomju Savien\u012bb\u0101, 1980.gadi. Nikluss (dzimis 1934.gad\u0101) bija zin\u0101tnieks un Igaunijas cilv\u0113kties\u012bbu akt\u012bvists. Nikluss ir paz\u012bstams k\u0101 viens no iniciatoriem &#8220;Baltijas Memorandam&#8221;, kuru 1979.gad\u0101 parakst\u012bja 45 baltie\u0161i, k\u0101 ar\u012b, ir bijis vair\u0101ku citu memorandu autors. Nikluss pavad\u012bja 13 gadus cietum\u0101 un 1966.gad\u0101 tika atbr\u012bvots. Padomju varas iest\u0101des turpin\u0101ja vi\u0146u bie\u017ei vaj\u0101t un 1980.gada mart\u0101 arest\u0113ja atk\u0101rtoti. Avots: LNA LVA F.2944.<\/figcaption><\/figure><\/div>\r\n<\/div>\r\n<\/div>\r\n\r\n\r\n\r\n<div class=\"wp-block-columns is-layout-flex wp-container-core-columns-is-layout-9d6595d7 wp-block-columns-is-layout-flex\">\r\n<div class=\"wp-block-column is-layout-flow wp-block-column-is-layout-flow\">\r\n<p class=\"has-small-font-size\">Deleg\u0101tus pirmaj\u0101m viz\u012bt\u0113m \u017den\u0113v\u0101 BATUN valde mekl\u0113ja Eirop\u0101. Pirm\u0101s viz\u012btes 1971. gad\u0101 aizs\u0101ka baltie\u0161u trimdinieki, kas dz\u012bvoja Zviedrij\u0101 (Andress Kings (<em>K\u00fcng<\/em>), iev\u0113rojams zviedru un igau\u0146u \u017eurn\u0101lists un politi\u0137is), \u0160veic\u0113 (Arnolds Skr\u0113bers, \u017den\u0113v\u0101 dz\u012bvojo\u0161ais latvie\u0161u diplom\u0101ts) un V\u0101cij\u0101 (Valters Banaitis, a\u0123ent\u016bras ELTA (V\u0101cija) Lietuvas zi\u0146u redaktors). V\u0113l\u0101k deleg\u0101ts bija toreiz\u0113jais nepilna laika BATUN biroja vad\u012bt\u0101js Gatis Masti\u0146\u0161, kuram pal\u012bdz\u0113ja Arnolds Skr\u0113bers. 1977. gad\u0101 viz\u012bt\u0113s iesaist\u012bj\u0101s deleg\u0101ti no V\u0101cijas \u2013 Juta Ristso (<em>Ristsoo<\/em>, agr\u0101k <em>Virkmaa; <\/em>vi\u0146a no \u0145ujorkas bija p\u0101rc\u0113lusies uz Minheni) un Pauls K\u013cavi\u0146\u0161. 1978. gada Cilv\u0113kties\u012bbu komisijas sesij\u0101 deleg\u0101tu viz\u012btes nebija, bet Ristso apmekl\u0113ja Cilv\u0113kties\u012bbu komisijas sesiju, kas notika \u017den\u0113v\u0101 1978. gada oktobr\u012b. Uz 1979. gada Cilv\u0113kties\u012bbu komisijas sesiju ierad\u0101s deleg\u0101ti no V\u0101cijas: Juta Ristso, Pasaules br\u012bvo latvie\u0161u apvien\u012bbas Inform\u0101cijas biroja direktors J\u016blijs Kadelis un disidents Olafs Br\u016bveris. 1980. gad\u0101 deleg\u0101ti bija BATUN valdes loceklis gar\u012bdznieks Kazimirs Pug\u0113vi\u010ds (<em>Casimir Pugevi\u010dius<\/em>) un BATUN direktora aizst\u0101j\u0113ja&nbsp;Vija Siksna Kl\u012bve. 1981. un 1982. gad\u0101 deleg\u0101ti bija \u0160veices un Lietuvas \u017eurn\u0101listi Ristso, Kadelis un Narciss Prielaida (<em>Narcizas Prielaida<\/em>), kas rezid\u0113ja \u017den\u0113v\u0101. Pieredze, ko \u010detri deleg\u0101ti \u2013 Ristso, Kadelis, Br\u016bveris, Prielaida \u2013 ieguva, apmekl\u0113jot divas un vair\u0101k sesijas, iesp\u0113jams, ir palielin\u0101jis BATUN \u017den\u0113vas viz\u012b\u0161u efektivit\u0101ti p\u0113c 1978. gada.<\/p>\r\n\r\n\r\n\r\n<div class=\"wp-block-image\"><figure class=\"aligncenter size-large\"><a href=\"https:\/\/diaspora.arhivi.lv\/batun\/wp-content\/uploads\/2021\/04\/x89-OMFp-8340_49-scaled.jpg\"><img loading=\"lazy\" decoding=\"async\" width=\"1024\" height=\"785\" src=\"https:\/\/diaspora.arhivi.lv\/batun\/wp-content\/uploads\/2021\/04\/x89-OMFp-8340_49-1024x785.jpg\" alt=\"\" class=\"wp-image-1033\" srcset=\"https:\/\/diaspora.arhivi.lv\/batun\/wp-content\/uploads\/2021\/04\/x89-OMFp-8340_49-1024x785.jpg 1024w, https:\/\/diaspora.arhivi.lv\/batun\/wp-content\/uploads\/2021\/04\/x89-OMFp-8340_49-300x230.jpg 300w, https:\/\/diaspora.arhivi.lv\/batun\/wp-content\/uploads\/2021\/04\/x89-OMFp-8340_49-768x589.jpg 768w, https:\/\/diaspora.arhivi.lv\/batun\/wp-content\/uploads\/2021\/04\/x89-OMFp-8340_49-1536x1178.jpg 1536w, https:\/\/diaspora.arhivi.lv\/batun\/wp-content\/uploads\/2021\/04\/x89-OMFp-8340_49-2048x1570.jpg 2048w, https:\/\/diaspora.arhivi.lv\/batun\/wp-content\/uploads\/2021\/04\/x89-OMFp-8340_49-1600x1227.jpg 1600w\" sizes=\"auto, (max-width: 1024px) 100vw, 1024px\" \/><\/a><figcaption>BATUN p\u0101rst\u0101vji Vija Siksna Kl\u012bve un Kazimirs Pug\u0113vi\u010ds pie ANO Cilv\u0113kties\u012bbu komisijas \u0113kas \u017den\u0113v\u0101. Avots: Latvijas Okup\u0101cijas muzejs.<\/figcaption><\/figure><\/div>\r\n<\/div>\r\n\r\n\r\n\r\n<div class=\"wp-block-column is-layout-flow wp-block-column-is-layout-flow\">\r\n<div class=\"wp-block-image\"><figure class=\"aligncenter size-large is-resized\"><a href=\"https:\/\/diaspora.arhivi.lv\/batun\/wp-content\/uploads\/2021\/04\/xJuta-Ristsoo-in-front-of-UN-headquarters-in-Geneva-36.jpg\"><img loading=\"lazy\" decoding=\"async\" src=\"https:\/\/diaspora.arhivi.lv\/batun\/wp-content\/uploads\/2021\/04\/xJuta-Ristsoo-in-front-of-UN-headquarters-in-Geneva-36-596x1024.jpg\" alt=\"\" class=\"wp-image-1032\" width=\"485\" height=\"833\" srcset=\"https:\/\/diaspora.arhivi.lv\/batun\/wp-content\/uploads\/2021\/04\/xJuta-Ristsoo-in-front-of-UN-headquarters-in-Geneva-36-596x1024.jpg 596w, https:\/\/diaspora.arhivi.lv\/batun\/wp-content\/uploads\/2021\/04\/xJuta-Ristsoo-in-front-of-UN-headquarters-in-Geneva-36-175x300.jpg 175w, https:\/\/diaspora.arhivi.lv\/batun\/wp-content\/uploads\/2021\/04\/xJuta-Ristsoo-in-front-of-UN-headquarters-in-Geneva-36.jpg 629w\" sizes=\"auto, (max-width: 485px) 100vw, 485px\" \/><\/a><figcaption>BATUN p\u0101rst\u0101ve Juta Ristso pie ANO Cilv\u0113kties\u012bbu komisijas \u0113kas \u017den\u0113v\u0101, 1978.gads. Avots; LNA LVA F.2944.<\/figcaption><\/figure><\/div>\r\n<\/div>\r\n<\/div>\r\n\r\n\r\n\r\n<p class=\"has-small-font-size\">Laik\u0101 no 1971. l\u012bdz 1982. gadam BATUN katru gadu veica vienu, divas vai pat tr\u012bs lob\u0113\u0161anas kampa\u0146as, divpadsmit gados kopum\u0101 to bija 31. Katras lob\u0113\u0161anas kampa\u0146as saturu taj\u0101s ANO instit\u016bcij\u0101s, kas atbild par cilv\u0113kties\u012bb\u0101m, piem\u0113ram, ANO Cilv\u0113kties\u012bbu komisij\u0101 vai \u0122ener\u0101l\u0101s asamblejas Tre\u0161aj\u0101 komitej\u0101, noteica tas, ka BATUN r\u012bc\u012bb\u0101 bija Rietumos un baltie\u0161u trimdas aprind\u0101s aizvien pieaugo\u0161ais inform\u0101cijas apjoms par aktualit\u0101t\u0113m Baltijas valst\u012bs. \u0160o inform\u0101ciju nodro\u0161in\u0101ja disidentu sagatavotu dokumentu pieejam\u012bba un Padomju Savien\u012bb\u0101 str\u0101d\u0101jo\u0161o Rietumu \u017eurn\u0101listu zi\u0146ojumi.<\/p>\r\n\r\n\r\n\r\n<p class=\"has-small-font-size\">BATUN sagatavoja materi\u0101lus, lai izgl\u012btotu un sniegtu instrukcijas BATUN deleg\u0101tiem v\u0113l pirms vi\u0146u lob\u0113\u0161anas viz\u012bt\u0113m. R\u012bc\u012bb\u0101 eso\u0161o inform\u0101ciju izmantoja, lai sagatavotu tr\u012bs veidu materi\u0101lus: a) instrukcijas BATUN lobijiem; b) informat\u012bvie dokumenti, kas paredz\u0113ti nog\u0101d\u0101\u0161anai ANO; c) BATUN zi\u0146u izlaidumi. \u017den\u0113vas instrukciju paketes tika piel\u0101gotas gan ies\u0101c\u0113jiem, gan pieredz\u0113ju\u0161iem deleg\u0101tiem, kuri apmekl\u0113ja ANO past\u0101v\u012bg\u0101s misijas \u0145ujork\u0101. Informat\u012bvos dokumentus, kurus laik\u0101 no 1971. l\u012bdz 1982. gadam, BATUN pieg\u0101d\u0101ja ANO dal\u012bbvalst\u012bm un instit\u016bcij\u0101m, var iedal\u012bt tr\u012bs kategorij\u0101s: a) Baltijas valstu disidentu dokumenti; b) ar BATUN nesaist\u012bti trimdas dokumenti; c) BATUN sagatavotie materi\u0101li.<\/p>\r\n\r\n\r\n\r\n<h2 class=\"wp-block-heading\"><strong>Divu dienu debates par Baltijas valst\u012bm<\/strong><\/h2>\r\n\r\n\r\n\r\n<div class=\"wp-block-columns is-layout-flex wp-container-core-columns-is-layout-9d6595d7 wp-block-columns-is-layout-flex\">\r\n<div class=\"wp-block-column is-layout-flow wp-block-column-is-layout-flow\">\r\n<p class=\"has-small-font-size\">Ik rudeni pirms katras jaun\u0101s \u0122ener\u0101l\u0101s asamblejas sesijas s\u0101kuma BATUN sagatavoja memorandu, kas attiec\u0101s uz k\u0101du konkr\u0113tu \u0122ener\u0101l\u0101s asamblejas darba k\u0101rt\u012bbas punktu. Rezult\u0101t\u0101 vair\u0101ku valstu p\u0101rst\u0101vji sav\u0101s run\u0101s ir piemin\u0113ju\u0161i Baltijas valstis. 1971. gada 15. novembr\u012b Edvards Dervinskis, ASV Kongresa loceklis un ASV deleg\u0101ts ANO 26. \u0122ener\u0101laj\u0101 asamblej\u0101, uzst\u0101joties Tre\u0161aj\u0101&nbsp; komitej\u0101 (soci\u0101lie, humanit\u0101rie kult\u016bras jaut\u0101jumi), aizs\u0101ka divu dienu c\u012b\u0146u starp ASV un PSRS par Baltijas valst\u012bm. Notikums iez\u012bm\u0113ja ar\u012b ASV attieksmes mai\u0146u ANO. Dervinskis uzskat\u012bja, ka ASV ir \u013c\u0101vusi krieviem izl\u0101p\u012bties, tiem liekot liet\u0101 p\u0101r\u0101k lielu propagandu ANO, un ka ANO ir liel\u0101koties propagandas forums \u2013 \u201cdeba\u0161u biedr\u012bba\u201d. Kad pien\u0101ca laiks Dervinskim uzst\u0101ties ar runu Tre\u0161aj\u0101 komitej\u0101, vi\u0146\u0161 nol\u0113ma izmantot jaunu pieeju. P\u0113c katra padomju apgalvojuma vi\u0146\u0161 l\u016bdza ties\u012bbas atbild\u0113t un tad paciet\u012bgi un detaliz\u0113ti izkl\u0101st\u012bja faktus. \u0160\u012b r\u012bc\u012bba noveda pie tik sp\u0113c\u012bgas nost\u0101jas par labu baltie\u0161iem, k\u0101du ASV l\u012bdz tam ANO nekad nebija paudusi.<\/p>\r\n<\/div>\r\n\r\n\r\n\r\n<div class=\"wp-block-column is-layout-flow wp-block-column-is-layout-flow\">\r\n<div class=\"wp-block-image\"><figure class=\"aligncenter size-large is-resized\"><a href=\"https:\/\/diaspora.arhivi.lv\/batun\/wp-content\/uploads\/2021\/04\/x1972-from-Bush-scaled.jpg\"><img loading=\"lazy\" decoding=\"async\" src=\"https:\/\/diaspora.arhivi.lv\/batun\/wp-content\/uploads\/2021\/04\/x1972-from-Bush-795x1024.jpg\" alt=\"\" class=\"wp-image-1041\" width=\"290\" height=\"372\" srcset=\"https:\/\/diaspora.arhivi.lv\/batun\/wp-content\/uploads\/2021\/04\/x1972-from-Bush-233x300.jpg 233w, https:\/\/diaspora.arhivi.lv\/batun\/wp-content\/uploads\/2021\/04\/x1972-from-Bush-768x989.jpg 768w, https:\/\/diaspora.arhivi.lv\/batun\/wp-content\/uploads\/2021\/04\/x1972-from-Bush-1193x1536.jpg 1193w, https:\/\/diaspora.arhivi.lv\/batun\/wp-content\/uploads\/2021\/04\/x1972-from-Bush-1591x2048.jpg 1591w, https:\/\/diaspora.arhivi.lv\/batun\/wp-content\/uploads\/2021\/04\/x1972-from-Bush-1600x2060.jpg 1600w, https:\/\/diaspora.arhivi.lv\/batun\/wp-content\/uploads\/2021\/04\/x1972-from-Bush-scaled.jpg 1988w\" sizes=\"auto, (max-width: 290px) 100vw, 290px\" \/><\/a><figcaption>ASV v\u0113stnieka ANO un v\u0113l\u0101k 41. ASV prezidenta D\u017eord\u017ea Bu\u0161a pateic\u012bba BATUN prezidentam Kestutim Miklasam par sniegtajiem materi\u0101liem attiec\u012bb\u0101 uz situ\u0101ciju Baltijas valst\u012bs. Avots: LNA LVA F.2944.<\/figcaption><\/figure><\/div>\r\n<\/div>\r\n<\/div>\r\n\r\n\r\n\r\n<p class=\"has-small-font-size\">Dervinskis uzsv\u0113ra, ka nevajadz\u0113tu aizmirst par jaun\u0101m koloni\u0101lisma form\u0101m:<\/p>\r\n\r\n\r\n\r\n<blockquote class=\"wp-block-quote is-layout-flow wp-block-quote-is-layout-flow\"><p>\u201cMums vienm\u0113r ir j\u0101patur pr\u0101t\u0101 t\u0101s lepn\u0101s n\u0101cijas, kuras \u0161aj\u0101 period\u0101 ir zaud\u0113ju\u0161as br\u012bv\u012bbu, k\u0101 ar\u012b tie drosm\u012bgie cilv\u0113ki it visur, kuriem tiek liegta nacion\u0101l\u0101 cie\u0146a un pa\u0161noteik\u0161an\u0101s ties\u012bbas. (..) Baltijas valstis \u2013 Lietuva, Latvija un Igaunija \u2013 ir \u012bpa\u0161s gad\u012bjums. Padomju Savien\u012bba ir fiziski t\u0101s pievienojusi un piespiedu k\u0101rt\u0101 iek\u013c\u0101vusi \u201csoci\u0101listisko republiku\u201d kop\u0101\u201d.<\/p><\/blockquote>\r\n\r\n\r\n\r\n<p class=\"has-small-font-size\">15. novembr\u012b, tikai da\u017eas stundas p\u0113c runas ANO, Edvards Dervinskis p\u0113c BATUN uzaicin\u0101juma ierad\u0101s Igaunijas nam\u0101 \u0145ujork\u0101, lai uzrun\u0101tu Igaunijas, Latvijas un Lietuvas trimdas organiz\u0101ciju biedrus.<\/p>\r\n\r\n\r\n\r\n<div class=\"wp-block-columns is-layout-flex wp-container-core-columns-is-layout-9d6595d7 wp-block-columns-is-layout-flex\">\r\n<div class=\"wp-block-column is-layout-flow wp-block-column-is-layout-flow\" style=\"flex-basis:50%\">\r\n<div class=\"wp-block-image\"><figure class=\"aligncenter size-large is-resized\"><a href=\"https:\/\/diaspora.arhivi.lv\/batun\/wp-content\/uploads\/2021\/04\/x-photo-by-R.Kisielius.jpg\"><img loading=\"lazy\" decoding=\"async\" src=\"https:\/\/diaspora.arhivi.lv\/batun\/wp-content\/uploads\/2021\/04\/x-photo-by-R.Kisielius-1024x741.jpg\" alt=\"\" class=\"wp-image-1044\" width=\"465\" height=\"336\" srcset=\"https:\/\/diaspora.arhivi.lv\/batun\/wp-content\/uploads\/2021\/04\/x-photo-by-R.Kisielius-1024x741.jpg 1024w, https:\/\/diaspora.arhivi.lv\/batun\/wp-content\/uploads\/2021\/04\/x-photo-by-R.Kisielius-300x217.jpg 300w, https:\/\/diaspora.arhivi.lv\/batun\/wp-content\/uploads\/2021\/04\/x-photo-by-R.Kisielius-768x556.jpg 768w, https:\/\/diaspora.arhivi.lv\/batun\/wp-content\/uploads\/2021\/04\/x-photo-by-R.Kisielius-1536x1111.jpg 1536w, https:\/\/diaspora.arhivi.lv\/batun\/wp-content\/uploads\/2021\/04\/x-photo-by-R.Kisielius-1600x1158.jpg 1600w, https:\/\/diaspora.arhivi.lv\/batun\/wp-content\/uploads\/2021\/04\/x-photo-by-R.Kisielius.jpg 2040w\" sizes=\"auto, (max-width: 465px) 100vw, 465px\" \/><\/a><figcaption>ASV Kongresa loceklis  Edvards Dervinskis,  kur\u0161 bija ASV deleg\u0101ts ANO 26. \u0122ener\u0101laj\u0101 asamblej\u0101, uzst\u0101jas ar runu Igaunijas nam\u0101 \u0145ujork\u0101 1971.gada 15.novembr\u012b. Avots: LNA LVA F.2944.<\/figcaption><\/figure><\/div>\r\n<\/div>\r\n\r\n\r\n\r\n<div class=\"wp-block-column is-layout-flow wp-block-column-is-layout-flow\" style=\"flex-basis:50%\">\r\n<div class=\"wp-block-image\"><figure class=\"aligncenter size-large is-resized\"><a href=\"https:\/\/diaspora.arhivi.lv\/batun\/wp-content\/uploads\/2021\/04\/xphoto-by-R.Kisielius-2.jpg\"><img loading=\"lazy\" decoding=\"async\" src=\"https:\/\/diaspora.arhivi.lv\/batun\/wp-content\/uploads\/2021\/04\/xphoto-by-R.Kisielius-2-1024x725.jpg\" alt=\"\" class=\"wp-image-1045\" width=\"485\" height=\"335\"\/><\/a><figcaption>Baltie\u0161u auditorija BATUN r\u012bkot\u0101 pas\u0101kuma laik\u0101 par godu Edvardam Dervinskim, 1971.gada 15.novembris. Avots: LNA LVA F.2944.<\/figcaption><\/figure><\/div>\r\n<\/div>\r\n<\/div>\r\n\r\n\r\n\r\n<div class=\"wp-block-image\"><figure class=\"aligncenter size-large is-resized\"><a href=\"https:\/\/diaspora.arhivi.lv\/batun\/wp-content\/uploads\/2021\/04\/Scan_20210301-9.jpg\"><img loading=\"lazy\" decoding=\"async\" src=\"https:\/\/diaspora.arhivi.lv\/batun\/wp-content\/uploads\/2021\/04\/Scan_20210301-9-1024x722.jpg\" alt=\"\" class=\"wp-image-1048\" width=\"495\" height=\"348\" srcset=\"https:\/\/diaspora.arhivi.lv\/batun\/wp-content\/uploads\/2021\/04\/Scan_20210301-9-1024x722.jpg 1024w, https:\/\/diaspora.arhivi.lv\/batun\/wp-content\/uploads\/2021\/04\/Scan_20210301-9-300x212.jpg 300w, https:\/\/diaspora.arhivi.lv\/batun\/wp-content\/uploads\/2021\/04\/Scan_20210301-9-768x542.jpg 768w, https:\/\/diaspora.arhivi.lv\/batun\/wp-content\/uploads\/2021\/04\/Scan_20210301-9-1536x1083.jpg 1536w, https:\/\/diaspora.arhivi.lv\/batun\/wp-content\/uploads\/2021\/04\/Scan_20210301-9-1600x1128.jpg 1600w, https:\/\/diaspora.arhivi.lv\/batun\/wp-content\/uploads\/2021\/04\/Scan_20210301-9.jpg 1947w\" sizes=\"auto, (max-width: 495px) 100vw, 495px\" \/><\/a><figcaption>BATUN prezidents Kestutis K.Miklas pateicas Edvardam Dervinskim par Baltijas jaut\u0101juma izvirz\u012b\u0161anu ANO un pasniedz pateic\u012bbas velti &#8211; gr\u0101matu &#8220;Res Baltica&#8221;. Avots: LNA LVA F. 2944.<\/figcaption><\/figure><\/div>\r\n\r\n\r\n\r\n<h2 class=\"wp-block-heading\"><strong>Sirdsapzi\u0146as cietumnieku projekts<\/strong><\/h2>\r\n\r\n\r\n\r\n<p class=\"has-small-font-size\">L\u012bdzko Rietumos s\u0101ka ien\u0101kt inform\u0101cija par politieslodz\u012btajiem baltie\u0161iem okup\u0113taj\u0101 Lietuv\u0101, Latvij\u0101 un Igaunij\u0101, t\u0101 BATUN 1973. gada beig\u0101s &nbsp;uzs\u0101ka projektu \u201cSirdsapzi\u0146as cietumnieki\u201d, kura m\u0113r\u0137is bija apzin\u0101t apcietin\u0101to baltie\u0161u br\u012bv\u012bbas c\u012bn\u012bt\u0101ju gad\u012bjumus.<\/p>\r\n\r\n\r\n\r\n<p class=\"has-small-font-size\">Trimdas baltie\u0161u \u201cSirdsapzi\u0146as cietumnieku\u201d aktivit\u0101tes, kur\u0101s BATUN bija noz\u012bm\u012bga loma, kopum\u0101 bija da\u013ca no liel\u0101k\u0101s kust\u012bbas Rietumos. 1973. gad\u0101 Uldis Blu\u0137is ierosin\u0101ja, ka BATUN var\u0113tu v\u0101kt datus par Baltijas valstu sirdsapzi\u0146as cietumniekiem Padomju Savien\u012bb\u0101 un izveidot baltie\u0161u sirdsapzi\u0146as cietumnieku atbalsta grupas. Grup\u0101m tiktu iedal\u012bti konkr\u0113ti BATUN zin\u0101mi sirdsapzi\u0146as cietumnieku gad\u012bjumi un t\u0101m b\u016btu j\u0101apkopo inform\u0101cija par \u0161iem cilv\u0113kiem, j\u0101m\u0113\u0123ina sazin\u0101ties ar vi\u0146iem un pal\u012bdz\u0113t, k\u0101 ar\u012b j\u0101cen\u0161as pan\u0101kt, lai par \u0161iem konkr\u0113tajiem gad\u012bjumiem vair\u0101k uzzina Rietumu sabiedr\u012bba. Ikreiz, kad tika sa\u0146emtas zi\u0146as par k\u0101du arestu, \u0101tri rea\u0123\u0113ja ar\u012b <em>BYFF<\/em>, kas nekav\u0113joties organiz\u0113ja nelielas demonstr\u0101cijas Austrumu 67. iel\u0101 pie padomju misijas ANO. Vienubr\u012bd <em>BYFF<\/em> tur bija tik bie\u017ei, ka policisti no ielas pret\u0113j\u0101 pus\u0113 eso\u0161\u0101 iecirk\u0146a, kas bija atbild\u012bgs par k\u0101rt\u012bbas uztur\u0113\u0161anu, sagaid\u012bja <em>BYFF<\/em> protest\u0113t\u0101jus ar saucieniem: \u201cBaltie\u0161i atkal ir kl\u0101t!\u201d<\/p>\r\n\r\n\r\n\r\n<p class=\"has-small-font-size\">Septi\u0146desmitajos gados BATUN s\u0101ka kampa\u0146u, padomju koncentr\u0101cijas nometn\u0113s tur\u0113tajiem baltie\u0161iem s\u016btot pastkartes ar igau\u0146u, latvie\u0161u un lietuvie\u0161u m\u0101kslinieku darbiem. \u0160\u012bs programmas iniciators un \u012bstenot\u0101js bija Uldis Blu\u0137is. Padomju re\u017e\u012bms gan nem\u0113dza ieslodz\u012btajiem pieg\u0101d\u0101t v\u0113stules, un t\u0101s no soda izcie\u0161anas vietas tika atgrieztas atpaka\u013c s\u016bt\u012bt\u0101jiem. V\u0113stu\u013cu s\u016bt\u012b\u0161ana sirdsapzi\u0146as cietumniekiem notika trimdas baltie\u0161u kopienas Ziemassv\u0113tku pas\u0101kumos ap 10. decembri, kad tiek atz\u012bm\u0113ta ANO Cilv\u0113kties\u012bbu diena, proti, diena, kad ANO \u0122ener\u0101l\u0101 asambleja 1948. gad\u0101 pie\u0146\u0113ma Visp\u0101r\u0113jo cilv\u0113kties\u012bbu deklar\u0101ciju. \u0160ajos pas\u0101kumos BATUN akt\u012bvisti un atbalst\u012bt\u0101ji izveidoja sarakstus, kuros bija nor\u0101d\u012bti sirdsapzi\u0146as cietumnieku, k\u0101 ar\u012b GULAG vad\u012bbas un citu padomju amatpersonu v\u0101rdi un adreses. BATUN ierosin\u0101ja, ka Cilv\u0113kties\u012bbu dienas apsveikumos padomju ier\u0113d\u0146iem ir j\u0101iek\u013cauj piekl\u0101j\u012bgi formul\u0113ti l\u016bgumi izp\u0113t\u012bt iesp\u0113jamos cilv\u0113kties\u012bbu p\u0101rk\u0101pumus attiec\u012bb\u0101 uz konkr\u0113tiem sirdsapzi\u0146as cietumniekiem. P\u0101rk\u0101pumi var\u0113ja ietvert darb\u012bbas, kas saist\u012btas ar ties\u012bb\u0101m uz pietiekamu p\u0101rtiku un dz\u012bves apst\u0101k\u013ciem, k\u0101 ar\u012b ties\u012bb\u0101m uz sazi\u0146as, apzi\u0146as, uzskatu un izpausmju br\u012bv\u012bbu. Kampa\u0146as dal\u012bbnieki tika nodro\u0161in\u0101ti ar rakst\u0101mr\u012bkiem, pap\u012bru, aploksn\u0113m un pastkart\u0113m, kuras var\u0113ja nos\u016bt\u012bt ierakst\u012bt\u0101s v\u0113stul\u0113s gan sirdsapzi\u0146as cietumniekiem, gan padomju ier\u0113d\u0146iem.<\/p>\r\n\r\n\r\n\r\n<p><\/p>\r\n\r\n\r\n\r\n<div class=\"wp-block-columns is-layout-flex wp-container-core-columns-is-layout-9d6595d7 wp-block-columns-is-layout-flex\">\r\n<div class=\"wp-block-column is-layout-flow wp-block-column-is-layout-flow\">\r\n<div class=\"wp-block-image\"><figure class=\"aligncenter size-large is-resized\"><a href=\"https:\/\/diaspora.arhivi.lv\/batun\/wp-content\/uploads\/2021\/05\/x1-Apsveikuma-kartina-ar-Zanes-Treimanis-gleznu-Naktvijoles-Night-Flowers-1986.jpg\"><img loading=\"lazy\" decoding=\"async\" src=\"https:\/\/diaspora.arhivi.lv\/batun\/wp-content\/uploads\/2021\/05\/x1-Apsveikuma-kartina-ar-Zanes-Treimanis-gleznu-Naktvijoles-Night-Flowers-1986-767x1024.jpg\" alt=\"\" class=\"wp-image-1313\" width=\"223\" height=\"298\" srcset=\"https:\/\/diaspora.arhivi.lv\/batun\/wp-content\/uploads\/2021\/05\/x1-Apsveikuma-kartina-ar-Zanes-Treimanis-gleznu-Naktvijoles-Night-Flowers-1986-767x1024.jpg 767w, https:\/\/diaspora.arhivi.lv\/batun\/wp-content\/uploads\/2021\/05\/x1-Apsveikuma-kartina-ar-Zanes-Treimanis-gleznu-Naktvijoles-Night-Flowers-1986-225x300.jpg 225w, https:\/\/diaspora.arhivi.lv\/batun\/wp-content\/uploads\/2021\/05\/x1-Apsveikuma-kartina-ar-Zanes-Treimanis-gleznu-Naktvijoles-Night-Flowers-1986-768x1026.jpg 768w, https:\/\/diaspora.arhivi.lv\/batun\/wp-content\/uploads\/2021\/05\/x1-Apsveikuma-kartina-ar-Zanes-Treimanis-gleznu-Naktvijoles-Night-Flowers-1986-1150x1536.jpg 1150w, https:\/\/diaspora.arhivi.lv\/batun\/wp-content\/uploads\/2021\/05\/x1-Apsveikuma-kartina-ar-Zanes-Treimanis-gleznu-Naktvijoles-Night-Flowers-1986.jpg 1346w\" sizes=\"auto, (max-width: 223px) 100vw, 223px\" \/><\/a><figcaption>Apsveikuma karti\u0146a ar latvie\u0161u m\u0101kslinieces Zanes Treimanes gleznu. Avots: LNA LVA F.2944.<\/figcaption><\/figure><\/div>\r\n<\/div>\r\n\r\n\r\n\r\n<div class=\"wp-block-column is-layout-flow wp-block-column-is-layout-flow\">\r\n<div class=\"wp-block-image\"><figure class=\"aligncenter size-large is-resized\"><a href=\"https:\/\/diaspora.arhivi.lv\/batun\/wp-content\/uploads\/2021\/05\/x2-Ulda-Bluka-apsveikuma-teksts.jpg\"><img loading=\"lazy\" decoding=\"async\" src=\"https:\/\/diaspora.arhivi.lv\/batun\/wp-content\/uploads\/2021\/05\/x2-Ulda-Bluka-apsveikuma-teksts-745x1024.jpg\" alt=\"\" class=\"wp-image-1315\" width=\"222\" height=\"305\" srcset=\"https:\/\/diaspora.arhivi.lv\/batun\/wp-content\/uploads\/2021\/05\/x2-Ulda-Bluka-apsveikuma-teksts-745x1024.jpg 745w, https:\/\/diaspora.arhivi.lv\/batun\/wp-content\/uploads\/2021\/05\/x2-Ulda-Bluka-apsveikuma-teksts-218x300.jpg 218w, https:\/\/diaspora.arhivi.lv\/batun\/wp-content\/uploads\/2021\/05\/x2-Ulda-Bluka-apsveikuma-teksts-768x1055.jpg 768w, https:\/\/diaspora.arhivi.lv\/batun\/wp-content\/uploads\/2021\/05\/x2-Ulda-Bluka-apsveikuma-teksts-1118x1536.jpg 1118w, https:\/\/diaspora.arhivi.lv\/batun\/wp-content\/uploads\/2021\/05\/x2-Ulda-Bluka-apsveikuma-teksts.jpg 1320w\" sizes=\"auto, (max-width: 222px) 100vw, 222px\" \/><\/a><figcaption>BATUN akt\u012bvista Ulda Blu\u0137a nos\u016bt\u012bts v\u0113l\u0113jums k\u0101dam latvie\u0161u politieslodz\u012btajam. Avots: LNA LVA F.2944.<\/figcaption><\/figure><\/div>\r\n<\/div>\r\n\r\n\r\n\r\n<div class=\"wp-block-column is-layout-flow wp-block-column-is-layout-flow\">\r\n<div class=\"wp-block-image\"><figure class=\"aligncenter size-large\"><a href=\"https:\/\/diaspora.arhivi.lv\/batun\/wp-content\/uploads\/2021\/05\/xIespejams-atgriezta-vestule.jpg\"><img loading=\"lazy\" decoding=\"async\" width=\"1024\" height=\"778\" src=\"https:\/\/diaspora.arhivi.lv\/batun\/wp-content\/uploads\/2021\/05\/xIespejams-atgriezta-vestule-1024x778.jpg\" alt=\"\" class=\"wp-image-1316\" srcset=\"https:\/\/diaspora.arhivi.lv\/batun\/wp-content\/uploads\/2021\/05\/xIespejams-atgriezta-vestule-1024x778.jpg 1024w, https:\/\/diaspora.arhivi.lv\/batun\/wp-content\/uploads\/2021\/05\/xIespejams-atgriezta-vestule-300x228.jpg 300w, https:\/\/diaspora.arhivi.lv\/batun\/wp-content\/uploads\/2021\/05\/xIespejams-atgriezta-vestule-768x584.jpg 768w, https:\/\/diaspora.arhivi.lv\/batun\/wp-content\/uploads\/2021\/05\/xIespejams-atgriezta-vestule-1536x1168.jpg 1536w, https:\/\/diaspora.arhivi.lv\/batun\/wp-content\/uploads\/2021\/05\/xIespejams-atgriezta-vestule-1600x1216.jpg 1600w, https:\/\/diaspora.arhivi.lv\/batun\/wp-content\/uploads\/2021\/05\/xIespejams-atgriezta-vestule.jpg 1930w\" sizes=\"auto, (max-width: 1024px) 100vw, 1024px\" \/><\/a><figcaption>Atgriezta v\u0113stule, kas bija adres\u0113ta latvie\u0161u politieslodz\u012btajam Gun\u0101ram Astram. Avots: LNA LVA F.2944.<\/figcaption><\/figure><\/div>\r\n<\/div>\r\n<\/div>\r\n\r\n\r\n\r\n<div class=\"wp-block-columns is-layout-flex wp-container-core-columns-is-layout-9d6595d7 wp-block-columns-is-layout-flex\">\r\n<div class=\"wp-block-column is-layout-flow wp-block-column-is-layout-flow\">\r\n<p class=\"has-small-font-size\">Tiem, kuri v\u0113l\u0113j\u0101s regul\u0101ri rakst\u012bt v\u0113stules ieslodz\u012btajiem un ier\u0113d\u0146iem, tika pied\u0101v\u0101ta pal\u012bdz\u012bba. Pirm\u0101s kampa\u0146as, \u0161\u0137iet, notika 1979. gada decembr\u012b BATUN biroj\u0101 un Daugavas Vanagu m\u012btn\u0113 Bronks\u0101, iesp\u0113jams, ar\u012b v\u0113l citviet. \u0145ujork\u0101 kampa\u0146as notika ik gadu l\u012bdz pat 1987. gada decembrim. Katru gadu nos\u016bt\u012bto v\u0113stu\u013cu skaits sv\u0101rst\u012bj\u0101s no 50 l\u012bdz vair\u0101k nek\u0101 100, bet 1980. gad\u0101 \u0145ujorkas lietuvie\u0161i nos\u016bt\u012bja pat aptuveni 3000 v\u0113stu\u013cu. 80. gadu s\u0101kum\u0101 BATUN apkopoja ierakst\u012btos s\u016bt\u012bjumus, kas da\u017e\u0101du ofici\u0101lu iemeslu d\u0113\u013c bija atgriezti atpaka\u013c. Tie tika nos\u016bt\u012bti ASV Kongresam, kas izmekl\u0113ja padomju pasta pieg\u0101di. V\u0113stu\u013cu arh\u012bv\u0101 tika atrasta tikai viena sirdsapzi\u0146as cietumnieka v\u0113stule. T\u0101 n\u0101ca no 1922. gad\u0101 dzimu\u0161\u0101 latvie\u0161u zemnieka Ivara Grab\u0101na, kur\u0161 bija k\u013cuvis par pretpadomju partiz\u0101nu. Vi\u0146\u0161 bija noties\u0101ts uz 15 gadiem stingra re\u017e\u012bma cietum\u0101 Perm\u0101, un vi\u0146a atbr\u012bvo\u0161ana bija paredz\u0113ta 1983. gada 1. septembr\u012b.<\/p>\r\n<\/div>\r\n\r\n\r\n\r\n<div class=\"wp-block-column is-layout-flow wp-block-column-is-layout-flow\">\r\n<div class=\"wp-block-image\"><figure class=\"aligncenter size-large\"><a href=\"https:\/\/diaspora.arhivi.lv\/batun\/wp-content\/uploads\/2021\/04\/x79-OMF-20990_35_2-scaled.jpg\"><img loading=\"lazy\" decoding=\"async\" width=\"1024\" height=\"736\" src=\"https:\/\/diaspora.arhivi.lv\/batun\/wp-content\/uploads\/2021\/04\/x79-OMF-20990_35_2-1024x736.jpg\" alt=\"\" class=\"wp-image-1058\" srcset=\"https:\/\/diaspora.arhivi.lv\/batun\/wp-content\/uploads\/2021\/04\/x79-OMF-20990_35_2-1024x736.jpg 1024w, https:\/\/diaspora.arhivi.lv\/batun\/wp-content\/uploads\/2021\/04\/x79-OMF-20990_35_2-300x216.jpg 300w, https:\/\/diaspora.arhivi.lv\/batun\/wp-content\/uploads\/2021\/04\/x79-OMF-20990_35_2-768x552.jpg 768w, https:\/\/diaspora.arhivi.lv\/batun\/wp-content\/uploads\/2021\/04\/x79-OMF-20990_35_2-1536x1104.jpg 1536w, https:\/\/diaspora.arhivi.lv\/batun\/wp-content\/uploads\/2021\/04\/x79-OMF-20990_35_2-2048x1472.jpg 2048w, https:\/\/diaspora.arhivi.lv\/batun\/wp-content\/uploads\/2021\/04\/x79-OMF-20990_35_2-1600x1150.jpg 1600w\" sizes=\"auto, (max-width: 1024px) 100vw, 1024px\" \/><\/a><figcaption>BATUN biedri &#8220;Sirdsapzi\u0146as cietumnieku&#8221; v\u0113stu\u013cu rakst\u012b\u0161anas kampa\u0146as laik\u0101, 1979.gads. No lab\u0101s puses redzami Uldis Blu\u0137is un Ints Rupners. Otr\u0101 no kreis\u0101s Mari Linnama. Avots: Latvijas Okup\u0101cijas muzejs. <\/figcaption><\/figure><\/div>\r\n<\/div>\r\n<\/div>\r\n\r\n\r\n\r\n<div class=\"wp-block-columns is-layout-flex wp-container-core-columns-is-layout-9d6595d7 wp-block-columns-is-layout-flex\">\r\n<div class=\"wp-block-column is-layout-flow wp-block-column-is-layout-flow\">\r\n<div class=\"wp-block-image\"><figure class=\"aligncenter size-large\"><a href=\"https:\/\/diaspora.arhivi.lv\/batun\/wp-content\/uploads\/2021\/04\/xPOC-campaign.jpg\"><img loading=\"lazy\" decoding=\"async\" width=\"1024\" height=\"812\" src=\"https:\/\/diaspora.arhivi.lv\/batun\/wp-content\/uploads\/2021\/04\/xPOC-campaign-1024x812.jpg\" alt=\"\" class=\"wp-image-1061\" srcset=\"https:\/\/diaspora.arhivi.lv\/batun\/wp-content\/uploads\/2021\/04\/xPOC-campaign-1024x812.jpg 1024w, https:\/\/diaspora.arhivi.lv\/batun\/wp-content\/uploads\/2021\/04\/xPOC-campaign-300x238.jpg 300w, https:\/\/diaspora.arhivi.lv\/batun\/wp-content\/uploads\/2021\/04\/xPOC-campaign-768x609.jpg 768w, https:\/\/diaspora.arhivi.lv\/batun\/wp-content\/uploads\/2021\/04\/xPOC-campaign.jpg 1353w\" sizes=\"auto, (max-width: 1024px) 100vw, 1024px\" \/><\/a><figcaption>BATUN biedri &#8220;Sirdsapzi\u0146as cietumnieku&#8221; v\u0113stu\u013cu rakst\u012b\u0161anas kampa\u0146as laik\u0101, 1982.gads. Foto: P\u0113ters Ristso. Avots: LNA LVA F.2944.<\/figcaption><\/figure><\/div>\r\n<\/div>\r\n\r\n\r\n\r\n<div class=\"wp-block-column is-layout-flow wp-block-column-is-layout-flow\">\r\n<div class=\"wp-block-image\"><figure class=\"aligncenter size-large is-resized\"><a href=\"https:\/\/diaspora.arhivi.lv\/batun\/wp-content\/uploads\/2021\/04\/xPOC-campaign-2.jpg\"><img loading=\"lazy\" decoding=\"async\" src=\"https:\/\/diaspora.arhivi.lv\/batun\/wp-content\/uploads\/2021\/04\/xPOC-campaign-2-1024x814.jpg\" alt=\"\" class=\"wp-image-1062\" width=\"511\" height=\"406\" srcset=\"https:\/\/diaspora.arhivi.lv\/batun\/wp-content\/uploads\/2021\/04\/xPOC-campaign-2-1024x814.jpg 1024w, https:\/\/diaspora.arhivi.lv\/batun\/wp-content\/uploads\/2021\/04\/xPOC-campaign-2-300x238.jpg 300w, https:\/\/diaspora.arhivi.lv\/batun\/wp-content\/uploads\/2021\/04\/xPOC-campaign-2-768x610.jpg 768w, https:\/\/diaspora.arhivi.lv\/batun\/wp-content\/uploads\/2021\/04\/xPOC-campaign-2.jpg 1340w\" sizes=\"auto, (max-width: 511px) 100vw, 511px\" \/><\/a><figcaption>BATUN biedri &#8220;Sirdsapzi\u0146as cietumnieku&#8221; v\u0113stu\u013cu rakst\u012b\u0161anas kampa\u0146as laik\u0101, 1982.gads. Foto: P\u0113ters Ristso. Avots: LNA LVA F.2944.<\/figcaption><\/figure><\/div>\r\n<\/div>\r\n<\/div>\r\n\r\n\r\n\r\n<p>Starp trimdas baltie\u0161iem un organiz\u0101cij\u0101m tika izplat\u012btas pastkartes ar uzdruk\u0101t\u0101m Igaunijas disidentu fotogr\u0101fij\u0101m. Pastkart\u0113s bija ietverts  l\u016bgums atbr\u012bvot disidentu, un t\u0101s bija adres\u0113tas PSRS Komunistisk\u0101s partijas Centr\u0101l\u0101s komitejas \u0123ener\u0101lsekret\u0101ram vai PSRS Ministru padomes Valsts dro\u0161\u012bbas komitejai. Avots: LNA LVA F.2944.<\/p>\r\n\r\n\r\n\r\n<div class=\"wp-block-columns is-layout-flex wp-container-core-columns-is-layout-9d6595d7 wp-block-columns-is-layout-flex\">\r\n<div class=\"wp-block-column is-layout-flow wp-block-column-is-layout-flow\">\r\n<div class=\"wp-block-image\"><figure class=\"aligncenter size-large is-resized\"><a href=\"https:\/\/diaspora.arhivi.lv\/batun\/wp-content\/uploads\/2021\/04\/xPstcard-Heiki-Ahonen.jpg\"><img loading=\"lazy\" decoding=\"async\" src=\"https:\/\/diaspora.arhivi.lv\/batun\/wp-content\/uploads\/2021\/04\/xPstcard-Heiki-Ahonen-719x1024.jpg\" alt=\"\" class=\"wp-image-1068\" width=\"235\" height=\"334\" srcset=\"https:\/\/diaspora.arhivi.lv\/batun\/wp-content\/uploads\/2021\/04\/xPstcard-Heiki-Ahonen-719x1024.jpg 719w, https:\/\/diaspora.arhivi.lv\/batun\/wp-content\/uploads\/2021\/04\/xPstcard-Heiki-Ahonen-211x300.jpg 211w, https:\/\/diaspora.arhivi.lv\/batun\/wp-content\/uploads\/2021\/04\/xPstcard-Heiki-Ahonen-768x1093.jpg 768w, https:\/\/diaspora.arhivi.lv\/batun\/wp-content\/uploads\/2021\/04\/xPstcard-Heiki-Ahonen-1079x1536.jpg 1079w, https:\/\/diaspora.arhivi.lv\/batun\/wp-content\/uploads\/2021\/04\/xPstcard-Heiki-Ahonen.jpg 1234w\" sizes=\"auto, (max-width: 235px) 100vw, 235px\" \/><\/a><figcaption>Heiki Ahonens<\/figcaption><\/figure><\/div>\r\n<\/div>\r\n\r\n\r\n\r\n<div class=\"wp-block-column is-layout-flow wp-block-column-is-layout-flow\">\r\n<div class=\"wp-block-image\"><figure class=\"aligncenter size-large\"><a href=\"https:\/\/diaspora.arhivi.lv\/batun\/wp-content\/uploads\/2021\/04\/xHeiki-Ahonen.jpg\"><img loading=\"lazy\" decoding=\"async\" width=\"1024\" height=\"723\" src=\"https:\/\/diaspora.arhivi.lv\/batun\/wp-content\/uploads\/2021\/04\/xHeiki-Ahonen-1024x723.jpg\" alt=\"\" class=\"wp-image-1069\" srcset=\"https:\/\/diaspora.arhivi.lv\/batun\/wp-content\/uploads\/2021\/04\/xHeiki-Ahonen-1024x723.jpg 1024w, https:\/\/diaspora.arhivi.lv\/batun\/wp-content\/uploads\/2021\/04\/xHeiki-Ahonen-300x212.jpg 300w, https:\/\/diaspora.arhivi.lv\/batun\/wp-content\/uploads\/2021\/04\/xHeiki-Ahonen-768x543.jpg 768w, https:\/\/diaspora.arhivi.lv\/batun\/wp-content\/uploads\/2021\/04\/xHeiki-Ahonen-1536x1085.jpg 1536w, https:\/\/diaspora.arhivi.lv\/batun\/wp-content\/uploads\/2021\/04\/xHeiki-Ahonen-1600x1130.jpg 1600w, https:\/\/diaspora.arhivi.lv\/batun\/wp-content\/uploads\/2021\/04\/xHeiki-Ahonen.jpg 1785w\" sizes=\"auto, (max-width: 1024px) 100vw, 1024px\" \/><\/a><figcaption>&#8220;Es pieprasu nekav\u0113joties atbr\u012bvot Heiki Ahonenu, kur\u0161 ir ieslodz\u012bts par sav\u0101m ties\u012bb\u0101m uz v\u0101rda br\u012bv\u012bbu.&#8221;<\/figcaption><\/figure><\/div>\r\n<\/div>\r\n<\/div>\r\n\r\n\r\n\r\n<div class=\"wp-block-columns is-layout-flex wp-container-core-columns-is-layout-9d6595d7 wp-block-columns-is-layout-flex\">\r\n<div class=\"wp-block-column is-layout-flow wp-block-column-is-layout-flow\">\r\n<div class=\"wp-block-columns is-layout-flex wp-container-core-columns-is-layout-9d6595d7 wp-block-columns-is-layout-flex\">\r\n<div class=\"wp-block-column is-layout-flow wp-block-column-is-layout-flow\">\r\n<div class=\"wp-block-image\"><figure class=\"aligncenter size-large\"><a href=\"https:\/\/diaspora.arhivi.lv\/batun\/wp-content\/uploads\/2021\/05\/xArvo-Pesti.jpg\"><img loading=\"lazy\" decoding=\"async\" width=\"714\" height=\"1024\" src=\"https:\/\/diaspora.arhivi.lv\/batun\/wp-content\/uploads\/2021\/05\/xArvo-Pesti-714x1024.jpg\" alt=\"\" class=\"wp-image-1321\" srcset=\"https:\/\/diaspora.arhivi.lv\/batun\/wp-content\/uploads\/2021\/05\/xArvo-Pesti-714x1024.jpg 714w, https:\/\/diaspora.arhivi.lv\/batun\/wp-content\/uploads\/2021\/05\/xArvo-Pesti-209x300.jpg 209w, https:\/\/diaspora.arhivi.lv\/batun\/wp-content\/uploads\/2021\/05\/xArvo-Pesti-768x1102.jpg 768w, https:\/\/diaspora.arhivi.lv\/batun\/wp-content\/uploads\/2021\/05\/xArvo-Pesti-1071x1536.jpg 1071w, https:\/\/diaspora.arhivi.lv\/batun\/wp-content\/uploads\/2021\/05\/xArvo-Pesti.jpg 1263w\" sizes=\"auto, (max-width: 714px) 100vw, 714px\" \/><\/a><figcaption>&#8220;Es pieprasu nekav\u0113joties atbr\u012bvot Arvo Pestu, kur\u0161 ir ieslodz\u012bts par sav\u0101m ties\u012bb\u0101m uz v\u0101rda br\u012bv\u012bbu.&#8221;<\/figcaption><\/figure><\/div>\r\n<\/div>\r\n\r\n\r\n\r\n<div class=\"wp-block-column is-layout-flow wp-block-column-is-layout-flow\">\r\n<div class=\"wp-block-image\"><figure class=\"aligncenter size-large\"><a href=\"https:\/\/diaspora.arhivi.lv\/batun\/wp-content\/uploads\/2021\/05\/xgle-Parek.jpg\"><img loading=\"lazy\" decoding=\"async\" width=\"728\" height=\"1024\" src=\"https:\/\/diaspora.arhivi.lv\/batun\/wp-content\/uploads\/2021\/05\/xgle-Parek-728x1024.jpg\" alt=\"\" class=\"wp-image-1322\" srcset=\"https:\/\/diaspora.arhivi.lv\/batun\/wp-content\/uploads\/2021\/05\/xgle-Parek-728x1024.jpg 728w, https:\/\/diaspora.arhivi.lv\/batun\/wp-content\/uploads\/2021\/05\/xgle-Parek-213x300.jpg 213w, https:\/\/diaspora.arhivi.lv\/batun\/wp-content\/uploads\/2021\/05\/xgle-Parek-768x1081.jpg 768w, https:\/\/diaspora.arhivi.lv\/batun\/wp-content\/uploads\/2021\/05\/xgle-Parek-1091x1536.jpg 1091w, https:\/\/diaspora.arhivi.lv\/batun\/wp-content\/uploads\/2021\/05\/xgle-Parek.jpg 1244w\" sizes=\"auto, (max-width: 728px) 100vw, 728px\" \/><\/a><figcaption>&#8220;Es pieprasu nekav\u0113joties atbr\u012bvot Lagli Pareki, kura ir ieslodz\u012bta par sav\u0101m ties\u012bb\u0101m uz v\u0101rda br\u012bv\u012bbu.&#8221;<\/figcaption><\/figure><\/div>\r\n<\/div>\r\n<\/div>\r\n<\/div>\r\n\r\n\r\n\r\n<div class=\"wp-block-column is-layout-flow wp-block-column-is-layout-flow\">\r\n<div class=\"wp-block-columns is-layout-flex wp-container-core-columns-is-layout-9d6595d7 wp-block-columns-is-layout-flex\">\r\n<div class=\"wp-block-column is-layout-flow wp-block-column-is-layout-flow\">\r\n<div class=\"wp-block-image\"><figure class=\"aligncenter size-large\"><a href=\"https:\/\/diaspora.arhivi.lv\/batun\/wp-content\/uploads\/2021\/05\/xPostcard-I-demand-the-immediate-release-ofx-Viktor-Niitsoo-serving-an-unjustified-sentence-for-exercising-his-human-right-of-free-speech.jpg\"><img loading=\"lazy\" decoding=\"async\" width=\"724\" height=\"1024\" src=\"https:\/\/diaspora.arhivi.lv\/batun\/wp-content\/uploads\/2021\/05\/xPostcard-I-demand-the-immediate-release-ofx-Viktor-Niitsoo-serving-an-unjustified-sentence-for-exercising-his-human-right-of-free-speech-724x1024.jpg\" alt=\"\" class=\"wp-image-1323\" srcset=\"https:\/\/diaspora.arhivi.lv\/batun\/wp-content\/uploads\/2021\/05\/xPostcard-I-demand-the-immediate-release-ofx-Viktor-Niitsoo-serving-an-unjustified-sentence-for-exercising-his-human-right-of-free-speech-724x1024.jpg 724w, https:\/\/diaspora.arhivi.lv\/batun\/wp-content\/uploads\/2021\/05\/xPostcard-I-demand-the-immediate-release-ofx-Viktor-Niitsoo-serving-an-unjustified-sentence-for-exercising-his-human-right-of-free-speech-212x300.jpg 212w, https:\/\/diaspora.arhivi.lv\/batun\/wp-content\/uploads\/2021\/05\/xPostcard-I-demand-the-immediate-release-ofx-Viktor-Niitsoo-serving-an-unjustified-sentence-for-exercising-his-human-right-of-free-speech-768x1087.jpg 768w, https:\/\/diaspora.arhivi.lv\/batun\/wp-content\/uploads\/2021\/05\/xPostcard-I-demand-the-immediate-release-ofx-Viktor-Niitsoo-serving-an-unjustified-sentence-for-exercising-his-human-right-of-free-speech-1085x1536.jpg 1085w, https:\/\/diaspora.arhivi.lv\/batun\/wp-content\/uploads\/2021\/05\/xPostcard-I-demand-the-immediate-release-ofx-Viktor-Niitsoo-serving-an-unjustified-sentence-for-exercising-his-human-right-of-free-speech.jpg 1245w\" sizes=\"auto, (max-width: 724px) 100vw, 724px\" \/><\/a><figcaption>&#8220;Es pieprasu nekav\u0113joties atbr\u012bvot Viktoru Nitso, kur\u0161 ir ieslodz\u012bts par sav\u0101m ties\u012bb\u0101m uz v\u0101rda br\u012bv\u012bbu.&#8221;<\/figcaption><\/figure><\/div>\r\n<\/div>\r\n\r\n\r\n\r\n<div class=\"wp-block-column is-layout-flow wp-block-column-is-layout-flow\">\r\n<div class=\"wp-block-image\"><figure class=\"aligncenter size-large\"><a href=\"https:\/\/diaspora.arhivi.lv\/batun\/wp-content\/uploads\/2021\/05\/xPstcard-Tiit-Madison.jpg\"><img loading=\"lazy\" decoding=\"async\" width=\"720\" height=\"1024\" src=\"https:\/\/diaspora.arhivi.lv\/batun\/wp-content\/uploads\/2021\/05\/xPstcard-Tiit-Madison-720x1024.jpg\" alt=\"\" class=\"wp-image-1324\" srcset=\"https:\/\/diaspora.arhivi.lv\/batun\/wp-content\/uploads\/2021\/05\/xPstcard-Tiit-Madison-720x1024.jpg 720w, https:\/\/diaspora.arhivi.lv\/batun\/wp-content\/uploads\/2021\/05\/xPstcard-Tiit-Madison-211x300.jpg 211w, https:\/\/diaspora.arhivi.lv\/batun\/wp-content\/uploads\/2021\/05\/xPstcard-Tiit-Madison-768x1092.jpg 768w, https:\/\/diaspora.arhivi.lv\/batun\/wp-content\/uploads\/2021\/05\/xPstcard-Tiit-Madison-1081x1536.jpg 1081w, https:\/\/diaspora.arhivi.lv\/batun\/wp-content\/uploads\/2021\/05\/xPstcard-Tiit-Madison.jpg 1215w\" sizes=\"auto, (max-width: 720px) 100vw, 720px\" \/><\/a><figcaption>Es pieprasu nekav\u0113joties atbr\u012bvot Titu Medisonu, kur\u0161 ir ieslodz\u012bts par sav\u0101m ties\u012bb\u0101m uz v\u0101rda br\u012bv\u012bbu.&#8221;<\/figcaption><\/figure><\/div>\r\n<\/div>\r\n<\/div>\r\n<\/div>\r\n\r\n\r\n\r\n<div class=\"wp-block-column is-layout-flow wp-block-column-is-layout-flow\">\r\n<div class=\"wp-block-columns is-layout-flex wp-container-core-columns-is-layout-9d6595d7 wp-block-columns-is-layout-flex\">\r\n<div class=\"wp-block-column is-layout-flow wp-block-column-is-layout-flow\">\r\n<div class=\"wp-block-image\"><figure class=\"aligncenter size-large\"><a href=\"https:\/\/diaspora.arhivi.lv\/batun\/wp-content\/uploads\/2021\/05\/xVeljo-Kalep.jpg\"><img loading=\"lazy\" decoding=\"async\" width=\"723\" height=\"1024\" src=\"https:\/\/diaspora.arhivi.lv\/batun\/wp-content\/uploads\/2021\/05\/xVeljo-Kalep-723x1024.jpg\" alt=\"\" class=\"wp-image-1326\" srcset=\"https:\/\/diaspora.arhivi.lv\/batun\/wp-content\/uploads\/2021\/05\/xVeljo-Kalep-723x1024.jpg 723w, https:\/\/diaspora.arhivi.lv\/batun\/wp-content\/uploads\/2021\/05\/xVeljo-Kalep-212x300.jpg 212w, https:\/\/diaspora.arhivi.lv\/batun\/wp-content\/uploads\/2021\/05\/xVeljo-Kalep-768x1087.jpg 768w, https:\/\/diaspora.arhivi.lv\/batun\/wp-content\/uploads\/2021\/05\/xVeljo-Kalep-1085x1536.jpg 1085w, https:\/\/diaspora.arhivi.lv\/batun\/wp-content\/uploads\/2021\/05\/xVeljo-Kalep.jpg 1236w\" sizes=\"auto, (max-width: 723px) 100vw, 723px\" \/><\/a><figcaption>&#8220;Es pieprasu nekav\u0113joties atbr\u012bvot Veljo Kalepu, kur\u0161 ir ieslodz\u012bts par sav\u0101m ties\u012bb\u0101m uz v\u0101rda br\u012bv\u012bbu.&#8221;<\/figcaption><\/figure><\/div>\r\n<\/div>\r\n\r\n\r\n\r\n<div class=\"wp-block-column is-layout-flow wp-block-column-is-layout-flow\"><\/div>\r\n<\/div>\r\n<\/div>\r\n<\/div>\r\n\r\n\r\n\r\n<h2 class=\"wp-block-heading\"><strong>Sima Kudirkas s\u0101ga<\/strong><\/h2>\r\n\r\n\r\n\r\n<blockquote class=\"wp-block-quote is-layout-flow wp-block-quote-is-layout-flow\"><p>&#8220;Neviena dal\u012bbvalsts nek\u0101d\u0101 gad\u012bjum\u0101 neizraida vai neatgrie\u017e b\u0113gli uz t\u0101s valsts robe\u017eu, kuras teritorij\u0101 vi\u0146a dz\u012bv\u012bba un br\u012bv\u012bba ir apdraud\u0113ta sakar\u0101 ar vi\u0146a rasi, reli\u0123iju, taut\u012bbu vai pieder\u012bbu pie k\u0101das \u012bpa\u0161as soci\u0101l\u0101s grupas vai sakar\u0101 ar vi\u0146a politiskajiem uzskatiem.\u201d (1951. gada 28. j\u016blija &#8220;Konvencija par b\u0113g\u013ca statusu&#8221; (\u017den\u0113vas konvencija))<\/p><\/blockquote>\r\n\r\n\r\n\r\n<p class=\"has-small-font-size\">Notikumam ar Simu Kudirku (<em>Simas Kudirka<\/em>) bija pla\u0161a ietekme uz ASV un pa\u0161u BATUN. 1970. gada 23. novembr\u012b Lietuvas j\u016brnieks Sims Kudirka br\u012bv\u012bbas v\u0101rd\u0101 veica izmisuma dikt\u0113tu l\u0113cienu virs ledain\u0101 \u016bdens, lai no padomju zvejas ku\u0123a \u201cSovetskaya \u013bitva\u201d nok\u013c\u016btu uz ASV Krasta apsardzes kutera \u201c<em>Vigilant<\/em>\u201d. Kudirka l\u016bdza patv\u0113rumu, bet p\u0113c vair\u0101k\u0101m stund\u0101m vi\u0146a l\u016bgums tika noraid\u012bts. P\u0113c amerik\u0101\u0146u l\u0113muma Kudirku izdot, vi\u0146am paka\u013c ierad\u0101s padomju ku\u0123a p\u0101rst\u0101vji, kas lietuvieti piek\u0101va un piespiedu k\u0101rt\u0101 aizveda atpaka\u013c uz padomju ku\u0123i. Notikums, iesp\u0113jams, tiktu aizmirsts, ja Amerikas latvietis Roberts Brieze , kur\u0161 atrad\u0101s uz \u201c<em>Vigilant<\/em>\u201d, neb\u016btu sac\u0113lis k\u0101j\u0101s amerik\u0101\u0146u presi. 25. novembr\u012b BATUN prezidents K. Mikls (<em>Miklas<\/em>) nos\u016bt\u012bja protesta telegrammu ASV prezidentam Niksonam. Amerik\u0101\u0146u pres\u0113 par\u0101d\u012bj\u0101s st\u0101sti par Amerikas lietuvie\u0161iem, kuri nekav\u0113joties s\u0101ka r\u012bkot demonstr\u0101cijas daudz\u0101s ASV pils\u0113t\u0101s, tostarp 28. novembr\u012b \u0145ujorkas Taimskv\u0113r\u0101. \u0160o demonstr\u0101ciju organiz\u0113ja Lietuvas un Amerikas r\u012bc\u012bbas komiteja, par to inform\u0113ja viet\u0113j\u0101s TV zi\u0146\u0101s. Ar\u012b BATUN dal\u012bbnieki piedal\u012bj\u0101s \u0161aj\u0101 pas\u0101kum\u0101, un organiz\u0101cijas prezidents Ainso (<em>Ainsoo<\/em>) teica nosl\u0113guma runu. N\u0101kamaj\u0101 dien\u0101 Amerikas ietekm\u012bg\u0101k\u0101 laikraksta \u201c<em>The New York Times<\/em>\u201d 1. lappus\u0113 tika public\u0113ts demonstr\u0101cijai velt\u012bts raksts \u201c<em>U.S. Lets Russians Board Cutter to Seize Defector<\/em>\u201d \u2013 \u201cSavienot\u0101s Valstis \u013cauj krieviem uzk\u0101pt uz flotes kutera, lai sagr\u0101btu b\u0113gli\u201d). \u0160is \u201c<em>Times<\/em>\u201d raksts izsauca prezidenta Niksona sa\u0161utumu, un ASV Kongress uzs\u0101ka izmekl\u0113\u0161anu. Rezult\u0101t\u0101 tika izstr\u0101d\u0101tas jaunas ASV vadl\u012bnijas, k\u0101 r\u012bkoties ar p\u0101rb\u0113dz\u0113jiem un b\u0113g\u013ciem. Admir\u0101lis, kur\u0161 bija \u013c\u0101vis padomju varas p\u0101rst\u0101vjiem ierasties uz ASV ku\u0123a un veikt pret Kudirku v\u0113rst\u0101s ne\u017e\u0113l\u012bg\u0101s darb\u012bbas, tika pazemin\u0101ts amat\u0101. Gan ASV kutera person\u0101ls, gan padomju j\u016brnieki bija p\u0101rk\u0101pu\u0161i 1951. gada \u017den\u0113vas konvenciju par b\u0113g\u013ca statusu. \u0160\u0101das \u0101rvalstu pilso\u0146u izr\u012bc\u012bbas pie\u013c\u0101vums uz ASV ku\u0123a noz\u012bm\u0113ja Savienoto Valstu suverenit\u0101tes p\u0101rk\u0101pumu.<\/p>\r\n\r\n\r\n\r\n<figure class=\"wp-block-embed aligncenter is-type-video is-provider-youtube wp-block-embed-youtube wp-embed-aspect-16-9 wp-has-aspect-ratio\"><div class=\"wp-block-embed__wrapper\">\r\n<iframe loading=\"lazy\" title=\"The Jump (2020) I Official Trailer I MetFilm Sales\" width=\"688\" height=\"387\" src=\"https:\/\/www.youtube.com\/embed\/v69SGpbJaBo?feature=oembed\" frameborder=\"0\" allow=\"accelerometer; autoplay; clipboard-write; encrypted-media; gyroscope; picture-in-picture\" allowfullscreen><\/iframe>\r\n<\/div><figcaption>2020.gad\u0101 tika izlaista lietuvie\u0161u kinore\u017eisores un producentes Giedres \u017dick\u012btes filma &#8220;L\u0113ciens&#8221;, kur\u0101 iek\u013cauti reti arh\u012bvu kadri un pa\u0161a Sima Kudirkas dramatisko notikumu rekonstrukcija, st\u0101stot par savu izmis\u012bgo &#8220;br\u012bv\u012bbas l\u0113cienu&#8221;. <\/figcaption><\/figure>\r\n\r\n\r\n\r\n<div class=\"wp-block-columns is-layout-flex wp-container-core-columns-is-layout-9d6595d7 wp-block-columns-is-layout-flex\">\r\n<div class=\"wp-block-column is-layout-flow wp-block-column-is-layout-flow\">\r\n<p class=\"has-small-font-size\">P\u0113c demonstr\u0101cij\u0101m BATUN nos\u016bt\u012bja memorandus par Kudirku ASV prezidentam, ANO Augstajam b\u0113g\u013cu komis\u0101ram princim Sadrudinam Aga Kh\u0101nam (<em>Sadruddin Aga Khan<\/em>), \u0122ener\u0101l\u0101s asamblejas prezidentam, Tre\u0161\u0101s komitejas priek\u0161s\u0113d\u0113t\u0101jam, Cilv\u0113kties\u012bbu komisijas priek\u0161s\u0113d\u0113t\u0101jam un daudz\u0101m past\u0101v\u012bgaj\u0101m misij\u0101m. Atbildes tika sa\u0146emtas no ASV prezidenta Ri\u010darda Niksona, Maltas, V\u0101cijas Federat\u012bv\u0101s Republikas, Lielbrit\u0101nijas, ASV un Austr\u0101lijas v\u0113stniekiem. 1972. gada apr\u012bl\u012b ASV deleg\u0101ts Wiljams E. \u0160aufels, Jun. (<em>Schaufele<\/em>) izmantoja BATUN memorandu pazi\u0146ojumiem Cilv\u0113kties\u012bbu komisij\u0101, un taj\u0101 tika piemin\u0113ta Berl\u012bnes m\u016bra un Kudirkas lieta. Tas par\u0101d\u012bja, ka ne tikai ebreji, par kuriem tolaik daudz tika zi\u0146ots Rietumu pla\u0161sazi\u0146as l\u012bdzek\u013cos, bet ar\u012b lietuvie\u0161i, latvie\u0161i, igau\u0146i, arm\u0113\u0146i un faktiski visi padomju pilso\u0146i cieta no padomju vald\u012bbas atteik\u0161an\u0101s uzskat\u012bt ties\u012bbas emigr\u0113t par pa\u0161saprotam\u0101m ties\u012bb\u0101m, nevis \u012bpa\u0161u privil\u0113\u0123iju.<\/p>\r\n\r\n\r\n\r\n<figure class=\"wp-block-image size-large\"><a href=\"https:\/\/diaspora.arhivi.lv\/batun\/wp-content\/uploads\/2021\/04\/xScan_20210304-16.jpg\"><img loading=\"lazy\" decoding=\"async\" width=\"1024\" height=\"654\" src=\"https:\/\/diaspora.arhivi.lv\/batun\/wp-content\/uploads\/2021\/04\/xScan_20210304-16-1024x654.jpg\" alt=\"\" class=\"wp-image-1084\" srcset=\"https:\/\/diaspora.arhivi.lv\/batun\/wp-content\/uploads\/2021\/04\/xScan_20210304-16-1024x654.jpg 1024w, https:\/\/diaspora.arhivi.lv\/batun\/wp-content\/uploads\/2021\/04\/xScan_20210304-16-300x192.jpg 300w, https:\/\/diaspora.arhivi.lv\/batun\/wp-content\/uploads\/2021\/04\/xScan_20210304-16-768x490.jpg 768w, https:\/\/diaspora.arhivi.lv\/batun\/wp-content\/uploads\/2021\/04\/xScan_20210304-16-1536x981.jpg 1536w, https:\/\/diaspora.arhivi.lv\/batun\/wp-content\/uploads\/2021\/04\/xScan_20210304-16-2048x1308.jpg 2048w, https:\/\/diaspora.arhivi.lv\/batun\/wp-content\/uploads\/2021\/04\/xScan_20210304-16-1600x1022.jpg 1600w\" sizes=\"auto, (max-width: 1024px) 100vw, 1024px\" \/><\/a><figcaption>1974.gada 5.decembr\u012b, Padomju Savien\u012bbas Konstit\u016bcijas dien\u0101, BATUN koordin\u0113ja un piedal\u012bj\u0101s Vaclova Sevrukas, Sima Kudirkas un vair\u0101ku cittautie\u0161u disidentu organiz\u0113taj\u0101 protesta nomod\u0101 pie ANO m\u012btnes. Avots: LNA LVA F.2944.<\/figcaption><\/figure>\r\n<\/div>\r\n\r\n\r\n\r\n<div class=\"wp-block-column is-layout-flow wp-block-column-is-layout-flow\">\r\n<div class=\"wp-block-image\"><figure class=\"aligncenter size-large is-resized\"><a href=\"https:\/\/diaspora.arhivi.lv\/batun\/wp-content\/uploads\/2021\/04\/Scan_20210304-18.jpg\"><img loading=\"lazy\" decoding=\"async\" src=\"https:\/\/diaspora.arhivi.lv\/batun\/wp-content\/uploads\/2021\/04\/Scan_20210304-18-659x1024.jpg\" alt=\"\" class=\"wp-image-1083\" width=\"409\" height=\"632\"\/><\/a><figcaption>Demonstr\u0101cija Taimskv\u0113r\u0101 \u0145ujork\u0101 ar BATUN biedru l\u012bdzdal\u012bbu, protest\u0113jot pret ASV patv\u0113ruma atteikumu Lietuvas j\u016brniekam Simam Kudirkam, kur\u0161 aizb\u0113ga no padomju ku\u0123a. Avots: LNA LVA F.2944.<\/figcaption><\/figure><\/div>\r\n<\/div>\r\n<\/div>\r\n\r\n\r\n\r\n<p class=\"has-small-font-size\">BATUN memorands par Sima Kudirkas lietu, 1970.gads. Avots: LNA LVA F.2944:<\/p>\r\n\r\n\r\n\r\n<div class=\"wp-block-columns is-layout-flex wp-container-core-columns-is-layout-9d6595d7 wp-block-columns-is-layout-flex\">\r\n<div class=\"wp-block-column is-layout-flow wp-block-column-is-layout-flow\">\r\n<div class=\"wp-block-columns is-layout-flex wp-container-core-columns-is-layout-9d6595d7 wp-block-columns-is-layout-flex\">\r\n<div class=\"wp-block-column is-layout-flow wp-block-column-is-layout-flow\">\r\n<div class=\"wp-block-image\"><figure class=\"aligncenter size-large\"><a href=\"https:\/\/diaspora.arhivi.lv\/batun\/wp-content\/uploads\/2021\/05\/xMemorandum-Kudirka-105-scaled.jpg\"><img loading=\"lazy\" decoding=\"async\" width=\"791\" height=\"1024\" src=\"https:\/\/diaspora.arhivi.lv\/batun\/wp-content\/uploads\/2021\/05\/xMemorandum-Kudirka-105-791x1024.jpg\" alt=\"\" class=\"wp-image-1329\" srcset=\"https:\/\/diaspora.arhivi.lv\/batun\/wp-content\/uploads\/2021\/05\/xMemorandum-Kudirka-105-791x1024.jpg 791w, https:\/\/diaspora.arhivi.lv\/batun\/wp-content\/uploads\/2021\/05\/xMemorandum-Kudirka-105-232x300.jpg 232w, https:\/\/diaspora.arhivi.lv\/batun\/wp-content\/uploads\/2021\/05\/xMemorandum-Kudirka-105-768x995.jpg 768w, https:\/\/diaspora.arhivi.lv\/batun\/wp-content\/uploads\/2021\/05\/xMemorandum-Kudirka-105-1186x1536.jpg 1186w, https:\/\/diaspora.arhivi.lv\/batun\/wp-content\/uploads\/2021\/05\/xMemorandum-Kudirka-105-1581x2048.jpg 1581w, https:\/\/diaspora.arhivi.lv\/batun\/wp-content\/uploads\/2021\/05\/xMemorandum-Kudirka-105-1600x2072.jpg 1600w, https:\/\/diaspora.arhivi.lv\/batun\/wp-content\/uploads\/2021\/05\/xMemorandum-Kudirka-105-scaled.jpg 1976w\" sizes=\"auto, (max-width: 791px) 100vw, 791px\" \/><\/a><\/figure><\/div>\r\n<\/div>\r\n\r\n\r\n\r\n<div class=\"wp-block-column is-layout-flow wp-block-column-is-layout-flow\">\r\n<div class=\"wp-block-image\"><figure class=\"aligncenter size-large\"><a href=\"https:\/\/diaspora.arhivi.lv\/batun\/wp-content\/uploads\/2021\/05\/xMemorandum-Kudirka-105-2-scaled.jpg\"><img loading=\"lazy\" decoding=\"async\" width=\"792\" height=\"1024\" src=\"https:\/\/diaspora.arhivi.lv\/batun\/wp-content\/uploads\/2021\/05\/xMemorandum-Kudirka-105-2-792x1024.jpg\" alt=\"\" class=\"wp-image-1330\" srcset=\"https:\/\/diaspora.arhivi.lv\/batun\/wp-content\/uploads\/2021\/05\/xMemorandum-Kudirka-105-2-792x1024.jpg 792w, https:\/\/diaspora.arhivi.lv\/batun\/wp-content\/uploads\/2021\/05\/xMemorandum-Kudirka-105-2-232x300.jpg 232w, https:\/\/diaspora.arhivi.lv\/batun\/wp-content\/uploads\/2021\/05\/xMemorandum-Kudirka-105-2-768x993.jpg 768w, https:\/\/diaspora.arhivi.lv\/batun\/wp-content\/uploads\/2021\/05\/xMemorandum-Kudirka-105-2-1188x1536.jpg 1188w, https:\/\/diaspora.arhivi.lv\/batun\/wp-content\/uploads\/2021\/05\/xMemorandum-Kudirka-105-2-1584x2048.jpg 1584w, https:\/\/diaspora.arhivi.lv\/batun\/wp-content\/uploads\/2021\/05\/xMemorandum-Kudirka-105-2-1600x2069.jpg 1600w, https:\/\/diaspora.arhivi.lv\/batun\/wp-content\/uploads\/2021\/05\/xMemorandum-Kudirka-105-2-scaled.jpg 1979w\" sizes=\"auto, (max-width: 792px) 100vw, 792px\" \/><\/a><\/figure><\/div>\r\n<\/div>\r\n<\/div>\r\n<\/div>\r\n\r\n\r\n\r\n<div class=\"wp-block-column is-layout-flow wp-block-column-is-layout-flow\">\r\n<div class=\"wp-block-columns is-layout-flex wp-container-core-columns-is-layout-9d6595d7 wp-block-columns-is-layout-flex\">\r\n<div class=\"wp-block-column is-layout-flow wp-block-column-is-layout-flow\">\r\n<div class=\"wp-block-image\"><figure class=\"aligncenter size-large\"><a href=\"https:\/\/diaspora.arhivi.lv\/batun\/wp-content\/uploads\/2021\/05\/xMemorandum-Kudirka-105-3-scaled.jpg\"><img loading=\"lazy\" decoding=\"async\" width=\"790\" height=\"1024\" src=\"https:\/\/diaspora.arhivi.lv\/batun\/wp-content\/uploads\/2021\/05\/xMemorandum-Kudirka-105-3-790x1024.jpg\" alt=\"\" class=\"wp-image-1331\" srcset=\"https:\/\/diaspora.arhivi.lv\/batun\/wp-content\/uploads\/2021\/05\/xMemorandum-Kudirka-105-3-790x1024.jpg 790w, https:\/\/diaspora.arhivi.lv\/batun\/wp-content\/uploads\/2021\/05\/xMemorandum-Kudirka-105-3-231x300.jpg 231w, https:\/\/diaspora.arhivi.lv\/batun\/wp-content\/uploads\/2021\/05\/xMemorandum-Kudirka-105-3-768x996.jpg 768w, https:\/\/diaspora.arhivi.lv\/batun\/wp-content\/uploads\/2021\/05\/xMemorandum-Kudirka-105-3-1184x1536.jpg 1184w, https:\/\/diaspora.arhivi.lv\/batun\/wp-content\/uploads\/2021\/05\/xMemorandum-Kudirka-105-3-1579x2048.jpg 1579w, https:\/\/diaspora.arhivi.lv\/batun\/wp-content\/uploads\/2021\/05\/xMemorandum-Kudirka-105-3-1600x2075.jpg 1600w, https:\/\/diaspora.arhivi.lv\/batun\/wp-content\/uploads\/2021\/05\/xMemorandum-Kudirka-105-3-scaled.jpg 1974w\" sizes=\"auto, (max-width: 790px) 100vw, 790px\" \/><\/a><\/figure><\/div>\r\n<\/div>\r\n\r\n\r\n\r\n<div class=\"wp-block-column is-layout-flow wp-block-column-is-layout-flow\">\r\n<div class=\"wp-block-image\"><figure class=\"aligncenter size-large\"><a href=\"https:\/\/diaspora.arhivi.lv\/batun\/wp-content\/uploads\/2021\/05\/xMemorandum-Kudirka-105-4-scaled.jpg\"><img loading=\"lazy\" decoding=\"async\" width=\"785\" height=\"1024\" src=\"https:\/\/diaspora.arhivi.lv\/batun\/wp-content\/uploads\/2021\/05\/xMemorandum-Kudirka-105-4-785x1024.jpg\" alt=\"\" class=\"wp-image-1332\" srcset=\"https:\/\/diaspora.arhivi.lv\/batun\/wp-content\/uploads\/2021\/05\/xMemorandum-Kudirka-105-4-785x1024.jpg 785w, https:\/\/diaspora.arhivi.lv\/batun\/wp-content\/uploads\/2021\/05\/xMemorandum-Kudirka-105-4-230x300.jpg 230w, https:\/\/diaspora.arhivi.lv\/batun\/wp-content\/uploads\/2021\/05\/xMemorandum-Kudirka-105-4-768x1002.jpg 768w, https:\/\/diaspora.arhivi.lv\/batun\/wp-content\/uploads\/2021\/05\/xMemorandum-Kudirka-105-4-1178x1536.jpg 1178w, https:\/\/diaspora.arhivi.lv\/batun\/wp-content\/uploads\/2021\/05\/xMemorandum-Kudirka-105-4-1570x2048.jpg 1570w, https:\/\/diaspora.arhivi.lv\/batun\/wp-content\/uploads\/2021\/05\/xMemorandum-Kudirka-105-4-1600x2087.jpg 1600w, https:\/\/diaspora.arhivi.lv\/batun\/wp-content\/uploads\/2021\/05\/xMemorandum-Kudirka-105-4-scaled.jpg 1963w\" sizes=\"auto, (max-width: 785px) 100vw, 785px\" \/><\/a><\/figure><\/div>\r\n<\/div>\r\n<\/div>\r\n<\/div>\r\n<\/div>\r\n\r\n\r\n\r\n<p class=\"has-small-font-size\">P\u0113c tam, kad BATUN uzzin\u0101ja, ka Kudirkam piespriests 10 gadu cietumsods darba nometn\u0113, visiem Cilv\u0113kties\u012bbu komisijas locek\u013ciem tika pazi\u0146ots par neparasti bargo sodu par m\u0113\u0123in\u0101jumu izmantot ties\u012bbas pamest savu valsti. BATUN sa\u0146\u0113ma atbildi no ANO Cilv\u0113kties\u012bbu noda\u013cas Komunik\u0101cijas da\u013cas vad\u012bt\u0101ja, un taj\u0101 bija teikts, ka vi\u0146i protest\u0113 pret Kudirkam piespriesto sodu. 1974. gada s\u0101kum\u0101 Kudirkam uzsp\u012bd\u0113ja veiksme: izmekl\u0113\u0161anas laik\u0101 tika atkl\u0101ts, ka vi\u0146a m\u0101te ir dzimusi Bruklin\u0101, \u0145ujorkas \u0161tat\u0101, bet jaun\u012bb\u0101 vi\u0146a atgriezusies Lietuv\u0101. ASV v\u0113stniec\u012bba Maskav\u0101 vi\u0146ai izsniedza ASV pasi. Pamatojoties uz m\u0101tes pilson\u012bbu, Kudirka tika atz\u012bts par ASV pilsoni. Kad tas k\u013cuva zin\u0101ms, Kudirkas atbalst\u012bt\u0101ji \u010cik\u0101gas dienvidu priek\u0161pils\u0113t\u0101 v\u0113rs\u0101s p\u0113c pal\u012bdz\u012bbas pie kongresme\u0146a Roberta P. Hanrahana, un vi\u0146\u0161 n\u0101ca klaj\u0101 ar rezol\u016bcij\u0101m Kongres\u0101, tik\u0101s ar Valsts departamenta amatperson\u0101m un m\u0113\u0123in\u0101ja tikties ar Padomju Savien\u012bbas v\u0113stnieku Va\u0161ington\u0101. 1974. gada novembr\u012b daudzu cilv\u0113ku neatlaid\u012bgo p\u016b\u013cu rezult\u0101t\u0101 Kudirka tika atbr\u012bvots un kop\u0101 ar sievu, b\u0113rniem un m\u0101ti var\u0113ja emigr\u0113t uz ASV. Kad Kudirkas \u0123imene 1974. gada 5. novembr\u012b beidzot ierad\u0101s Amerikas Savienotaj\u0101s Valst\u012bs, Hanrahans zi\u0146oja laikrakstam \u201c<em>Chicago Tribune<\/em>\u201d, ka prezidents D\u017eeralds Fords ir run\u0101jis ar padomju l\u012bderi Leon\u012bdu Bre\u017e\u0146evu un person\u012bgi iest\u0101jies par Kudirku. P\u0113c Kudirkas iera\u0161an\u0101s \u0145ujork\u0101 BATUN vi\u0146am noorganiz\u0113ja apmekl\u0113jumu ASV Past\u0101v\u012bgaj\u0101 misij\u0101, jo vi\u0146\u0161 v\u0113l\u0113j\u0101s pateikties ASV Cilv\u0113kties\u012bbu deleg\u0101cijas vad\u012bt\u0101jam Wiljamam E. \u0160aufelam par izteikumiem ANO un vi\u0146a atbr\u012bvo\u0161anu.<\/p>\r\n\r\n\r\n\r\n<div class=\"wp-block-columns is-layout-flex wp-container-core-columns-is-layout-9d6595d7 wp-block-columns-is-layout-flex\">\r\n<div class=\"wp-block-column is-layout-flow wp-block-column-is-layout-flow\">\r\n<p>Kad tika atz\u012bm\u0113ta BATUN dibin\u0101\u0161anas desmitgade, Kudirka pauda patiesu atzin\u012bbu par BATUN paveikto:<\/p>\r\n\r\n\r\n\r\n<blockquote class=\"wp-block-quote is-layout-flow wp-block-quote-is-layout-flow\"><p>\u201cEs un mana \u0123imene pateic\u012bb\u0101 nov\u0113rt\u0113jam visu, ko j\u016bs dar\u012bj\u0101t man\u0101 lab\u0101 p\u0113c neveiksm\u012bg\u0101 m\u0113\u0123in\u0101juma ieg\u016bt br\u012bv\u012bbu un man\u0101m smagaj\u0101m dien\u0101m Krievijas cietumos. J\u016bsu r\u012bc\u012bba, gl\u0101bjot mani, bija \u013coti svar\u012bga, lai es ieg\u016btu br\u012bv\u012bbu. Es nekad neaizmirs\u012b\u0161u nedz to, nedz ar\u012b pal\u012bdz\u012bbu, ko j\u016bs man un manai \u0123imenei esat sniegu\u0161i p\u0113c m\u016bsu iera\u0161an\u0101s Amerik\u0101.\u201d<\/p><\/blockquote>\r\n\r\n\r\n\r\n<p><\/p>\r\n<\/div>\r\n\r\n\r\n\r\n<div class=\"wp-block-column is-layout-flow wp-block-column-is-layout-flow\">\r\n<figure class=\"wp-block-image size-large\"><a href=\"https:\/\/diaspora.arhivi.lv\/batun\/wp-content\/uploads\/2021\/04\/xSimas-Kudirka-photo-by-L.Tamosaitis-1976-scaled.jpg\"><img loading=\"lazy\" decoding=\"async\" width=\"1024\" height=\"703\" src=\"https:\/\/diaspora.arhivi.lv\/batun\/wp-content\/uploads\/2021\/04\/xSimas-Kudirka-photo-by-L.Tamosaitis-1976-1024x703.jpg\" alt=\"\" class=\"wp-image-1094\" srcset=\"https:\/\/diaspora.arhivi.lv\/batun\/wp-content\/uploads\/2021\/04\/xSimas-Kudirka-photo-by-L.Tamosaitis-1976-1024x703.jpg 1024w, https:\/\/diaspora.arhivi.lv\/batun\/wp-content\/uploads\/2021\/04\/xSimas-Kudirka-photo-by-L.Tamosaitis-1976-300x206.jpg 300w, https:\/\/diaspora.arhivi.lv\/batun\/wp-content\/uploads\/2021\/04\/xSimas-Kudirka-photo-by-L.Tamosaitis-1976-768x527.jpg 768w, https:\/\/diaspora.arhivi.lv\/batun\/wp-content\/uploads\/2021\/04\/xSimas-Kudirka-photo-by-L.Tamosaitis-1976-1536x1055.jpg 1536w, https:\/\/diaspora.arhivi.lv\/batun\/wp-content\/uploads\/2021\/04\/xSimas-Kudirka-photo-by-L.Tamosaitis-1976-2048x1407.jpg 2048w, https:\/\/diaspora.arhivi.lv\/batun\/wp-content\/uploads\/2021\/04\/xSimas-Kudirka-photo-by-L.Tamosaitis-1976-1600x1099.jpg 1600w\" sizes=\"auto, (max-width: 1024px) 100vw, 1024px\" \/><\/a><figcaption>Sims Kudirka (kreisaj\u0101 pus\u0113) BATUN 10 gadu jubilejas pas\u0101kum\u0101, 1976.gads. Foto: L.Tamosaitis. Avots: LNA LVA F.2944.<\/figcaption><\/figure>\r\n<\/div>\r\n<\/div>\r\n\r\n\r\n\r\n<h2 class=\"wp-block-heading\"><strong>Leon\u012bda Bre\u017e\u0146eva viz\u012bte Amerikas Savienotaj\u0101s Valst\u012bs<\/strong><\/h2>\r\n\r\n\r\n\r\n<p class=\"has-small-font-size\">1973. gada j\u016bnij\u0101 padomju l\u012bderis Leon\u012bds Bre\u017e\u0146evs p\u0113c toreiz\u0113j\u0101 ASV prezidenta Ri\u010darda Niksona iel\u016bguma apmekl\u0113ja Savienot\u0101s Valstis. BATUN, 1970. gada demonstr\u0101cijas pan\u0101kumu iedro\u0161in\u0101ti un <em>BYFF<\/em> akt\u012bvistu vad\u012bb\u0101, nol\u0113ma organiz\u0113t masu m\u012bti\u0146u, t\u0101d\u0113j\u0101di apliecinot trimdas baltie\u0161u kopienas noraido\u0161o attieksmi. Tika nol\u012bgts autobuss, uz kura izvietoja lielus plak\u0101tus un afi\u0161as. <em>BYFF<\/em> akt\u012bvisti un draugi tika uzaicin\u0101ti doties autobusa braucien\u0101 no \u0145ujorkas uz Va\u0161ingtonu, lai pievienotos viet\u0113jiem baltie\u0161u demonstrantiem. Grupa atst\u0101ja \u0145ujorku 1973. gada 18. j\u016bnij\u0101, un n\u0101kam\u0101s tr\u012bs dienas autobuss un demonstranti dev\u0101s uz vis\u0101m t\u0101m viet\u0101m, kur bija paredz\u0113tas Bre\u017e\u0146eva un Niksona tik\u0161an\u0101s. Va\u0161ington\u0101 autobuss piesaist\u012bja policijas un preses uzman\u012bbu.<\/p>\r\n\r\n\r\n\r\n<div class=\"wp-block-columns is-layout-flex wp-container-core-columns-is-layout-9d6595d7 wp-block-columns-is-layout-flex\">\r\n<div class=\"wp-block-column is-layout-flow wp-block-column-is-layout-flow\">\r\n<div class=\"wp-block-image\"><figure class=\"aligncenter size-large\"><a href=\"https:\/\/diaspora.arhivi.lv\/batun\/wp-content\/uploads\/2021\/05\/xScan_20210118-27.jpg\"><img loading=\"lazy\" decoding=\"async\" width=\"1024\" height=\"705\" src=\"https:\/\/diaspora.arhivi.lv\/batun\/wp-content\/uploads\/2021\/05\/xScan_20210118-27-1024x705.jpg\" alt=\"\" class=\"wp-image-1335\" srcset=\"https:\/\/diaspora.arhivi.lv\/batun\/wp-content\/uploads\/2021\/05\/xScan_20210118-27-1024x705.jpg 1024w, https:\/\/diaspora.arhivi.lv\/batun\/wp-content\/uploads\/2021\/05\/xScan_20210118-27-300x206.jpg 300w, https:\/\/diaspora.arhivi.lv\/batun\/wp-content\/uploads\/2021\/05\/xScan_20210118-27-768x528.jpg 768w, https:\/\/diaspora.arhivi.lv\/batun\/wp-content\/uploads\/2021\/05\/xScan_20210118-27-1536x1057.jpg 1536w, https:\/\/diaspora.arhivi.lv\/batun\/wp-content\/uploads\/2021\/05\/xScan_20210118-27-2048x1409.jpg 2048w, https:\/\/diaspora.arhivi.lv\/batun\/wp-content\/uploads\/2021\/05\/xScan_20210118-27-1600x1101.jpg 1600w\" sizes=\"auto, (max-width: 1024px) 100vw, 1024px\" \/><\/a><figcaption>BATUN nol\u012bgt\u0101 kravas ma\u0161\u012bna, kas kalpoja k\u0101 skatuve pie ANO m\u012btnes, laik\u0101 kad ASV viesoj\u0101s padomju l\u012bderis Leon\u012bds Bre\u017e\u0146evs. Avots: LNA LVA F.2944.<\/figcaption><\/figure><\/div>\r\n<\/div>\r\n\r\n\r\n\r\n<div class=\"wp-block-column is-layout-flow wp-block-column-is-layout-flow\">\r\n<div class=\"wp-block-image\"><figure class=\"aligncenter size-large is-resized\"><a href=\"https:\/\/diaspora.arhivi.lv\/batun\/wp-content\/uploads\/2021\/05\/xScan_20210118-28.jpg\"><img loading=\"lazy\" decoding=\"async\" src=\"https:\/\/diaspora.arhivi.lv\/batun\/wp-content\/uploads\/2021\/05\/xScan_20210118-28-1024x730.jpg\" alt=\"\" class=\"wp-image-1336\" width=\"488\" height=\"347\" srcset=\"https:\/\/diaspora.arhivi.lv\/batun\/wp-content\/uploads\/2021\/05\/xScan_20210118-28-1024x730.jpg 1024w, https:\/\/diaspora.arhivi.lv\/batun\/wp-content\/uploads\/2021\/05\/xScan_20210118-28-300x214.jpg 300w, https:\/\/diaspora.arhivi.lv\/batun\/wp-content\/uploads\/2021\/05\/xScan_20210118-28-768x548.jpg 768w, https:\/\/diaspora.arhivi.lv\/batun\/wp-content\/uploads\/2021\/05\/xScan_20210118-28-1536x1095.jpg 1536w, https:\/\/diaspora.arhivi.lv\/batun\/wp-content\/uploads\/2021\/05\/xScan_20210118-28-1600x1141.jpg 1600w, https:\/\/diaspora.arhivi.lv\/batun\/wp-content\/uploads\/2021\/05\/xScan_20210118-28.jpg 2029w\" sizes=\"auto, (max-width: 488px) 100vw, 488px\" \/><\/a><\/figure><\/div>\r\n<\/div>\r\n<\/div>\r\n\r\n\r\n\r\n<p class=\"has-small-font-size\">Savuk\u0101rt \u0145ujork\u0101 tika gatavots m\u012bti\u0146\u0161 ar\u012b pie ANO m\u012btnes. Notika pla\u0161i publicit\u0101tes pas\u0101kumi, trimdas baltie\u0161u kopienas vad\u012bt\u0101ji trimdas pres\u0113 un radio raid\u012bjumos aicin\u0101ja sabiedr\u012bbu piedal\u012bties. Manheten\u0101 tika izplat\u012bti aptuveni piecdesmit t\u016bksto\u0161i skrejlapu. M\u012bti\u0146\u0161 notika 1973. gada 23. j\u016bnij\u0101, ta\u010du aktivit\u0101te sag\u0101d\u0101ja vil\u0161anos. Aicin\u0101jumam atsauc\u0101s ne vair\u0101k k\u0101 500 demonstrantu, toties vi\u0146i bija liecinieki jaunam baltie\u0161u protesta veidam. Atbalst\u012bt\u0101ju sar\u016bp\u0113ta kravas automa\u0161\u012bna tika p\u0101rv\u0113rsta par run\u0101t\u0101ju platformu. T\u0101 kalpoja ar\u012b par skatuvi t. s. partiz\u0101nu te\u0101tra performancei, kas att\u0113loja disidenta klus\u0113\u0161anu Serbska instit\u016bt\u0101 (galven\u0101 Padomju Savien\u012bbas repres\u012bv\u0101s psihiatrijas iest\u0101de, kur\u0101 disidentus atzina par nepieskait\u0101miem).<\/p>\r\n\r\n\r\n\r\n<div class=\"wp-block-columns is-layout-flex wp-container-core-columns-is-layout-9d6595d7 wp-block-columns-is-layout-flex\">\r\n<div class=\"wp-block-column is-layout-flow wp-block-column-is-layout-flow\">\r\n<div class=\"wp-block-image\"><figure class=\"aligncenter size-large\"><a href=\"https:\/\/diaspora.arhivi.lv\/batun\/wp-content\/uploads\/2021\/05\/xScan_20210118-26.jpg\"><img loading=\"lazy\" decoding=\"async\" width=\"1024\" height=\"710\" src=\"https:\/\/diaspora.arhivi.lv\/batun\/wp-content\/uploads\/2021\/05\/xScan_20210118-26-1024x710.jpg\" alt=\"\" class=\"wp-image-1342\" srcset=\"https:\/\/diaspora.arhivi.lv\/batun\/wp-content\/uploads\/2021\/05\/xScan_20210118-26-1024x710.jpg 1024w, https:\/\/diaspora.arhivi.lv\/batun\/wp-content\/uploads\/2021\/05\/xScan_20210118-26-300x208.jpg 300w, https:\/\/diaspora.arhivi.lv\/batun\/wp-content\/uploads\/2021\/05\/xScan_20210118-26-768x533.jpg 768w, https:\/\/diaspora.arhivi.lv\/batun\/wp-content\/uploads\/2021\/05\/xScan_20210118-26-1536x1065.jpg 1536w, https:\/\/diaspora.arhivi.lv\/batun\/wp-content\/uploads\/2021\/05\/xScan_20210118-26-2048x1420.jpg 2048w, https:\/\/diaspora.arhivi.lv\/batun\/wp-content\/uploads\/2021\/05\/xScan_20210118-26-1600x1109.jpg 1600w\" sizes=\"auto, (max-width: 1024px) 100vw, 1024px\" \/><\/a><figcaption>Baltie\u0161u demonstranti \u0145ujork\u0101, 1973.gads. Avots: LNA LVA F.2944.<\/figcaption><\/figure><\/div>\r\n<\/div>\r\n\r\n\r\n\r\n<div class=\"wp-block-column is-layout-flow wp-block-column-is-layout-flow\">\r\n<div class=\"wp-block-image\"><figure class=\"aligncenter size-large\"><a href=\"https:\/\/diaspora.arhivi.lv\/batun\/wp-content\/uploads\/2021\/05\/xBalkunas.jpg\"><img loading=\"lazy\" decoding=\"async\" width=\"1024\" height=\"711\" src=\"https:\/\/diaspora.arhivi.lv\/batun\/wp-content\/uploads\/2021\/05\/xBalkunas-1024x711.jpg\" alt=\"\" class=\"wp-image-1343\" srcset=\"https:\/\/diaspora.arhivi.lv\/batun\/wp-content\/uploads\/2021\/05\/xBalkunas-1024x711.jpg 1024w, https:\/\/diaspora.arhivi.lv\/batun\/wp-content\/uploads\/2021\/05\/xBalkunas-300x208.jpg 300w, https:\/\/diaspora.arhivi.lv\/batun\/wp-content\/uploads\/2021\/05\/xBalkunas-768x534.jpg 768w, https:\/\/diaspora.arhivi.lv\/batun\/wp-content\/uploads\/2021\/05\/xBalkunas-1536x1067.jpg 1536w, https:\/\/diaspora.arhivi.lv\/batun\/wp-content\/uploads\/2021\/05\/xBalkunas-2048x1423.jpg 2048w, https:\/\/diaspora.arhivi.lv\/batun\/wp-content\/uploads\/2021\/05\/xBalkunas-1600x1112.jpg 1600w\" sizes=\"auto, (max-width: 1024px) 100vw, 1024px\" \/><\/a><figcaption>Jonas Balkunas uzst\u0101jas ar runu \u201cBaltie\u0161u jaunatne par br\u012bv\u012bbu\u201d ielas te\u0101tra laik\u0101 uz kravas auto platformas, 1973.gads. Avots: LNA LVA F.2944.<\/figcaption><\/figure><\/div>\r\n<\/div>\r\n\r\n\r\n\r\n<div class=\"wp-block-column is-layout-flow wp-block-column-is-layout-flow\">\r\n<div class=\"wp-block-image\"><figure class=\"aligncenter size-large\"><a href=\"https:\/\/diaspora.arhivi.lv\/batun\/wp-content\/uploads\/2021\/05\/xBYFF-Street-Theathre-protesting-Soviet-to-put-dissidents-in-Psychiatric-clinics.jpg\"><img loading=\"lazy\" decoding=\"async\" width=\"1024\" height=\"707\" src=\"https:\/\/diaspora.arhivi.lv\/batun\/wp-content\/uploads\/2021\/05\/xBYFF-Street-Theathre-protesting-Soviet-to-put-dissidents-in-Psychiatric-clinics-1024x707.jpg\" alt=\"\" class=\"wp-image-1344\" srcset=\"https:\/\/diaspora.arhivi.lv\/batun\/wp-content\/uploads\/2021\/05\/xBYFF-Street-Theathre-protesting-Soviet-to-put-dissidents-in-Psychiatric-clinics-1024x707.jpg 1024w, https:\/\/diaspora.arhivi.lv\/batun\/wp-content\/uploads\/2021\/05\/xBYFF-Street-Theathre-protesting-Soviet-to-put-dissidents-in-Psychiatric-clinics-300x207.jpg 300w, https:\/\/diaspora.arhivi.lv\/batun\/wp-content\/uploads\/2021\/05\/xBYFF-Street-Theathre-protesting-Soviet-to-put-dissidents-in-Psychiatric-clinics-768x530.jpg 768w, https:\/\/diaspora.arhivi.lv\/batun\/wp-content\/uploads\/2021\/05\/xBYFF-Street-Theathre-protesting-Soviet-to-put-dissidents-in-Psychiatric-clinics-1536x1061.jpg 1536w, https:\/\/diaspora.arhivi.lv\/batun\/wp-content\/uploads\/2021\/05\/xBYFF-Street-Theathre-protesting-Soviet-to-put-dissidents-in-Psychiatric-clinics-2048x1414.jpg 2048w, https:\/\/diaspora.arhivi.lv\/batun\/wp-content\/uploads\/2021\/05\/xBYFF-Street-Theathre-protesting-Soviet-to-put-dissidents-in-Psychiatric-clinics-1600x1105.jpg 1600w\" sizes=\"auto, (max-width: 1024px) 100vw, 1024px\" \/><\/a><figcaption>\u201cBaltie\u0161u jaunatne par br\u012bv\u012bbu\u201d ielas te\u0101tra uzvedum\u0101, protest\u0113jot pret disidentu intern\u0113\u0161anu padomju psihiatriskaj\u0101s kl\u012bnik\u0101s. Avots: LNA LVA F.2944.<\/figcaption><\/figure><\/div>\r\n<\/div>\r\n<\/div>\r\n\r\n\r\n\r\n<div class=\"wp-block-image\"><figure class=\"aligncenter size-large\"><a href=\"https:\/\/diaspora.arhivi.lv\/batun\/wp-content\/uploads\/2021\/05\/xBefore-Helsinki-june-23-1973.jpg\"><img loading=\"lazy\" decoding=\"async\" width=\"1024\" height=\"629\" src=\"https:\/\/diaspora.arhivi.lv\/batun\/wp-content\/uploads\/2021\/05\/xBefore-Helsinki-june-23-1973-1024x629.jpg\" alt=\"\" class=\"wp-image-1345\" srcset=\"https:\/\/diaspora.arhivi.lv\/batun\/wp-content\/uploads\/2021\/05\/xBefore-Helsinki-june-23-1973-1024x629.jpg 1024w, https:\/\/diaspora.arhivi.lv\/batun\/wp-content\/uploads\/2021\/05\/xBefore-Helsinki-june-23-1973-300x184.jpg 300w, https:\/\/diaspora.arhivi.lv\/batun\/wp-content\/uploads\/2021\/05\/xBefore-Helsinki-june-23-1973-768x472.jpg 768w, https:\/\/diaspora.arhivi.lv\/batun\/wp-content\/uploads\/2021\/05\/xBefore-Helsinki-june-23-1973-1536x943.jpg 1536w, https:\/\/diaspora.arhivi.lv\/batun\/wp-content\/uploads\/2021\/05\/xBefore-Helsinki-june-23-1973-1600x983.jpg 1600w, https:\/\/diaspora.arhivi.lv\/batun\/wp-content\/uploads\/2021\/05\/xBefore-Helsinki-june-23-1973.jpg 1936w\" sizes=\"auto, (max-width: 1024px) 100vw, 1024px\" \/><\/a><figcaption>Baltie\u0161u demonstranti pie ANO m\u012btnes \u0145ujork\u0101, 1973.gads. Avots: LNA LVA F.2944.<\/figcaption><\/figure><\/div>\r\n\r\n\r\n\r\n<h2 class=\"wp-block-heading\"><strong>Atbalsts Baltijas Pasaules padomes l\u012bderiem<\/strong><\/h2>\r\n\r\n\r\n\r\n<div class=\"wp-block-columns is-layout-flex wp-container-core-columns-is-layout-9d6595d7 wp-block-columns-is-layout-flex\">\r\n<div class=\"wp-block-column is-layout-flow wp-block-column-is-layout-flow\">\r\n<p class=\"has-small-font-size\">1973. gada j\u016blij\u0101 BATUN organiz\u0113ja vienas nakts nomodu pie ANO, lai atbalst\u012btu Eiropas Dro\u0161\u012bbas un sadarb\u012bbas apspriedes (EDSA, v\u0113l\u0101k EDSOO) Helsinku konferences laik\u0101 arest\u0113tos trimdas baltie\u0161u centr\u0101lo organiz\u0101ciju l\u012bderus. \u0160aj\u0101 konferenc\u0113 tika apspriesta teritori\u0101l\u0101 integrit\u0101te, t. i., tika fiks\u0113tas visu Eiropas valstu robe\u017eas, k\u0101das t\u0101s bija tolaik, un tas bija pretrun\u0101 ar pa\u0161noteik\u0161an\u0101s j\u0113dzienu. Min\u0113tie aresti tika veikti p\u0113c Padomju Savien\u012bbas piepras\u012bjuma. BATUN akt\u012bvisti, turot neatkar\u012bg\u0101s Igaunijas, Latvijas un Lietuvas karogus, 24 stundas demonstr\u0113ja pie ANO.<\/p>\r\n<\/div>\r\n\r\n\r\n\r\n<div class=\"wp-block-column is-layout-flow wp-block-column-is-layout-flow\">\r\n<div class=\"wp-block-image\"><figure class=\"aligncenter size-large\"><a href=\"https:\/\/diaspora.arhivi.lv\/batun\/wp-content\/uploads\/2021\/04\/xHelsinki-talks-1975-photo-by-Binkins-vai-Birkins.jpg\"><img loading=\"lazy\" decoding=\"async\" width=\"1024\" height=\"716\" src=\"https:\/\/diaspora.arhivi.lv\/batun\/wp-content\/uploads\/2021\/04\/xHelsinki-talks-1975-photo-by-Binkins-vai-Birkins-1024x716.jpg\" alt=\"\" class=\"wp-image-1109\" srcset=\"https:\/\/diaspora.arhivi.lv\/batun\/wp-content\/uploads\/2021\/04\/xHelsinki-talks-1975-photo-by-Binkins-vai-Birkins-1024x716.jpg 1024w, https:\/\/diaspora.arhivi.lv\/batun\/wp-content\/uploads\/2021\/04\/xHelsinki-talks-1975-photo-by-Binkins-vai-Birkins-300x210.jpg 300w, https:\/\/diaspora.arhivi.lv\/batun\/wp-content\/uploads\/2021\/04\/xHelsinki-talks-1975-photo-by-Binkins-vai-Birkins-768x537.jpg 768w, https:\/\/diaspora.arhivi.lv\/batun\/wp-content\/uploads\/2021\/04\/xHelsinki-talks-1975-photo-by-Binkins-vai-Birkins-1536x1074.jpg 1536w, https:\/\/diaspora.arhivi.lv\/batun\/wp-content\/uploads\/2021\/04\/xHelsinki-talks-1975-photo-by-Binkins-vai-Birkins-2048x1432.jpg 2048w, https:\/\/diaspora.arhivi.lv\/batun\/wp-content\/uploads\/2021\/04\/xHelsinki-talks-1975-photo-by-Binkins-vai-Birkins-1600x1119.jpg 1600w\" sizes=\"auto, (max-width: 1024px) 100vw, 1024px\" \/><\/a><figcaption>Baltie\u0161u demonstranti pie ANO m\u012btnes \u0145ujork\u0101. Foto: \u010c\u0101rlzs Binkins. Avots: LNA LVA F.2944.<\/figcaption><\/figure><\/div>\r\n<\/div>\r\n<\/div>\r\n\r\n\r\n\r\n<h2 class=\"wp-block-heading\"><strong>Austr\u0101lija un Jaunz\u0113lande anul\u0113 Baltijas valstu inkorpor\u0101cijas neatz\u012b\u0161anu<\/strong><\/h2>\r\n\r\n\r\n\r\n<div class=\"wp-block-columns is-layout-flex wp-container-core-columns-is-layout-9d6595d7 wp-block-columns-is-layout-flex\">\r\n<div class=\"wp-block-column is-layout-flow wp-block-column-is-layout-flow\">\r\n<p class=\"has-small-font-size\">Demonstr\u0101cijas tika r\u012bkotas ar\u012b 1974. gada august\u0101, rea\u0123\u0113jot uz Austr\u0101lijas un Jaunz\u0113landes vald\u012bbu pazi\u0146ojumu, ka t\u0101s ir main\u012bju\u0161as savu iepriek\u0161\u0113jo nost\u0101ju un atc\u0113lu\u0161as neatz\u012b\u0161anas politiku attiec\u012bb\u0101 uz Baltijas valstu iek\u013cau\u0161anu Padomju Savien\u012bb\u0101. Austr\u0101lija k\u013cuva par pirmo valsti, kas juridiski atzina Baltijas valstu inkorpor\u0101ciju. BATUN un <em>BYFF<\/em> bija vieni no pirmajiem, kas izteica savu protestu. Austr\u0101lie\u0161u r\u012bc\u012bba izrais\u012bja \u0101tru trimdas baltie\u0161u kopienu reakciju vis\u0101 pasaul\u0113, un \u0161\u012bs aktivit\u0101tes no \u0145ujorkas koordin\u0113ja BATUN. Pirm\u0101 demonstr\u0101cija, kas tika organiz\u0113ta \u0101rpus Austr\u0101lijas, notika 12. august\u0101 pie Austr\u0101lijas aviokomp\u0101nijas \u201c<em>Qantas<\/em>\u201d biroja \u0145ujork\u0101. Tai sekoja v\u0113l tr\u012bs demonstr\u0101cijas: 17. august\u0101 Taimskv\u0113r\u0101 ar g\u0101jienu uz Austr\u0101lijas konsul\u0101tu, 19. septembr\u012b pie Austr\u0101lijas p\u0101rst\u0101vniec\u012bbas ANO un 30. septembr\u012b ANO \u0113kas priek\u0161\u0101 laik\u0101, kad Austr\u0101lijas premjerministrs Gofs Vitlems (<em>Gough Whitlam<\/em>) teica runu ANO \u0122ener\u0101laj\u0101 asamblej\u0101. BATUN bija liela loma vis\u0101s \u0161aj\u0101s demonstr\u0101cij\u0101s.<\/p>\r\n<\/div>\r\n\r\n\r\n\r\n<div class=\"wp-block-column is-layout-flow wp-block-column-is-layout-flow\">\r\n<div class=\"wp-block-image\"><figure class=\"aligncenter size-large is-resized\"><a href=\"https:\/\/diaspora.arhivi.lv\/batun\/wp-content\/uploads\/2021\/04\/x66-OMF-20990_22-scaled.jpg\"><img loading=\"lazy\" decoding=\"async\" src=\"https:\/\/diaspora.arhivi.lv\/batun\/wp-content\/uploads\/2021\/04\/x66-OMF-20990_22-1024x923.jpg\" alt=\"\" class=\"wp-image-1116\" width=\"423\" height=\"381\" srcset=\"https:\/\/diaspora.arhivi.lv\/batun\/wp-content\/uploads\/2021\/04\/x66-OMF-20990_22-1024x923.jpg 1024w, https:\/\/diaspora.arhivi.lv\/batun\/wp-content\/uploads\/2021\/04\/x66-OMF-20990_22-300x271.jpg 300w, https:\/\/diaspora.arhivi.lv\/batun\/wp-content\/uploads\/2021\/04\/x66-OMF-20990_22-768x692.jpg 768w, https:\/\/diaspora.arhivi.lv\/batun\/wp-content\/uploads\/2021\/04\/x66-OMF-20990_22-1536x1385.jpg 1536w, https:\/\/diaspora.arhivi.lv\/batun\/wp-content\/uploads\/2021\/04\/x66-OMF-20990_22-2048x1847.jpg 2048w, https:\/\/diaspora.arhivi.lv\/batun\/wp-content\/uploads\/2021\/04\/x66-OMF-20990_22-1600x1443.jpg 1600w\" sizes=\"auto, (max-width: 423px) 100vw, 423px\" \/><\/a><figcaption>Demonstr\u0101cija pie Austr\u0101lijas aviokomp\u0101nijas \u201c<em>Qantas<\/em>\u201d biroja \u0145ujork\u0101, protest\u0113jot pret Austr\u0101lijas vald\u012bbas pazi\u0146ojumu atz\u012bt Baltijas valstu inkorpor\u0101ciju Padomju Savien\u012bb\u0101, 1974.gada 13.augusts. Avots: Latvijas Okup\u0101cijas muzejs.<\/figcaption><\/figure><\/div>\r\n<\/div>\r\n<\/div>\r\n\r\n\r\n\r\n<p class=\"has-small-font-size\"><\/p>\r\n\r\n\r\n\r\n<div class=\"wp-block-columns is-layout-flex wp-container-core-columns-is-layout-9d6595d7 wp-block-columns-is-layout-flex\">\r\n<div class=\"wp-block-column is-layout-flow wp-block-column-is-layout-flow\">\r\n<div class=\"wp-block-image\"><figure class=\"aligncenter size-large is-resized\"><a href=\"https:\/\/diaspora.arhivi.lv\/batun\/wp-content\/uploads\/2021\/04\/xScan_20210303-4.jpg\"><img loading=\"lazy\" decoding=\"async\" src=\"https:\/\/diaspora.arhivi.lv\/batun\/wp-content\/uploads\/2021\/04\/xScan_20210303-4.jpg\" alt=\"\" class=\"wp-image-1117\" width=\"324\" height=\"329\" srcset=\"https:\/\/diaspora.arhivi.lv\/batun\/wp-content\/uploads\/2021\/04\/xScan_20210303-4.jpg 1007w, https:\/\/diaspora.arhivi.lv\/batun\/wp-content\/uploads\/2021\/04\/xScan_20210303-4-295x300.jpg 295w, https:\/\/diaspora.arhivi.lv\/batun\/wp-content\/uploads\/2021\/04\/xScan_20210303-4-768x782.jpg 768w\" sizes=\"auto, (max-width: 324px) 100vw, 324px\" \/><\/a><figcaption>Divas demonstrantes protest\u0113 pret Austr\u0101lijas vald\u012bbas pazi\u0146ojumu atz\u012bt Baltijas valstu inkorpor\u0101ciju Padomju Savien\u012bb\u0101, 1974.gada 13.augusts. Avots: LNA LVA F.2944.<\/figcaption><\/figure><\/div>\r\n<\/div>\r\n\r\n\r\n\r\n<div class=\"wp-block-column is-layout-flow wp-block-column-is-layout-flow\">\r\n<div class=\"wp-block-image\"><figure class=\"aligncenter size-large is-resized\"><a href=\"https:\/\/diaspora.arhivi.lv\/batun\/wp-content\/uploads\/2021\/04\/xPostcard-Beware-Australia-By-recognizing-de-jure-incorporation-of-BS-into-SU-Australia-has-invited-the-Soviet-bear-to-look-upon-next-victim.-unknown-author-32.jpg\"><img loading=\"lazy\" decoding=\"async\" src=\"https:\/\/diaspora.arhivi.lv\/batun\/wp-content\/uploads\/2021\/04\/xPostcard-Beware-Australia-By-recognizing-de-jure-incorporation-of-BS-into-SU-Australia-has-invited-the-Soviet-bear-to-look-upon-next-victim.-unknown-author-32-1024x697.jpg\" alt=\"\" class=\"wp-image-1118\" width=\"474\" height=\"322\" srcset=\"https:\/\/diaspora.arhivi.lv\/batun\/wp-content\/uploads\/2021\/04\/xPostcard-Beware-Australia-By-recognizing-de-jure-incorporation-of-BS-into-SU-Australia-has-invited-the-Soviet-bear-to-look-upon-next-victim.-unknown-author-32-1024x697.jpg 1024w, https:\/\/diaspora.arhivi.lv\/batun\/wp-content\/uploads\/2021\/04\/xPostcard-Beware-Australia-By-recognizing-de-jure-incorporation-of-BS-into-SU-Australia-has-invited-the-Soviet-bear-to-look-upon-next-victim.-unknown-author-32-300x204.jpg 300w, https:\/\/diaspora.arhivi.lv\/batun\/wp-content\/uploads\/2021\/04\/xPostcard-Beware-Australia-By-recognizing-de-jure-incorporation-of-BS-into-SU-Australia-has-invited-the-Soviet-bear-to-look-upon-next-victim.-unknown-author-32-768x523.jpg 768w, https:\/\/diaspora.arhivi.lv\/batun\/wp-content\/uploads\/2021\/04\/xPostcard-Beware-Australia-By-recognizing-de-jure-incorporation-of-BS-into-SU-Australia-has-invited-the-Soviet-bear-to-look-upon-next-victim.-unknown-author-32-1536x1046.jpg 1536w, https:\/\/diaspora.arhivi.lv\/batun\/wp-content\/uploads\/2021\/04\/xPostcard-Beware-Australia-By-recognizing-de-jure-incorporation-of-BS-into-SU-Australia-has-invited-the-Soviet-bear-to-look-upon-next-victim.-unknown-author-32-1600x1090.jpg 1600w, https:\/\/diaspora.arhivi.lv\/batun\/wp-content\/uploads\/2021\/04\/xPostcard-Beware-Australia-By-recognizing-de-jure-incorporation-of-BS-into-SU-Australia-has-invited-the-Soviet-bear-to-look-upon-next-victim.-unknown-author-32.jpg 1809w\" sizes=\"auto, (max-width: 474px) 100vw, 474px\" \/><\/a><figcaption>Pastkarte ar nosaukumu &#8220;Sargies, Austr\u0101lija!&#8221;, izsludinot br\u012bdin\u0101jumu, ka atz\u012bstot Baltijas valstu <em>de jure<\/em> inkorpor\u0101ciju Padomju Savien\u012bb\u0101, Austr\u0101lija ir uzaicin\u0101jusi padomju l\u0101ci pielav\u012bties savam n\u0101kamajam upurim. Autors nezin\u0101ms. Avots: LNA LVA F.2944.<\/figcaption><\/figure><\/div>\r\n<\/div>\r\n<\/div>\r\n\r\n\r\n\r\n<h2 class=\"wp-block-heading\"><strong><strong>Br\u0101\u013ci Br\u016bveri<\/strong><\/strong><\/h2>\r\n\r\n\r\n\r\n<div class=\"wp-block-columns is-layout-flex wp-container-core-columns-is-layout-9d6595d7 wp-block-columns-is-layout-flex\">\r\n<div class=\"wp-block-column is-layout-flow wp-block-column-is-layout-flow\">\r\n<p class=\"has-small-font-size\">Individu\u0101lo cilv\u0113kties\u012bbu jom\u0101 BATUN 1975. gad\u0101 pal\u012bdz\u0113ja organiz\u0113t un \u012bstenot vair\u0101kus pas\u0101kumus R\u012bg\u0101 arest\u0113to br\u0101\u013cu Br\u016bveru \u2013 Olafa un P\u0101vila \u2013 lab\u0101. Vi\u0146us arest\u0113ja par inform\u0101cijas v\u0101k\u0161anu sabiedrisk\u0101s domas aptaujai, kas atspogu\u013cotu cilv\u0113ku attieksmi pret da\u017e\u0101diem dz\u012bves aspektiem t\u0101 laika Latvij\u0101. Olafs un P\u0101vils non\u0101ca pie secin\u0101juma, ka tautas br\u012bv\u012bba un reli\u0123ijas sludin\u0101\u0161ana ir iesp\u0113jama vien tad, ja tiek atjaunota Latvijas br\u012bv\u012bba un atjaunota demokr\u0101tija. BATUN pal\u012bdz\u0113ja Br\u016bveru br\u0101lim Danielam ierasties ASV, lai br\u0101\u013cu v\u0101rd\u0101 v\u0113rstos ANO, BATUN ar\u012b organiz\u0113ja un piedal\u012bj\u0101s ned\u0113\u013cu ilg\u0101 diennakts nomod\u0101 pie ANO galven\u0101s m\u012btnes \u0145ujork\u0101. 1976. gad\u0101 p\u0113c bada streika un asto\u0146u m\u0113ne\u0161u c\u012b\u0146as br\u0101\u013ci Br\u016bveri beidzot tika izraid\u012bti no Padomju Savien\u012bbas un vi\u0146i emigr\u0113ja uz Rietumiem. T\u0101 bija viena no pirmaj\u0101m uzvar\u0101m cilv\u0113kties\u012bbu jom\u0101 okup\u0113taj\u0101 Latvij\u0101.<\/p>\r\n\r\n\r\n\r\n<div class=\"wp-block-columns is-layout-flex wp-container-core-columns-is-layout-9d6595d7 wp-block-columns-is-layout-flex\">\r\n<div class=\"wp-block-column is-layout-flow wp-block-column-is-layout-flow\">\r\n<div class=\"wp-block-image\"><figure class=\"aligncenter size-large\"><img loading=\"lazy\" decoding=\"async\" width=\"1024\" height=\"711\" src=\"https:\/\/diaspora.arhivi.lv\/batun\/wp-content\/uploads\/2021\/05\/xBinkin-1024x711.jpg\" alt=\"\" class=\"wp-image-1347\" srcset=\"https:\/\/diaspora.arhivi.lv\/batun\/wp-content\/uploads\/2021\/05\/xBinkin-1024x711.jpg 1024w, https:\/\/diaspora.arhivi.lv\/batun\/wp-content\/uploads\/2021\/05\/xBinkin-300x208.jpg 300w, https:\/\/diaspora.arhivi.lv\/batun\/wp-content\/uploads\/2021\/05\/xBinkin-768x534.jpg 768w, https:\/\/diaspora.arhivi.lv\/batun\/wp-content\/uploads\/2021\/05\/xBinkin-1536x1067.jpg 1536w, https:\/\/diaspora.arhivi.lv\/batun\/wp-content\/uploads\/2021\/05\/xBinkin-2048x1423.jpg 2048w, https:\/\/diaspora.arhivi.lv\/batun\/wp-content\/uploads\/2021\/05\/xBinkin-1600x1112.jpg 1600w\" sizes=\"auto, (max-width: 1024px) 100vw, 1024px\" \/><figcaption>Baltie\u0161u g\u0101jiens pa 5.av\u0113niju no Sv. Patrika katedr\u0101les uz Centr\u0101lparku \u0145ujork\u0101, lai protest\u0113tu pret br\u0101\u013cu Br\u016bveru arestu, 1974.gada j\u016blij\u0101. Avots: LNA LVA F.2944.<\/figcaption><\/figure><\/div>\r\n<\/div>\r\n\r\n\r\n\r\n<div class=\"wp-block-column is-layout-flow wp-block-column-is-layout-flow\">\r\n<div class=\"wp-block-image\"><figure class=\"aligncenter size-large\"><a href=\"https:\/\/diaspora.arhivi.lv\/batun\/wp-content\/uploads\/2021\/05\/xBruvers-brothers-photo-credit-charles-Binkins-scaled.jpg\"><img loading=\"lazy\" decoding=\"async\" width=\"1024\" height=\"703\" src=\"https:\/\/diaspora.arhivi.lv\/batun\/wp-content\/uploads\/2021\/05\/xBruvers-brothers-photo-credit-charles-Binkins-1024x703.jpg\" alt=\"\" class=\"wp-image-1348\" srcset=\"https:\/\/diaspora.arhivi.lv\/batun\/wp-content\/uploads\/2021\/05\/xBruvers-brothers-photo-credit-charles-Binkins-1024x703.jpg 1024w, https:\/\/diaspora.arhivi.lv\/batun\/wp-content\/uploads\/2021\/05\/xBruvers-brothers-photo-credit-charles-Binkins-300x206.jpg 300w, https:\/\/diaspora.arhivi.lv\/batun\/wp-content\/uploads\/2021\/05\/xBruvers-brothers-photo-credit-charles-Binkins-768x527.jpg 768w, https:\/\/diaspora.arhivi.lv\/batun\/wp-content\/uploads\/2021\/05\/xBruvers-brothers-photo-credit-charles-Binkins-1536x1055.jpg 1536w, https:\/\/diaspora.arhivi.lv\/batun\/wp-content\/uploads\/2021\/05\/xBruvers-brothers-photo-credit-charles-Binkins-2048x1407.jpg 2048w, https:\/\/diaspora.arhivi.lv\/batun\/wp-content\/uploads\/2021\/05\/xBruvers-brothers-photo-credit-charles-Binkins-1600x1099.jpg 1600w\" sizes=\"auto, (max-width: 1024px) 100vw, 1024px\" \/><\/a><figcaption>Baltie\u0161u g\u0101jiens pa 5.av\u0113niju no Sv. Patrika katedr\u0101les uz Centr\u0101lparku \u0145ujork\u0101, lai protest\u0113tu pret br\u0101\u013cu Br\u016bveru arestu, 1974.gada j\u016blij\u0101. Avots: LNA LVA F.2944.<\/figcaption><\/figure><\/div>\r\n<\/div>\r\n\r\n\r\n\r\n<div class=\"wp-block-column is-layout-flow wp-block-column-is-layout-flow\">\r\n<div class=\"wp-block-image\"><figure class=\"aligncenter size-large\"><a href=\"https:\/\/diaspora.arhivi.lv\/batun\/wp-content\/uploads\/2021\/05\/xScan_20210302-11.jpg\"><img loading=\"lazy\" decoding=\"async\" width=\"1024\" height=\"723\" src=\"https:\/\/diaspora.arhivi.lv\/batun\/wp-content\/uploads\/2021\/05\/xScan_20210302-11-1024x723.jpg\" alt=\"\" class=\"wp-image-1349\" srcset=\"https:\/\/diaspora.arhivi.lv\/batun\/wp-content\/uploads\/2021\/05\/xScan_20210302-11-1024x723.jpg 1024w, https:\/\/diaspora.arhivi.lv\/batun\/wp-content\/uploads\/2021\/05\/xScan_20210302-11-300x212.jpg 300w, https:\/\/diaspora.arhivi.lv\/batun\/wp-content\/uploads\/2021\/05\/xScan_20210302-11-768x543.jpg 768w, https:\/\/diaspora.arhivi.lv\/batun\/wp-content\/uploads\/2021\/05\/xScan_20210302-11.jpg 1475w\" sizes=\"auto, (max-width: 1024px) 100vw, 1024px\" \/><\/a><figcaption>Olafs Br\u016bveris un Juta Ristso pie ANO Cilv\u0113kties\u012bbu komisijas \u0113kas \u017den\u0113v\u0101. LNA LVA F.2944.<\/figcaption><\/figure><\/div>\r\n<\/div>\r\n<\/div>\r\n\r\n\r\n\r\n<h2 class=\"wp-block-heading\"><strong>Tr\u012bs dienu bada streiks<\/strong><\/h2>\r\n\r\n\r\n\r\n<div class=\"wp-block-columns is-layout-flex wp-container-core-columns-is-layout-9d6595d7 wp-block-columns-is-layout-flex\">\r\n<div class=\"wp-block-column is-layout-flow wp-block-column-is-layout-flow\">\r\n<p class=\"has-small-font-size\">1978. gad\u0101 no 2. l\u012bdz 5. maijam pie ANO m\u012btnes tika organiz\u0113ts tr\u012bs dienu bada streiks, lai protest\u0113tu pret Viktora Kalni\u0146a arestu Latvij\u0101. Latvie\u0161u \u017eurn\u0101lists un nacion\u0101l\u0101s preto\u0161an\u0101s kust\u012bbas dal\u012bbnieks Viktors Kalni\u0146\u0161 pirmo reizi tika arest\u0113ts 1962. gada s\u0101kum\u0101. Vi\u0146am tika izvirz\u012btas aps\u016bdz\u012bbas par \u201cm\u0113\u0123in\u0101jumu vardarb\u012bg\u0101 veid\u0101 atdal\u012bt Latviju no PSRS\u201d, un padomju tiesa vi\u0146am piesprieda sodu \u2013 10 gadus cietum\u0101. 1972. gad\u0101 Kalni\u0146\u0161 tika atbr\u012bvots. 1977. gad\u0101 vi\u0146u arest\u0113ja atk\u0101rtoti par nodomu izveidot Latvijas, Lietuvas un Igaunijas nacion\u0101l\u0101s atbr\u012bvo\u0161anas komitejas un dibin\u0101t neleg\u0101lu \u017eurn\u0101lu. Kalni\u0146a sievai Hel\u0113nai Celmi\u0146ai \u013c\u0101va doties uz Rietumeiropu, bet Kalni\u0146\u0161 tika aiztur\u0113ts, lai pabeigtu pratin\u0101\u0161anu. Starptautiskie protesti pan\u0101ca to, ka 1978. gada j\u016bnij\u0101 vi\u0146am tika at\u013cauts izbraukt, un abi p\u0101rc\u0113l\u0101s uz Amerikas Savienotaj\u0101m Valst\u012bm.<\/p>\r\n\r\n\r\n\r\n<div class=\"wp-block-columns is-layout-flex wp-container-core-columns-is-layout-9d6595d7 wp-block-columns-is-layout-flex\">\r\n<div class=\"wp-block-column is-layout-flow wp-block-column-is-layout-flow\">\r\n<div class=\"wp-block-image\"><figure class=\"aligncenter size-large is-resized\"><a href=\"https:\/\/diaspora.arhivi.lv\/batun\/wp-content\/uploads\/2021\/04\/xhunger-strike-1978-Prestige-Prints-by-Berkey-scaled.jpg\"><img loading=\"lazy\" decoding=\"async\" src=\"https:\/\/diaspora.arhivi.lv\/batun\/wp-content\/uploads\/2021\/04\/xhunger-strike-1978-Prestige-Prints-by-Berkey-1024x679.jpg\" alt=\"\" class=\"wp-image-1127\" width=\"430\" height=\"285\" srcset=\"https:\/\/diaspora.arhivi.lv\/batun\/wp-content\/uploads\/2021\/04\/xhunger-strike-1978-Prestige-Prints-by-Berkey-1024x679.jpg 1024w, https:\/\/diaspora.arhivi.lv\/batun\/wp-content\/uploads\/2021\/04\/xhunger-strike-1978-Prestige-Prints-by-Berkey-300x199.jpg 300w, https:\/\/diaspora.arhivi.lv\/batun\/wp-content\/uploads\/2021\/04\/xhunger-strike-1978-Prestige-Prints-by-Berkey-768x510.jpg 768w, https:\/\/diaspora.arhivi.lv\/batun\/wp-content\/uploads\/2021\/04\/xhunger-strike-1978-Prestige-Prints-by-Berkey-1536x1019.jpg 1536w, https:\/\/diaspora.arhivi.lv\/batun\/wp-content\/uploads\/2021\/04\/xhunger-strike-1978-Prestige-Prints-by-Berkey-2048x1359.jpg 2048w, https:\/\/diaspora.arhivi.lv\/batun\/wp-content\/uploads\/2021\/04\/xhunger-strike-1978-Prestige-Prints-by-Berkey-1600x1062.jpg 1600w\" sizes=\"auto, (max-width: 430px) 100vw, 430px\" \/><\/a><figcaption>BATUN akt\u012bvisti bada streika laik\u0101 pie ANO m\u012btnes \u0145ujork\u0101, 1978.gads. No kreis\u0101s: Uldis Blu\u0137is, Vija Siksna Kl\u012bve, Ints Rupners. Foto: Berkejs. Avots: LNA LVA F.2944.<\/figcaption><\/figure><\/div>\r\n<\/div>\r\n\r\n\r\n\r\n<div class=\"wp-block-column is-layout-flow wp-block-column-is-layout-flow\">\r\n<figure class=\"wp-block-video aligncenter\"><video height=\"576\" style=\"aspect-ratio: 720 \/ 576;\" width=\"720\" controls src=\"https:\/\/diaspora.arhivi.lv\/batun\/wp-content\/uploads\/2021\/04\/Rupners-par-bada-streiku.mp4\"><\/video><figcaption>Biju\u0161ais BATUN prezidents Ints Rupners intervij\u0101 st\u0101sta par Viktoram Kalni\u0146am velt\u012bto bada streiku un inform\u0101cijas avotiem par Baltijas disidentiem. Avots: LNA LVA F.2944.<\/figcaption><\/figure>\r\n<\/div>\r\n<\/div>\r\n<\/div>\r\n<\/div>\r\n\r\n\r\n\r\n<h2 class=\"wp-block-heading\"><strong>Nomods par<\/strong> <strong>Jiri Kuku<\/strong><\/h2>\r\n\r\n\r\n\r\n<div class=\"wp-block-columns is-layout-flex wp-container-core-columns-is-layout-9d6595d7 wp-block-columns-is-layout-flex\">\r\n<div class=\"wp-block-column is-layout-flow wp-block-column-is-layout-flow\">\r\n<p class=\"has-small-font-size\">Uzzinot par disidenta Jiri Kuka (<em>J\u00fcri Kukk<\/em>) n\u0101vi, BATUN nekav\u0113joties organiz\u0113ja svec\u012b\u0161u nakts nomodu pie PSRS past\u0101v\u012bg\u0101s misijas \u0145ujork\u0101. Jiri Kuks bija igau\u0146u \u0137\u012bmi\u0137is, Tartu Universit\u0101tes doc\u0113t\u0101js. Vi\u0146\u0161 tika arest\u0113ts 1980. gada febru\u0101r\u012b par \u201cpretpadomju propagandas izplat\u012b\u0161anu\u201d. Kuks nomira padomju darba nometn\u0113 Vologd\u0101 p\u0113c vair\u0101ku m\u0113ne\u0161u ilga badastreika un psihiatrisk\u0101s \u0101rst\u0113\u0161anas. Inform\u0101cija par Jiri Kuku tika sniegta ar\u012b pla\u0161sazi\u0146as l\u012bdzek\u013ciem un ANO past\u0101v\u012bgaj\u0101m misij\u0101m. Balstoties uz \u0161o inform\u0101ciju, Karls Ger\u0161mans (<em>Karl Gershman<\/em>), ASV misijas p\u0101rst\u0101vis, sav\u0101 run\u0101 ANO 1981. gada 9. oktobr\u012b apl\u016bkoja ar\u012b Jiri Kuka lietu.<\/p>\r\n\r\n\r\n\r\n<div class=\"wp-block-image\"><figure class=\"aligncenter size-large\"><a href=\"https:\/\/diaspora.arhivi.lv\/batun\/wp-content\/uploads\/2021\/04\/xBATUN-members-at-Juri-Kukk-vigil-36-1.jpg\"><img loading=\"lazy\" decoding=\"async\" width=\"1017\" height=\"662\" src=\"https:\/\/diaspora.arhivi.lv\/batun\/wp-content\/uploads\/2021\/04\/xBATUN-members-at-Juri-Kukk-vigil-36-1.jpg\" alt=\"\" class=\"wp-image-1132\" srcset=\"https:\/\/diaspora.arhivi.lv\/batun\/wp-content\/uploads\/2021\/04\/xBATUN-members-at-Juri-Kukk-vigil-36-1.jpg 1017w, https:\/\/diaspora.arhivi.lv\/batun\/wp-content\/uploads\/2021\/04\/xBATUN-members-at-Juri-Kukk-vigil-36-1-300x195.jpg 300w, https:\/\/diaspora.arhivi.lv\/batun\/wp-content\/uploads\/2021\/04\/xBATUN-members-at-Juri-Kukk-vigil-36-1-768x500.jpg 768w\" sizes=\"auto, (max-width: 1017px) 100vw, 1017px\" \/><\/a><figcaption>Linda Martina, Juta Ristso un Ints Rupners BATUN organiz\u0113taj\u0101 nomod\u0101, kas velt\u012bts disidentam Jiri Kukam, 1980.gads. Avots: LNA LVA F.2944.<\/figcaption><\/figure><\/div>\r\n<\/div>\r\n\r\n\r\n\r\n<div class=\"wp-block-column is-layout-flow wp-block-column-is-layout-flow\">\r\n<div class=\"wp-block-image\"><figure class=\"aligncenter size-large is-resized\"><a href=\"https:\/\/diaspora.arhivi.lv\/batun\/wp-content\/uploads\/2021\/04\/xScan_20210303-8.jpg\"><img loading=\"lazy\" decoding=\"async\" src=\"https:\/\/diaspora.arhivi.lv\/batun\/wp-content\/uploads\/2021\/04\/xScan_20210303-8-689x1024.jpg\" alt=\"\" class=\"wp-image-1131\" width=\"414\" height=\"616\" srcset=\"https:\/\/diaspora.arhivi.lv\/batun\/wp-content\/uploads\/2021\/04\/xScan_20210303-8-689x1024.jpg 689w, https:\/\/diaspora.arhivi.lv\/batun\/wp-content\/uploads\/2021\/04\/xScan_20210303-8-202x300.jpg 202w, https:\/\/diaspora.arhivi.lv\/batun\/wp-content\/uploads\/2021\/04\/xScan_20210303-8-768x1142.jpg 768w, https:\/\/diaspora.arhivi.lv\/batun\/wp-content\/uploads\/2021\/04\/xScan_20210303-8.jpg 1002w\" sizes=\"auto, (max-width: 414px) 100vw, 414px\" \/><\/a><figcaption>Viena no baltie\u0161u demonstr\u0101cij\u0101m pret PSRS v\u0113rstaj\u0101m represij\u0101m pret Baltijas politieslodz\u012btajiem. Viens no tiem piemin\u0113ts ir ar\u012b Jiri Kuks &#8211; &#8220;M\u0113s neesam aizmirsu\u0161i.&#8221; Avots: LNA LVA F.2944.<\/figcaption><\/figure><\/div>\r\n<\/div>\r\n<\/div>\r\n<\/div>\r\n<\/div>\r\n\r\n\r\n\r\n<h2 class=\"wp-block-heading\"><strong>Baltijas valstu okup\u0101cijas 40. gadadiena<\/strong><\/h2>\r\n\r\n\r\n\r\n<p class=\"has-small-font-size\">1980. gad\u0101 uzman\u012bba tika piev\u0113rsta 40. gadadienai, kop\u0161 Padomju Savien\u012bba okup\u0113ja Baltijas valstis, un pras\u012bbai, lai ANO \u0122ener\u0101l\u0101s asamblejas darba k\u0101rt\u012bb\u0101 iek\u013cautu Baltijas valstu jaut\u0101jumu. 1980. gada 27. septembr\u012b tika iepl\u0101nota Baltijas br\u012bv\u012bbas demonstr\u0101cija. Uzst\u0101ties uzaicin\u0101ja jauniev\u0113l\u0113to senatoru Alfonsu D\u2019Amato no \u0145ujorkas, Simu Kudirku un Pasaules Baltie\u0161u apvien\u012bbas&nbsp;priek\u0161s\u0113d\u0113t\u0101ju.<\/p>\r\n\r\n\r\n\r\n<figure class=\"wp-block-audio\"><audio controls src=\"https:\/\/diaspora.arhivi.lv\/batun\/wp-content\/uploads\/2021\/04\/LVA_F2579_GV49_0001-9mb.mp3\"><\/audio><figcaption>Dagm\u0101ras Vallenas audioieraksts no Baltijas br\u012bv\u012bbas demonstr\u0101cijas \u0145ujork\u0101 1980.gada 27.septembr\u012b. Ierakst\u0101 dzirdamas ASV prezidenta p\u0101rst\u0101vja V.Mongieardo, Amerikas Ukrai\u0146u Kongresa komitejas prezidenta Maikla Spantaka un citu run\u0101t\u0101ju uzrunas. Avots: LNA LVA F.2579, A.3v, L.49. <\/figcaption><\/figure>\r\n\r\n\r\n\r\n<hr class=\"wp-block-separator\"\/>\r\n\r\n\r\n\r\n<div class=\"wp-block-columns is-layout-flex wp-container-core-columns-is-layout-9d6595d7 wp-block-columns-is-layout-flex\">\r\n<div class=\"wp-block-column is-layout-flow wp-block-column-is-layout-flow\">\r\n<p class=\"has-small-font-size\">Sims Kudirka sav\u0101 uzrun\u0101 uzsv\u0113ra:<\/p>\r\n\r\n\r\n\r\n<blockquote class=\"wp-block-quote is-layout-flow wp-block-quote-is-layout-flow\"><p>\u201cPasaul\u0113 br\u012bv\u012bba ir apdraud\u0113ta, kaut kas ir j\u0101dara, lai saglab\u0101tu br\u012bv\u012bbu bez kompromisiem!\u201d<\/p><\/blockquote>\r\n\r\n\r\n\r\n<p class=\"has-small-font-size\">Savuk\u0101rt lietuvietis Vlads \u0160akalis (<em>Vladas \u0160akalys<\/em>), kur\u0161 tikai m\u0113nesi iepriek\u0161 caur Somiju bija aizb\u0113dzis uz Zviedriju, br\u012bdin\u0101ja:<\/p>\r\n\r\n\r\n\r\n<blockquote class=\"wp-block-quote is-layout-flow wp-block-quote-is-layout-flow\"><p>\u201cNevar cer\u0113t uz br\u012bv\u012bbu, par to ir j\u0101c\u012bn\u0101s. K\u0101dreiz Baltijas valstis bija Tautu Savien\u012bbas dal\u012bbvalstis, tagad t\u0101m vajadz\u0113tu b\u016bt t\u0101d\u0101m pa\u0161\u0101m ties\u012bb\u0101m k\u0101 jaunaj\u0101m zem\u0113m. ANO ir j\u0101atmet savi dubultie priek\u0161stati!\u201d<\/p><\/blockquote>\r\n<\/div>\r\n\r\n\r\n\r\n<div class=\"wp-block-column is-layout-flow wp-block-column-is-layout-flow\">\r\n<figure class=\"wp-block-image size-large\"><a href=\"https:\/\/diaspora.arhivi.lv\/batun\/wp-content\/uploads\/2021\/04\/xScan_20201113-18.jpg\"><img loading=\"lazy\" decoding=\"async\" width=\"1024\" height=\"724\" src=\"https:\/\/diaspora.arhivi.lv\/batun\/wp-content\/uploads\/2021\/04\/xScan_20201113-18-1024x724.jpg\" alt=\"\" class=\"wp-image-1143\" srcset=\"https:\/\/diaspora.arhivi.lv\/batun\/wp-content\/uploads\/2021\/04\/xScan_20201113-18-1024x724.jpg 1024w, https:\/\/diaspora.arhivi.lv\/batun\/wp-content\/uploads\/2021\/04\/xScan_20201113-18-300x212.jpg 300w, https:\/\/diaspora.arhivi.lv\/batun\/wp-content\/uploads\/2021\/04\/xScan_20201113-18-768x543.jpg 768w, https:\/\/diaspora.arhivi.lv\/batun\/wp-content\/uploads\/2021\/04\/xScan_20201113-18-1536x1086.jpg 1536w, https:\/\/diaspora.arhivi.lv\/batun\/wp-content\/uploads\/2021\/04\/xScan_20201113-18-2048x1448.jpg 2048w, https:\/\/diaspora.arhivi.lv\/batun\/wp-content\/uploads\/2021\/04\/xScan_20201113-18-1600x1131.jpg 1600w\" sizes=\"auto, (max-width: 1024px) 100vw, 1024px\" \/><\/a><figcaption>Sims Kudirka uzrun\u0101 baltie\u0161us Baltijas br\u012bv\u012bbas demonstr\u0101cij\u0101 1980.gada 27.septembr\u012b. Avots: LNA LVA F.2944.<\/figcaption><\/figure>\r\n<\/div>\r\n<\/div>\r\n\r\n\r\n\r\n<p class=\"has-small-font-size\">M\u012bti\u0146\u0101 piedal\u012bj\u0101s apm\u0113ram t\u016bkstotis dal\u012bbnieku, no kuriem liela da\u013ca bija gados jauni cilv\u0113ki. Demonstranti tur\u0113ja plak\u0101tus ar Padomju Savien\u012bb\u0101 apcietin\u0101to baltie\u0161u politieslodz\u012bto fotogr\u0101fij\u0101m. Kaut ar\u012b preses rel\u012bzes un pamatinform\u0101cija tika nos\u016bt\u012bta visiem liel\u0101kajiem pla\u0161sazi\u0146as l\u012bdzek\u013ciem un papildus tika veikti t\u0101lru\u0146a zvani, pas\u0101kuma atspogu\u013cojums pla\u0161sazi\u0146as l\u012bdzek\u013cos bija niec\u012bgs. Baltijas br\u012bv\u012bbas demonstr\u0101cija bija p\u0113d\u0113jais BATUN r\u012bkotais masveida sabiedriskais protests. Laiki main\u012bj\u0101s, un tagad bija iesp\u0113jas ieg\u016bt daudz vair\u0101k inform\u0101cijas par notikumiem Baltijas valst\u012bs. P\u0113c 1981. gada BATUN mekl\u0113ja citus veidus, k\u0101 izplat\u012bt inform\u0101ciju par Baltijas valst\u012bm un to iedz\u012bvot\u0101jiem.<\/p>\r\n\r\n\r\n\r\n<div class=\"wp-block-columns is-layout-flex wp-container-core-columns-is-layout-9d6595d7 wp-block-columns-is-layout-flex\">\r\n<div class=\"wp-block-column is-layout-flow wp-block-column-is-layout-flow\">\r\n<div class=\"wp-block-image\"><figure class=\"aligncenter size-large\"><a href=\"https:\/\/diaspora.arhivi.lv\/batun\/wp-content\/uploads\/2021\/04\/demonstracija-pret-PSRS-okupacijas-politiku-NY-1980.gada-27.septembri.jpg\"><img loading=\"lazy\" decoding=\"async\" width=\"1024\" height=\"707\" src=\"https:\/\/diaspora.arhivi.lv\/batun\/wp-content\/uploads\/2021\/04\/demonstracija-pret-PSRS-okupacijas-politiku-NY-1980.gada-27.septembri-1024x707.jpg\" alt=\"\" class=\"wp-image-1150\" srcset=\"https:\/\/diaspora.arhivi.lv\/batun\/wp-content\/uploads\/2021\/04\/demonstracija-pret-PSRS-okupacijas-politiku-NY-1980.gada-27.septembri-1024x707.jpg 1024w, https:\/\/diaspora.arhivi.lv\/batun\/wp-content\/uploads\/2021\/04\/demonstracija-pret-PSRS-okupacijas-politiku-NY-1980.gada-27.septembri-300x207.jpg 300w, https:\/\/diaspora.arhivi.lv\/batun\/wp-content\/uploads\/2021\/04\/demonstracija-pret-PSRS-okupacijas-politiku-NY-1980.gada-27.septembri-768x530.jpg 768w, https:\/\/diaspora.arhivi.lv\/batun\/wp-content\/uploads\/2021\/04\/demonstracija-pret-PSRS-okupacijas-politiku-NY-1980.gada-27.septembri-1536x1061.jpg 1536w, https:\/\/diaspora.arhivi.lv\/batun\/wp-content\/uploads\/2021\/04\/demonstracija-pret-PSRS-okupacijas-politiku-NY-1980.gada-27.septembri-1600x1105.jpg 1600w, https:\/\/diaspora.arhivi.lv\/batun\/wp-content\/uploads\/2021\/04\/demonstracija-pret-PSRS-okupacijas-politiku-NY-1980.gada-27.septembri.jpg 1955w\" sizes=\"auto, (max-width: 1024px) 100vw, 1024px\" \/><\/a><figcaption>Baltie\u0161u demonstranti g\u0101jiena laik\u0101, protest\u0113jot pret PSRS okup\u0101cijas politiku, 1980.gada 27.septembris. Avots: LNA LVA F.2944.<\/figcaption><\/figure><\/div>\r\n<\/div>\r\n\r\n\r\n\r\n<div class=\"wp-block-column is-layout-flow wp-block-column-is-layout-flow\">\r\n<div class=\"wp-block-image\"><figure class=\"aligncenter size-large\"><a href=\"https:\/\/diaspora.arhivi.lv\/batun\/wp-content\/uploads\/2021\/05\/xScan_20201113-14.jpg\"><img loading=\"lazy\" decoding=\"async\" width=\"1024\" height=\"647\" src=\"https:\/\/diaspora.arhivi.lv\/batun\/wp-content\/uploads\/2021\/05\/xScan_20201113-14-1024x647.jpg\" alt=\"\" class=\"wp-image-1353\" srcset=\"https:\/\/diaspora.arhivi.lv\/batun\/wp-content\/uploads\/2021\/05\/xScan_20201113-14-1024x647.jpg 1024w, https:\/\/diaspora.arhivi.lv\/batun\/wp-content\/uploads\/2021\/05\/xScan_20201113-14-300x190.jpg 300w, https:\/\/diaspora.arhivi.lv\/batun\/wp-content\/uploads\/2021\/05\/xScan_20201113-14-768x485.jpg 768w, https:\/\/diaspora.arhivi.lv\/batun\/wp-content\/uploads\/2021\/05\/xScan_20201113-14-1536x970.jpg 1536w, https:\/\/diaspora.arhivi.lv\/batun\/wp-content\/uploads\/2021\/05\/xScan_20201113-14-2048x1294.jpg 2048w, https:\/\/diaspora.arhivi.lv\/batun\/wp-content\/uploads\/2021\/05\/xScan_20201113-14-1600x1011.jpg 1600w\" sizes=\"auto, (max-width: 1024px) 100vw, 1024px\" \/><\/a><figcaption>Baltie\u0161u demonstranti Baltijas br\u012bv\u012bbas demonstr\u0101cij\u0101 1980.gada 27.septembr\u012b. Foto: Gun\u0101rs Lucans. Avots: LNA LVA F.2944.<\/figcaption><\/figure><\/div>\r\n<\/div>\r\n\r\n\r\n\r\n<div class=\"wp-block-column is-layout-flow wp-block-column-is-layout-flow\">\r\n<div class=\"wp-block-image\"><figure class=\"aligncenter size-large\"><a href=\"https:\/\/diaspora.arhivi.lv\/batun\/wp-content\/uploads\/2021\/05\/xScan_20201113-17.jpg\"><img loading=\"lazy\" decoding=\"async\" width=\"1024\" height=\"723\" src=\"https:\/\/diaspora.arhivi.lv\/batun\/wp-content\/uploads\/2021\/05\/xScan_20201113-17-1024x723.jpg\" alt=\"\" class=\"wp-image-1354\" srcset=\"https:\/\/diaspora.arhivi.lv\/batun\/wp-content\/uploads\/2021\/05\/xScan_20201113-17-1024x723.jpg 1024w, https:\/\/diaspora.arhivi.lv\/batun\/wp-content\/uploads\/2021\/05\/xScan_20201113-17-300x212.jpg 300w, https:\/\/diaspora.arhivi.lv\/batun\/wp-content\/uploads\/2021\/05\/xScan_20201113-17-768x543.jpg 768w, https:\/\/diaspora.arhivi.lv\/batun\/wp-content\/uploads\/2021\/05\/xScan_20201113-17-1536x1085.jpg 1536w, https:\/\/diaspora.arhivi.lv\/batun\/wp-content\/uploads\/2021\/05\/xScan_20201113-17-2048x1447.jpg 2048w, https:\/\/diaspora.arhivi.lv\/batun\/wp-content\/uploads\/2021\/05\/xScan_20201113-17-1600x1130.jpg 1600w\" sizes=\"auto, (max-width: 1024px) 100vw, 1024px\" \/><\/a><figcaption>Baltie\u0161u demonstranti Baltijas br\u012bv\u012bbas demonstr\u0101cij\u0101 1980.gada 27.septembr\u012b. Foto: \u010c\u0101rlzs Binkins. Avots: LNA LVA F.2944.<\/figcaption><\/figure><\/div>\r\n<\/div>\r\n<\/div>\r\n\r\n\r\n\r\n<div class=\"wp-block-columns is-layout-flex wp-container-core-columns-is-layout-9d6595d7 wp-block-columns-is-layout-flex\">\r\n<div class=\"wp-block-column is-layout-flow wp-block-column-is-layout-flow\">\r\n<div class=\"wp-block-image\"><figure class=\"aligncenter size-large is-resized\"><a href=\"https:\/\/diaspora.arhivi.lv\/batun\/wp-content\/uploads\/2021\/05\/xYounger-Balts-were-well-represented-at-the-Rally-36.jpg\"><img loading=\"lazy\" decoding=\"async\" src=\"https:\/\/diaspora.arhivi.lv\/batun\/wp-content\/uploads\/2021\/05\/xYounger-Balts-were-well-represented-at-the-Rally-36-1024x760.jpg\" alt=\"\" class=\"wp-image-1355\" width=\"426\" height=\"315\" srcset=\"https:\/\/diaspora.arhivi.lv\/batun\/wp-content\/uploads\/2021\/05\/xYounger-Balts-were-well-represented-at-the-Rally-36-1024x760.jpg 1024w, https:\/\/diaspora.arhivi.lv\/batun\/wp-content\/uploads\/2021\/05\/xYounger-Balts-were-well-represented-at-the-Rally-36-300x223.jpg 300w, https:\/\/diaspora.arhivi.lv\/batun\/wp-content\/uploads\/2021\/05\/xYounger-Balts-were-well-represented-at-the-Rally-36-768x570.jpg 768w, https:\/\/diaspora.arhivi.lv\/batun\/wp-content\/uploads\/2021\/05\/xYounger-Balts-were-well-represented-at-the-Rally-36.jpg 1221w\" sizes=\"auto, (max-width: 426px) 100vw, 426px\" \/><\/a><figcaption>Ar\u012b baltie\u0161u jaun\u0101 paaudze bija labi p\u0101rst\u0101v\u0113ta Baltijas br\u012bvibas demonstr\u0101cij\u0101, 1980.gada 27.septembris. Avots: LNA LVA F.2944.<\/figcaption><\/figure><\/div>\r\n<\/div>\r\n\r\n\r\n\r\n<div class=\"wp-block-column is-layout-flow wp-block-column-is-layout-flow\">\r\n<div class=\"wp-block-image\"><figure class=\"aligncenter size-large\"><a href=\"https:\/\/diaspora.arhivi.lv\/batun\/wp-content\/uploads\/2021\/05\/xScan_20210302-3.jpg\"><img loading=\"lazy\" decoding=\"async\" width=\"1024\" height=\"593\" src=\"https:\/\/diaspora.arhivi.lv\/batun\/wp-content\/uploads\/2021\/05\/xScan_20210302-3-1024x593.jpg\" alt=\"\" class=\"wp-image-1356\" srcset=\"https:\/\/diaspora.arhivi.lv\/batun\/wp-content\/uploads\/2021\/05\/xScan_20210302-3-1024x593.jpg 1024w, https:\/\/diaspora.arhivi.lv\/batun\/wp-content\/uploads\/2021\/05\/xScan_20210302-3-300x174.jpg 300w, https:\/\/diaspora.arhivi.lv\/batun\/wp-content\/uploads\/2021\/05\/xScan_20210302-3-768x445.jpg 768w, https:\/\/diaspora.arhivi.lv\/batun\/wp-content\/uploads\/2021\/05\/xScan_20210302-3-1536x890.jpg 1536w, https:\/\/diaspora.arhivi.lv\/batun\/wp-content\/uploads\/2021\/05\/xScan_20210302-3-1600x927.jpg 1600w, https:\/\/diaspora.arhivi.lv\/batun\/wp-content\/uploads\/2021\/05\/xScan_20210302-3.jpg 1980w\" sizes=\"auto, (max-width: 1024px) 100vw, 1024px\" \/><\/a><figcaption>\u0145ujorkas pils\u0113tas policija nodro\u0161in\u0101ja, lai Baltijas br\u012bv\u012bbas demonstr\u0101cija norit\u0113tu mier\u012bgi un bez starpgad\u012bjumiem. Avots: LNA LVA F.2944.<\/figcaption><\/figure><\/div>\r\n<\/div>\r\n<\/div>\r\n\r\n\r\n\r\n<p><\/p>\r\n\r\n\r\n\r\n<div class=\"wp-block-image\"><figure class=\"aligncenter size-large\"><a href=\"https:\/\/diaspora.arhivi.lv\/batun\/wp-content\/uploads\/2021\/04\/xScan_20201113-16.jpg\"><img loading=\"lazy\" decoding=\"async\" width=\"1024\" height=\"300\" src=\"https:\/\/diaspora.arhivi.lv\/batun\/wp-content\/uploads\/2021\/04\/xScan_20201113-16-1024x300.jpg\" alt=\"\" class=\"wp-image-1155\" srcset=\"https:\/\/diaspora.arhivi.lv\/batun\/wp-content\/uploads\/2021\/04\/xScan_20201113-16-1024x300.jpg 1024w, https:\/\/diaspora.arhivi.lv\/batun\/wp-content\/uploads\/2021\/04\/xScan_20201113-16-300x88.jpg 300w, https:\/\/diaspora.arhivi.lv\/batun\/wp-content\/uploads\/2021\/04\/xScan_20201113-16-768x225.jpg 768w, https:\/\/diaspora.arhivi.lv\/batun\/wp-content\/uploads\/2021\/04\/xScan_20201113-16-1536x450.jpg 1536w, https:\/\/diaspora.arhivi.lv\/batun\/wp-content\/uploads\/2021\/04\/xScan_20201113-16-2048x600.jpg 2048w, https:\/\/diaspora.arhivi.lv\/batun\/wp-content\/uploads\/2021\/04\/xScan_20201113-16-1600x469.jpg 1600w\" sizes=\"auto, (max-width: 1024px) 100vw, 1024px\" \/><\/a><figcaption>Par sp\u012bti aukstajam laikam, Baltijas br\u012bv\u012bbas demonstr\u0101ciju D\u0101ga Hammarskjold laukum\u0101 pie ANO m\u012btnes apmekl\u0113ja aptuveni 1000 cilv\u0113ku. Foto: V.Ma\u017eelis. Avots: LNA LVA F.2944.<\/figcaption><\/figure><\/div>\r\n\r\n\r\n\r\n<h2 class=\"wp-block-heading\"><strong>Baltie\u0161u tautas sv\u0113tki<\/strong><\/h2>\r\n\r\n\r\n\r\n<div class=\"wp-block-columns is-layout-flex wp-container-core-columns-is-layout-9d6595d7 wp-block-columns-is-layout-flex\">\r\n<div class=\"wp-block-column is-layout-flow wp-block-column-is-layout-flow\">\r\n<p class=\"has-small-font-size\">Baltie\u0161u tautas sv\u0113tki k\u013cuva par neat\u0146emamu BATUN darba da\u013cu, cen\u0161oties palielin\u0101t organiz\u0101cijas atpaz\u012bstam\u012bbu trimdas sabiedr\u012bb\u0101. Pirmais festiv\u0101ls tika organiz\u0113ts 1970. gada august\u0101 Amerikas latvie\u0161u kult\u016bras centr\u0101 \u201cPriedaine\u201d, kas atrodas Fr\u012bhold\u0101, \u0145\u016bd\u017eersij\u0101. Programm\u0101 bija iek\u013cautas sporta sacens\u012bbas, tautas deju kopu, vingrot\u0101ju un dzied\u0101t\u0101ju priek\u0161nesumi, k\u0101 ar\u012b etnisko \u0113dienu stendi, izlozes un dejas zem zvaigzn\u0113m. Tika public\u0113ta \u012bpa\u0161a festiv\u0101la programma, kas ietv\u0113ra ar\u012b iepaz\u012bstin\u0101\u0161anu ar BATUN, t\u0101 l\u012bdz\u0161in\u0113jo darb\u012bbu, rekl\u0101mas un apsveikumus no atbalst\u012bt\u0101jiem.<\/p>\r\n<\/div>\r\n\r\n\r\n\r\n<div class=\"wp-block-column is-layout-flow wp-block-column-is-layout-flow\">\r\n<div class=\"wp-block-image\"><figure class=\"aligncenter size-large is-resized\"><a href=\"https:\/\/diaspora.arhivi.lv\/batun\/wp-content\/uploads\/2021\/04\/xProgram-of-Baltic-Folk-fest-1970-scaled.jpg\"><img loading=\"lazy\" decoding=\"async\" src=\"https:\/\/diaspora.arhivi.lv\/batun\/wp-content\/uploads\/2021\/04\/xProgram-of-Baltic-Folk-fest-1970-1024x746.jpg\" alt=\"\" class=\"wp-image-1158\" width=\"419\" height=\"305\" srcset=\"https:\/\/diaspora.arhivi.lv\/batun\/wp-content\/uploads\/2021\/04\/xProgram-of-Baltic-Folk-fest-1970-1024x746.jpg 1024w, https:\/\/diaspora.arhivi.lv\/batun\/wp-content\/uploads\/2021\/04\/xProgram-of-Baltic-Folk-fest-1970-300x219.jpg 300w, https:\/\/diaspora.arhivi.lv\/batun\/wp-content\/uploads\/2021\/04\/xProgram-of-Baltic-Folk-fest-1970-768x559.jpg 768w, https:\/\/diaspora.arhivi.lv\/batun\/wp-content\/uploads\/2021\/04\/xProgram-of-Baltic-Folk-fest-1970-1536x1119.jpg 1536w, https:\/\/diaspora.arhivi.lv\/batun\/wp-content\/uploads\/2021\/04\/xProgram-of-Baltic-Folk-fest-1970-2048x1492.jpg 2048w, https:\/\/diaspora.arhivi.lv\/batun\/wp-content\/uploads\/2021\/04\/xProgram-of-Baltic-Folk-fest-1970-1600x1165.jpg 1600w\" sizes=\"auto, (max-width: 419px) 100vw, 419px\" \/><\/a><figcaption>Pirmo Baltie\u0161u tautas sv\u0113tku programma. Avots: LNA LVA F.2944.<\/figcaption><\/figure><\/div>\r\n<\/div>\r\n<\/div>\r\n\r\n\r\n\r\n<div class=\"wp-block-columns is-layout-flex wp-container-core-columns-is-layout-9d6595d7 wp-block-columns-is-layout-flex\">\r\n<div class=\"wp-block-column is-layout-flow wp-block-column-is-layout-flow\" style=\"flex-basis:50%\">\r\n<p class=\"has-small-font-size\">Pirm\u0101 festiv\u0101la pan\u0101kumi nodro\u0161in\u0101ja form\u0101tu, kas ar at\u0161\u0137ir\u012bgiem pan\u0101kumiem tika izmantots visos n\u0101kamajos festiv\u0101los. Otrais baltie\u0161u festiv\u0101ls t\u0101pat notika \u201cPriedain\u0113\u201d 1971. gada august\u0101, un ar\u012b tas bija \u0101rk\u0101rt\u012bgi veiksm\u012bgs.<\/p>\r\n\r\n\r\n\r\n<p class=\"has-small-font-size\">Tre\u0161ais festiv\u0101ls notika 1972. gada 12. august\u0101 Prestonas vidusskol\u0101 Bronks\u0101. \u0160aj\u0101 festiv\u0101l\u0101 uzman\u012bbu piesaist\u012bja jauna iez\u012bme \u2013 baltie\u0161u m\u0101kslas darbu loterija, kur\u0101 izloz\u0113ja Baltijas m\u0101kslinieku d\u0101vin\u0101tos darbus.<\/p>\r\n\r\n\r\n\r\n<p class=\"has-small-font-size\">Ceturtais festiv\u0101ls atgriez\u0101s \u201cPriedain\u0113\u201d 1973. gada 18. august\u0101, un taj\u0101 piedal\u012bj\u0101s trimdas baltie\u0161u centr\u0101lo organiz\u0101ciju vad\u012bt\u0101ji, kurus 1973. gada 5. j\u016blij\u0101 Helsinkos notiku\u0161\u0101s Eiropas Dro\u0161\u012bbas un sadarb\u012bbas apspriedes (EDSA, v\u0113l\u0101k EDSO) konferences laik\u0101 arest\u0113ja Somijas policija p\u0113c Padomju Savien\u012bbas deleg\u0101cijas piepras\u012bjuma.<\/p>\r\n\r\n\r\n\r\n<p class=\"has-small-font-size\">Ar\u012b Piektie sv\u0113tki notika \u201cPriedain\u0113 1974. gada 24. august\u0101. Lai gan programma bija lieliska, \u0113din\u0101\u0161anai un sp\u0113l\u0113m \u2013 augsta kvalit\u0101te, ar\u012b laika apst\u0101k\u013ci bija lieliski, tom\u0113r apmekl\u0113t\u0101ju skaits sniedz\u0101s vien ap pieciem simtiem, un BATUN pe\u013c\u0146a nep\u0101rsniedza 500 dol\u0101ru, un \u0161\u0101ds l\u012bdzek\u013cu apjoms neattaisnoja ieguld\u012bto laiku un p\u016bles.<\/p>\r\n\r\n\r\n\r\n<p class=\"has-small-font-size\">Sestais festiv\u0101ls tika p\u0101rcelts uz <em>Plattdeutsche<\/em> parku Longailend\u0101, \u0145ujork\u0101. Tika cer\u0113ts, ka jaun\u0101 vieta piesaist\u012bs jaunus festiv\u0101la apmekl\u0113t\u0101jus. Tom\u0113r festiv\u0101la pan\u0101kumi bija visai necili, jo laika apst\u0101k\u013ci nebija piem\u0113roti. K\u013cuva skaidrs, ka ideja pa\u0161reiz\u0113j\u0101 form\u0101 ir izsm\u0113lusi savu potenci\u0101lu un t\u0101 vairs nepiesaist\u012bs pietiekami daudz cilv\u0113ku. Par sp\u012bti skepsei, n\u0101kamaj\u0101 gad\u0101 sept\u012btais festiv\u0101ls tom\u0113r tika r\u012bkots, un par vietu atkal tika izv\u0113l\u0113ts <em>Plattdeutsche<\/em> parks. Ta\u010du rezult\u0101ti neuzlaboj\u0101s, un \u0161is bija p\u0113d\u0113jais BATUN r\u012bkotais baltie\u0161u festiv\u0101ls.<\/p>\r\n\r\n\r\n\r\n<div class=\"wp-block-image\"><figure class=\"aligncenter size-large is-resized\"><a href=\"https:\/\/diaspora.arhivi.lv\/batun\/wp-content\/uploads\/2021\/04\/xFolk-festival-scaled.jpg\"><img loading=\"lazy\" decoding=\"async\" src=\"https:\/\/diaspora.arhivi.lv\/batun\/wp-content\/uploads\/2021\/04\/xFolk-festival-783x1024.jpg\" alt=\"\" class=\"wp-image-1162\" width=\"360\" height=\"470\" srcset=\"https:\/\/diaspora.arhivi.lv\/batun\/wp-content\/uploads\/2021\/04\/xFolk-festival-783x1024.jpg 783w, https:\/\/diaspora.arhivi.lv\/batun\/wp-content\/uploads\/2021\/04\/xFolk-festival-229x300.jpg 229w, https:\/\/diaspora.arhivi.lv\/batun\/wp-content\/uploads\/2021\/04\/xFolk-festival-768x1004.jpg 768w, https:\/\/diaspora.arhivi.lv\/batun\/wp-content\/uploads\/2021\/04\/xFolk-festival-1174x1536.jpg 1174w, https:\/\/diaspora.arhivi.lv\/batun\/wp-content\/uploads\/2021\/04\/xFolk-festival-1566x2048.jpg 1566w, https:\/\/diaspora.arhivi.lv\/batun\/wp-content\/uploads\/2021\/04\/xFolk-festival-1600x2093.jpg 1600w, https:\/\/diaspora.arhivi.lv\/batun\/wp-content\/uploads\/2021\/04\/xFolk-festival-scaled.jpg 1957w\" sizes=\"auto, (max-width: 360px) 100vw, 360px\" \/><\/a><figcaption>4. Baltie\u0161u tautas sv\u0113tku rekl\u0101mlapi\u0146a, 1973.gads. Avots: LNA LVA F.2944.<\/figcaption><\/figure><\/div>\r\n<\/div>\r\n\r\n\r\n\r\n<div class=\"wp-block-column is-layout-flow wp-block-column-is-layout-flow\" style=\"flex-basis:50%\">\r\n<div class=\"wp-block-image\"><figure class=\"aligncenter size-large is-resized\"><a href=\"https:\/\/diaspora.arhivi.lv\/batun\/wp-content\/uploads\/2021\/04\/xphoto-by-V.-Mazelis-scaled.jpg\"><img loading=\"lazy\" decoding=\"async\" src=\"https:\/\/diaspora.arhivi.lv\/batun\/wp-content\/uploads\/2021\/04\/xphoto-by-V.-Mazelis-619x1024.jpg\" alt=\"\" class=\"wp-image-1161\" width=\"359\" height=\"594\" srcset=\"https:\/\/diaspora.arhivi.lv\/batun\/wp-content\/uploads\/2021\/04\/xphoto-by-V.-Mazelis-619x1024.jpg 619w, https:\/\/diaspora.arhivi.lv\/batun\/wp-content\/uploads\/2021\/04\/xphoto-by-V.-Mazelis-181x300.jpg 181w, https:\/\/diaspora.arhivi.lv\/batun\/wp-content\/uploads\/2021\/04\/xphoto-by-V.-Mazelis-768x1271.jpg 768w, https:\/\/diaspora.arhivi.lv\/batun\/wp-content\/uploads\/2021\/04\/xphoto-by-V.-Mazelis-928x1536.jpg 928w, https:\/\/diaspora.arhivi.lv\/batun\/wp-content\/uploads\/2021\/04\/xphoto-by-V.-Mazelis-1238x2048.jpg 1238w, https:\/\/diaspora.arhivi.lv\/batun\/wp-content\/uploads\/2021\/04\/xphoto-by-V.-Mazelis-1600x2648.jpg 1600w, https:\/\/diaspora.arhivi.lv\/batun\/wp-content\/uploads\/2021\/04\/xphoto-by-V.-Mazelis-scaled.jpg 1547w\" sizes=\"auto, (max-width: 359px) 100vw, 359px\" \/><\/a><figcaption>Baltie\u0161u tautas sv\u0113tku volejbola ma\u010ds, 1970.gads. Foto: V.Mazelis. Avots: LNA LVA F.2944.<\/figcaption><\/figure><\/div>\r\n\r\n\r\n\r\n<div class=\"wp-block-image\"><figure class=\"aligncenter size-large is-resized\"><a href=\"https:\/\/diaspora.arhivi.lv\/batun\/wp-content\/uploads\/2021\/04\/x1970-Vytautas-Mazelis-1-scaled.jpg\"><img loading=\"lazy\" decoding=\"async\" src=\"https:\/\/diaspora.arhivi.lv\/batun\/wp-content\/uploads\/2021\/04\/x1970-Vytautas-Mazelis-1-625x1024.jpg\" alt=\"\" class=\"wp-image-1163\" width=\"360\" height=\"590\" srcset=\"https:\/\/diaspora.arhivi.lv\/batun\/wp-content\/uploads\/2021\/04\/x1970-Vytautas-Mazelis-1-625x1024.jpg 625w, https:\/\/diaspora.arhivi.lv\/batun\/wp-content\/uploads\/2021\/04\/x1970-Vytautas-Mazelis-1-183x300.jpg 183w, https:\/\/diaspora.arhivi.lv\/batun\/wp-content\/uploads\/2021\/04\/x1970-Vytautas-Mazelis-1-768x1259.jpg 768w, https:\/\/diaspora.arhivi.lv\/batun\/wp-content\/uploads\/2021\/04\/x1970-Vytautas-Mazelis-1-937x1536.jpg 937w, https:\/\/diaspora.arhivi.lv\/batun\/wp-content\/uploads\/2021\/04\/x1970-Vytautas-Mazelis-1-1249x2048.jpg 1249w, https:\/\/diaspora.arhivi.lv\/batun\/wp-content\/uploads\/2021\/04\/x1970-Vytautas-Mazelis-1-1600x2623.jpg 1600w, https:\/\/diaspora.arhivi.lv\/batun\/wp-content\/uploads\/2021\/04\/x1970-Vytautas-Mazelis-1-scaled.jpg 1561w\" sizes=\"auto, (max-width: 360px) 100vw, 360px\" \/><\/a><figcaption>Latvie\u0161u tautas deju kopa &#8220;Dzintars&#8221; no \u0145\u016bd\u017eersijas uzst\u0101jas 1970.gada Baltie\u0161u tautas sv\u0113tkos. Foto: V.Mazelis. Avots: LNA LVA F.2944.<\/figcaption><\/figure><\/div>\r\n\r\n\r\n\r\n<p><\/p>\r\n<\/div>\r\n<\/div>\r\n\r\n\r\n\r\n<div class=\"wp-block-columns is-layout-flex wp-container-core-columns-is-layout-9d6595d7 wp-block-columns-is-layout-flex\">\r\n<div class=\"wp-block-column is-layout-flow wp-block-column-is-layout-flow\">\r\n<div class=\"wp-block-image\"><figure class=\"aligncenter size-large\"><a href=\"https:\/\/diaspora.arhivi.lv\/batun\/wp-content\/uploads\/2021\/05\/x1970-photo-by-Vytautas-Mazelis-scaled.jpg\"><img loading=\"lazy\" decoding=\"async\" width=\"1024\" height=\"619\" src=\"https:\/\/diaspora.arhivi.lv\/batun\/wp-content\/uploads\/2021\/05\/x1970-photo-by-Vytautas-Mazelis-1024x619.jpg\" alt=\"\" class=\"wp-image-1359\" srcset=\"https:\/\/diaspora.arhivi.lv\/batun\/wp-content\/uploads\/2021\/05\/x1970-photo-by-Vytautas-Mazelis-1024x619.jpg 1024w, https:\/\/diaspora.arhivi.lv\/batun\/wp-content\/uploads\/2021\/05\/x1970-photo-by-Vytautas-Mazelis-300x181.jpg 300w, https:\/\/diaspora.arhivi.lv\/batun\/wp-content\/uploads\/2021\/05\/x1970-photo-by-Vytautas-Mazelis-768x464.jpg 768w, https:\/\/diaspora.arhivi.lv\/batun\/wp-content\/uploads\/2021\/05\/x1970-photo-by-Vytautas-Mazelis-1536x929.jpg 1536w, https:\/\/diaspora.arhivi.lv\/batun\/wp-content\/uploads\/2021\/05\/x1970-photo-by-Vytautas-Mazelis-2048x1238.jpg 2048w, https:\/\/diaspora.arhivi.lv\/batun\/wp-content\/uploads\/2021\/05\/x1970-photo-by-Vytautas-Mazelis-1600x967.jpg 1600w\" sizes=\"auto, (max-width: 1024px) 100vw, 1024px\" \/><\/a><figcaption>Pirmo Baltie\u0161u tautas sv\u0113tku dal\u012bbnieki, 1970.gads. Foto: V.Mazelis. Avots: LNA LVA F.2944.<\/figcaption><\/figure><\/div>\r\n<\/div>\r\n\r\n\r\n\r\n<div class=\"wp-block-column is-layout-flow wp-block-column-is-layout-flow\">\r\n<div class=\"wp-block-image\"><figure class=\"aligncenter size-large\"><a href=\"https:\/\/diaspora.arhivi.lv\/batun\/wp-content\/uploads\/2021\/05\/x1970-Vytautas-Mazelis-2.jpg\"><img loading=\"lazy\" decoding=\"async\" width=\"1024\" height=\"632\" src=\"https:\/\/diaspora.arhivi.lv\/batun\/wp-content\/uploads\/2021\/05\/x1970-Vytautas-Mazelis-2-1024x632.jpg\" alt=\"\" class=\"wp-image-1360\" srcset=\"https:\/\/diaspora.arhivi.lv\/batun\/wp-content\/uploads\/2021\/05\/x1970-Vytautas-Mazelis-2-1024x632.jpg 1024w, https:\/\/diaspora.arhivi.lv\/batun\/wp-content\/uploads\/2021\/05\/x1970-Vytautas-Mazelis-2-300x185.jpg 300w, https:\/\/diaspora.arhivi.lv\/batun\/wp-content\/uploads\/2021\/05\/x1970-Vytautas-Mazelis-2-768x474.jpg 768w, https:\/\/diaspora.arhivi.lv\/batun\/wp-content\/uploads\/2021\/05\/x1970-Vytautas-Mazelis-2-1536x948.jpg 1536w, https:\/\/diaspora.arhivi.lv\/batun\/wp-content\/uploads\/2021\/05\/x1970-Vytautas-Mazelis-2-2048x1265.jpg 2048w, https:\/\/diaspora.arhivi.lv\/batun\/wp-content\/uploads\/2021\/05\/x1970-Vytautas-Mazelis-2-1600x988.jpg 1600w\" sizes=\"auto, (max-width: 1024px) 100vw, 1024px\" \/><\/a><figcaption>Igau\u0146u ritmikas vingrot\u0101jas Baltie\u0161u tautas sv\u0113tkos. Avots: LNA LVA F.2944.<\/figcaption><\/figure><\/div>\r\n<\/div>\r\n<\/div>\r\n","protected":false},"excerpt":{"rendered":"<p>Kop\u0161 1971. gada BATUN lob\u0113ja ANO dal\u012bbvalstu deleg\u0101tus galvenok\u0101rt ikgad\u0113j\u0101s Cilv\u0113kties\u012bbu komisijas sesij\u0101s \u017den\u0113v\u0101. Posm\u0101 no 1971. l\u012bdz 1982. gadam&hellip;<\/p>\n","protected":false},"author":1,"featured_media":0,"parent":0,"menu_order":0,"comment_status":"closed","ping_status":"closed","template":"","meta":{"footnotes":""},"class_list":["post-114","page","type-page","status-publish","hentry"],"_links":{"self":[{"href":"https:\/\/diaspora.arhivi.lv\/batun\/index.php\/wp-json\/wp\/v2\/pages\/114","targetHints":{"allow":["GET"]}}],"collection":[{"href":"https:\/\/diaspora.arhivi.lv\/batun\/index.php\/wp-json\/wp\/v2\/pages"}],"about":[{"href":"https:\/\/diaspora.arhivi.lv\/batun\/index.php\/wp-json\/wp\/v2\/types\/page"}],"author":[{"embeddable":true,"href":"https:\/\/diaspora.arhivi.lv\/batun\/index.php\/wp-json\/wp\/v2\/users\/1"}],"replies":[{"embeddable":true,"href":"https:\/\/diaspora.arhivi.lv\/batun\/index.php\/wp-json\/wp\/v2\/comments?post=114"}],"version-history":[{"count":0,"href":"https:\/\/diaspora.arhivi.lv\/batun\/index.php\/wp-json\/wp\/v2\/pages\/114\/revisions"}],"wp:attachment":[{"href":"https:\/\/diaspora.arhivi.lv\/batun\/index.php\/wp-json\/wp\/v2\/media?parent=114"}],"curies":[{"name":"wp","href":"https:\/\/api.w.org\/{rel}","templated":true}]}}